{"id":150,"date":"2018-08-12T12:20:38","date_gmt":"2018-08-12T09:20:38","guid":{"rendered":"https:\/\/fener.org\/xwebsites\/wp\/fener\/?page_id=150"},"modified":"2018-09-19T11:55:58","modified_gmt":"2018-09-19T08:55:58","slug":"masa-tenisi","status":"publish","type":"page","link":"https:\/\/www.fener.org\/index.php\/subeler\/masa-tenisi\/","title":{"rendered":"Masa Tenisi"},"content":{"rendered":"<div class=\"wpb-content-wrapper\"><p>[vc_row][vc_column]<div  class=\"jeg_block_heading jeg_block_heading_1 jeg_alignleft jnews_module__0_69f5edd792b79   \">\n                <h3 class=\"jeg_block_title\"><span>Masa Tenisi \u015eubesi<\/span><\/h3>\n                <style>.jnews_module__0_69f5edd792b79.jeg_block_heading_1 { border-color: #004684; }<\/style>\n            <\/div>[\/vc_column][\/vc_row][vc_row][vc_column width=&#8221;2\/3&#8243;][vc_column_text]1930 y\u0131l\u0131nda d\u00fczenlenen ilk \u0130stanbul \u015eampiyonas\u0131&#8217;nda\u00a0\u0130stanbulspor&#8217;u yenerek \u015fampiyon olan Fenerbah\u00e7e bu spordaki faaliyetlerini bug\u00fcne dek kesintisiz s\u00fcrd\u00fcrm\u00fc\u015ft\u00fcr. Fenerbah\u00e7e,\u00a0T\u00fcrkiye Masatenisi \u015eampiyonas\u0131\u00a0ile T\u00fcrkiye Masatenisi S\u00fcper Ligi&#8217;nde erkeklerde ve kad\u0131nlarda elde etti\u011fi ba\u015far\u0131larla bu sporda en se\u00e7kin yeri tutmu\u015ftur. 2007-08 sezonunda erkek tak\u0131m\u0131 Avrupa\u00a0ETTU Kupas\u0131&#8217;nda final oynad\u0131.\u00a0Kad\u0131n tak\u0131m\u0131 ise 2011-12 ve 2012-13 sezonlar\u0131nda yine ETTU Kupas\u0131&#8217;nda \u015fampiyonlu\u011funa ula\u015ft\u0131. 2013-14 sezonunda ise\u00a0Avrupa \u015eampiyonlar Ligi&#8217;nde final oynay\u0131p, ertesi sezon kupay\u0131 kazanarak Avrupa \u015fampiyonu oldu. Fenerbah\u00e7eli sporcu\u00a0G\u00fcrhan Yald\u0131z&#8217;\u0131n 1982 y\u0131l\u0131nda\u00a0\u0130zmir&#8217;de d\u00fczenlenen 19. Balkan Masatenisi \u015eampiyonas\u0131&#8217;nda ald\u0131\u011f\u0131 g\u00fcm\u00fc\u015f madalya bu bran\u015fta bir T\u00fcrk sporcunun uluslararas\u0131 yar\u0131\u015fmada ald\u0131\u011f\u0131 ilk madalya olurken, Melek Hu&#8217;nun 2009 y\u0131l\u0131nda\u00a0Akdeniz Oyunlar\u0131&#8217;ndan ald\u0131\u011f\u0131 alt\u0131n ve 2010 y\u0131l\u0131nda\u00a0\u00c7ek Cumhuriyeti&#8217;nde yap\u0131lan Avrupa Masatenisi \u015eampiyonas\u0131&#8217;nda ald\u0131\u011f\u0131 bronz madalyalar da T\u00fcrkiye masatenisi tarihinde birer ilki te\u015fkil etmi\u015ftir.[\/vc_column_text][vc_tta_accordion shape=&#8221;square&#8221; color=&#8221;green&#8221; c_icon=&#8221;&#8221; active_section=&#8221;0&#8243; no_fill=&#8221;true&#8221;][vc_tta_section title=&#8221;Masa Tenisi \u015eubesi \u0130dari ve Teknik Heyet&#8221; tab_id=&#8221;1536655951548-2612b814-14aa&#8221;][vc_column_text]<strong>BA\u015eKAN<\/strong><br \/>\nAL\u0130 KO\u00c7<\/p>\n<p><strong>\u015eUBE SORUMLUSU Y\u00d6NET\u0130C\u0130<\/strong><br \/>\nMUSTAFA KEMAL DANABA\u015e<\/p>\n<p><strong>\u015eUBE SORUMLUSU Y\u00d6NET\u0130C\u0130 YARDIMCISI<\/strong><br \/>\nMUH\u0130TT\u0130N \u0130LKER D\u0130N\u00c7AY<\/p>\n<p><strong>AMAT\u00d6R \u015eUBELER GENEL KOORD\u0130NAT\u00d6R\u00dc<\/strong><br \/>\nF\u0130KRET \u00c7ET\u0130NKAYA<\/p>\n<p><strong>\u015eUBE KAPTANI<\/strong><br \/>\nG\u00dcRHAN YALDIZ<\/p>\n<p><strong>\u015eUBE KOORD\u0130NAT\u00d6R\u00dc VE ANTREN\u00d6R\u00dc<\/strong><br \/>\nBAB\u00dcR \u00dcST\u00dcNDA\u011e<\/p>\n<p><strong>A TAKIM ANTREN\u00d6R\u00dc<\/strong><\/p>\n<p><strong>KURS GRUBU ANTREN\u00d6RLER\u0130<\/strong><br \/>\nMURAT SANDAL &#8211; PINAR ERG\u00dcL<\/p>\n<p><strong>SALON G\u00d6REVL\u0130S\u0130<\/strong><br \/>\nABDULLAH KARAO\u011eLAN[\/vc_column_text][\/vc_tta_section][vc_tta_section title=&#8221;Masa Tenisi Sporcular\u0131&#8221; tab_id=&#8221;1536655951550-63344e03-da30&#8243;][vc_column_text]<\/p>\n<table border=\"0\" width=\"450\" cellspacing=\"0\" cellpadding=\"0\">\n<tbody>\n<tr>\n<td valign=\"top\" width=\"170\"><img decoding=\"async\" src=\"https:\/\/cdn.fenerbahce.org\/pic_lib\/gulpembeozkaya.jpg\" width=\"150\" height=\"150\" \/><\/td>\n<td valign=\"top\" width=\"280\">\n<table border=\"0\" width=\"279\" cellspacing=\"0\" cellpadding=\"0\">\n<tbody>\n<tr>\n<td>Oyuncunun ad\u0131: G\u00fclpembe \u00d6zkaya<\/td>\n<\/tr>\n<tr>\n<td>Do\u011fum tarihi:01-01-2000<\/td>\n<\/tr>\n<tr>\n<td>Do\u011fum Yeri:Ni\u011fde<\/td>\n<\/tr>\n<tr>\n<td>Boyu:1-70<\/td>\n<\/tr>\n<tr>\n<td>Kilosu<b>:53<\/b><\/td>\n<\/tr>\n<tr>\n<td>Mevkii<b>:Atak <\/b><\/td>\n<\/tr>\n<tr>\n<td>Forma Numaras\u0131<b>:<\/b><\/td>\n<\/tr>\n<tr>\n<td>Fenerbah\u00e7e&#8217;ye Geli\u015f Tarihi:2008<\/td>\n<\/tr>\n<tr>\n<td>Daha \u00d6nce Oynad\u0131\u011f\u0131 Tak\u0131mlar:<\/td>\n<\/tr>\n<tr>\n<td>Millilik Say\u0131s\u0131;<\/td>\n<\/tr>\n<tr>\n<td>\n<p>Ba\u015far\u0131lar\u0131:<\/p>\n<table cellspacing=\"0\" cellpadding=\"0\">\n<tbody>\n<tr>\n<td valign=\"top\" width=\"280\">\n<table border=\"0\" width=\"279\" cellspacing=\"0\" cellpadding=\"0\">\n<tbody>\n<tr>\n<td>:2013 Balkan 3, 2013 Y\u0131ld\u0131z K\u0131zlarda T\u00fcrkiye 2. 2013 Minik K\u0131zlarda T\u00fcrkiye 2. 2013 Minik K\u0131zlarda T\u00fcrkiye \u015eampiyonu<\/td>\n<\/tr>\n<tr>\n<td><\/td>\n<\/tr>\n<\/tbody>\n<\/table>\n<\/td>\n<\/tr>\n<tr>\n<td valign=\"top\" width=\"170\"><\/td>\n<td valign=\"top\" width=\"280\"><\/td>\n<\/tr>\n<\/tbody>\n<\/table>\n<\/td>\n<\/tr>\n<tr>\n<td><\/td>\n<\/tr>\n<\/tbody>\n<\/table>\n<\/td>\n<\/tr>\n<tr>\n<td valign=\"top\" width=\"170\"><\/td>\n<td valign=\"top\" width=\"280\"><\/td>\n<\/tr>\n<\/tbody>\n<\/table>\n<table border=\"0\" width=\"450\" cellspacing=\"0\" cellpadding=\"0\">\n<tbody>\n<tr>\n<td valign=\"top\" width=\"170\"><img decoding=\"async\" src=\"https:\/\/cdn.fenerbahce.org\/pic_lib\/mesudfarahmand.jpg\" width=\"150\" height=\"150\" \/><\/td>\n<td valign=\"top\" width=\"280\">\n<table border=\"0\" width=\"279\" cellspacing=\"0\" cellpadding=\"0\">\n<tbody>\n<tr>\n<td>Oyuncunun ad\u0131: Mesud Farahmand<\/td>\n<\/tr>\n<tr>\n<td>Do\u011fum tarihi:01-01-1985<\/td>\n<\/tr>\n<tr>\n<td>Do\u011fum Yeri:\u0130stanbul<\/td>\n<\/tr>\n<tr>\n<td>Boyu:1-80<\/td>\n<\/tr>\n<tr>\n<td>Kilosu<b>:65<\/b><\/td>\n<\/tr>\n<tr>\n<td>Mevkii<b>:Atak<\/b><\/td>\n<\/tr>\n<tr>\n<td>Forma Numaras\u0131<b>:<\/b><\/td>\n<\/tr>\n<tr>\n<td>Fenerbah\u00e7e&#8217;ye Geli\u015f Tarihi:2013<\/td>\n<\/tr>\n<tr>\n<td>Daha \u00d6nce Oynad\u0131\u011f\u0131 Tak\u0131mlar:<\/td>\n<\/tr>\n<tr>\n<td>Millilik Say\u0131s\u0131;<\/td>\n<\/tr>\n<tr>\n<td>Ba\u015far\u0131lar\u0131:<\/td>\n<\/tr>\n<tr>\n<td><\/td>\n<\/tr>\n<\/tbody>\n<\/table>\n<\/td>\n<\/tr>\n<tr>\n<td valign=\"top\" width=\"170\"><\/td>\n<td valign=\"top\" width=\"280\"><\/td>\n<\/tr>\n<\/tbody>\n<\/table>\n<p>&nbsp;<\/p>\n<table border=\"0\" width=\"450\" cellspacing=\"0\" cellpadding=\"0\">\n<tbody>\n<tr>\n<td valign=\"top\" width=\"170\"><img decoding=\"async\" src=\"https:\/\/cdn.fenerbahce.org\/pic_lib\/sedanurkacar.jpg\" width=\"150\" height=\"150\" \/><\/td>\n<td valign=\"top\" width=\"280\">\n<table border=\"0\" width=\"279\" cellspacing=\"0\" cellpadding=\"0\">\n<tbody>\n<tr>\n<td>Oyuncunun ad\u0131: Sedanur Ka\u00e7ar<\/td>\n<\/tr>\n<tr>\n<td>Do\u011fum tarihi:19-08-1999<\/td>\n<\/tr>\n<tr>\n<td>Do\u011fum Yer\u0130stanbul<\/td>\n<\/tr>\n<tr>\n<td>Boyu:1-64<\/td>\n<\/tr>\n<tr>\n<td>Kilosu<b>:54<\/b><\/td>\n<\/tr>\n<tr>\n<td>Mevkii<b>:Defans <\/b><\/td>\n<\/tr>\n<tr>\n<td>Forma Numaras\u0131<b>:<\/b><\/td>\n<\/tr>\n<tr>\n<td>Fenerbah\u00e7e&#8217;ye Geli\u015f Tarihi:2009<\/td>\n<\/tr>\n<tr>\n<td>Daha \u00d6nce Oynad\u0131\u011f\u0131 Tak\u0131mlar:<\/td>\n<\/tr>\n<tr>\n<td>Millilik Say\u0131s\u0131;10<\/td>\n<\/tr>\n<tr>\n<td>Ba\u015far\u0131lar\u0131:2015-16 Okullarda T\u00fcrkiye \u015eampiyonu 2015-16 Gen\u00e7ler T\u00fcrkiye 2, (Tak\u0131mlarda) 2014-15 Okullarda T\u00fcrkiye \u015eampiyonu 2015 Gen\u00e7 Bayan \u00c7iftlerde T\u00fcrkiyye 3, 2012 Minik Bayanlar \u00c7iftlerde T\u00fcrkiye 2,<\/td>\n<\/tr>\n<\/tbody>\n<\/table>\n<\/td>\n<\/tr>\n<\/tbody>\n<\/table>\n<p>[\/vc_column_text][\/vc_tta_section][\/vc_tta_accordion][\/vc_column][vc_column width=&#8221;1\/3&#8243;][vc_single_image image=&#8221;918&#8243; img_size=&#8221;large&#8221; alignment=&#8221;center&#8221; style=&#8221;vc_box_border_circle_2&#8243;][\/vc_column][\/vc_row][vc_row][vc_column]<div  class=\"jeg_postblock_19 jeg_postblock jeg_module_hook jeg_pagination_loadmore jeg_col_3o3 jnews_module__1_69f5edd793523   \" data-unique=\"jnews_module__1_69f5edd793523\">\n\t\t\t\t\t<div class=\"jeg_block_heading jeg_block_heading_1 jeg_subcat_right\">\n                     <h3 class=\"jeg_block_title\"><a href='https:\/\/fener.org\/xwebsites\/wp\/fener\/index.php\/category\/haberler\/masa-tenisi\/'><span>Masa Tenisi Haberleri<\/span><\/a><\/h3>\n                     \n                 <\/div>\n\t\t\t\t\t<div class=\"jeg_block_container\">\n                \n                <div class=\"jeg_posts jeg_load_more_flag\">\n                    <article class=\"jeg_post jeg_pl_md_box format-standard\">\n                    <div class=\"box_wrap\">\n                    <div class=\"jeg_thumb\">\n                        \n                        <a href=\"https:\/\/www.fener.org\/index.php\/2026\/02\/15\/masa-tenisi-sporcumuz-zeynep-durandan-turkiye-sampiyonlugu\/\" aria-label=\"Read article: Masa Tenisi sporcumuz Zeynep Duran\u2019dan T\u00fcrkiye \u015eampiyonlu\u011fu\"><div class=\"thumbnail-container animate-lazy  size-715 \"><img loading=\"lazy\" decoding=\"async\" width=\"350\" height=\"250\" src=\"https:\/\/www.fener.org\/xwebsites\/wp\/fener\/wp-content\/themes\/jnews\/assets\/img\/jeg-empty.png\" class=\"attachment-jnews-350x250 size-jnews-350x250 lazyload wp-post-image\" alt=\"Masa Tenisi sporcumuz Zeynep Duran\u2019dan T\u00fcrkiye \u015eampiyonlu\u011fu\" sizes=\"auto, (max-width: 350px) 100vw, 350px\" data-src=\"https:\/\/www.fener.org\/xwebsites\/wp\/fener\/wp-content\/uploads\/2026\/02\/haber_masatenisi_ZeynepDurandan-TurkiyeSampiyonlugu_20260215-350x250.jpg\" data-srcset=\"https:\/\/www.fener.org\/xwebsites\/wp\/fener\/wp-content\/uploads\/2026\/02\/haber_masatenisi_ZeynepDurandan-TurkiyeSampiyonlugu_20260215-350x250.jpg 350w, https:\/\/www.fener.org\/xwebsites\/wp\/fener\/wp-content\/uploads\/2026\/02\/haber_masatenisi_ZeynepDurandan-TurkiyeSampiyonlugu_20260215-120x86.jpg 120w\" data-sizes=\"auto\" data-expand=\"700\" \/><\/div><\/a>\n                    <\/div>\n                    <div class=\"jeg_postblock_content\">\n                        <h3 class=\"jeg_post_title\">\n                            <a href=\"https:\/\/www.fener.org\/index.php\/2026\/02\/15\/masa-tenisi-sporcumuz-zeynep-durandan-turkiye-sampiyonlugu\/\">Masa Tenisi sporcumuz Zeynep Duran\u2019dan T\u00fcrkiye \u015eampiyonlu\u011fu<\/a>\n                        <\/h3>\n                        \n                    <\/div> \n                    <\/div>\n                <\/article><article class=\"jeg_post jeg_pl_md_box format-standard\">\n                    <div class=\"box_wrap\">\n                    <div class=\"jeg_thumb\">\n                        \n                        <a href=\"https:\/\/www.fener.org\/index.php\/2026\/01\/18\/masa-tenisi-erkek-takimimiz-ligin-ilk-devresini-2-sirada-tamamladi\/\" aria-label=\"Read article: Masa Tenisi Erkek Tak\u0131m\u0131m\u0131z, ligin ilk devresini 2. s\u0131rada tamamlad\u0131\"><div class=\"thumbnail-container animate-lazy  size-715 \"><img loading=\"lazy\" decoding=\"async\" width=\"350\" height=\"250\" src=\"https:\/\/www.fener.org\/xwebsites\/wp\/fener\/wp-content\/themes\/jnews\/assets\/img\/jeg-empty.png\" class=\"attachment-jnews-350x250 size-jnews-350x250 lazyload wp-post-image\" alt=\"Fenerbah\u00e7e SK Masa Tenisi\" sizes=\"auto, (max-width: 350px) 100vw, 350px\" data-src=\"https:\/\/www.fener.org\/xwebsites\/wp\/fener\/wp-content\/uploads\/siteimages\/genel-masa-tenisi-350x250.jpg\" data-srcset=\"https:\/\/www.fener.org\/xwebsites\/wp\/fener\/wp-content\/uploads\/siteimages\/genel-masa-tenisi-350x250.jpg 350w, https:\/\/www.fener.org\/xwebsites\/wp\/fener\/wp-content\/uploads\/siteimages\/genel-masa-tenisi-120x86.jpg 120w\" data-sizes=\"auto\" data-expand=\"700\" \/><\/div><\/a>\n                    <\/div>\n                    <div class=\"jeg_postblock_content\">\n                        <h3 class=\"jeg_post_title\">\n                            <a href=\"https:\/\/www.fener.org\/index.php\/2026\/01\/18\/masa-tenisi-erkek-takimimiz-ligin-ilk-devresini-2-sirada-tamamladi\/\">Masa Tenisi Erkek Tak\u0131m\u0131m\u0131z, ligin ilk devresini 2. s\u0131rada tamamlad\u0131<\/a>\n                        <\/h3>\n                        \n                    <\/div> \n                    <\/div>\n                <\/article><article class=\"jeg_post jeg_pl_md_box format-standard\">\n                    <div class=\"box_wrap\">\n                    <div class=\"jeg_thumb\">\n                        \n                        <a href=\"https:\/\/www.fener.org\/index.php\/2025\/05\/30\/turkiye-kupasinda-kadin-takimimiz-sampiyon-erkek-takimimiz-ise-ikinci-oldu\/\" aria-label=\"Read article: T\u00fcrkiye Kupas\u0131\u2019nda Kad\u0131n Tak\u0131m\u0131m\u0131z \u015fampiyon, Erkek Tak\u0131m\u0131m\u0131z ise ikinci oldu\"><div class=\"thumbnail-container animate-lazy  size-715 \"><img loading=\"lazy\" decoding=\"async\" width=\"350\" height=\"250\" src=\"https:\/\/www.fener.org\/xwebsites\/wp\/fener\/wp-content\/themes\/jnews\/assets\/img\/jeg-empty.png\" class=\"attachment-jnews-350x250 size-jnews-350x250 lazyload wp-post-image\" alt=\"T\u00fcrkiye Kupas\u0131\u2019nda Kad\u0131n Tak\u0131m\u0131m\u0131z \u015fampiyon, Erkek Tak\u0131m\u0131m\u0131z ise ikinci oldu\" sizes=\"auto, (max-width: 350px) 100vw, 350px\" data-src=\"https:\/\/www.fener.org\/xwebsites\/wp\/fener\/wp-content\/uploads\/2025\/06\/haber_masa-tenisi_MasaTenisinde-BasariliSonuclar_20250602-350x250.jpg\" data-srcset=\"https:\/\/www.fener.org\/xwebsites\/wp\/fener\/wp-content\/uploads\/2025\/06\/haber_masa-tenisi_MasaTenisinde-BasariliSonuclar_20250602-350x250.jpg 350w, https:\/\/www.fener.org\/xwebsites\/wp\/fener\/wp-content\/uploads\/2025\/06\/haber_masa-tenisi_MasaTenisinde-BasariliSonuclar_20250602-120x86.jpg 120w, https:\/\/www.fener.org\/xwebsites\/wp\/fener\/wp-content\/uploads\/2025\/06\/haber_masa-tenisi_MasaTenisinde-BasariliSonuclar_20250602-750x533.jpg 750w\" data-sizes=\"auto\" data-expand=\"700\" \/><\/div><\/a>\n                    <\/div>\n                    <div class=\"jeg_postblock_content\">\n                        <h3 class=\"jeg_post_title\">\n                            <a href=\"https:\/\/www.fener.org\/index.php\/2025\/05\/30\/turkiye-kupasinda-kadin-takimimiz-sampiyon-erkek-takimimiz-ise-ikinci-oldu\/\">T\u00fcrkiye Kupas\u0131\u2019nda Kad\u0131n Tak\u0131m\u0131m\u0131z \u015fampiyon, Erkek Tak\u0131m\u0131m\u0131z ise ikinci oldu<\/a>\n                        <\/h3>\n                        \n                    <\/div> \n                    <\/div>\n                <\/article><article class=\"jeg_post jeg_pl_sm format-standard\">\n                <div class=\"jeg_thumb\">\n                        \n                        <a href=\"https:\/\/www.fener.org\/index.php\/2025\/04\/27\/erkek-b-takimimiz-1-ligde\/\" aria-label=\"Read article: Erkek B Tak\u0131m\u0131m\u0131z 1. Lig\u2019de\"><div class=\"thumbnail-container animate-lazy  size-715 \"><img loading=\"lazy\" decoding=\"async\" width=\"120\" height=\"86\" src=\"https:\/\/www.fener.org\/xwebsites\/wp\/fener\/wp-content\/themes\/jnews\/assets\/img\/jeg-empty.png\" class=\"attachment-jnews-120x86 size-jnews-120x86 lazyload wp-post-image\" alt=\"Erkek B Tak\u0131m\u0131m\u0131z 1. Lig\u2019de\" sizes=\"auto, (max-width: 120px) 100vw, 120px\" data-src=\"https:\/\/www.fener.org\/xwebsites\/wp\/fener\/wp-content\/uploads\/2025\/04\/haber_masa-tenisi_ErkekBTakimimiz1Ligde_20250427-120x86.jpg\" data-srcset=\"https:\/\/www.fener.org\/xwebsites\/wp\/fener\/wp-content\/uploads\/2025\/04\/haber_masa-tenisi_ErkekBTakimimiz1Ligde_20250427-120x86.jpg 120w, https:\/\/www.fener.org\/xwebsites\/wp\/fener\/wp-content\/uploads\/2025\/04\/haber_masa-tenisi_ErkekBTakimimiz1Ligde_20250427-350x250.jpg 350w\" data-sizes=\"auto\" data-expand=\"700\" \/><\/div><\/a>\n                    <\/div>\n                    <div class=\"jeg_postblock_content\">\n                        <h3 class=\"jeg_post_title\">\n                            <a href=\"https:\/\/www.fener.org\/index.php\/2025\/04\/27\/erkek-b-takimimiz-1-ligde\/\">Erkek B Tak\u0131m\u0131m\u0131z 1. Lig\u2019de<\/a>\n                        <\/h3>\n                        \n                    <\/div>\n                <\/article><article class=\"jeg_post jeg_pl_sm format-standard\">\n                <div class=\"jeg_thumb\">\n                        \n                        <a href=\"https:\/\/www.fener.org\/index.php\/2025\/04\/14\/masa-tenisi-sporcularimiz-turkiye-sampiyonluklari-elde-etti\/\" aria-label=\"Read article: Masa Tenisi sporcular\u0131m\u0131z T\u00fcrkiye \u015eampiyonluklar\u0131 elde etti\"><div class=\"thumbnail-container animate-lazy  size-715 \"><img loading=\"lazy\" decoding=\"async\" width=\"120\" height=\"86\" src=\"https:\/\/www.fener.org\/xwebsites\/wp\/fener\/wp-content\/themes\/jnews\/assets\/img\/jeg-empty.png\" class=\"attachment-jnews-120x86 size-jnews-120x86 lazyload wp-post-image\" alt=\"Fenerbah\u00e7e SK Masa Tenisi\" sizes=\"auto, (max-width: 120px) 100vw, 120px\" data-src=\"https:\/\/www.fener.org\/xwebsites\/wp\/fener\/wp-content\/uploads\/siteimages\/genel-masa-tenisi-120x86.jpg\" data-srcset=\"https:\/\/www.fener.org\/xwebsites\/wp\/fener\/wp-content\/uploads\/siteimages\/genel-masa-tenisi-120x86.jpg 120w, https:\/\/www.fener.org\/xwebsites\/wp\/fener\/wp-content\/uploads\/siteimages\/genel-masa-tenisi-350x250.jpg 350w\" data-sizes=\"auto\" data-expand=\"700\" \/><\/div><\/a>\n                    <\/div>\n                    <div class=\"jeg_postblock_content\">\n                        <h3 class=\"jeg_post_title\">\n                            <a href=\"https:\/\/www.fener.org\/index.php\/2025\/04\/14\/masa-tenisi-sporcularimiz-turkiye-sampiyonluklari-elde-etti\/\">Masa Tenisi sporcular\u0131m\u0131z T\u00fcrkiye \u015eampiyonluklar\u0131 elde etti<\/a>\n                        <\/h3>\n                        \n                    <\/div>\n                <\/article><article class=\"jeg_post jeg_pl_sm format-standard\">\n                <div class=\"jeg_thumb\">\n                        \n                        <a href=\"https:\/\/www.fener.org\/index.php\/2025\/03\/09\/masa-tenisi-sporcularimiz-buyukler-ferdi-turkiye-sampiyonasinda-basarili-sonuclar\/\" aria-label=\"Read article: Masa Tenisi sporcular\u0131m\u0131z, B\u00fcy\u00fckler Ferdi T\u00fcrkiye \u015eampiyonas\u0131\u2019nda ba\u015far\u0131l\u0131 sonu\u00e7lar\"><div class=\"thumbnail-container animate-lazy  size-715 \"><img loading=\"lazy\" decoding=\"async\" width=\"120\" height=\"86\" src=\"https:\/\/www.fener.org\/xwebsites\/wp\/fener\/wp-content\/themes\/jnews\/assets\/img\/jeg-empty.png\" class=\"attachment-jnews-120x86 size-jnews-120x86 lazyload wp-post-image\" alt=\"Fenerbah\u00e7e SK Masa Tenisi\" sizes=\"auto, (max-width: 120px) 100vw, 120px\" data-src=\"https:\/\/www.fener.org\/xwebsites\/wp\/fener\/wp-content\/uploads\/siteimages\/genel-masa-tenisi-120x86.jpg\" data-srcset=\"https:\/\/www.fener.org\/xwebsites\/wp\/fener\/wp-content\/uploads\/siteimages\/genel-masa-tenisi-120x86.jpg 120w, https:\/\/www.fener.org\/xwebsites\/wp\/fener\/wp-content\/uploads\/siteimages\/genel-masa-tenisi-350x250.jpg 350w\" data-sizes=\"auto\" data-expand=\"700\" \/><\/div><\/a>\n                    <\/div>\n                    <div class=\"jeg_postblock_content\">\n                        <h3 class=\"jeg_post_title\">\n                            <a href=\"https:\/\/www.fener.org\/index.php\/2025\/03\/09\/masa-tenisi-sporcularimiz-buyukler-ferdi-turkiye-sampiyonasinda-basarili-sonuclar\/\">Masa Tenisi sporcular\u0131m\u0131z, B\u00fcy\u00fckler Ferdi T\u00fcrkiye \u015eampiyonas\u0131\u2019nda ba\u015far\u0131l\u0131 sonu\u00e7lar<\/a>\n                        <\/h3>\n                        \n                    <\/div>\n                <\/article><article class=\"jeg_post jeg_pl_sm format-standard\">\n                <div class=\"jeg_thumb\">\n                        \n                        <a href=\"https:\/\/www.fener.org\/index.php\/2024\/10\/30\/masa-tenisi-erkek-takimimiz-2024-super-kupanin-sahibi-oldu\/\" aria-label=\"Read article: Masa Tenisi Erkek Tak\u0131m\u0131m\u0131z, 2024 S\u00fcper Kupa\u2019n\u0131n sahibi oldu\"><div class=\"thumbnail-container animate-lazy  size-715 \"><img loading=\"lazy\" decoding=\"async\" width=\"120\" height=\"86\" src=\"https:\/\/www.fener.org\/xwebsites\/wp\/fener\/wp-content\/themes\/jnews\/assets\/img\/jeg-empty.png\" class=\"attachment-jnews-120x86 size-jnews-120x86 lazyload wp-post-image\" alt=\"Masa Tenisi Erkek Tak\u0131m\u0131m\u0131z, 2024 S\u00fcper Kupa\u2019n\u0131n sahibi oldu\" sizes=\"auto, (max-width: 120px) 100vw, 120px\" data-src=\"https:\/\/www.fener.org\/xwebsites\/wp\/fener\/wp-content\/uploads\/2024\/10\/haber_masatenisi_ErkeklerTakimimiz-SuperKupaninSahibi_20241030-120x86.jpg\" data-srcset=\"https:\/\/www.fener.org\/xwebsites\/wp\/fener\/wp-content\/uploads\/2024\/10\/haber_masatenisi_ErkeklerTakimimiz-SuperKupaninSahibi_20241030-120x86.jpg 120w, https:\/\/www.fener.org\/xwebsites\/wp\/fener\/wp-content\/uploads\/2024\/10\/haber_masatenisi_ErkeklerTakimimiz-SuperKupaninSahibi_20241030-350x250.jpg 350w\" data-sizes=\"auto\" data-expand=\"700\" \/><\/div><\/a>\n                    <\/div>\n                    <div class=\"jeg_postblock_content\">\n                        <h3 class=\"jeg_post_title\">\n                            <a href=\"https:\/\/www.fener.org\/index.php\/2024\/10\/30\/masa-tenisi-erkek-takimimiz-2024-super-kupanin-sahibi-oldu\/\">Masa Tenisi Erkek Tak\u0131m\u0131m\u0131z, 2024 S\u00fcper Kupa\u2019n\u0131n sahibi oldu<\/a>\n                        <\/h3>\n                        \n                    <\/div>\n                <\/article><article class=\"jeg_post jeg_pl_sm format-standard\">\n                <div class=\"jeg_thumb\">\n                        \n                        <a href=\"https:\/\/www.fener.org\/index.php\/2024\/10\/13\/masa-tenisi-sporcularimizdan-basarili-sonuclar\/\" aria-label=\"Read article: Masa Tenisi sporcular\u0131m\u0131zdan ba\u015far\u0131l\u0131 sonu\u00e7lar\"><div class=\"thumbnail-container animate-lazy  size-715 \"><img loading=\"lazy\" decoding=\"async\" width=\"120\" height=\"86\" src=\"https:\/\/www.fener.org\/xwebsites\/wp\/fener\/wp-content\/themes\/jnews\/assets\/img\/jeg-empty.png\" class=\"attachment-jnews-120x86 size-jnews-120x86 lazyload wp-post-image\" alt=\"Fenerbah\u00e7e SK Masa Tenisi\" sizes=\"auto, (max-width: 120px) 100vw, 120px\" data-src=\"https:\/\/www.fener.org\/xwebsites\/wp\/fener\/wp-content\/uploads\/siteimages\/genel-masa-tenisi-120x86.jpg\" data-srcset=\"https:\/\/www.fener.org\/xwebsites\/wp\/fener\/wp-content\/uploads\/siteimages\/genel-masa-tenisi-120x86.jpg 120w, https:\/\/www.fener.org\/xwebsites\/wp\/fener\/wp-content\/uploads\/siteimages\/genel-masa-tenisi-350x250.jpg 350w\" data-sizes=\"auto\" data-expand=\"700\" \/><\/div><\/a>\n                    <\/div>\n                    <div class=\"jeg_postblock_content\">\n                        <h3 class=\"jeg_post_title\">\n                            <a href=\"https:\/\/www.fener.org\/index.php\/2024\/10\/13\/masa-tenisi-sporcularimizdan-basarili-sonuclar\/\">Masa Tenisi sporcular\u0131m\u0131zdan ba\u015far\u0131l\u0131 sonu\u00e7lar<\/a>\n                        <\/h3>\n                        \n                    <\/div>\n                <\/article><article class=\"jeg_post jeg_pl_sm format-standard\">\n                <div class=\"jeg_thumb\">\n                        \n                        <a href=\"https:\/\/www.fener.org\/index.php\/2024\/05\/14\/masa-tenisi-yildiz-kiz-takimimiz-turkiye-ikincisi-oldu\/\" aria-label=\"Read article: Masa Tenisi Y\u0131ld\u0131z K\u0131z Tak\u0131m\u0131m\u0131z, T\u00fcrkiye ikincisi oldu\"><div class=\"thumbnail-container animate-lazy  size-715 \"><img loading=\"lazy\" decoding=\"async\" width=\"120\" height=\"86\" src=\"https:\/\/www.fener.org\/xwebsites\/wp\/fener\/wp-content\/themes\/jnews\/assets\/img\/jeg-empty.png\" class=\"attachment-jnews-120x86 size-jnews-120x86 lazyload wp-post-image\" alt=\"Masa Tenisi Y\u0131ld\u0131z K\u0131z Tak\u0131m\u0131m\u0131z, T\u00fcrkiye ikincisi oldu\" sizes=\"auto, (max-width: 120px) 100vw, 120px\" data-src=\"https:\/\/www.fener.org\/xwebsites\/wp\/fener\/wp-content\/uploads\/2024\/05\/haber_masatenisi_YildizKizTakimimiz-TurkiyeIkincisiOldu_20240515-120x86.jpg\" data-srcset=\"https:\/\/www.fener.org\/xwebsites\/wp\/fener\/wp-content\/uploads\/2024\/05\/haber_masatenisi_YildizKizTakimimiz-TurkiyeIkincisiOldu_20240515-120x86.jpg 120w, https:\/\/www.fener.org\/xwebsites\/wp\/fener\/wp-content\/uploads\/2024\/05\/haber_masatenisi_YildizKizTakimimiz-TurkiyeIkincisiOldu_20240515-350x250.jpg 350w, https:\/\/www.fener.org\/xwebsites\/wp\/fener\/wp-content\/uploads\/2024\/05\/haber_masatenisi_YildizKizTakimimiz-TurkiyeIkincisiOldu_20240515-750x536.jpg 750w\" data-sizes=\"auto\" data-expand=\"700\" \/><\/div><\/a>\n                    <\/div>\n                    <div class=\"jeg_postblock_content\">\n                        <h3 class=\"jeg_post_title\">\n                            <a href=\"https:\/\/www.fener.org\/index.php\/2024\/05\/14\/masa-tenisi-yildiz-kiz-takimimiz-turkiye-ikincisi-oldu\/\">Masa Tenisi Y\u0131ld\u0131z K\u0131z Tak\u0131m\u0131m\u0131z, T\u00fcrkiye ikincisi oldu<\/a>\n                        <\/h3>\n                        \n                    <\/div>\n                <\/article>\n                <\/div>\n                <div class='module-overlay'>\n\t\t\t\t    <div class='preloader_type preloader_dot'>\n\t\t\t\t        <div class=\"module-preloader jeg_preloader dot\">\n\t\t\t\t            <span><\/span><span><\/span><span><\/span>\n\t\t\t\t        <\/div>\n\t\t\t\t        <div class=\"module-preloader jeg_preloader circle\">\n\t\t\t\t            <div class=\"jnews_preloader_circle_outer\">\n\t\t\t\t                <div class=\"jnews_preloader_circle_inner\"><\/div>\n\t\t\t\t            <\/div>\n\t\t\t\t        <\/div>\n\t\t\t\t        <div class=\"module-preloader jeg_preloader square\">\n\t\t\t\t            <div class=\"jeg_square\">\n\t\t\t\t                <div class=\"jeg_square_inner\"><\/div>\n\t\t\t\t            <\/div>\n\t\t\t\t        <\/div>\n\t\t\t\t    <\/div>\n\t\t\t\t<\/div>\n            <\/div>\n            <div class=\"jeg_block_navigation\">\n                <div class='navigation_overlay'><div class='module-preloader jeg_preloader'><span><\/span><span><\/span><span><\/span><\/div><\/div>\n                <div class=\"jeg_block_loadmore \">\n                    <a href=\"#\" class='' data-load='Daha Fazla G\u00f6ster' data-loading='Y\u00fckleniyor...'> Daha Fazla G\u00f6ster<\/a>\n                <\/div>\n                \n            <\/div>\n\t\t\t\t\t<style scoped>.jnews_module__1_69f5edd793523 .jeg_block_heading_1 .jeg_block_title span { background: #004684; }.jnews_module__1_69f5edd793523 .jeg_block_heading_1 { border-color: #004684; }<\/style>\n\t\t\t\t\t<script>var jnews_module__1_69f5edd793523 = {\"header_icon\":\"\",\"first_title\":\"Masa Tenisi Haberleri\",\"second_title\":\"\",\"url\":\"https:\\\/\\\/fener.org\\\/xwebsites\\\/wp\\\/fener\\\/index.php\\\/category\\\/haberler\\\/masa-tenisi\\\/\",\"header_type\":\"heading_1\",\"header_background\":\"#004684\",\"header_secondary_background\":\"\",\"header_text_color\":\"\",\"header_line_color\":\"#004684\",\"header_accent_color\":\"\",\"header_filter_category\":\"\",\"header_filter_author\":\"\",\"header_filter_tag\":\"\",\"header_filter_text\":\"All\",\"sticky_post\":false,\"post_type\":\"post\",\"content_type\":\"all\",\"sponsor\":false,\"number_post\":\"9\",\"post_offset\":\"0\",\"unique_content\":\"disable\",\"include_post\":\"\",\"included_only\":false,\"exclude_post\":\"\",\"include_category\":\"16\",\"exclude_category\":\"\",\"include_author\":\"\",\"include_tag\":\"\",\"exclude_tag\":\"\",\"exclude_visited_post\":false,\"sort_by\":\"latest\",\"date_format\":\"default\",\"date_format_custom\":\"Y\\\/m\\\/d\",\"force_normal_image_load\":\"\",\"main_custom_image_size\":\"default\",\"second_custom_image_size\":\"default\",\"pagination_mode\":\"loadmore\",\"pagination_nextprev_showtext\":\"\",\"pagination_number_post\":\"6\",\"pagination_scroll_limit\":0,\"boxed\":\"\",\"boxed_shadow\":\"\",\"el_id\":\"\",\"el_class\":\"\",\"scheme\":\"\",\"column_width\":\"auto\",\"title_color\":\"\",\"accent_color\":\"\",\"alt_color\":\"\",\"excerpt_color\":\"\",\"css\":\"\",\"compatible_column_notice\":\"\",\"paged\":1,\"column_class\":\"jeg_col_3o3\",\"class\":\"jnews_block_19\"};<\/script>\n\t\t\t\t<\/div>[\/vc_column][\/vc_row]<\/p>\n<\/div>","protected":false},"excerpt":{"rendered":"<p>[vc_row][vc_column][\/vc_column][\/vc_row][vc_row][vc_column width=&#8221;2\/3&#8243;][vc_column_text]1930 y\u0131l\u0131nda d\u00fczenlenen ilk \u0130stanbul \u015eampiyonas\u0131&#8217;nda\u00a0\u0130stanbulspor&#8217;u yenerek \u015fampiyon olan Fenerbah\u00e7e bu spordaki faaliyetlerini bug\u00fcne dek kesintisiz s\u00fcrd\u00fcrm\u00fc\u015ft\u00fcr. Fenerbah\u00e7e,\u00a0T\u00fcrkiye Masatenisi \u015eampiyonas\u0131\u00a0ile T\u00fcrkiye Masatenisi S\u00fcper Ligi&#8217;nde erkeklerde ve kad\u0131nlarda elde etti\u011fi ba\u015far\u0131larla bu sporda en se\u00e7kin yeri tutmu\u015ftur. 2007-08 sezonunda erkek tak\u0131m\u0131 Avrupa\u00a0ETTU Kupas\u0131&#8217;nda final oynad\u0131.\u00a0Kad\u0131n tak\u0131m\u0131 ise 2011-12 ve 2012-13 sezonlar\u0131nda yine ETTU Kupas\u0131&#8217;nda \u015fampiyonlu\u011funa [&hellip;]<\/p>\n","protected":false},"author":1,"featured_media":918,"parent":112,"menu_order":0,"comment_status":"closed","ping_status":"closed","template":"template-builder.php","meta":{"jnews_page_loop":{"enable_page_loop":"0","first_title":"Latest Post","second_title":"","header_type":"heading_6","header_background":"","header_text_color":"","layout":"right-sidebar","sidebar":"default-sidebar","second_sidebar":"default-sidebar","sticky_sidebar":"1","module":"3","excerpt_length":"20","content_date":"default","date_custom":"Y\/m\/d","content_pagination":"nav_1","pagination_align":"center","show_navtext":"0","show_pageinfo":"0","post_offset":"0","posts_per_page":"5","include_post":"","exclude_post":"","include_category":"","exclude_category":"","include_author":"","include_tag":"","exclude_tag":"","sort_by":"latest"},"jnews_single_page":{"layout":"no-sidebar","sidebar":"default-sidebar","second_sidebar":"default-sidebar","sticky_sidebar":"1","show_post_featured":"1","show_post_meta":"0","share_position":"top","share_color":"share-monocrhome"},"jnews_social_meta":[],"footnotes":""},"class_list":["post-150","page","type-page","status-publish","has-post-thumbnail","hentry"],"_links":{"self":[{"href":"https:\/\/www.fener.org\/index.php\/wp-json\/wp\/v2\/pages\/150","targetHints":{"allow":["GET"]}}],"collection":[{"href":"https:\/\/www.fener.org\/index.php\/wp-json\/wp\/v2\/pages"}],"about":[{"href":"https:\/\/www.fener.org\/index.php\/wp-json\/wp\/v2\/types\/page"}],"author":[{"embeddable":true,"href":"https:\/\/www.fener.org\/index.php\/wp-json\/wp\/v2\/users\/1"}],"replies":[{"embeddable":true,"href":"https:\/\/www.fener.org\/index.php\/wp-json\/wp\/v2\/comments?post=150"}],"version-history":[{"count":10,"href":"https:\/\/www.fener.org\/index.php\/wp-json\/wp\/v2\/pages\/150\/revisions"}],"predecessor-version":[{"id":1351,"href":"https:\/\/www.fener.org\/index.php\/wp-json\/wp\/v2\/pages\/150\/revisions\/1351"}],"up":[{"embeddable":true,"href":"https:\/\/www.fener.org\/index.php\/wp-json\/wp\/v2\/pages\/112"}],"wp:featuredmedia":[{"embeddable":true,"href":"https:\/\/www.fener.org\/index.php\/wp-json\/wp\/v2\/media\/918"}],"wp:attachment":[{"href":"https:\/\/www.fener.org\/index.php\/wp-json\/wp\/v2\/media?parent=150"}],"curies":[{"name":"wp","href":"https:\/\/api.w.org\/{rel}","templated":true}]}}