{"id":144,"date":"2018-08-12T12:19:33","date_gmt":"2018-08-12T09:19:33","guid":{"rendered":"https:\/\/fener.org\/xwebsites\/wp\/fener\/?page_id=144"},"modified":"2018-09-19T12:16:27","modified_gmt":"2018-09-19T09:16:27","slug":"atletizm","status":"publish","type":"page","link":"https:\/\/www.fener.org\/index.php\/subeler\/atletizm\/","title":{"rendered":"Atletizm"},"content":{"rendered":"<div class=\"wpb-content-wrapper\"><p>[vc_row][vc_column]<div  class=\"jeg_block_heading jeg_block_heading_1 jeg_alignleft jnews_module__0_69f3bce9a32bf   \">\n                <h3 class=\"jeg_block_title\"><span>Atletizm \u015eubesi<\/span><\/h3>\n                <style>.jnews_module__0_69f3bce9a32bf.jeg_block_heading_1 { border-color: #004684; }<\/style>\n            <\/div>[\/vc_column][\/vc_row][vc_row][vc_column width=&#8221;2\/3&#8243;][vc_column_text]Fenerbah\u00e7e, kurulu\u015fundan beri kesintisiz faaliyet g\u00f6sterdi\u011fi \u015fubelerinden olan atletizmde en \u00e7ok \u015fampiyonluk kazanan kul\u00fcp oldu\u011fu gibi, T\u00fcrkiye&#8217;nin uluslararas\u0131 alanda kazand\u0131\u011f\u0131 kaydade\u011fer ba\u015far\u0131lar\u0131n b\u00fcy\u00fck \u00e7o\u011funlu\u011fu sar\u0131-lacivertli atletler taraf\u0131ndan kazan\u0131lm\u0131\u015ft\u0131r.[\/vc_column_text][vc_tta_accordion shape=&#8221;square&#8221; color=&#8221;green&#8221; c_icon=&#8221;&#8221; active_section=&#8221;0&#8243; no_fill=&#8221;true&#8221;][vc_tta_section title=&#8221;Atletizm \u015eubesi \u0130dari ve Teknik Kadro&#8221; tab_id=&#8221;1536486489857-c60c606c-20e7&#8243;][vc_column_text]<strong>BA\u015eKAN<\/strong><br \/>\nAL\u0130 KO\u00c7<\/p>\n<div><strong>\u015eUBE SORUMLUSU Y\u00d6NET\u0130C\u0130<\/strong><\/div>\n<div>MUSTAFA KEMAL DANABA\u015e<\/div>\n<div><strong>\u015eUBE SORUMLUSU Y\u00d6NET\u0130C\u0130 YARDIMCISI<\/strong><\/div>\n<div>\nMUH\u0130TT\u0130N \u0130LKER D\u0130N\u00c7AY<\/p>\n<p><strong>Amat\u00f6r \u015eubeler Koordinat\u00f6r\u00fc<\/strong><\/p>\n<\/div>\n<p>F\u0130KRET \u00c7ET\u0130NKAYA<\/p>\n<p><strong>Atletizm \u015eube Sorumlusu<\/strong><br \/>\nG\u00dcRSEL \u00d6ZYURT<\/p>\n<p><strong>Atletizm \u015eubesi \u0130dari Menajeri<\/strong><br \/>\nZ\u0130YA \u00d6ZEL<\/p>\n<p><strong>Atletizm \u015eubesi Personelleri<\/strong><br \/>\nDUYGU ARSLAN SEKRETER<br \/>\n\u00d6ZKAN DEM\u0130R PERSONEL<\/p>\n<p><strong>\u0130stanbul Merkez Antren\u00f6rlerimiz<\/strong><br \/>\n\u0130HSAN \u00d6ZDEN ANTREN\u00d6R<br \/>\nOLEG MUKH\u0130N ANTREN\u00d6R<\/p>\n<p><strong>Altyap\u0131 Sorumlusu Antren\u00f6r\u00fcm\u00fcz<\/strong><br \/>\nHAKAN BECEREN \u0130ZM\u0130R-ANTREN\u00d6R<\/p>\n<p><strong>Di\u011fer \u0130llerdeki Antren\u00f6rlerimiz \u00a0<\/strong><br \/>\nABDURRAHMAN DER\u0130\u015e-BURSA<br \/>\n\u0130BRAH\u0130M HAL\u0130L AYDIN-ADANA<br \/>\nTARIK SARSIK-ZONGULDAK<br \/>\nFAHR\u0130 TUN\u00c7TAN-B\u0130TL\u0130S<br \/>\nS\u00dcLEYMAN ALTINOLUK-KAYSER\u0130<br \/>\nSEDA ERBAY-BURSA<br \/>\nADEM BATAR-TRABZON<br \/>\nMUHS\u0130N SOYSAL-ANKARA<br \/>\nRESUL K\u00d6STEK\u00c7\u0130-NEV\u015eEH\u0130R<br \/>\nNURAY SEV \u00d6ZDEM\u0130R-ADANA<br \/>\nERCAN AS-\u0130ZM\u0130R<br \/>\nBURAK UYGUN-AYDIN<br \/>\nCAV\u0130T CEYLAN-DEN\u0130ZL\u0130<br \/>\nENEZ KAPLAN-VAN<br \/>\nZEHRA POLAT \u015eARVAN-KAYSER\u0130<br \/>\nG\u00dcRB\u00dcZ \u00c7AM-ESK\u0130\u015eEH\u0130R<br \/>\nFEHM\u0130 \u00c7ALIK-KOCAEL\u0130<br \/>\nHASAN KOTAN-ERZ\u0130NCAN<br \/>\nH\u00dcSEY\u0130N ERTAN-VAN<br \/>\nV\u0130CDAN BERBERO\u011eLU-\u00c7ANAKKALE<br \/>\nUFUK USTUNA-ESK\u0130\u015eEH\u0130R<br \/>\nTARKAN TUZCUO\u011eULLARI-OSMAN\u0130YE<br \/>\nUTKU DUMAN-ZONGULDAK<br \/>\nCEMALETT\u0130N BALCI-KONYA<br \/>\nFAHR\u0130 \u00d6ZEN-MERS\u0130N[\/vc_column_text][\/vc_tta_section][vc_tta_section title=&#8221;Atletizm \u015eubesi B\u00fcy\u00fck Erkekler Sporcular\u0131&#8221; tab_id=&#8221;1536487079718-46d1a967-e1f7&#8243;][vc_column_text]1 RAM\u0130L GUL\u0130YEV<br \/>\n2 MUSA T\u00dcZEN<br \/>\n3 \u0130RFAN YILDIRIM<br \/>\n4 ALPER KULAKSIZ<br \/>\n5 EM\u0130N \u00d6NCEL<br \/>\n6 \u00d6ZKAN BALTACI<br \/>\n7 OSMANCAN \u00d6ZDEVEC\u0130<br \/>\n8 TOLGA YILMAZ<br \/>\n9 AL\u0130 KAYA<br \/>\n10 SAM\u0130R AKOVALI<br \/>\n11 FAHR\u0130 ARSOY<br \/>\n12 H\u0130LAL YEGO<br \/>\n13 ARAS KAYA<br \/>\n14 S\u00dcLEYMAN BEKMEZC\u0130<br \/>\n15 FURKAN \u015eEN<br \/>\n16 EMRECAN ERCAN<br \/>\n17 EYMEN KAAN TA\u015ePINAR<br \/>\n18 ALPEREN ACET<br \/>\n19 KAYHAN \u00d6ZER<br \/>\n20 BAYRAKTAR BERKAY \u00c7ALIK[\/vc_column_text][\/vc_tta_section][vc_tta_section title=&#8221;Atletizm \u015eubesi Gen\u00e7 Erkekler Sporcular\u0131&#8221; tab_id=&#8221;1536487190715-ef38102b-4f1f&#8221;][vc_column_text]1 H\u00dcSEY\u0130N OCAK<br \/>\n2 MAHMUT BERK \u00d6ZA\u00c7AN<br \/>\n3 AKIN \u00d6ZY\u00dcREK<br \/>\n4 UMUT \u015eAHBAZ<br \/>\n5 MUSTAFA ONUR SADIKO\u011eLU<br \/>\n6 MUHAMMED HAN\u0130F\u0130 TANRIKULU<br \/>\n7 DO\u011eUKAN UYSAK<br \/>\n8 ALPEREN KARAHAN<br \/>\n9 ANIL KALAYCI<br \/>\n10 ABDULLAH \u00d6ZDEM\u0130R<br \/>\n11 ERDEM \u00d6Z<br \/>\n12 ATAKAN G\u00dcNE\u015e<br \/>\n13 ABDULLAH KARATA\u015e<br \/>\n14 A\u015eKIN SAD\u0130N A\u015eKIN<br \/>\n15 SEDAT TUNAHAN TORUN<br \/>\n16 H\u00dcSEY\u0130N CAN<br \/>\n17 NURKAN DA\u011eTEK\u0130N<br \/>\n18 ERSU \u015eA\u015eMA<br \/>\n19 \u00d6MER FARUK AVAN<br \/>\n20 EGEHAN KARABULUT<br \/>\n21 MAHSUM KORKMAZ<br \/>\n22 BURAK DERTL\u0130<br \/>\n23 TOYGAR \u0130SMET PEKBAK<br \/>\n24 VEYSEL T\u00dcM\u0130NC\u0130N<br \/>\n25 YUNUS EMRE AKKU\u015e<br \/>\n26 DEVR\u0130M \u00c7EL\u0130K[\/vc_column_text][\/vc_tta_section][vc_tta_section title=&#8221;Atletizm \u015eubesi Y\u0131ld\u0131z Erkekler Sporcular\u0131&#8221; tab_id=&#8221;1536487309332-b0fd8764-a1c5&#8243;][vc_column_text]1 \u00d6MER AMA\u00c7TAN<br \/>\n2 \u00d6MER \u015eEN<br \/>\n3 UMUT UYSAL<br \/>\n4 TARIK DEM\u0130R<br \/>\n5 MEHMET \u0130NAN\u00c7<br \/>\n6 ABDULLAH YILDIZ<br \/>\n7 YILMAZ BERKE KARATA\u015e<br \/>\n8 ABDULBAK\u0130 ENTER\u0130L\u0130<br \/>\n9 SEDAT CAC\u0130M<br \/>\n10 AL\u0130CAN O\u011eUZ<br \/>\n11 FERAY \u00c7EL\u0130K<br \/>\n12 KONURALP T\u0130R\u0130TO\u011eLU<br \/>\n13 BATUHAN G\u00dcM\u00dc\u015e<br \/>\n14 YILMAZ \u0130RMAK<br \/>\n15 EM\u0130RHAN ALTIPARMAK<br \/>\n16 BATUHAN \u00d6NDER<br \/>\n17 AYETULLAH ASLANHAN<br \/>\n18 N\u0130HATCAN DOST<br \/>\n19 YUNUS EMRE G\u00dcM\u00dc\u015e<br \/>\n20 SEM\u0130H BASTI<br \/>\n21 MEHMET KA\u015e<br \/>\n22 \u0130SMA\u0130LEREN ADIG\u00dcZEL<br \/>\n23 EMRE DERYA<br \/>\n24 FERHAT AYAR<br \/>\n25 \u00d6MER \u00c7OLAK<br \/>\n26 BATUHAN \u00c7AKIR<br \/>\n27 EY\u00dcP YAS\u0130N HAMURCU<br \/>\n28 METEHAN ACAR<br \/>\n29 MEL\u0130H YERSEL<br \/>\n30 BERKE AK\u00c7AM<br \/>\n31 EM\u0130RHAN KO\u015e<br \/>\n32 EM\u0130RHAN \u00c7\u0130FT\u00c7\u0130<br \/>\n33 EGECAN KEMAL YOLDA\u015e<br \/>\n34 \u0130LYAS \u00c7ANAK\u00c7I<br \/>\n35 MURAT G\u00dcN<br \/>\n36 SEYFETT\u0130N EY\u00dcPCAN KIZILYAPRAK<br \/>\n37 \u0130BRAH\u0130M EM\u0130RKAN F\u0130DAN<br \/>\n38 MUZAFFER YILMAZ<br \/>\n39 ALPER G\u00dcLE\u00c7<br \/>\n40 EM\u0130RHAN \u015e\u0130P\u015eAK<br \/>\n41 AZAD KARASU<br \/>\n42 BERKAY BUDAK<br \/>\n43 MEL\u0130H \u00c7OPUR[\/vc_column_text][\/vc_tta_section][vc_tta_section title=&#8221;Atletizm \u015eubesi B\u00fcy\u00fck Bayanlar Sporcular\u0131&#8221; tab_id=&#8221;1536487382191-da86937a-273d&#8221;][vc_column_text]1 EMEL \u015eANLI<br \/>\n2 MERYEM KASAP<br \/>\n3 TU\u011e\u00c7E \u015eAHUTO\u011eLU<br \/>\n4 \u00d6ZGE SOYLU<br \/>\n5 B\u00dc\u015eRA NUR KOKU<br \/>\n6 YUDUM \u0130L\u0130KS\u0130Z<br \/>\n7 EDA TU\u011eSUZ<br \/>\n8 SARE BOSTANCI<br \/>\n9 DEN\u0130Z YAYLACI<br \/>\n10 ECEM \u00c7ALA\u011eAN<br \/>\n11 AY\u015eE BAYRAM<br \/>\n12 S\u0130BEL \u00c7INAR<br \/>\n13 BEYZA T\u0130LK\u0130[\/vc_column_text][\/vc_tta_section][vc_tta_section title=&#8221;Atletizm \u015eubesi Gen\u00e7 Bayanlar Sporcular\u0131&#8221; tab_id=&#8221;1536488230868-a1faa1ea-a42b&#8221;][vc_column_text]1 M\u0130ZG\u0130N AY<br \/>\n2 \u015eEVVAL AYAZ<br \/>\n3 AYSEL YILMAZ<br \/>\n4 KARDELEN YILDIRIM<br \/>\n5 ESRA YILMAZ<br \/>\n6 EM\u0130NE AKB\u0130NG\u00d6L<br \/>\n7 G\u00dcL\u015eEN YILDIRIM<br \/>\n8 S\u0130NEMNUR ERARSLAN<br \/>\n9 DERYA KUNUR<br \/>\n10 NEF\u0130SE KARATAY<br \/>\n11 R\u00dcMEYSA \u00d6KDEM<br \/>\n12 MERVE KAPLAN<br \/>\n13 MEL\u0130KE MALKO\u00c7<br \/>\n14 \u0130REM BALCI<br \/>\n15 \u0130PEK G\u00d6KMEN<br \/>\n16 MESURE TUTKU YILMAZ<br \/>\n17 HAYRUNN\u0130SA CANBERK<br \/>\n18 LEYLA YANARDA\u011e<br \/>\n19 MED\u0130NE \u00d6KTE<br \/>\n20 BEYZANUR YAVUZ<br \/>\n21 EYLEM G\u00dcR<br \/>\n22 FAD\u0130ME KO\u015eAR<br \/>\n23 AZ\u0130ME ALAN[\/vc_column_text][\/vc_tta_section][vc_tta_section title=&#8221;Atletizm \u015eubesi Y\u0131ld\u0131z Bayanlar Sporcular\u0131&#8221; tab_id=&#8221;1536488272743-69522288-ceb2&#8243;][vc_column_text]1 S\u00dcMEYYE KINAR<br \/>\n2 \u00d6ZLEM BECEREK<br \/>\n3 M\u00dcNEVVER HANCI<br \/>\n4 BERF\u0130N BARI\u015eER<br \/>\n5 MELTEM TURAN<br \/>\n6 \u0130D\u0130L SED\u0130R<br \/>\n7 AY\u015eE ECER<br \/>\n8 FAD\u0130ME CAN ER\u00d6Z<br \/>\n9 \u0130LAYDA KIZILIRMAK<br \/>\n10 ZEYNEP SEZEN BAYRAM<br \/>\n11 CEREN PALACI<br \/>\n12 ZEYNEP SUDE SAYAR<br \/>\n13 AY\u00c7A D\u00dcZG\u00dcN<br \/>\n14 CEREN KE\u00c7EC\u0130<br \/>\n15 ZEHRA ORAL<br \/>\n16 S\u0130MAY ALTINTA\u015e<br \/>\n17 KARDELEN D\u00dcD\u00dcK\u00c7\u00dc<br \/>\n18 G\u00d6N\u00dcL KOKSAL<br \/>\n19 B\u00dc\u015eRA ALTINBA\u015e<br \/>\n20 Z\u00dcLHA ARMUT\u00c7U<br \/>\n21 SELCAN KORKMAZ<br \/>\n22 EBRU YAMAN<br \/>\n23 G\u00d6K\u00c7E KO\u015e<br \/>\n24 HAYRUN N\u0130SA KAPAR<br \/>\n25 EDA SOLMAZ<br \/>\n26 FATMANUR S\u00dcNB\u00dcL<br \/>\n27 N\u0130HAL AKMAN<br \/>\n28 G\u0130ZEM \u0130LDAR<br \/>\n29 FATMANUR D\u0130R\u0130L<br \/>\n30 NES\u0130NE ATAK<br \/>\n31 N\u0130SANUR G\u00dcRB\u00dcZ<br \/>\n32 GAMZE UYSAL<br \/>\n33 DURU NAZ AKIN<br \/>\n34 SUDENAZ G\u00dcRB\u00dcZKOL<br \/>\n35 PINAR AKYOL<br \/>\n36 MERVE ERTEK<br \/>\n37 H\u0130LAL DURMAZ[\/vc_column_text][\/vc_tta_section][\/vc_tta_accordion][\/vc_column][vc_column width=&#8221;1\/3&#8243;][vc_single_image image=&#8221;913&#8243; img_size=&#8221;large&#8221; alignment=&#8221;center&#8221; style=&#8221;vc_box_border_circle_2&#8243;][\/vc_column][\/vc_row][vc_row][vc_column]<div  class=\"jeg_postblock_19 jeg_postblock jeg_module_hook jeg_pagination_loadmore jeg_col_3o3 jnews_module__1_69f3bce9a3c97   \" data-unique=\"jnews_module__1_69f3bce9a3c97\">\n\t\t\t\t\t<div class=\"jeg_block_heading jeg_block_heading_1 jeg_subcat_right\">\n                     <h3 class=\"jeg_block_title\"><a href='https:\/\/fener.org\/xwebsites\/wp\/fener\/index.php\/category\/haberler\/atletizm\/'><span>Atletizm Haberleri<\/span><\/a><\/h3>\n                     \n                 <\/div>\n\t\t\t\t\t<div class=\"jeg_block_container\">\n                \n                <div class=\"jeg_posts jeg_load_more_flag\">\n                    <article class=\"jeg_post jeg_pl_md_box format-standard\">\n                    <div class=\"box_wrap\">\n                    <div class=\"jeg_thumb\">\n                        \n                        <a href=\"https:\/\/www.fener.org\/index.php\/2026\/04\/21\/atletlerimiz-u18-atmalar-liginde-erkeklerde-sampiyon-kizlarda-ikinci-oldu\/\" aria-label=\"Read article: Atletlerimiz, U18 Atmalar Ligi\u2019nde erkeklerde \u015fampiyon, k\u0131zlarda ikinci oldu\"><div class=\"thumbnail-container animate-lazy  size-715 \"><img loading=\"lazy\" decoding=\"async\" width=\"350\" height=\"250\" src=\"https:\/\/www.fener.org\/xwebsites\/wp\/fener\/wp-content\/themes\/jnews\/assets\/img\/jeg-empty.png\" class=\"attachment-jnews-350x250 size-jnews-350x250 lazyload wp-post-image\" alt=\"Atletlerimiz, U18 Atmalar Ligi\u2019nde erkeklerde \u015fampiyon, k\u0131zlarda ikinci oldu\" sizes=\"auto, (max-width: 350px) 100vw, 350px\" data-src=\"https:\/\/www.fener.org\/xwebsites\/wp\/fener\/wp-content\/uploads\/2026\/04\/haber_atletizm_U18-AtmalarLigi_20260421-350x250.jpg\" data-srcset=\"https:\/\/www.fener.org\/xwebsites\/wp\/fener\/wp-content\/uploads\/2026\/04\/haber_atletizm_U18-AtmalarLigi_20260421-350x250.jpg 350w, https:\/\/www.fener.org\/xwebsites\/wp\/fener\/wp-content\/uploads\/2026\/04\/haber_atletizm_U18-AtmalarLigi_20260421-120x86.jpg 120w, https:\/\/www.fener.org\/xwebsites\/wp\/fener\/wp-content\/uploads\/2026\/04\/haber_atletizm_U18-AtmalarLigi_20260421-750x536.jpg 750w\" data-sizes=\"auto\" data-expand=\"700\" \/><\/div><\/a>\n                    <\/div>\n                    <div class=\"jeg_postblock_content\">\n                        <h3 class=\"jeg_post_title\">\n                            <a href=\"https:\/\/www.fener.org\/index.php\/2026\/04\/21\/atletlerimiz-u18-atmalar-liginde-erkeklerde-sampiyon-kizlarda-ikinci-oldu\/\">Atletlerimiz, U18 Atmalar Ligi\u2019nde erkeklerde \u015fampiyon, k\u0131zlarda ikinci oldu<\/a>\n                        <\/h3>\n                        \n                    <\/div> \n                    <\/div>\n                <\/article><article class=\"jeg_post jeg_pl_md_box format-standard\">\n                    <div class=\"box_wrap\">\n                    <div class=\"jeg_thumb\">\n                        \n                        <a href=\"https:\/\/www.fener.org\/index.php\/2026\/03\/22\/fenerbahceli-milli-atletimiz-silan-ayyildiz-dunya-5incisi-oldu\/\" aria-label=\"Read article: Fenerbah\u00e7eli milli atletimiz \u015eilan Ayy\u0131ld\u0131z, D\u00fcnya 5\u2019incisi oldu\"><div class=\"thumbnail-container animate-lazy  size-715 \"><img loading=\"lazy\" decoding=\"async\" width=\"350\" height=\"250\" src=\"https:\/\/www.fener.org\/xwebsites\/wp\/fener\/wp-content\/themes\/jnews\/assets\/img\/jeg-empty.png\" class=\"attachment-jnews-350x250 size-jnews-350x250 lazyload wp-post-image\" alt=\"Fenerbah\u00e7eli milli atletimiz \u015eilan Ayy\u0131ld\u0131z\" sizes=\"auto, (max-width: 350px) 100vw, 350px\" data-src=\"https:\/\/www.fener.org\/xwebsites\/wp\/fener\/wp-content\/uploads\/2026\/03\/haber_atletizm_SilanAyyildiz_20260322-350x250.jpg\" data-srcset=\"https:\/\/www.fener.org\/xwebsites\/wp\/fener\/wp-content\/uploads\/2026\/03\/haber_atletizm_SilanAyyildiz_20260322-350x250.jpg 350w, https:\/\/www.fener.org\/xwebsites\/wp\/fener\/wp-content\/uploads\/2026\/03\/haber_atletizm_SilanAyyildiz_20260322-120x86.jpg 120w, https:\/\/www.fener.org\/xwebsites\/wp\/fener\/wp-content\/uploads\/2026\/03\/haber_atletizm_SilanAyyildiz_20260322-750x536.jpg 750w\" data-sizes=\"auto\" data-expand=\"700\" \/><\/div><\/a>\n                    <\/div>\n                    <div class=\"jeg_postblock_content\">\n                        <h3 class=\"jeg_post_title\">\n                            <a href=\"https:\/\/www.fener.org\/index.php\/2026\/03\/22\/fenerbahceli-milli-atletimiz-silan-ayyildiz-dunya-5incisi-oldu\/\">Fenerbah\u00e7eli milli atletimiz \u015eilan Ayy\u0131ld\u0131z, D\u00fcnya 5\u2019incisi oldu<\/a>\n                        <\/h3>\n                        \n                    <\/div> \n                    <\/div>\n                <\/article><article class=\"jeg_post jeg_pl_md_box format-standard\">\n                    <div class=\"box_wrap\">\n                    <div class=\"jeg_thumb\">\n                        \n                        <a href=\"https:\/\/www.fener.org\/index.php\/2026\/03\/01\/atletlerimizden-4-sampiyonluk-3-ikincilik\/\" aria-label=\"Read article: Atletlerimizden 4 \u015fampiyonluk, 3 ikincilik\"><div class=\"thumbnail-container animate-lazy  size-715 \"><img loading=\"lazy\" decoding=\"async\" width=\"350\" height=\"250\" src=\"https:\/\/www.fener.org\/xwebsites\/wp\/fener\/wp-content\/themes\/jnews\/assets\/img\/jeg-empty.png\" class=\"attachment-jnews-350x250 size-jnews-350x250 lazyload wp-post-image\" alt=\"Atletlerimizden 4 \u015fampiyonluk, 3 ikincilik\" sizes=\"auto, (max-width: 350px) 100vw, 350px\" data-src=\"https:\/\/www.fener.org\/xwebsites\/wp\/fener\/wp-content\/uploads\/2026\/03\/haber_atletizm_Atletlerimizden7Madalya_20260301-350x250.jpg\" data-srcset=\"https:\/\/www.fener.org\/xwebsites\/wp\/fener\/wp-content\/uploads\/2026\/03\/haber_atletizm_Atletlerimizden7Madalya_20260301-350x250.jpg 350w, https:\/\/www.fener.org\/xwebsites\/wp\/fener\/wp-content\/uploads\/2026\/03\/haber_atletizm_Atletlerimizden7Madalya_20260301-120x86.jpg 120w, https:\/\/www.fener.org\/xwebsites\/wp\/fener\/wp-content\/uploads\/2026\/03\/haber_atletizm_Atletlerimizden7Madalya_20260301-750x536.jpg 750w\" data-sizes=\"auto\" data-expand=\"700\" \/><\/div><\/a>\n                    <\/div>\n                    <div class=\"jeg_postblock_content\">\n                        <h3 class=\"jeg_post_title\">\n                            <a href=\"https:\/\/www.fener.org\/index.php\/2026\/03\/01\/atletlerimizden-4-sampiyonluk-3-ikincilik\/\">Atletlerimizden 4 \u015fampiyonluk, 3 ikincilik<\/a>\n                        <\/h3>\n                        \n                    <\/div> \n                    <\/div>\n                <\/article><article class=\"jeg_post jeg_pl_sm format-standard\">\n                <div class=\"jeg_thumb\">\n                        \n                        <a href=\"https:\/\/www.fener.org\/index.php\/2026\/02\/21\/atletlerimizden-balkan-sampiyonasinda-7-madalya\/\" aria-label=\"Read article: Atletlerimizden Balkan \u015eampiyonas\u0131\u2019nda 7 madalya\"><div class=\"thumbnail-container animate-lazy  size-715 \"><img loading=\"lazy\" decoding=\"async\" width=\"120\" height=\"86\" src=\"https:\/\/www.fener.org\/xwebsites\/wp\/fener\/wp-content\/themes\/jnews\/assets\/img\/jeg-empty.png\" class=\"attachment-jnews-120x86 size-jnews-120x86 lazyload wp-post-image\" alt=\"Atletlerimizden Balkan \u015eampiyonas\u0131\u2019nda 7 madalya\" sizes=\"auto, (max-width: 120px) 100vw, 120px\" data-src=\"https:\/\/www.fener.org\/xwebsites\/wp\/fener\/wp-content\/uploads\/2026\/02\/haber_atletizm_Atletlerimziden7Madalya_20260221-120x86.jpg\" data-srcset=\"https:\/\/www.fener.org\/xwebsites\/wp\/fener\/wp-content\/uploads\/2026\/02\/haber_atletizm_Atletlerimziden7Madalya_20260221-120x86.jpg 120w, https:\/\/www.fener.org\/xwebsites\/wp\/fener\/wp-content\/uploads\/2026\/02\/haber_atletizm_Atletlerimziden7Madalya_20260221-300x212.jpg 300w, https:\/\/www.fener.org\/xwebsites\/wp\/fener\/wp-content\/uploads\/2026\/02\/haber_atletizm_Atletlerimziden7Madalya_20260221-768x543.jpg 768w, https:\/\/www.fener.org\/xwebsites\/wp\/fener\/wp-content\/uploads\/2026\/02\/haber_atletizm_Atletlerimziden7Madalya_20260221-350x250.jpg 350w, https:\/\/www.fener.org\/xwebsites\/wp\/fener\/wp-content\/uploads\/2026\/02\/haber_atletizm_Atletlerimziden7Madalya_20260221-750x530.jpg 750w, https:\/\/www.fener.org\/xwebsites\/wp\/fener\/wp-content\/uploads\/2026\/02\/haber_atletizm_Atletlerimziden7Madalya_20260221.jpg 837w\" data-sizes=\"auto\" data-expand=\"700\" \/><\/div><\/a>\n                    <\/div>\n                    <div class=\"jeg_postblock_content\">\n                        <h3 class=\"jeg_post_title\">\n                            <a href=\"https:\/\/www.fener.org\/index.php\/2026\/02\/21\/atletlerimizden-balkan-sampiyonasinda-7-madalya\/\">Atletlerimizden Balkan \u015eampiyonas\u0131\u2019nda 7 madalya<\/a>\n                        <\/h3>\n                        \n                    <\/div>\n                <\/article><article class=\"jeg_post jeg_pl_sm format-standard\">\n                <div class=\"jeg_thumb\">\n                        \n                        <a href=\"https:\/\/www.fener.org\/index.php\/2026\/02\/15\/atletlerimiz-uluslararasi-turnuvalarda-sampiyonluklar-kazandi\/\" aria-label=\"Read article: Atletlerimiz uluslararas\u0131 turnuvalarda \u015fampiyonluklar kazand\u0131\"><div class=\"thumbnail-container animate-lazy  size-715 \"><img loading=\"lazy\" decoding=\"async\" width=\"120\" height=\"86\" src=\"https:\/\/www.fener.org\/xwebsites\/wp\/fener\/wp-content\/themes\/jnews\/assets\/img\/jeg-empty.png\" class=\"attachment-jnews-120x86 size-jnews-120x86 lazyload wp-post-image\" alt=\"Fenerbah\u00e7e SK Atletizm\" sizes=\"auto, (max-width: 120px) 100vw, 120px\" data-src=\"https:\/\/www.fener.org\/xwebsites\/wp\/fener\/wp-content\/uploads\/siteimages\/genel-atletizm-120x86.jpg\" data-srcset=\"https:\/\/www.fener.org\/xwebsites\/wp\/fener\/wp-content\/uploads\/siteimages\/genel-atletizm-120x86.jpg 120w, https:\/\/www.fener.org\/xwebsites\/wp\/fener\/wp-content\/uploads\/siteimages\/genel-atletizm-350x250.jpg 350w\" data-sizes=\"auto\" data-expand=\"700\" \/><\/div><\/a>\n                    <\/div>\n                    <div class=\"jeg_postblock_content\">\n                        <h3 class=\"jeg_post_title\">\n                            <a href=\"https:\/\/www.fener.org\/index.php\/2026\/02\/15\/atletlerimiz-uluslararasi-turnuvalarda-sampiyonluklar-kazandi\/\">Atletlerimiz uluslararas\u0131 turnuvalarda \u015fampiyonluklar kazand\u0131<\/a>\n                        <\/h3>\n                        \n                    <\/div>\n                <\/article><article class=\"jeg_post jeg_pl_sm format-standard\">\n                <div class=\"jeg_thumb\">\n                        \n                        <a href=\"https:\/\/www.fener.org\/index.php\/2026\/02\/09\/genc-atletlerimiz-avrupa-sampiyon-kulupler-kupasi-kros-sampiyonasinda-sampiyon-oldu\/\" aria-label=\"Read article: Gen\u00e7 atletlerimiz Avrupa \u015eampiyon Kul\u00fcpler Kupas\u0131 Kros \u015eampiyonas\u0131\u2019nda \u015fampiyon oldu\"><div class=\"thumbnail-container animate-lazy  size-715 \"><img loading=\"lazy\" decoding=\"async\" width=\"120\" height=\"86\" src=\"https:\/\/www.fener.org\/xwebsites\/wp\/fener\/wp-content\/themes\/jnews\/assets\/img\/jeg-empty.png\" class=\"attachment-jnews-120x86 size-jnews-120x86 lazyload wp-post-image\" alt=\"Gen\u00e7 atletlerimiz Avrupa \u015eampiyon Kul\u00fcpler Kupas\u0131 Kros \u015eampiyonas\u0131\u2019nda \u015fampiyon oldu\" sizes=\"auto, (max-width: 120px) 100vw, 120px\" data-src=\"https:\/\/www.fener.org\/xwebsites\/wp\/fener\/wp-content\/uploads\/2026\/02\/haber_atletizm_GencAtletlerimizdenSampiyonluk_20260209-120x86.jpg\" data-srcset=\"https:\/\/www.fener.org\/xwebsites\/wp\/fener\/wp-content\/uploads\/2026\/02\/haber_atletizm_GencAtletlerimizdenSampiyonluk_20260209-120x86.jpg 120w, https:\/\/www.fener.org\/xwebsites\/wp\/fener\/wp-content\/uploads\/2026\/02\/haber_atletizm_GencAtletlerimizdenSampiyonluk_20260209-350x250.jpg 350w, https:\/\/www.fener.org\/xwebsites\/wp\/fener\/wp-content\/uploads\/2026\/02\/haber_atletizm_GencAtletlerimizdenSampiyonluk_20260209-750x536.jpg 750w\" data-sizes=\"auto\" data-expand=\"700\" \/><\/div><\/a>\n                    <\/div>\n                    <div class=\"jeg_postblock_content\">\n                        <h3 class=\"jeg_post_title\">\n                            <a href=\"https:\/\/www.fener.org\/index.php\/2026\/02\/09\/genc-atletlerimiz-avrupa-sampiyon-kulupler-kupasi-kros-sampiyonasinda-sampiyon-oldu\/\">Gen\u00e7 atletlerimiz Avrupa \u015eampiyon Kul\u00fcpler Kupas\u0131 Kros \u015eampiyonas\u0131\u2019nda \u015fampiyon oldu<\/a>\n                        <\/h3>\n                        \n                    <\/div>\n                <\/article><article class=\"jeg_post jeg_pl_sm format-standard\">\n                <div class=\"jeg_thumb\">\n                        \n                        <a href=\"https:\/\/www.fener.org\/index.php\/2026\/01\/25\/atletizm-subemizden-turkiye-u20-salon-sampiyonasinda-22-madalya\/\" aria-label=\"Read article: Atletizm \u015eubemizden T\u00fcrkiye U20 Salon \u015eampiyonas\u0131\u2019nda 22 madalya\"><div class=\"thumbnail-container animate-lazy  size-715 \"><img loading=\"lazy\" decoding=\"async\" width=\"120\" height=\"86\" src=\"https:\/\/www.fener.org\/xwebsites\/wp\/fener\/wp-content\/themes\/jnews\/assets\/img\/jeg-empty.png\" class=\"attachment-jnews-120x86 size-jnews-120x86 lazyload wp-post-image\" alt=\"Fenerbah\u00e7e SK Atletizm\" sizes=\"auto, (max-width: 120px) 100vw, 120px\" data-src=\"https:\/\/www.fener.org\/xwebsites\/wp\/fener\/wp-content\/uploads\/siteimages\/genel-atletizm-120x86.jpg\" data-srcset=\"https:\/\/www.fener.org\/xwebsites\/wp\/fener\/wp-content\/uploads\/siteimages\/genel-atletizm-120x86.jpg 120w, https:\/\/www.fener.org\/xwebsites\/wp\/fener\/wp-content\/uploads\/siteimages\/genel-atletizm-350x250.jpg 350w\" data-sizes=\"auto\" data-expand=\"700\" \/><\/div><\/a>\n                    <\/div>\n                    <div class=\"jeg_postblock_content\">\n                        <h3 class=\"jeg_post_title\">\n                            <a href=\"https:\/\/www.fener.org\/index.php\/2026\/01\/25\/atletizm-subemizden-turkiye-u20-salon-sampiyonasinda-22-madalya\/\">Atletizm \u015eubemizden T\u00fcrkiye U20 Salon \u015eampiyonas\u0131\u2019nda 22 madalya<\/a>\n                        <\/h3>\n                        \n                    <\/div>\n                <\/article><article class=\"jeg_post jeg_pl_sm format-standard\">\n                <div class=\"jeg_thumb\">\n                        \n                        <a href=\"https:\/\/www.fener.org\/index.php\/2025\/09\/01\/u20-atletizm-liginde-sampiyon-fenerbahce\/\" aria-label=\"Read article: U20 Atletizm Ligi\u2019nde \u015fampiyon Fenerbah\u00e7e\"><div class=\"thumbnail-container animate-lazy  size-715 \"><img loading=\"lazy\" decoding=\"async\" width=\"120\" height=\"86\" src=\"https:\/\/www.fener.org\/xwebsites\/wp\/fener\/wp-content\/themes\/jnews\/assets\/img\/jeg-empty.png\" class=\"attachment-jnews-120x86 size-jnews-120x86 lazyload wp-post-image\" alt=\"U20 Atletizm Ligi\u2019nde \u015fampiyon Fenerbah\u00e7e\" sizes=\"auto, (max-width: 120px) 100vw, 120px\" data-src=\"https:\/\/www.fener.org\/xwebsites\/wp\/fener\/wp-content\/uploads\/2025\/09\/haber_atletizm_FenerbahceU20Sampiyon_20250901-120x86.jpg\" data-srcset=\"https:\/\/www.fener.org\/xwebsites\/wp\/fener\/wp-content\/uploads\/2025\/09\/haber_atletizm_FenerbahceU20Sampiyon_20250901-120x86.jpg 120w, https:\/\/www.fener.org\/xwebsites\/wp\/fener\/wp-content\/uploads\/2025\/09\/haber_atletizm_FenerbahceU20Sampiyon_20250901-350x250.jpg 350w\" data-sizes=\"auto\" data-expand=\"700\" \/><\/div><\/a>\n                    <\/div>\n                    <div class=\"jeg_postblock_content\">\n                        <h3 class=\"jeg_post_title\">\n                            <a href=\"https:\/\/www.fener.org\/index.php\/2025\/09\/01\/u20-atletizm-liginde-sampiyon-fenerbahce\/\">U20 Atletizm Ligi\u2019nde \u015fampiyon Fenerbah\u00e7e<\/a>\n                        <\/h3>\n                        \n                    <\/div>\n                <\/article><article class=\"jeg_post jeg_pl_sm format-standard\">\n                <div class=\"jeg_thumb\">\n                        \n                        <a href=\"https:\/\/www.fener.org\/index.php\/2025\/08\/31\/milli-atletimiz-elif-akcicek-24-yillik-turkiye-rekorunu-kirdi\/\" aria-label=\"Read article: Milli atletimiz Elif Ak\u00e7icek, 24 y\u0131ll\u0131k T\u00fcrkiye rekorunu k\u0131rd\u0131\"><div class=\"thumbnail-container animate-lazy  size-715 \"><img loading=\"lazy\" decoding=\"async\" width=\"120\" height=\"86\" src=\"https:\/\/www.fener.org\/xwebsites\/wp\/fener\/wp-content\/themes\/jnews\/assets\/img\/jeg-empty.png\" class=\"attachment-jnews-120x86 size-jnews-120x86 lazyload wp-post-image\" alt=\"Fenerbah\u00e7eli milli atletimiz Elif Ak\u00e7icek\" sizes=\"auto, (max-width: 120px) 100vw, 120px\" data-src=\"https:\/\/www.fener.org\/xwebsites\/wp\/fener\/wp-content\/uploads\/2025\/09\/haber_atletizm_ElifAkcicektenRekor_20250831-120x86.jpg\" data-srcset=\"https:\/\/www.fener.org\/xwebsites\/wp\/fener\/wp-content\/uploads\/2025\/09\/haber_atletizm_ElifAkcicektenRekor_20250831-120x86.jpg 120w, https:\/\/www.fener.org\/xwebsites\/wp\/fener\/wp-content\/uploads\/2025\/09\/haber_atletizm_ElifAkcicektenRekor_20250831-350x250.jpg 350w\" data-sizes=\"auto\" data-expand=\"700\" \/><\/div><\/a>\n                    <\/div>\n                    <div class=\"jeg_postblock_content\">\n                        <h3 class=\"jeg_post_title\">\n                            <a href=\"https:\/\/www.fener.org\/index.php\/2025\/08\/31\/milli-atletimiz-elif-akcicek-24-yillik-turkiye-rekorunu-kirdi\/\">Milli atletimiz Elif Ak\u00e7icek, 24 y\u0131ll\u0131k T\u00fcrkiye rekorunu k\u0131rd\u0131<\/a>\n                        <\/h3>\n                        \n                    <\/div>\n                <\/article>\n                <\/div>\n                <div class='module-overlay'>\n\t\t\t\t    <div class='preloader_type preloader_dot'>\n\t\t\t\t        <div class=\"module-preloader jeg_preloader dot\">\n\t\t\t\t            <span><\/span><span><\/span><span><\/span>\n\t\t\t\t        <\/div>\n\t\t\t\t        <div class=\"module-preloader jeg_preloader circle\">\n\t\t\t\t            <div class=\"jnews_preloader_circle_outer\">\n\t\t\t\t                <div class=\"jnews_preloader_circle_inner\"><\/div>\n\t\t\t\t            <\/div>\n\t\t\t\t        <\/div>\n\t\t\t\t        <div class=\"module-preloader jeg_preloader square\">\n\t\t\t\t            <div class=\"jeg_square\">\n\t\t\t\t                <div class=\"jeg_square_inner\"><\/div>\n\t\t\t\t            <\/div>\n\t\t\t\t        <\/div>\n\t\t\t\t    <\/div>\n\t\t\t\t<\/div>\n            <\/div>\n            <div class=\"jeg_block_navigation\">\n                <div class='navigation_overlay'><div class='module-preloader jeg_preloader'><span><\/span><span><\/span><span><\/span><\/div><\/div>\n                <div class=\"jeg_block_loadmore \">\n                    <a href=\"#\" class='' data-load='Daha Fazla G\u00f6ster' data-loading='Y\u00fckleniyor...'> Daha Fazla G\u00f6ster<\/a>\n                <\/div>\n                \n            <\/div>\n\t\t\t\t\t<style scoped>.jnews_module__1_69f3bce9a3c97 .jeg_block_heading_1 .jeg_block_title span { background: #004684; }.jnews_module__1_69f3bce9a3c97 .jeg_block_heading_1 { border-color: #004684; }<\/style>\n\t\t\t\t\t<script>var jnews_module__1_69f3bce9a3c97 = {\"header_icon\":\"\",\"first_title\":\"Atletizm Haberleri\",\"second_title\":\"\",\"url\":\"https:\\\/\\\/fener.org\\\/xwebsites\\\/wp\\\/fener\\\/index.php\\\/category\\\/haberler\\\/atletizm\\\/\",\"header_type\":\"heading_1\",\"header_background\":\"#004684\",\"header_secondary_background\":\"\",\"header_text_color\":\"\",\"header_line_color\":\"#004684\",\"header_accent_color\":\"\",\"header_filter_category\":\"\",\"header_filter_author\":\"\",\"header_filter_tag\":\"\",\"header_filter_text\":\"All\",\"sticky_post\":false,\"post_type\":\"post\",\"content_type\":\"all\",\"sponsor\":false,\"number_post\":\"9\",\"post_offset\":\"0\",\"unique_content\":\"disable\",\"include_post\":\"\",\"included_only\":false,\"exclude_post\":\"\",\"include_category\":\"13\",\"exclude_category\":\"\",\"include_author\":\"\",\"include_tag\":\"\",\"exclude_tag\":\"\",\"exclude_visited_post\":false,\"sort_by\":\"latest\",\"date_format\":\"default\",\"date_format_custom\":\"Y\\\/m\\\/d\",\"force_normal_image_load\":\"\",\"main_custom_image_size\":\"default\",\"second_custom_image_size\":\"default\",\"pagination_mode\":\"loadmore\",\"pagination_nextprev_showtext\":\"\",\"pagination_number_post\":\"6\",\"pagination_scroll_limit\":0,\"boxed\":\"\",\"boxed_shadow\":\"\",\"el_id\":\"\",\"el_class\":\"\",\"scheme\":\"\",\"column_width\":\"auto\",\"title_color\":\"\",\"accent_color\":\"\",\"alt_color\":\"\",\"excerpt_color\":\"\",\"css\":\"\",\"compatible_column_notice\":\"\",\"paged\":1,\"column_class\":\"jeg_col_3o3\",\"class\":\"jnews_block_19\"};<\/script>\n\t\t\t\t<\/div>[\/vc_column][\/vc_row]<\/p>\n<\/div>","protected":false},"excerpt":{"rendered":"<p>[vc_row][vc_column][\/vc_column][\/vc_row][vc_row][vc_column width=&#8221;2\/3&#8243;][vc_column_text]Fenerbah\u00e7e, kurulu\u015fundan beri kesintisiz faaliyet g\u00f6sterdi\u011fi \u015fubelerinden olan atletizmde en \u00e7ok \u015fampiyonluk kazanan kul\u00fcp oldu\u011fu gibi, T\u00fcrkiye&#8217;nin uluslararas\u0131 alanda kazand\u0131\u011f\u0131 kaydade\u011fer ba\u015far\u0131lar\u0131n b\u00fcy\u00fck \u00e7o\u011funlu\u011fu sar\u0131-lacivertli atletler taraf\u0131ndan kazan\u0131lm\u0131\u015ft\u0131r.[\/vc_column_text][vc_tta_accordion shape=&#8221;square&#8221; color=&#8221;green&#8221; c_icon=&#8221;&#8221; active_section=&#8221;0&#8243; no_fill=&#8221;true&#8221;][vc_tta_section title=&#8221;Atletizm \u015eubesi \u0130dari ve Teknik Kadro&#8221; tab_id=&#8221;1536486489857-c60c606c-20e7&#8243;][vc_column_text]BA\u015eKAN AL\u0130 KO\u00c7 \u015eUBE SORUMLUSU Y\u00d6NET\u0130C\u0130 MUSTAFA KEMAL DANABA\u015e \u015eUBE SORUMLUSU Y\u00d6NET\u0130C\u0130 YARDIMCISI MUH\u0130TT\u0130N \u0130LKER [&hellip;]<\/p>\n","protected":false},"author":1,"featured_media":913,"parent":112,"menu_order":0,"comment_status":"closed","ping_status":"closed","template":"template-builder.php","meta":{"jnews_page_loop":{"enable_page_loop":"0","first_title":"Latest Post","second_title":"","header_type":"heading_6","header_background":"","header_text_color":"","layout":"right-sidebar","sidebar":"default-sidebar","second_sidebar":"default-sidebar","sticky_sidebar":"1","module":"3","excerpt_length":"20","content_date":"default","date_custom":"Y\/m\/d","content_pagination":"nav_1","pagination_align":"center","show_navtext":"0","show_pageinfo":"0","post_offset":"0","posts_per_page":"5","include_post":"","exclude_post":"","include_category":"","exclude_category":"","include_author":"","include_tag":"","exclude_tag":"","sort_by":"latest"},"jnews_single_page":{"layout":"no-sidebar","sidebar":"default-sidebar","second_sidebar":"default-sidebar","sticky_sidebar":"1","show_post_featured":"1","show_post_meta":"0","share_position":"top","share_color":"share-monocrhome"},"jnews_social_meta":[],"footnotes":""},"class_list":["post-144","page","type-page","status-publish","has-post-thumbnail","hentry"],"_links":{"self":[{"href":"https:\/\/www.fener.org\/index.php\/wp-json\/wp\/v2\/pages\/144","targetHints":{"allow":["GET"]}}],"collection":[{"href":"https:\/\/www.fener.org\/index.php\/wp-json\/wp\/v2\/pages"}],"about":[{"href":"https:\/\/www.fener.org\/index.php\/wp-json\/wp\/v2\/types\/page"}],"author":[{"embeddable":true,"href":"https:\/\/www.fener.org\/index.php\/wp-json\/wp\/v2\/users\/1"}],"replies":[{"embeddable":true,"href":"https:\/\/www.fener.org\/index.php\/wp-json\/wp\/v2\/comments?post=144"}],"version-history":[{"count":13,"href":"https:\/\/www.fener.org\/index.php\/wp-json\/wp\/v2\/pages\/144\/revisions"}],"predecessor-version":[{"id":1358,"href":"https:\/\/www.fener.org\/index.php\/wp-json\/wp\/v2\/pages\/144\/revisions\/1358"}],"up":[{"embeddable":true,"href":"https:\/\/www.fener.org\/index.php\/wp-json\/wp\/v2\/pages\/112"}],"wp:featuredmedia":[{"embeddable":true,"href":"https:\/\/www.fener.org\/index.php\/wp-json\/wp\/v2\/media\/913"}],"wp:attachment":[{"href":"https:\/\/www.fener.org\/index.php\/wp-json\/wp\/v2\/media?parent=144"}],"curies":[{"name":"wp","href":"https:\/\/api.w.org\/{rel}","templated":true}]}}