{"id":142,"date":"2018-08-12T12:19:13","date_gmt":"2018-08-12T09:19:13","guid":{"rendered":"https:\/\/fener.org\/xwebsites\/wp\/fener\/?page_id=142"},"modified":"2018-09-19T11:36:16","modified_gmt":"2018-09-19T08:36:16","slug":"yuzme","status":"publish","type":"page","link":"https:\/\/www.fener.org\/index.php\/subeler\/yuzme\/","title":{"rendered":"Y\u00fczme"},"content":{"rendered":"<div class=\"wpb-content-wrapper\"><p>[vc_row][vc_column]<div  class=\"jeg_block_heading jeg_block_heading_1 jeg_alignleft jnews_module__0_69f3baee45efb   \">\n                <h3 class=\"jeg_block_title\"><span>Y\u00fczme \u015eubesi<\/span><\/h3>\n                <style>.jnews_module__0_69f3baee45efb.jeg_block_heading_1 { border-color: #004684; }<\/style>\n            <\/div>[\/vc_column][\/vc_row][vc_row][vc_column width=&#8221;2\/3&#8243;][vc_column_text]1910&#8217;lardan 1960&#8217;lara kadar d\u00f6nem d\u00f6nem ba\u015far\u0131lar g\u00f6steren y\u00fczme \u015fubesi 1964 y\u0131l\u0131nda tarihe kar\u0131\u015fm\u0131\u015ft\u0131r. K\u0131sa s\u00fcreli faaliyetlerden sonra 1997 y\u0131l\u0131nda kal\u0131c\u0131 olarak kurulan Fenerbah\u00e7e Y\u00fczme \u015eubesi Galatasaray ve \u0130stanbul Y\u00fczme \u0130htisas Kul\u00fcb\u00fc&#8217;n\u00fcn \u00fcst\u00fcnl\u00fcklerine son vererek T\u00fcrkiye Kul\u00fcpleraras\u0131 Y\u00fczme \u015eampiyonas\u0131&#8217;nda toplamda 24, erkeklerde 22, kad\u0131nlarda ise 31 kez T\u00fcrkiye \u015fampiyonlu\u011funa ula\u015fm\u0131\u015f ve en \u00e7ok T\u00fcrkiye birincili\u011fi kazanan kul\u00fcp olmu\u015ftur. Fenerbah\u00e7e, 1998 y\u0131l\u0131ndan beri \u00fcst d\u00fczey uluslararas\u0131 yar\u0131\u015flarda mill\u00ee tak\u0131ma en \u00e7ok sporcu veren kul\u00fcp olmu\u015ftur.<\/p>\n<p>\u00d6te yandan, 2008 y\u0131l\u0131nda y\u00fczme \u015fubesi b\u00fcnyesinde kurulan senkronize y\u00fczme (su balesi) tak\u0131m\u0131 da bu sporda \u00f6nc\u00fc rol oynamaya ba\u015flam\u0131\u015f ve kazand\u0131\u011f\u0131 \u015fampiyonluklarla en ba\u015far\u0131l\u0131 kul\u00fcp konumuna y\u00fckseldi\u011fi gibi mill\u00ee tak\u0131ma en \u00e7ok sporcu vermek suretiyle tak\u0131m\u0131n belkemi\u011fini de olu\u015fturmaya ba\u015flam\u0131\u015ft\u0131r.[\/vc_column_text][vc_tta_accordion shape=&#8221;square&#8221; color=&#8221;green&#8221; c_icon=&#8221;&#8221; active_section=&#8221;0&#8243; no_fill=&#8221;true&#8221;][vc_tta_section title=&#8221;Y\u00fczme \u015eubesi Y\u00f6netim ve Teknik Kadro&#8221; tab_id=&#8221;1536693410768-60f4e9ca-c42b&#8221;][vc_column_text]<strong>BA\u015eKAN<\/strong><br \/>\nAL\u0130 KO\u00c7<\/p>\n<p><strong>\u015eUBE SORUMLUSU Y\u00d6NET\u0130C\u0130<\/strong><br \/>\nMUSTAFA KEMAL DANABA\u015e<\/p>\n<p><strong>\u015eUBE SORUMLUSU Y\u00d6NET\u0130C\u0130 YARDIMCISI<\/strong><br \/>\nMUH\u0130TT\u0130N \u0130LKER D\u0130N\u00c7AY<\/p>\n<p><strong>AMAT\u00d6R \u015eUBELER SORUMLUSU<\/strong><br \/>\nFikret \u00c7ET\u0130NKAYA<\/p>\n<p><strong>\u015eUBE SORUMLUSU<\/strong><br \/>\nU\u011fur Orel ORAL<\/p>\n<p><strong>ANTREN\u00d6RLER<\/strong><br \/>\nT\u00fcrker Oktay<br \/>\nBahar Oktay<br \/>\nSerkan Atasay<br \/>\nMurat \u00d6nder \u00d6l\u00e7mener<br \/>\nYasin At\u0131l<br \/>\n\u0130brahim Onur Aksoy<br \/>\nG\u00fcrkan Er\u00f6ks\u00fcz<br \/>\nMesut Erdo\u011fan<br \/>\nErhan Yal\u0131nk\u0131l\u0131\u00e7<br \/>\nBirol Azo\u011flu<br \/>\nGizem Alkan<br \/>\nNida Pak<br \/>\nZeynep Yeti\u015fen<br \/>\nLa\u00e7in Akcal<br \/>\nAlize Akcal<br \/>\nItri Vanl\u0131<br \/>\nBurak Promet<br \/>\nCan Onsoy<br \/>\nYusuf Opu\u015f<br \/>\nBersu Aya\u015f<br \/>\nSeyithan Arslan[\/vc_column_text][\/vc_tta_section][vc_tta_section title=&#8221;Y\u00fczme Tak\u0131m\u0131 Sporcular\u0131&#8221; tab_id=&#8221;1536693410769-367bf4d1-6300&#8243;][vc_column_text]<strong>A Tak\u0131m &#8211; B\u00fcy\u00fck Erkekler<\/strong><br \/>\nDemir Atasoy<br \/>\nOzan Kemer<br \/>\nBurak Kartal<br \/>\nYal\u0131m Ac\u0131m\u0131\u015f<br \/>\nOguzhan G\u00fcng\u00f6r<br \/>\nBo\u011fa\u00e7 Y\u00fccesan<br \/>\nMetin Ayd\u0131n<br \/>\nJerome Kerim Ba\u015f\u0131ko\u011flu<br \/>\nEmre Sak\u00e7\u0131<br \/>\nTaha Ad\u0131beke<br \/>\n\u0130lker Alt\u0131nbilek<br \/>\nG\u00f6nen Karaa<br \/>\nBerk \u00d6zkul<br \/>\nRasim O\u011fulcan G\u00f6r<br \/>\nOktaycan Emirbayer<br \/>\nTuncay Cenk Cerito\u011flu<br \/>\n\u0130lya Atasay<br \/>\nKarahan Baysal<br \/>\nArda G\u00fcne\u015f<\/p>\n<p><strong>Gen\u00e7 Erkekler<\/strong><br \/>\nCem Tener<br \/>\n\u00d6zden S\u0131rmac\u0131<br \/>\nPoyraz Tuncer<br \/>\nEfe \u00d6zbulut<br \/>\nAtilla Kavilli<br \/>\nAtalay Kavilli<br \/>\nBora Kutlu<br \/>\nEfe Bahadur<br \/>\nBurak Atakl\u0131<br \/>\nAli Ya\u011f\u0131z \u0130nce<br \/>\nDe\u011fer H\u00fcner<br \/>\nYa\u011f\u0131z Efe Yaman<br \/>\nMete \u00d6zt\u00fcrk<br \/>\nDeniz Onat Erdo\u011fan<br \/>\nBark\u0131n K\u00f6se<br \/>\nAli Boran Urak<br \/>\nDoruk Efe Kanber<br \/>\nYi\u011fit Ula\u015f G\u00fcng\u00f6r<br \/>\nYa\u011f\u0131z Taylan G\u00fcng\u00f6r<br \/>\nBurak Toro\u011flu<br \/>\nEmir \u015eim\u015fek<br \/>\nEmin Alp Ba\u015ftan<br \/>\nEge Cem \u00d6zde\u011fin<br \/>\nUmut Avc\u0131o\u011flu<br \/>\nEmre Okta<br \/>\nCengizhan Bozh\u00f6y\u00fck<br \/>\nDeniz Y\u0131ld\u0131z<br \/>\nDo\u011fukan Berk G\u00fcm\u00fc\u015f<br \/>\nKaan Orhan<br \/>\nKaan K\u0131l\u0131n\u00e7<br \/>\nAhmet Berk Ke\u00e7eli<br \/>\nMehmet Alp Ta\u015f<br \/>\nHasan Alptekin<\/p>\n<p><strong>Y\u0131ld\u0131z Erkekler<\/strong><br \/>\nBurak Ersoy<br \/>\nTaylan Esen<br \/>\nKuzey S\u0131tk\u0131 Tosun<br \/>\nFevzi Emir Koyuncu<br \/>\nDemir Demiral<br \/>\n\u00d6zg\u00fcn Deniz Akbay<br \/>\nUygar Okal<br \/>\nBerk Pak<br \/>\nAta Odaba\u015f<br \/>\nYaman Nuri Uzakgiden<br \/>\nBilgehan Yah\u015fi<br \/>\nAta C\u00fclc\u00fclo\u011flu<br \/>\nBurak Pak<br \/>\nMert Yalh\u0131<br \/>\n\u00d6mer Talha \u00d6zt\u00fcrk<br \/>\nTaha Berk Ko\u00e7an<br \/>\nAhmet Sezer<br \/>\nCan G\u00fcleyn<br \/>\nEge \u00c7akmak<br \/>\nG\u00f6rkem S\u00fcl\u00fcn<br \/>\nAltay Altan Zeyrek<br \/>\nBatuhan \u00d6zen<br \/>\nAli Ergun Yeke<br \/>\nEfe Akk\u00f6y<\/p>\n<p><strong>A Tak\u0131m &#8211; B\u00fcy\u00fck Bayanlar<\/strong><br \/>\nGizem \u00c7am<br \/>\nGizem Bozkurt<br \/>\nHalime Z\u00fclal Zeren<br \/>\nNihan \u00c7ak\u0131c\u0131<br \/>\nS\u0131la Bilgi<br \/>\nEcem Kemer<br \/>\nEcem D\u00f6nmez<br \/>\nSezin Elig\u00fcl<br \/>\nDeniz \u00d6zkan<br \/>\nAlmina Simla Ertan<br \/>\nElif \u00d6zdemir<\/p>\n<p><strong>Gen\u00e7 Bayanlar<\/strong><br \/>\n\u0130layda Karg\u0131n<br \/>\nSude \u00d6rer<br \/>\nG\u00fcl\u015fen Beste Samanc\u0131<br \/>\nMeltem \u00c7aml\u0131<br \/>\nAyris Akbay<br \/>\nYa\u011fmur Tomruk<br \/>\nGizem G\u00fcven\u00e7<br \/>\nIt\u0131r Elif Bayrak\u00e7eken<br \/>\nMelisa \u015eahinkaya<br \/>\nAleyna \u00d6zkan<br \/>\nEce Beyter<br \/>\nYasmin Alt\u0131nel<br \/>\nIlg\u0131n \u0130lter<br \/>\nElif Esin Akbaba<br \/>\nZehra Duru Bilgin<br \/>\n\u0130layda Hasipo\u011flu<br \/>\nSelen \u00d6zbilen<br \/>\nZeynep Kurbanzade<\/p>\n<p><strong>Y\u0131ld\u0131z Bayanlar<\/strong><br \/>\nHazal \u00d6zkan<br \/>\nOlcaytu Hatipo\u011flu<br \/>\nNil Deniz \u00dcder<br \/>\nEcesu  Erdim<br \/>\nBengisu Caymaz<br \/>\nLara G\u00f6kta\u015f<br \/>\nEce Cingi<br \/>\nAymira Sezgin<br \/>\nEdasu Binal<br \/>\n\u0130pek G\u00fcne\u015f<br \/>\nSude Tulunay<br \/>\nMelis Kangazi<br \/>\nAsude Dila O\u011fuz<br \/>\nDefne Hakan<br \/>\n\u015eila Akt\u00fcrk<br \/>\nCeren Hayta<br \/>\nZeynep Z\u00fcmb\u00fcldere<br \/>\nSelen A\u015fikiraz<br \/>\n\u0130nci Elif Erdin<\/p>\n<p>Senkronize Y\u00fczme Tak\u0131m\u0131<br \/>\nEbru Mina Turhan<br \/>\nBade Aktepe<br \/>\nHande Y\u0131ld\u0131z<br \/>\nNehir Y\u0131lmaz<br \/>\nZeynep Buse G\u00fcng\u00f6r<br \/>\nYa\u011fmur Ekta\u015f<br \/>\nEda Tuncay<br \/>\nLal Aleyna Akg\u00fcn[\/vc_column_text][\/vc_tta_section][\/vc_tta_accordion][\/vc_column][vc_column width=&#8221;1\/3&#8243;][vc_single_image image=&#8221;921&#8243; img_size=&#8221;large&#8221; alignment=&#8221;center&#8221; style=&#8221;vc_box_border_circle_2&#8243;][\/vc_column][\/vc_row][vc_row][vc_column]<div  class=\"jeg_postblock_19 jeg_postblock jeg_module_hook jeg_pagination_loadmore jeg_col_3o3 jnews_module__1_69f3baee4677c   \" data-unique=\"jnews_module__1_69f3baee4677c\">\n\t\t\t\t\t<div class=\"jeg_block_heading jeg_block_heading_1 jeg_subcat_right\">\n                     <h3 class=\"jeg_block_title\"><a href='https:\/\/fener.org\/xwebsites\/wp\/fener\/index.php\/category\/haberler\/yuzme'><span>Y\u00fczme Haberleri<\/span><\/a><\/h3>\n                     \n                 <\/div>\n\t\t\t\t\t<div class=\"jeg_block_container\">\n                \n                <div class=\"jeg_posts jeg_load_more_flag\">\n                    <article class=\"jeg_post jeg_pl_md_box format-standard\">\n                    <div class=\"box_wrap\">\n                    <div class=\"jeg_thumb\">\n                        \n                        <a href=\"https:\/\/www.fener.org\/index.php\/2025\/12\/08\/emre-sakcidan-bir-gumus-madalya-daha\/\" aria-label=\"Read article: Emre Sak\u00e7\u0131&#8217;dan bir g\u00fcm\u00fc\u015f madalya daha\"><div class=\"thumbnail-container animate-lazy  size-715 \"><img loading=\"lazy\" decoding=\"async\" width=\"350\" height=\"250\" src=\"https:\/\/www.fener.org\/xwebsites\/wp\/fener\/wp-content\/themes\/jnews\/assets\/img\/jeg-empty.png\" class=\"attachment-jnews-350x250 size-jnews-350x250 lazyload wp-post-image\" alt=\"Fenerbah\u00e7eli milli y\u00fcz\u00fcc\u00fcm\u00fcz Emre \u015eak\u00e7\u0131\" sizes=\"auto, (max-width: 350px) 100vw, 350px\" data-src=\"https:\/\/www.fener.org\/xwebsites\/wp\/fener\/wp-content\/uploads\/2025\/12\/haber_yuzme_EmreSakci_20251208-350x250.jpg\" data-srcset=\"https:\/\/www.fener.org\/xwebsites\/wp\/fener\/wp-content\/uploads\/2025\/12\/haber_yuzme_EmreSakci_20251208-350x250.jpg 350w, https:\/\/www.fener.org\/xwebsites\/wp\/fener\/wp-content\/uploads\/2025\/12\/haber_yuzme_EmreSakci_20251208-120x86.jpg 120w, https:\/\/www.fener.org\/xwebsites\/wp\/fener\/wp-content\/uploads\/2025\/12\/haber_yuzme_EmreSakci_20251208-750x536.jpg 750w\" data-sizes=\"auto\" data-expand=\"700\" \/><\/div><\/a>\n                    <\/div>\n                    <div class=\"jeg_postblock_content\">\n                        <h3 class=\"jeg_post_title\">\n                            <a href=\"https:\/\/www.fener.org\/index.php\/2025\/12\/08\/emre-sakcidan-bir-gumus-madalya-daha\/\">Emre Sak\u00e7\u0131&#8217;dan bir g\u00fcm\u00fc\u015f madalya daha<\/a>\n                        <\/h3>\n                        \n                    <\/div> \n                    <\/div>\n                <\/article><article class=\"jeg_post jeg_pl_md_box format-standard\">\n                    <div class=\"box_wrap\">\n                    <div class=\"jeg_thumb\">\n                        \n                        <a href=\"https:\/\/www.fener.org\/index.php\/2025\/12\/03\/milli-yuzucumuz-emre-sakci-avrupa-ikincisi-oldu-2\/\" aria-label=\"Read article: Milli y\u00fcz\u00fcc\u00fcm\u00fcz Emre Sak\u00e7\u0131 Avrupa ikincisi oldu\"><div class=\"thumbnail-container animate-lazy  size-715 \"><img loading=\"lazy\" decoding=\"async\" width=\"350\" height=\"250\" src=\"https:\/\/www.fener.org\/xwebsites\/wp\/fener\/wp-content\/themes\/jnews\/assets\/img\/jeg-empty.png\" class=\"attachment-jnews-350x250 size-jnews-350x250 lazyload wp-post-image\" alt=\"Fenerbah\u00e7eli milli y\u00fcz\u00fcc\u00fcm\u00fcz Emre \u015eak\u00e7\u0131\" sizes=\"auto, (max-width: 350px) 100vw, 350px\" data-src=\"https:\/\/www.fener.org\/xwebsites\/wp\/fener\/wp-content\/uploads\/2025\/12\/haber_yuzme_EmreSakci_20251206-350x250.jpg\" data-srcset=\"https:\/\/www.fener.org\/xwebsites\/wp\/fener\/wp-content\/uploads\/2025\/12\/haber_yuzme_EmreSakci_20251206-350x250.jpg 350w, https:\/\/www.fener.org\/xwebsites\/wp\/fener\/wp-content\/uploads\/2025\/12\/haber_yuzme_EmreSakci_20251206-120x86.jpg 120w, https:\/\/www.fener.org\/xwebsites\/wp\/fener\/wp-content\/uploads\/2025\/12\/haber_yuzme_EmreSakci_20251206-750x536.jpg 750w\" data-sizes=\"auto\" data-expand=\"700\" \/><\/div><\/a>\n                    <\/div>\n                    <div class=\"jeg_postblock_content\">\n                        <h3 class=\"jeg_post_title\">\n                            <a href=\"https:\/\/www.fener.org\/index.php\/2025\/12\/03\/milli-yuzucumuz-emre-sakci-avrupa-ikincisi-oldu-2\/\">Milli y\u00fcz\u00fcc\u00fcm\u00fcz Emre Sak\u00e7\u0131 Avrupa ikincisi oldu<\/a>\n                        <\/h3>\n                        \n                    <\/div> \n                    <\/div>\n                <\/article><article class=\"jeg_post jeg_pl_md_box format-standard\">\n                    <div class=\"box_wrap\">\n                    <div class=\"jeg_thumb\">\n                        \n                        <a href=\"https:\/\/www.fener.org\/index.php\/2025\/08\/25\/yuzucumuz-kuzey-tuncelli-bir-kez-daha-dunya-sampiyonu\/\" aria-label=\"Read article: Y\u00fcz\u00fcc\u00fcm\u00fcz Kuzey Tun\u00e7elli bir kez daha D\u00fcnya \u015eampiyonu\"><div class=\"thumbnail-container animate-lazy  size-715 \"><img loading=\"lazy\" decoding=\"async\" width=\"350\" height=\"250\" src=\"https:\/\/www.fener.org\/xwebsites\/wp\/fener\/wp-content\/themes\/jnews\/assets\/img\/jeg-empty.png\" class=\"attachment-jnews-350x250 size-jnews-350x250 lazyload wp-post-image\" alt=\"Fenerbah\u00e7eli milli y\u00fcz\u00fcc\u00fc Kuzey Tun\u00e7elli\" sizes=\"auto, (max-width: 350px) 100vw, 350px\" data-src=\"https:\/\/www.fener.org\/xwebsites\/wp\/fener\/wp-content\/uploads\/2025\/08\/haber_yuzme_KuzeyTuncelli_20250825-350x250.jpg\" data-srcset=\"https:\/\/www.fener.org\/xwebsites\/wp\/fener\/wp-content\/uploads\/2025\/08\/haber_yuzme_KuzeyTuncelli_20250825-350x250.jpg 350w, https:\/\/www.fener.org\/xwebsites\/wp\/fener\/wp-content\/uploads\/2025\/08\/haber_yuzme_KuzeyTuncelli_20250825-120x86.jpg 120w, https:\/\/www.fener.org\/xwebsites\/wp\/fener\/wp-content\/uploads\/2025\/08\/haber_yuzme_KuzeyTuncelli_20250825-750x536.jpg 750w\" data-sizes=\"auto\" data-expand=\"700\" \/><\/div><\/a>\n                    <\/div>\n                    <div class=\"jeg_postblock_content\">\n                        <h3 class=\"jeg_post_title\">\n                            <a href=\"https:\/\/www.fener.org\/index.php\/2025\/08\/25\/yuzucumuz-kuzey-tuncelli-bir-kez-daha-dunya-sampiyonu\/\">Y\u00fcz\u00fcc\u00fcm\u00fcz Kuzey Tun\u00e7elli bir kez daha D\u00fcnya \u015eampiyonu<\/a>\n                        <\/h3>\n                        \n                    <\/div> \n                    <\/div>\n                <\/article><article class=\"jeg_post jeg_pl_sm format-standard\">\n                <div class=\"jeg_thumb\">\n                        \n                        <a href=\"https:\/\/www.fener.org\/index.php\/2025\/08\/22\/yuzucumuz-kuzey-tuncelli-dunya-gencler-sampiyonu\/\" aria-label=\"Read article: Y\u00fcz\u00fcc\u00fcm\u00fcz Kuzey Tun\u00e7elli D\u00fcnya Gen\u00e7ler \u015eampiyonu\"><div class=\"thumbnail-container animate-lazy  size-715 \"><img loading=\"lazy\" decoding=\"async\" width=\"120\" height=\"86\" src=\"https:\/\/www.fener.org\/xwebsites\/wp\/fener\/wp-content\/themes\/jnews\/assets\/img\/jeg-empty.png\" class=\"attachment-jnews-120x86 size-jnews-120x86 lazyload wp-post-image\" alt=\"Fenerbah\u00e7eli milli y\u00fcz\u00fcc\u00fc Kuzey Tun\u00e7elli\" sizes=\"auto, (max-width: 120px) 100vw, 120px\" data-src=\"https:\/\/www.fener.org\/xwebsites\/wp\/fener\/wp-content\/uploads\/2025\/07\/haber_yuzme_KuzeyTuncelli_20250706-120x86.jpg\" data-srcset=\"https:\/\/www.fener.org\/xwebsites\/wp\/fener\/wp-content\/uploads\/2025\/07\/haber_yuzme_KuzeyTuncelli_20250706-120x86.jpg 120w, https:\/\/www.fener.org\/xwebsites\/wp\/fener\/wp-content\/uploads\/2025\/07\/haber_yuzme_KuzeyTuncelli_20250706-350x250.jpg 350w, https:\/\/www.fener.org\/xwebsites\/wp\/fener\/wp-content\/uploads\/2025\/07\/haber_yuzme_KuzeyTuncelli_20250706-750x536.jpg 750w\" data-sizes=\"auto\" data-expand=\"700\" \/><\/div><\/a>\n                    <\/div>\n                    <div class=\"jeg_postblock_content\">\n                        <h3 class=\"jeg_post_title\">\n                            <a href=\"https:\/\/www.fener.org\/index.php\/2025\/08\/22\/yuzucumuz-kuzey-tuncelli-dunya-gencler-sampiyonu\/\">Y\u00fcz\u00fcc\u00fcm\u00fcz Kuzey Tun\u00e7elli D\u00fcnya Gen\u00e7ler \u015eampiyonu<\/a>\n                        <\/h3>\n                        \n                    <\/div>\n                <\/article><article class=\"jeg_post jeg_pl_sm format-standard\">\n                <div class=\"jeg_thumb\">\n                        \n                        <a href=\"https:\/\/www.fener.org\/index.php\/2025\/08\/10\/fenerbahce-yuzme-subemiz-turkiye-sampiyonasinda-5-kupa-kazandi\/\" aria-label=\"Read article: Fenerbah\u00e7e Y\u00fczme \u015eubemiz, T\u00fcrkiye \u015eampiyonas\u0131\u2019nda 5 kupa kazand\u0131\"><div class=\"thumbnail-container animate-lazy  size-715 \"><img loading=\"lazy\" decoding=\"async\" width=\"120\" height=\"86\" src=\"https:\/\/www.fener.org\/xwebsites\/wp\/fener\/wp-content\/themes\/jnews\/assets\/img\/jeg-empty.png\" class=\"attachment-jnews-120x86 size-jnews-120x86 lazyload wp-post-image\" alt=\"Fenerbah\u00e7e Y\u00fczme \u015eubemiz, T\u00fcrkiye \u015eampiyonas\u0131\u2019nda 5 kupa kazand\u0131\" sizes=\"auto, (max-width: 120px) 100vw, 120px\" data-src=\"https:\/\/www.fener.org\/xwebsites\/wp\/fener\/wp-content\/uploads\/2025\/08\/haber_yuzme_YuzmeSubemizden5Kupa_20250809-120x86.jpg\" data-srcset=\"https:\/\/www.fener.org\/xwebsites\/wp\/fener\/wp-content\/uploads\/2025\/08\/haber_yuzme_YuzmeSubemizden5Kupa_20250809-120x86.jpg 120w, https:\/\/www.fener.org\/xwebsites\/wp\/fener\/wp-content\/uploads\/2025\/08\/haber_yuzme_YuzmeSubemizden5Kupa_20250809-350x250.jpg 350w, https:\/\/www.fener.org\/xwebsites\/wp\/fener\/wp-content\/uploads\/2025\/08\/haber_yuzme_YuzmeSubemizden5Kupa_20250809-750x536.jpg 750w\" data-sizes=\"auto\" data-expand=\"700\" \/><\/div><\/a>\n                    <\/div>\n                    <div class=\"jeg_postblock_content\">\n                        <h3 class=\"jeg_post_title\">\n                            <a href=\"https:\/\/www.fener.org\/index.php\/2025\/08\/10\/fenerbahce-yuzme-subemiz-turkiye-sampiyonasinda-5-kupa-kazandi\/\">Fenerbah\u00e7e Y\u00fczme \u015eubemiz, T\u00fcrkiye \u015eampiyonas\u0131\u2019nda 5 kupa kazand\u0131<\/a>\n                        <\/h3>\n                        \n                    <\/div>\n                <\/article><article class=\"jeg_post jeg_pl_sm format-standard\">\n                <div class=\"jeg_thumb\">\n                        \n                        <a href=\"https:\/\/www.fener.org\/index.php\/2025\/07\/26\/yuzuculerimiz-eyof-sampiyonu-oldu\/\" aria-label=\"Read article: Y\u00fcz\u00fcc\u00fclerimiz EYOF \u015fampiyonu oldu\"><div class=\"thumbnail-container animate-lazy  size-715 \"><img loading=\"lazy\" decoding=\"async\" width=\"120\" height=\"86\" src=\"https:\/\/www.fener.org\/xwebsites\/wp\/fener\/wp-content\/themes\/jnews\/assets\/img\/jeg-empty.png\" class=\"attachment-jnews-120x86 size-jnews-120x86 lazyload wp-post-image\" alt=\"Y\u00fcz\u00fcc\u00fclerimiz EYOF \u015fampiyonu oldu\" sizes=\"auto, (max-width: 120px) 100vw, 120px\" data-src=\"https:\/\/www.fener.org\/xwebsites\/wp\/fener\/wp-content\/uploads\/2025\/07\/haber_yuzme_YuzuculerimizEYOFSampiyonu_20250726-120x86.jpg\" data-srcset=\"https:\/\/www.fener.org\/xwebsites\/wp\/fener\/wp-content\/uploads\/2025\/07\/haber_yuzme_YuzuculerimizEYOFSampiyonu_20250726-120x86.jpg 120w, https:\/\/www.fener.org\/xwebsites\/wp\/fener\/wp-content\/uploads\/2025\/07\/haber_yuzme_YuzuculerimizEYOFSampiyonu_20250726-350x250.jpg 350w, https:\/\/www.fener.org\/xwebsites\/wp\/fener\/wp-content\/uploads\/2025\/07\/haber_yuzme_YuzuculerimizEYOFSampiyonu_20250726-750x536.jpg 750w\" data-sizes=\"auto\" data-expand=\"700\" \/><\/div><\/a>\n                    <\/div>\n                    <div class=\"jeg_postblock_content\">\n                        <h3 class=\"jeg_post_title\">\n                            <a href=\"https:\/\/www.fener.org\/index.php\/2025\/07\/26\/yuzuculerimiz-eyof-sampiyonu-oldu\/\">Y\u00fcz\u00fcc\u00fclerimiz EYOF \u015fampiyonu oldu<\/a>\n                        <\/h3>\n                        \n                    <\/div>\n                <\/article><article class=\"jeg_post jeg_pl_sm format-standard\">\n                <div class=\"jeg_thumb\">\n                        \n                        <a href=\"https:\/\/www.fener.org\/index.php\/2025\/07\/06\/kuzey-tuncelliden-800-metrede-altin-madalya\/\" aria-label=\"Read article: Kuzey Tun\u00e7elli&#8217;den 800 metrede alt\u0131n madalya\"><div class=\"thumbnail-container animate-lazy  size-715 \"><img loading=\"lazy\" decoding=\"async\" width=\"120\" height=\"86\" src=\"https:\/\/www.fener.org\/xwebsites\/wp\/fener\/wp-content\/themes\/jnews\/assets\/img\/jeg-empty.png\" class=\"attachment-jnews-120x86 size-jnews-120x86 lazyload wp-post-image\" alt=\"Fenerbah\u00e7eli milli y\u00fcz\u00fcc\u00fc Kuzey Tun\u00e7elli\" sizes=\"auto, (max-width: 120px) 100vw, 120px\" data-src=\"https:\/\/www.fener.org\/xwebsites\/wp\/fener\/wp-content\/uploads\/2025\/07\/haber_yuzme_KuzeyTuncelli_20250706-120x86.jpg\" data-srcset=\"https:\/\/www.fener.org\/xwebsites\/wp\/fener\/wp-content\/uploads\/2025\/07\/haber_yuzme_KuzeyTuncelli_20250706-120x86.jpg 120w, https:\/\/www.fener.org\/xwebsites\/wp\/fener\/wp-content\/uploads\/2025\/07\/haber_yuzme_KuzeyTuncelli_20250706-350x250.jpg 350w, https:\/\/www.fener.org\/xwebsites\/wp\/fener\/wp-content\/uploads\/2025\/07\/haber_yuzme_KuzeyTuncelli_20250706-750x536.jpg 750w\" data-sizes=\"auto\" data-expand=\"700\" \/><\/div><\/a>\n                    <\/div>\n                    <div class=\"jeg_postblock_content\">\n                        <h3 class=\"jeg_post_title\">\n                            <a href=\"https:\/\/www.fener.org\/index.php\/2025\/07\/06\/kuzey-tuncelliden-800-metrede-altin-madalya\/\">Kuzey Tun\u00e7elli&#8217;den 800 metrede alt\u0131n madalya<\/a>\n                        <\/h3>\n                        \n                    <\/div>\n                <\/article><article class=\"jeg_post jeg_pl_sm format-standard\">\n                <div class=\"jeg_thumb\">\n                        \n                        <a href=\"https:\/\/www.fener.org\/index.php\/2025\/07\/03\/kuzey-tuncelli-bir-kez-daha-avrupa-sampiyonu\/\" aria-label=\"Read article: Kuzey Tun\u00e7elli, bir kez daha Avrupa \u015eampiyonu\"><div class=\"thumbnail-container animate-lazy  size-715 \"><img loading=\"lazy\" decoding=\"async\" width=\"120\" height=\"86\" src=\"https:\/\/www.fener.org\/xwebsites\/wp\/fener\/wp-content\/themes\/jnews\/assets\/img\/jeg-empty.png\" class=\"attachment-jnews-120x86 size-jnews-120x86 lazyload wp-post-image\" alt=\"Fenerbah\u00e7eli milli y\u00fcz\u00fcc\u00fc Kuzey Tun\u00e7elli\" sizes=\"auto, (max-width: 120px) 100vw, 120px\" data-src=\"https:\/\/www.fener.org\/xwebsites\/wp\/fener\/wp-content\/uploads\/2025\/07\/haber_yuzme_KuzeyTucelli_20250705-e1751746306519-120x86.jpg\" data-srcset=\"https:\/\/www.fener.org\/xwebsites\/wp\/fener\/wp-content\/uploads\/2025\/07\/haber_yuzme_KuzeyTucelli_20250705-e1751746306519-120x86.jpg 120w, https:\/\/www.fener.org\/xwebsites\/wp\/fener\/wp-content\/uploads\/2025\/07\/haber_yuzme_KuzeyTucelli_20250705-e1751746306519-350x250.jpg 350w\" data-sizes=\"auto\" data-expand=\"700\" \/><\/div><\/a>\n                    <\/div>\n                    <div class=\"jeg_postblock_content\">\n                        <h3 class=\"jeg_post_title\">\n                            <a href=\"https:\/\/www.fener.org\/index.php\/2025\/07\/03\/kuzey-tuncelli-bir-kez-daha-avrupa-sampiyonu\/\">Kuzey Tun\u00e7elli, bir kez daha Avrupa \u015eampiyonu<\/a>\n                        <\/h3>\n                        \n                    <\/div>\n                <\/article><article class=\"jeg_post jeg_pl_sm format-standard\">\n                <div class=\"jeg_thumb\">\n                        \n                        <a href=\"https:\/\/www.fener.org\/index.php\/2025\/06\/28\/milli-yuzucumuz-ece-ungor-bir-ilki-daha-basardi\/\" aria-label=\"Read article: Milli y\u00fcz\u00fcc\u00fcm\u00fcz Ece \u00dcng\u00f6r, bir ilki daha ba\u015fard\u0131\"><div class=\"thumbnail-container animate-lazy  size-715 \"><img loading=\"lazy\" decoding=\"async\" width=\"120\" height=\"86\" src=\"https:\/\/www.fener.org\/xwebsites\/wp\/fener\/wp-content\/themes\/jnews\/assets\/img\/jeg-empty.png\" class=\"attachment-jnews-120x86 size-jnews-120x86 lazyload wp-post-image\" alt=\"Milli y\u00fcz\u00fcc\u00fcm\u00fcz Ece \u00dcng\u00f6r, bir ilki daha ba\u015fard\u0131\" sizes=\"auto, (max-width: 120px) 100vw, 120px\" data-src=\"https:\/\/www.fener.org\/xwebsites\/wp\/fener\/wp-content\/uploads\/2025\/06\/haber_yuzme_EceUngor_20250628-120x86.jpg\" data-srcset=\"https:\/\/www.fener.org\/xwebsites\/wp\/fener\/wp-content\/uploads\/2025\/06\/haber_yuzme_EceUngor_20250628-120x86.jpg 120w, https:\/\/www.fener.org\/xwebsites\/wp\/fener\/wp-content\/uploads\/2025\/06\/haber_yuzme_EceUngor_20250628-350x250.jpg 350w\" data-sizes=\"auto\" data-expand=\"700\" \/><\/div><\/a>\n                    <\/div>\n                    <div class=\"jeg_postblock_content\">\n                        <h3 class=\"jeg_post_title\">\n                            <a href=\"https:\/\/www.fener.org\/index.php\/2025\/06\/28\/milli-yuzucumuz-ece-ungor-bir-ilki-daha-basardi\/\">Milli y\u00fcz\u00fcc\u00fcm\u00fcz Ece \u00dcng\u00f6r, bir ilki daha ba\u015fard\u0131<\/a>\n                        <\/h3>\n                        \n                    <\/div>\n                <\/article>\n                <\/div>\n                <div class='module-overlay'>\n\t\t\t\t    <div class='preloader_type preloader_dot'>\n\t\t\t\t        <div class=\"module-preloader jeg_preloader dot\">\n\t\t\t\t            <span><\/span><span><\/span><span><\/span>\n\t\t\t\t        <\/div>\n\t\t\t\t        <div class=\"module-preloader jeg_preloader circle\">\n\t\t\t\t            <div class=\"jnews_preloader_circle_outer\">\n\t\t\t\t                <div class=\"jnews_preloader_circle_inner\"><\/div>\n\t\t\t\t            <\/div>\n\t\t\t\t        <\/div>\n\t\t\t\t        <div class=\"module-preloader jeg_preloader square\">\n\t\t\t\t            <div class=\"jeg_square\">\n\t\t\t\t                <div class=\"jeg_square_inner\"><\/div>\n\t\t\t\t            <\/div>\n\t\t\t\t        <\/div>\n\t\t\t\t    <\/div>\n\t\t\t\t<\/div>\n            <\/div>\n            <div class=\"jeg_block_navigation\">\n                <div class='navigation_overlay'><div class='module-preloader jeg_preloader'><span><\/span><span><\/span><span><\/span><\/div><\/div>\n                <div class=\"jeg_block_loadmore \">\n                    <a href=\"#\" class='' data-load='Daha Fazla G\u00f6ster' data-loading='Y\u00fckleniyor...'> Daha Fazla G\u00f6ster<\/a>\n                <\/div>\n                \n            <\/div>\n\t\t\t\t\t<style scoped>.jnews_module__1_69f3baee4677c .jeg_block_heading_1 .jeg_block_title span { background: #004684; }.jnews_module__1_69f3baee4677c .jeg_block_heading_1 { border-color: #004684; }<\/style>\n\t\t\t\t\t<script>var jnews_module__1_69f3baee4677c = {\"header_icon\":\"\",\"first_title\":\"Y\\u00fczme Haberleri\",\"second_title\":\"\",\"url\":\"https:\\\/\\\/fener.org\\\/xwebsites\\\/wp\\\/fener\\\/index.php\\\/category\\\/haberler\\\/yuzme\",\"header_type\":\"heading_1\",\"header_background\":\"#004684\",\"header_secondary_background\":\"\",\"header_text_color\":\"\",\"header_line_color\":\"#004684\",\"header_accent_color\":\"\",\"header_filter_category\":\"\",\"header_filter_author\":\"\",\"header_filter_tag\":\"\",\"header_filter_text\":\"All\",\"sticky_post\":false,\"post_type\":\"post\",\"content_type\":\"all\",\"sponsor\":false,\"number_post\":\"9\",\"post_offset\":\"0\",\"unique_content\":\"disable\",\"include_post\":\"\",\"included_only\":false,\"exclude_post\":\"\",\"include_category\":\"14\",\"exclude_category\":\"\",\"include_author\":\"\",\"include_tag\":\"\",\"exclude_tag\":\"\",\"exclude_visited_post\":false,\"sort_by\":\"latest\",\"date_format\":\"default\",\"date_format_custom\":\"Y\\\/m\\\/d\",\"force_normal_image_load\":\"\",\"main_custom_image_size\":\"default\",\"second_custom_image_size\":\"default\",\"pagination_mode\":\"loadmore\",\"pagination_nextprev_showtext\":\"\",\"pagination_number_post\":\"6\",\"pagination_scroll_limit\":0,\"boxed\":\"\",\"boxed_shadow\":\"\",\"el_id\":\"\",\"el_class\":\"\",\"scheme\":\"\",\"column_width\":\"auto\",\"title_color\":\"\",\"accent_color\":\"\",\"alt_color\":\"\",\"excerpt_color\":\"\",\"css\":\"\",\"compatible_column_notice\":\"\",\"paged\":1,\"column_class\":\"jeg_col_3o3\",\"class\":\"jnews_block_19\"};<\/script>\n\t\t\t\t<\/div>[\/vc_column][\/vc_row]<\/p>\n<\/div>","protected":false},"excerpt":{"rendered":"<p>[vc_row][vc_column][\/vc_column][\/vc_row][vc_row][vc_column width=&#8221;2\/3&#8243;][vc_column_text]1910&#8217;lardan 1960&#8217;lara kadar d\u00f6nem d\u00f6nem ba\u015far\u0131lar g\u00f6steren y\u00fczme \u015fubesi 1964 y\u0131l\u0131nda tarihe kar\u0131\u015fm\u0131\u015ft\u0131r. K\u0131sa s\u00fcreli faaliyetlerden sonra 1997 y\u0131l\u0131nda kal\u0131c\u0131 olarak kurulan Fenerbah\u00e7e Y\u00fczme \u015eubesi Galatasaray ve \u0130stanbul Y\u00fczme \u0130htisas Kul\u00fcb\u00fc&#8217;n\u00fcn \u00fcst\u00fcnl\u00fcklerine son vererek T\u00fcrkiye Kul\u00fcpleraras\u0131 Y\u00fczme \u015eampiyonas\u0131&#8217;nda toplamda 24, erkeklerde 22, kad\u0131nlarda ise 31 kez T\u00fcrkiye \u015fampiyonlu\u011funa ula\u015fm\u0131\u015f ve en \u00e7ok T\u00fcrkiye birincili\u011fi [&hellip;]<\/p>\n","protected":false},"author":1,"featured_media":921,"parent":112,"menu_order":0,"comment_status":"closed","ping_status":"closed","template":"template-builder.php","meta":{"jnews_page_loop":{"enable_page_loop":"0","first_title":"Latest Post","second_title":"","header_type":"heading_6","header_background":"","header_text_color":"","layout":"right-sidebar","sidebar":"default-sidebar","second_sidebar":"default-sidebar","sticky_sidebar":"1","module":"3","excerpt_length":"20","content_date":"default","date_custom":"Y\/m\/d","content_pagination":"nav_1","pagination_align":"center","show_navtext":"0","show_pageinfo":"0","post_offset":"0","posts_per_page":"5","include_post":"","exclude_post":"","include_category":"","exclude_category":"","include_author":"","include_tag":"","exclude_tag":"","sort_by":"latest"},"jnews_single_page":{"layout":"no-sidebar","sidebar":"default-sidebar","second_sidebar":"default-sidebar","sticky_sidebar":"1","show_post_featured":"1","show_post_meta":"0","share_position":"top","share_color":"share-monocrhome"},"jnews_social_meta":[],"footnotes":""},"class_list":["post-142","page","type-page","status-publish","has-post-thumbnail","hentry"],"_links":{"self":[{"href":"https:\/\/www.fener.org\/index.php\/wp-json\/wp\/v2\/pages\/142","targetHints":{"allow":["GET"]}}],"collection":[{"href":"https:\/\/www.fener.org\/index.php\/wp-json\/wp\/v2\/pages"}],"about":[{"href":"https:\/\/www.fener.org\/index.php\/wp-json\/wp\/v2\/types\/page"}],"author":[{"embeddable":true,"href":"https:\/\/www.fener.org\/index.php\/wp-json\/wp\/v2\/users\/1"}],"replies":[{"embeddable":true,"href":"https:\/\/www.fener.org\/index.php\/wp-json\/wp\/v2\/comments?post=142"}],"version-history":[{"count":11,"href":"https:\/\/www.fener.org\/index.php\/wp-json\/wp\/v2\/pages\/142\/revisions"}],"predecessor-version":[{"id":1346,"href":"https:\/\/www.fener.org\/index.php\/wp-json\/wp\/v2\/pages\/142\/revisions\/1346"}],"up":[{"embeddable":true,"href":"https:\/\/www.fener.org\/index.php\/wp-json\/wp\/v2\/pages\/112"}],"wp:featuredmedia":[{"embeddable":true,"href":"https:\/\/www.fener.org\/index.php\/wp-json\/wp\/v2\/media\/921"}],"wp:attachment":[{"href":"https:\/\/www.fener.org\/index.php\/wp-json\/wp\/v2\/media?parent=142"}],"curies":[{"name":"wp","href":"https:\/\/api.w.org\/{rel}","templated":true}]}}