{"id":139,"date":"2018-08-12T12:17:28","date_gmt":"2018-08-12T09:17:28","guid":{"rendered":"https:\/\/fener.org\/xwebsites\/wp\/fener\/?page_id=139"},"modified":"2018-09-19T12:03:44","modified_gmt":"2018-09-19T09:03:44","slug":"futbol-altyapi","status":"publish","type":"page","link":"https:\/\/www.fener.org\/index.php\/subeler\/futbol\/futbol-altyapi\/","title":{"rendered":"Futbol Altyap\u0131"},"content":{"rendered":"<div class=\"wpb-content-wrapper\"><p>[vc_row][vc_column]<div  class=\"jeg_block_heading jeg_block_heading_1 jeg_alignleft jnews_module__0_69f5bd482c8fa   \">\n                <h3 class=\"jeg_block_title\"><span>Futbol Altyap\u0131<\/span><\/h3>\n                <style>.jnews_module__0_69f5bd482c8fa.jeg_block_heading_1 { border-color: #004684; }<\/style>\n            <\/div>[\/vc_column][\/vc_row][vc_row][vc_column width=&#8221;2\/3&#8243;][vc_tta_accordion shape=&#8221;square&#8221; color=&#8221;green&#8221; c_icon=&#8221;&#8221; active_section=&#8221;0&#8243; no_fill=&#8221;true&#8221;][vc_tta_section title=&#8221;Gen\u00e7lik Geli\u015ftirme Program\u0131 \u0130dari ve Teknik Kadrosu&#8221; tab_id=&#8221;1536484175828-b5f3f07b-dce1&#8243;][vc_column_text]<\/p>\n<table border=\"0\" width=\"729\" cellspacing=\"0\" cellpadding=\"0\">\n<tbody>\n<tr>\n<td>\n<table border=\"0\" cellspacing=\"0\" cellpadding=\"3\">\n<tbody>\n<tr>\n<td><img decoding=\"async\" src=\"https:\/\/cdn.fenerbahce.org\/pic_lib\/serdaralkinn.jpg\" \/><\/td>\n<td>\n<table border=\"0\" cellspacing=\"0\" cellpadding=\"3\">\n<tbody>\n<tr>\n<td>Serdar Alk\u0131n<\/td>\n<\/tr>\n<tr>\n<td>Do\u011fum Tarihi: 08-05-1976<\/td>\n<\/tr>\n<tr>\n<td>Do\u011fum Yeri: \u0130stanbul<\/td>\n<\/tr>\n<tr>\n<td>Fenerbah\u00e7e&#8217;ye Geli\u015f Tarihi: 2002<\/td>\n<\/tr>\n<tr>\n<td>Futbol Altyap\u0131 Gen\u00e7lik Geli\u015ftirme \u0130dari Sorumlusu<\/td>\n<\/tr>\n<tr>\n<td><\/td>\n<\/tr>\n<tr>\n<td><\/td>\n<\/tr>\n<\/tbody>\n<\/table>\n<\/td>\n<\/tr>\n<\/tbody>\n<\/table>\n<p>&nbsp;<\/p>\n<table border=\"0\" cellspacing=\"0\" cellpadding=\"3\">\n<tbody>\n<tr>\n<td><img decoding=\"async\" src=\"https:\/\/cdn.fenerbahce.org\/pic_lib\/senolcorluu.jpg\" \/><\/td>\n<td>\n<table border=\"0\" cellspacing=\"0\" cellpadding=\"3\">\n<tbody>\n<tr>\n<td>\u015eenol \u00c7orlu<\/td>\n<\/tr>\n<tr>\n<td>Do\u011fum Tarihi: 03-12-1961<\/td>\n<\/tr>\n<tr>\n<td>Do\u011fum Yeri: Ankara<\/td>\n<\/tr>\n<tr>\n<td>Fenerbah\u00e7e&#8217;ye Geli\u015f Tarihi: 2006<\/td>\n<\/tr>\n<tr>\n<td>U-21 Tak\u0131m\u0131 Teknik Sorumlusu<\/td>\n<\/tr>\n<tr>\n<td>Daha \u00d6nce \u00c7al\u0131\u015ft\u0131rd\u0131\u011f\u0131 Tak\u0131mlar: Karag\u00fcmr\u00fck, Dardanel, Malatyaspor<\/td>\n<\/tr>\n<tr>\n<td><\/td>\n<\/tr>\n<\/tbody>\n<\/table>\n<\/td>\n<\/tr>\n<\/tbody>\n<\/table>\n<p>&nbsp;<\/p>\n<table border=\"0\" cellspacing=\"0\" cellpadding=\"3\">\n<tbody>\n<tr>\n<td><img decoding=\"async\" src=\"https:\/\/cdn.fenerbahce.org\/pic_lib\/gokhanbozkayaa.JPG\" \/><\/td>\n<td>\n<table border=\"0\" cellspacing=\"0\" cellpadding=\"3\">\n<tbody>\n<tr>\n<td>G\u00f6khan Bozkaya<\/td>\n<\/tr>\n<tr>\n<td>Do\u011fum Tarihi: 12-05-1981<\/td>\n<\/tr>\n<tr>\n<td>Do\u011fum Yeri: Almanya<\/td>\n<\/tr>\n<tr>\n<td>Fenerbah\u00e7e&#8217;ye Geli\u015f Tarihi: 2016<\/td>\n<\/tr>\n<tr>\n<td>U-21 Tak\u0131m Antren\u00f6r\u00fc<\/td>\n<\/tr>\n<tr>\n<td><\/td>\n<\/tr>\n<tr>\n<td><\/td>\n<\/tr>\n<\/tbody>\n<\/table>\n<\/td>\n<\/tr>\n<\/tbody>\n<\/table>\n<p>&nbsp;<\/p>\n<table border=\"0\" cellspacing=\"0\" cellpadding=\"3\">\n<tbody>\n<tr>\n<td><img decoding=\"async\" src=\"https:\/\/cdn.fenerbahce.org\/pic_lib\/serkanyeginn.JPG\" \/><\/td>\n<td>\n<table border=\"0\" cellspacing=\"0\" cellpadding=\"3\">\n<tbody>\n<tr>\n<td>Serkan Ye\u011fin<\/td>\n<\/tr>\n<tr>\n<td>Do\u011fum Tarihi: 30-05-1982<\/td>\n<\/tr>\n<tr>\n<td>Do\u011fum Yeri: \u0130zmir<\/td>\n<\/tr>\n<tr>\n<td>Fenerbah\u00e7e&#8217;ye Geli\u015f Tarihi: 2018<\/td>\n<\/tr>\n<tr>\n<td>U-19 Tak\u0131m\u0131 Teknik Sorumlusu<\/td>\n<\/tr>\n<tr>\n<td>Daha \u00d6nce \u00c7al\u0131\u015ft\u0131rd\u0131\u011f\u0131 Tak\u0131mlar: G\u00f6ztepe, Bucaspor, Antalyaspor<\/td>\n<\/tr>\n<tr>\n<td><\/td>\n<\/tr>\n<\/tbody>\n<\/table>\n<\/td>\n<\/tr>\n<\/tbody>\n<\/table>\n<p>&nbsp;<\/p>\n<table border=\"0\" cellspacing=\"0\" cellpadding=\"3\">\n<tbody>\n<tr>\n<td><img decoding=\"async\" src=\"https:\/\/cdn.fenerbahce.org\/pic_lib\/erdemerdall.JPG\" \/><\/td>\n<td>\n<table border=\"0\" cellspacing=\"0\" cellpadding=\"3\">\n<tbody>\n<tr>\n<td>Erdem Erdal<\/td>\n<\/tr>\n<tr>\n<td>Do\u011fum Tarihi:18-07-1980<\/td>\n<\/tr>\n<tr>\n<td>Do\u011fum Yeri: Isparta<\/td>\n<\/tr>\n<tr>\n<td>Fenerbah\u00e7e&#8217;ye Geli\u015f Tarihi:2018<\/td>\n<\/tr>\n<tr>\n<td>U-17 Tak\u0131m\u0131 Teknik Sorumlusu<\/td>\n<\/tr>\n<tr>\n<td>Daha \u00d6nce \u00c7al\u0131\u015ft\u0131rd\u0131\u011f\u0131 Tak\u0131mlar: Antalyaspor, Ecije Balompie<\/td>\n<\/tr>\n<tr>\n<td><\/td>\n<\/tr>\n<\/tbody>\n<\/table>\n<\/td>\n<\/tr>\n<\/tbody>\n<\/table>\n<p>&nbsp;<\/p>\n<table border=\"0\" cellspacing=\"0\" cellpadding=\"3\">\n<tbody>\n<tr>\n<td><img decoding=\"async\" src=\"https:\/\/cdn.fenerbahce.org\/pic_lib\/cengizaydinn.jpg\" \/><\/td>\n<td>\n<table border=\"0\" cellspacing=\"0\" cellpadding=\"3\">\n<tbody>\n<tr>\n<td>Cengiz Ayd\u0131n<\/td>\n<\/tr>\n<tr>\n<td>Do\u011fum Tarihi:05-09-1962<\/td>\n<\/tr>\n<tr>\n<td>Do\u011fum Yeri:Sakarya<\/td>\n<\/tr>\n<tr>\n<td>Fenerbah\u00e7e&#8217;ye Geli\u015f Tarihi:2015<\/td>\n<\/tr>\n<tr>\n<td>U-16 Tak\u0131m\u0131 Teknik Sorumlusu<\/td>\n<\/tr>\n<tr>\n<td><\/td>\n<\/tr>\n<tr>\n<td><\/td>\n<\/tr>\n<\/tbody>\n<\/table>\n<\/td>\n<\/tr>\n<\/tbody>\n<\/table>\n<p>&nbsp;<\/p>\n<table border=\"0\" cellspacing=\"0\" cellpadding=\"3\">\n<tbody>\n<tr>\n<td><img decoding=\"async\" src=\"https:\/\/cdn.fenerbahce.org\/pic_lib\/zekigurbulakk.jpg\" \/><\/td>\n<td>\n<table border=\"0\" cellspacing=\"0\" cellpadding=\"3\">\n<tbody>\n<tr>\n<td>Zeki G\u00fcrbulak<\/td>\n<\/tr>\n<tr>\n<td>Do\u011fum Tarihi:02-06-1972<\/td>\n<\/tr>\n<tr>\n<td>Do\u011fum Yeri:Ardahan<\/td>\n<\/tr>\n<tr>\n<td>Fenerbah\u00e7e&#8217;ye Geli\u015f Tarihi:2002<\/td>\n<\/tr>\n<tr>\n<td>U-16 Tak\u0131m\u0131 Antren\u00f6r\u00fc<\/td>\n<\/tr>\n<tr>\n<td><\/td>\n<\/tr>\n<tr>\n<td><\/td>\n<\/tr>\n<\/tbody>\n<\/table>\n<\/td>\n<\/tr>\n<\/tbody>\n<\/table>\n<p>&nbsp;<\/p>\n<table border=\"0\" cellspacing=\"0\" cellpadding=\"3\">\n<tbody>\n<tr>\n<td><img decoding=\"async\" src=\"https:\/\/cdn.fenerbahce.org\/pic_lib\/mustafayalcinkayaa.JPG\" \/><\/td>\n<td>\n<table border=\"0\" cellspacing=\"0\" cellpadding=\"3\">\n<tbody>\n<tr>\n<td>Mustafa Yal\u00e7\u0131nkaya<\/td>\n<\/tr>\n<tr>\n<td>Do\u011fum Tarihi:18-08-1981<\/td>\n<\/tr>\n<tr>\n<td>Do\u011fum Yeri:Isparta<\/td>\n<\/tr>\n<tr>\n<td>Fenerbah\u00e7e&#8217;ye Geli\u015f Tarihi:2018<\/td>\n<\/tr>\n<tr>\n<td>U-15 Tak\u0131m\u0131 Teknik Sorumlusu<\/td>\n<\/tr>\n<tr>\n<td>Daha \u00d6nce \u00c7al\u0131\u015ft\u0131rd\u0131\u011f\u0131 Tak\u0131mlar: Antalyaspor<\/td>\n<\/tr>\n<tr>\n<td><\/td>\n<\/tr>\n<\/tbody>\n<\/table>\n<\/td>\n<\/tr>\n<\/tbody>\n<\/table>\n<p>&nbsp;<\/p>\n<table border=\"0\" cellspacing=\"0\" cellpadding=\"3\">\n<tbody>\n<tr>\n<td><img decoding=\"async\" src=\"https:\/\/cdn.fenerbahce.org\/pic_lib\/sercanterziogluu.JPG\" \/><\/td>\n<td>\n<table border=\"0\" cellspacing=\"0\" cellpadding=\"3\">\n<tbody>\n<tr>\n<td>Sercan Terzio\u011flu<\/td>\n<\/tr>\n<tr>\n<td>Do\u011fum Tarihi: 02-09-1990<\/td>\n<\/tr>\n<tr>\n<td>Do\u011fum Yeri: \u0130svi\u00e7re<\/td>\n<\/tr>\n<tr>\n<td>Fenerbah\u00e7e&#8217;ye Geli\u015f Tarihi:2018<\/td>\n<\/tr>\n<tr>\n<td>U-14 Tak\u0131m\u0131 Teknik Sorumlusu<\/td>\n<\/tr>\n<tr>\n<td>Daha \u00d6nce \u00c7al\u0131\u015ft\u0131rd\u0131\u011f\u0131 Tak\u0131mlar:Antalyaspor, FC Bescola<\/td>\n<\/tr>\n<tr>\n<td><\/td>\n<\/tr>\n<\/tbody>\n<\/table>\n<\/td>\n<\/tr>\n<\/tbody>\n<\/table>\n<p>&nbsp;<\/p>\n<table border=\"0\" cellspacing=\"0\" cellpadding=\"3\">\n<tbody>\n<tr>\n<td><img decoding=\"async\" src=\"https:\/\/cdn.fenerbahce.org\/pic_lib\/fatihsutt.jpg\" \/><\/td>\n<td>\n<table border=\"0\" cellspacing=\"0\" cellpadding=\"3\">\n<tbody>\n<tr>\n<td>Fatih S\u00fct<\/td>\n<\/tr>\n<tr>\n<td>Do\u011fum Tarihi:11-01-1989<\/td>\n<\/tr>\n<tr>\n<td>Do\u011fum Yeri: \u0130stanbul<\/td>\n<\/tr>\n<tr>\n<td>Fenerbah\u00e7e&#8217;ye Geli\u015f Tarihi:2011<\/td>\n<\/tr>\n<tr>\n<td>U-13 Tak\u0131m\u0131 Teknik Sorumlusu<\/td>\n<\/tr>\n<tr>\n<td><\/td>\n<\/tr>\n<tr>\n<td><\/td>\n<\/tr>\n<\/tbody>\n<\/table>\n<\/td>\n<\/tr>\n<\/tbody>\n<\/table>\n<p>&nbsp;<\/p>\n<table border=\"0\" cellspacing=\"0\" cellpadding=\"0\">\n<tbody>\n<tr>\n<td><img decoding=\"async\" src=\"https:\/\/cdn.fenerbahce.org\/pic_lib\/taneryapagiciii.jpg\" \/><\/td>\n<td>\n<table border=\"0\" cellspacing=\"0\" cellpadding=\"0\">\n<tbody>\n<tr>\n<td>Taner Yapa\u011f\u0131c\u0131<\/td>\n<\/tr>\n<tr>\n<td>Do\u011fum Tarihi: 25-08-1984<\/td>\n<\/tr>\n<tr>\n<td>Do\u011fum Yeri:\u0130stanbul<\/td>\n<\/tr>\n<tr>\n<td>Fenerbah\u00e7e&#8217;ye Geli\u015f Tarihi: 2018<\/td>\n<\/tr>\n<tr>\n<td>U-12 Tak\u0131m\u0131 Teknik Sorumlusu<\/td>\n<\/tr>\n<tr>\n<td>Daha \u00d6nce \u00c7al\u0131\u015ft\u0131rd\u0131\u011f\u0131 Tak\u0131mlar: FC Bescola<\/td>\n<\/tr>\n<tr>\n<td><\/td>\n<\/tr>\n<\/tbody>\n<\/table>\n<\/td>\n<\/tr>\n<tr>\n<td><\/td>\n<td><\/td>\n<\/tr>\n<\/tbody>\n<\/table>\n<p>&nbsp;<\/p>\n<table border=\"0\" cellspacing=\"0\" cellpadding=\"3\">\n<tbody>\n<tr>\n<td><img decoding=\"async\" src=\"https:\/\/cdn.fenerbahce.org\/pic_lib\/burakaydemirr.JPG\" \/><\/td>\n<td>\n<table border=\"0\" cellspacing=\"0\" cellpadding=\"3\">\n<tbody>\n<tr>\n<td>Burak Aydemir<\/td>\n<\/tr>\n<tr>\n<td>Do\u011fum Tarihi: 06-11-1992<\/td>\n<\/tr>\n<tr>\n<td>Do\u011fum Yeri: \u0130stanbul<\/td>\n<\/tr>\n<tr>\n<td>Fenerbah\u00e7e&#8217;ye Geli\u015f Tarihi: 2018<\/td>\n<\/tr>\n<tr>\n<td>U-11 Tak\u0131m\u0131 Teknik Sorumlusu<\/td>\n<\/tr>\n<tr>\n<td>Daha \u00d6nce \u00c7al\u0131\u015ft\u0131rd\u0131\u011f\u0131 Tak\u0131mlar: Ero\u011fluspor, FC Bescola<\/td>\n<\/tr>\n<tr>\n<td><\/td>\n<\/tr>\n<\/tbody>\n<\/table>\n<\/td>\n<\/tr>\n<\/tbody>\n<\/table>\n<p>&nbsp;<\/p>\n<table border=\"0\" cellspacing=\"0\" cellpadding=\"3\">\n<tbody>\n<tr>\n<td><img decoding=\"async\" src=\"https:\/\/cdn.fenerbahce.org\/pic_lib\/mustafadulgerr.JPG\" \/><\/td>\n<td>\n<table border=\"0\" cellspacing=\"0\" cellpadding=\"3\">\n<tbody>\n<tr>\n<td>Mustafa D\u00fclger<\/td>\n<\/tr>\n<tr>\n<td>Do\u011fum Tarihi: 05-01-1989<\/td>\n<\/tr>\n<tr>\n<td>Do\u011fum Yeri: Sivas<\/td>\n<\/tr>\n<tr>\n<td>Fenerbah\u00e7e&#8217;ye Geli\u015f Tarihi: 2013<\/td>\n<\/tr>\n<tr>\n<td>U-10 ve U-9 Tak\u0131m\u0131 Teknik Sorumlusu<\/td>\n<\/tr>\n<tr>\n<td><\/td>\n<\/tr>\n<tr>\n<td><\/td>\n<\/tr>\n<\/tbody>\n<\/table>\n<\/td>\n<\/tr>\n<\/tbody>\n<\/table>\n<p>&nbsp;<\/p>\n<table border=\"0\" cellspacing=\"0\" cellpadding=\"3\">\n<tbody>\n<tr>\n<td><img decoding=\"async\" src=\"https:\/\/cdn.fenerbahce.org\/pic_lib\/serhatkesicii.jpg\" \/><\/td>\n<td>\n<table border=\"0\" cellspacing=\"0\" cellpadding=\"3\">\n<tbody>\n<tr>\n<td>Serhat Kesici<\/td>\n<\/tr>\n<tr>\n<td>Do\u011fum Tarihi:28-11-1985<\/td>\n<\/tr>\n<tr>\n<td>Do\u011fum Yeri:Diyarbak\u0131r<\/td>\n<\/tr>\n<tr>\n<td>Fenerbah\u00e7e&#8217;ye Geli\u015f Tarihi:2011<\/td>\n<\/tr>\n<tr>\n<td>M\u00fcsabaka Analiz Uzman\u0131<\/td>\n<\/tr>\n<tr>\n<td><\/td>\n<\/tr>\n<tr>\n<td><\/td>\n<\/tr>\n<\/tbody>\n<\/table>\n<\/td>\n<\/tr>\n<\/tbody>\n<\/table>\n<p>&nbsp;<\/p>\n<table border=\"0\" cellspacing=\"0\" cellpadding=\"3\">\n<tbody>\n<tr>\n<td><img decoding=\"async\" src=\"https:\/\/cdn.fenerbahce.org\/pic_lib\/alkanbirlikk.JPG\" \/><\/td>\n<td>\n<table border=\"0\" cellspacing=\"0\" cellpadding=\"3\">\n<tbody>\n<tr>\n<td>Alkan Birlik<\/td>\n<\/tr>\n<tr>\n<td>Do\u011fum Tarihi:18-10-1981<\/td>\n<\/tr>\n<tr>\n<td>Do\u011fum Yeri:\u0130stanbul<\/td>\n<\/tr>\n<tr>\n<td>Fenerbah\u00e7e&#8217;ye Geli\u015f Tarihi:2017<\/td>\n<\/tr>\n<tr>\n<td>Kaleci Antren\u00f6r\u00fc<\/td>\n<\/tr>\n<tr>\n<td>Daha \u00d6nce \u00c7al\u0131\u015ft\u0131rd\u0131\u011f\u0131 Tak\u0131mlar: Beylerbeyi Spor Kul\u00fcb\u00fc<\/td>\n<\/tr>\n<tr>\n<td><\/td>\n<\/tr>\n<\/tbody>\n<\/table>\n<\/td>\n<\/tr>\n<\/tbody>\n<\/table>\n<p>&nbsp;<\/p>\n<table border=\"0\" cellspacing=\"0\" cellpadding=\"3\">\n<tbody>\n<tr>\n<td><img decoding=\"async\" src=\"https:\/\/cdn.fenerbahce.org\/pic_lib\/erdembaliii.JPG\" \/><\/td>\n<td>\n<table border=\"0\" cellspacing=\"0\" cellpadding=\"3\">\n<tbody>\n<tr>\n<td>Erdem Bali<\/td>\n<\/tr>\n<tr>\n<td>Do\u011fum Tarihi:02-03-1992<\/td>\n<\/tr>\n<tr>\n<td>Do\u011fum Yeri:\u0130stanbul<\/td>\n<\/tr>\n<tr>\n<td>Fenerbah\u00e7e&#8217;ye Geli\u015f Tarihi:2016<\/td>\n<\/tr>\n<tr>\n<td>Kaleci Antren\u00f6r\u00fc<\/td>\n<\/tr>\n<tr>\n<td>Daha \u00d6nce \u00c7al\u0131\u015ft\u0131rd\u0131\u011f\u0131 Tak\u0131mlar: Ba\u011fc\u0131lar<\/td>\n<\/tr>\n<tr>\n<td><\/td>\n<\/tr>\n<\/tbody>\n<\/table>\n<\/td>\n<\/tr>\n<\/tbody>\n<\/table>\n<p>&nbsp;<\/p>\n<table border=\"0\" cellspacing=\"0\" cellpadding=\"3\">\n<tbody>\n<tr>\n<td><img decoding=\"async\" src=\"https:\/\/cdn.fenerbahce.org\/pic_lib\/enginsancakk.JPG\" \/><\/td>\n<td>\n<table border=\"0\" cellspacing=\"0\" cellpadding=\"3\">\n<tbody>\n<tr>\n<td>Engin Sancak<\/td>\n<\/tr>\n<tr>\n<td>Do\u011fum Tarihi:01-01-1992<\/td>\n<\/tr>\n<tr>\n<td>Do\u011fum Yeri:Trabzon<\/td>\n<\/tr>\n<tr>\n<td>Fenerbah\u00e7e&#8217;ye Geli\u015f Tarihi:2013<\/td>\n<\/tr>\n<tr>\n<td>Futbol Altyap\u0131 Kondisyoneri<\/td>\n<\/tr>\n<tr>\n<td><\/td>\n<\/tr>\n<\/tbody>\n<\/table>\n<\/td>\n<\/tr>\n<\/tbody>\n<\/table>\n<p>&nbsp;<\/p>\n<table border=\"0\" cellspacing=\"0\" cellpadding=\"3\">\n<tbody>\n<tr>\n<td><img decoding=\"async\" src=\"https:\/\/cdn.fenerbahce.org\/pic_lib\/erenakkayaa.jpg\" \/><\/td>\n<td>\n<table border=\"0\" cellspacing=\"0\" cellpadding=\"3\">\n<tbody>\n<tr>\n<td>Eren Akkaya<\/td>\n<\/tr>\n<tr>\n<td>Do\u011fum Tarihi:14-07-1977<\/td>\n<\/tr>\n<tr>\n<td>Do\u011fum Yeri:\u0130stanbul<\/td>\n<\/tr>\n<tr>\n<td>Fenerbah\u00e7e&#8217;ye Geli\u015f Tarihi:2000<\/td>\n<\/tr>\n<tr>\n<td>Mas\u00f6r<\/td>\n<\/tr>\n<tr>\n<td><\/td>\n<\/tr>\n<tr>\n<td><\/td>\n<\/tr>\n<\/tbody>\n<\/table>\n<\/td>\n<\/tr>\n<\/tbody>\n<\/table>\n<p>&nbsp;<\/p>\n<table border=\"0\" cellspacing=\"0\" cellpadding=\"3\">\n<tbody>\n<tr>\n<td><img decoding=\"async\" src=\"https:\/\/cdn.fenerbahce.org\/pic_lib\/serdardemirell.jpg\" \/><\/td>\n<td>\n<table border=\"0\" cellspacing=\"0\" cellpadding=\"3\">\n<tbody>\n<tr>\n<td>Serdar Demirel<\/td>\n<\/tr>\n<tr>\n<td>Do\u011fum Tarihi:16-12-1969<\/td>\n<\/tr>\n<tr>\n<td>Do\u011fum Yeri:Kars<\/td>\n<\/tr>\n<tr>\n<td>Fenerbah\u00e7e&#8217;ye Geli\u015f Tarihi:2001<\/td>\n<\/tr>\n<tr>\n<td>Mas\u00f6r<\/td>\n<\/tr>\n<tr>\n<td><\/td>\n<\/tr>\n<tr>\n<td><\/td>\n<\/tr>\n<\/tbody>\n<\/table>\n<\/td>\n<\/tr>\n<\/tbody>\n<\/table>\n<p>&nbsp;<\/p>\n<table border=\"0\" cellspacing=\"0\" cellpadding=\"3\">\n<tbody>\n<tr>\n<td><img decoding=\"async\" src=\"https:\/\/cdn.fenerbahce.org\/pic_lib\/emreyesillerr.jpg\" \/><\/td>\n<td>\n<table border=\"0\" cellspacing=\"0\" cellpadding=\"3\">\n<tbody>\n<tr>\n<td>Emre Ya\u015filler<\/td>\n<\/tr>\n<tr>\n<td>Do\u011fum Tarihi: 07-09-1985<\/td>\n<\/tr>\n<tr>\n<td>Do\u011fum Yeri:\u0130stanbul<\/td>\n<\/tr>\n<tr>\n<td>Fenerbah\u00e7e&#8217;ye Geli\u015f Tarihi:2007<\/td>\n<\/tr>\n<tr>\n<td>Mas\u00f6r<\/td>\n<\/tr>\n<tr>\n<td><\/td>\n<\/tr>\n<\/tbody>\n<\/table>\n<\/td>\n<\/tr>\n<\/tbody>\n<\/table>\n<p>&nbsp;<\/p>\n<table border=\"0\" cellspacing=\"0\" cellpadding=\"3\">\n<tbody>\n<tr>\n<td><img decoding=\"async\" src=\"https:\/\/cdn.fenerbahce.org\/pic_lib\/ismailcalikk.jpg\" \/><\/td>\n<td>\n<table border=\"0\" cellspacing=\"0\" cellpadding=\"3\">\n<tbody>\n<tr>\n<td>\u0130smail \u00c7al\u0131k<\/td>\n<\/tr>\n<tr>\n<td>Do\u011fum Tarihi: 05-01-1979<\/td>\n<\/tr>\n<tr>\n<td>Do\u011fum Yeri: Giresun<\/td>\n<\/tr>\n<tr>\n<td>Fenerbah\u00e7e&#8217;ye Geli\u015f Tarihi:2003<\/td>\n<\/tr>\n<tr>\n<td>Mas\u00f6r<\/td>\n<\/tr>\n<tr>\n<td>Daha \u00d6nce \u00c7al\u0131\u015ft\u0131rd\u0131\u011f\u0131 Tak\u0131mlar: Tepecik F\u0131ratpen, Ramispor Galatasaray, I\u015f\u0131kspor<\/td>\n<\/tr>\n<tr>\n<td><\/td>\n<\/tr>\n<\/tbody>\n<\/table>\n<\/td>\n<\/tr>\n<\/tbody>\n<\/table>\n<\/td>\n<\/tr>\n<\/tbody>\n<\/table>\n<p>[\/vc_column_text][\/vc_tta_section][vc_tta_section title=&#8221;21 Ya\u015f Alt\u0131 Gen\u00e7 Tak\u0131m\u0131m\u0131z&#8221; tab_id=&#8221;1536485191683-266b19e3-e97e&#8221;][vc_column_text]<\/p>\n<table border=\"0\" width=\"450\" cellspacing=\"0\" cellpadding=\"0\">\n<tbody>\n<tr>\n<td valign=\"top\" width=\"170\"><img decoding=\"async\" src=\"https:\/\/cdn.fenerbahce.org\/pic_lib\/cebrailakbulut.JPG\" width=\"150\" height=\"150\" \/><\/td>\n<td valign=\"top\" width=\"280\">\n<table border=\"0\" width=\"279\" cellspacing=\"0\" cellpadding=\"0\">\n<tbody>\n<tr>\n<td>Oyuncunun Ad\u0131: Cebrail Akbulut<\/td>\n<\/tr>\n<tr>\n<td>Do\u011fum Tarihi: 15-10-2001<\/td>\n<\/tr>\n<tr>\n<td>Do\u011fum Yeri:Bayburt<\/td>\n<\/tr>\n<tr>\n<td>Boyu:1-78<\/td>\n<\/tr>\n<tr>\n<td>Kilosu<b>:<\/b>69<\/td>\n<\/tr>\n<tr>\n<td>Mevkii<strong>:<\/strong>Solbek<\/td>\n<\/tr>\n<tr>\n<td>Forma Numaras\u0131<b>:<\/b><\/td>\n<\/tr>\n<tr>\n<td>Fenerbah\u00e7e&#8217;ye Geli\u015f Tarihi:2014<\/td>\n<\/tr>\n<tr>\n<td>Daha \u00d6nce Oynad\u0131\u011f\u0131 Tak\u0131mlar: Arasspor<\/td>\n<\/tr>\n<tr>\n<td><\/td>\n<\/tr>\n<tr>\n<td>\n<p>&nbsp;<\/p>\n<table>\n<tbody>\n<tr>\n<td><\/td>\n<\/tr>\n<\/tbody>\n<\/table>\n<\/td>\n<\/tr>\n<tr>\n<td><\/td>\n<\/tr>\n<\/tbody>\n<\/table>\n<\/td>\n<\/tr>\n<tr>\n<td valign=\"top\" width=\"170\"><\/td>\n<td valign=\"top\" width=\"280\"><\/td>\n<\/tr>\n<\/tbody>\n<\/table>\n<p>&nbsp;<\/p>\n<table border=\"0\" width=\"450\" cellspacing=\"0\" cellpadding=\"0\">\n<tbody>\n<tr>\n<td valign=\"top\" width=\"170\"><img decoding=\"async\" src=\"https:\/\/cdn.fenerbahce.org\/pic_lib\/muhammetomercaki.JPG\" width=\"150\" height=\"150\" \/><\/td>\n<td valign=\"top\" width=\"280\">\n<table border=\"0\" width=\"279\" cellspacing=\"0\" cellpadding=\"0\">\n<tbody>\n<tr>\n<td>Oyuncunun Ad\u0131: Muhammet \u00d6mer \u00c7ak\u0131<\/td>\n<\/tr>\n<tr>\n<td>Do\u011fum Tarihi: 14-01-2000<\/td>\n<\/tr>\n<tr>\n<td>Do\u011fum Yeri: \u0130stanbul<\/td>\n<\/tr>\n<tr>\n<td>Boyu:1-80<\/td>\n<\/tr>\n<tr>\n<td>Kilosu<b>:<\/b>74<\/td>\n<\/tr>\n<tr>\n<td>Mevkii<strong>:<\/strong>Solbek<\/td>\n<\/tr>\n<tr>\n<td>Forma Numaras\u0131<b>:<\/b>3<\/td>\n<\/tr>\n<tr>\n<td>Fenerbah\u00e7e&#8217;ye Geli\u015f Tarihi:2015<\/td>\n<\/tr>\n<tr>\n<td>Daha \u00d6nce Oynad\u0131\u011f\u0131 Tak\u0131mlar: \u0130stanbul Gen\u00e7lerbirli\u011fi<\/td>\n<\/tr>\n<tr>\n<td>Millilik Say\u0131s\u0131: 13<\/td>\n<\/tr>\n<tr>\n<td>\n<p>&nbsp;<\/p>\n<table>\n<tbody>\n<tr>\n<td><\/td>\n<\/tr>\n<\/tbody>\n<\/table>\n<\/td>\n<\/tr>\n<tr>\n<td><\/td>\n<\/tr>\n<\/tbody>\n<\/table>\n<\/td>\n<\/tr>\n<tr>\n<td valign=\"top\" width=\"170\"><\/td>\n<td valign=\"top\" width=\"280\"><\/td>\n<\/tr>\n<\/tbody>\n<\/table>\n<table border=\"0\" width=\"450\" cellspacing=\"0\" cellpadding=\"0\">\n<tbody>\n<tr>\n<td valign=\"top\" width=\"170\"><img decoding=\"async\" src=\"https:\/\/cdn.fenerbahce.org\/pic_lib\/muhammedgumuskaya.JPG\" width=\"150\" height=\"150\" \/><\/td>\n<td valign=\"top\" width=\"280\">\n<table border=\"0\" width=\"279\" cellspacing=\"0\" cellpadding=\"0\">\n<tbody>\n<tr>\n<td>Oyuncunun Ad\u0131: Muhammed G\u00fcm\u00fc\u015fkaya<\/td>\n<\/tr>\n<tr>\n<td>Do\u011fum Tarihi: 01-01-2001<\/td>\n<\/tr>\n<tr>\n<td>Do\u011fum Yeri: \u0130stanbul<\/td>\n<\/tr>\n<tr>\n<td>Boyu:1-77<\/td>\n<\/tr>\n<tr>\n<td>Kilosu<b>:<\/b>66<\/td>\n<\/tr>\n<tr>\n<td>Mevkii<strong>:<\/strong>Orta Saha<\/td>\n<\/tr>\n<tr>\n<td>Forma Numaras\u0131<b>:<\/b>10<\/td>\n<\/tr>\n<tr>\n<td>Fenerbah\u00e7e&#8217;ye Geli\u015f Tarihi: 2012<\/td>\n<\/tr>\n<tr>\n<td>&nbsp;<\/td>\n<\/tr>\n<tr>\n<td>Millilik Say\u0131s\u0131: 9<\/td>\n<\/tr>\n<tr>\n<td>\n<p>Ba\u015far\u0131lar\u0131: 2014 U-14 T\u00fcrkiye 2, 2016 U-15 T\u00fcrkiye 2.,<\/p>\n<table>\n<tbody>\n<tr>\n<td><\/td>\n<\/tr>\n<\/tbody>\n<\/table>\n<\/td>\n<\/tr>\n<tr>\n<td><\/td>\n<\/tr>\n<\/tbody>\n<\/table>\n<\/td>\n<\/tr>\n<tr>\n<td valign=\"top\" width=\"170\"><\/td>\n<td valign=\"top\" width=\"280\"><\/td>\n<\/tr>\n<\/tbody>\n<\/table>\n<table border=\"0\" width=\"450\" cellspacing=\"0\" cellpadding=\"0\">\n<tbody>\n<tr>\n<td valign=\"top\" width=\"170\"><img decoding=\"async\" src=\"https:\/\/cdn.fenerbahce.org\/pic_lib\/emrenasuh.JPG\" width=\"150\" height=\"150\" \/><\/td>\n<td valign=\"top\" width=\"280\">\n<table border=\"0\" width=\"279\" cellspacing=\"0\" cellpadding=\"0\">\n<tbody>\n<tr>\n<td>Oyuncunun Ad\u0131: Emre Nasuh<\/td>\n<\/tr>\n<tr>\n<td>Do\u011fum Tarihi: 01-01-2001<\/td>\n<\/tr>\n<tr>\n<td>Do\u011fum Yeri: Adana<\/td>\n<\/tr>\n<tr>\n<td>Boyu:1-79<\/td>\n<\/tr>\n<tr>\n<td>Kilosu<b>:<\/b>64<\/td>\n<\/tr>\n<tr>\n<td>Mevkii<strong>:<\/strong>Orta Saha<\/td>\n<\/tr>\n<tr>\n<td>Forma Numaras\u0131<b>:<\/b>10<\/td>\n<\/tr>\n<tr>\n<td>Fenerbah\u00e7e&#8217;ye Geli\u015f Tarihi:2012<\/td>\n<\/tr>\n<tr>\n<td>Daha \u00d6nce Oynad\u0131\u011f\u0131 Tak\u0131mlar: Adana Gen\u00e7lerbirli\u011fi<\/td>\n<\/tr>\n<tr>\n<td><\/td>\n<\/tr>\n<tr>\n<td><\/td>\n<\/tr>\n<tr>\n<td><\/td>\n<\/tr>\n<\/tbody>\n<\/table>\n<\/td>\n<\/tr>\n<tr>\n<td valign=\"top\" width=\"170\"><\/td>\n<td valign=\"top\" width=\"280\"><\/td>\n<\/tr>\n<\/tbody>\n<\/table>\n<table border=\"0\" width=\"450\" cellspacing=\"0\" cellpadding=\"0\">\n<tbody>\n<tr>\n<td valign=\"top\" width=\"170\"><img decoding=\"async\" src=\"https:\/\/cdn.fenerbahce.org\/pic_lib\/fatihbektas.JPG\" width=\"150\" height=\"150\" \/><\/td>\n<td valign=\"top\" width=\"280\">\n<table border=\"0\" width=\"279\" cellspacing=\"0\" cellpadding=\"0\">\n<tbody>\n<tr>\n<td>Oyuncunun Ad\u0131: Fatih Bekta\u015f<\/td>\n<\/tr>\n<tr>\n<td>Do\u011fum Tarihi: 31-01-2001<\/td>\n<\/tr>\n<tr>\n<td>Do\u011fum Yeri: \u0130stanbul<\/td>\n<\/tr>\n<tr>\n<td>Boyu:1-74<\/td>\n<\/tr>\n<tr>\n<td>Kilosu<b>:<\/b>65<\/td>\n<\/tr>\n<tr>\n<td>Mevkii<strong>:<\/strong>Sa\u011fa\u00e7\u0131k<\/td>\n<\/tr>\n<tr>\n<td>Forma Numaras\u0131<b>:<\/b>7<\/td>\n<\/tr>\n<tr>\n<td>Fenerbah\u00e7e&#8217;ye Geli\u015f Tarihi: 2016<\/td>\n<\/tr>\n<tr>\n<td>Daha \u00d6nce Oynad\u0131\u011f\u0131 Tak\u0131mlar: Ba\u011fc\u0131lar E\u011fitim Spor<\/td>\n<\/tr>\n<tr>\n<td>Millilik Say\u0131s\u0131: 14<\/td>\n<\/tr>\n<tr>\n<td>\n<p>&nbsp;<\/p>\n<table>\n<tbody>\n<tr>\n<td><\/td>\n<\/tr>\n<\/tbody>\n<\/table>\n<\/td>\n<\/tr>\n<tr>\n<td><\/td>\n<\/tr>\n<\/tbody>\n<\/table>\n<\/td>\n<\/tr>\n<tr>\n<td valign=\"top\" width=\"170\"><\/td>\n<td valign=\"top\" width=\"280\"><\/td>\n<\/tr>\n<\/tbody>\n<\/table>\n<table border=\"0\" width=\"450\" cellspacing=\"0\" cellpadding=\"0\">\n<tbody>\n<tr>\n<td valign=\"top\" width=\"170\"><img decoding=\"async\" src=\"https:\/\/cdn.fenerbahce.org\/pic_lib\/batuhanyilmaz.JPG\" width=\"150\" height=\"150\" \/><\/td>\n<td valign=\"top\" width=\"280\">\n<table border=\"0\" width=\"279\" cellspacing=\"0\" cellpadding=\"0\">\n<tbody>\n<tr>\n<td>Oyuncunun Ad\u0131: Batuhan Y\u0131lmaz<\/td>\n<\/tr>\n<tr>\n<td>Do\u011fum Tarihi: 01-01-1999<\/td>\n<\/tr>\n<tr>\n<td>Do\u011fum Yeri: Bal\u0131kesir<\/td>\n<\/tr>\n<tr>\n<td>Boyu:1-90<\/td>\n<\/tr>\n<tr>\n<td>Kilosu<b>:<\/b>76<\/td>\n<\/tr>\n<tr>\n<td>Mevkii<strong>:<\/strong>Stoper<\/td>\n<\/tr>\n<tr>\n<td>Forma Numaras\u0131<b>:<\/b> 4<\/td>\n<\/tr>\n<tr>\n<td>Fenerbah\u00e7e&#8217;ye Geli\u015f Tarihi: 2012<\/td>\n<\/tr>\n<tr>\n<td>Daha \u00d6nce Oynad\u0131\u011f\u0131 Tak\u0131mlar: Burhaniye Bld Spor<\/td>\n<\/tr>\n<tr>\n<td>Millilik Say\u0131s\u0131: 8<\/td>\n<\/tr>\n<tr>\n<td>\n<p>&nbsp;<\/p>\n<table>\n<tbody>\n<tr>\n<td><\/td>\n<\/tr>\n<\/tbody>\n<\/table>\n<\/td>\n<\/tr>\n<tr>\n<td><\/td>\n<\/tr>\n<\/tbody>\n<\/table>\n<\/td>\n<\/tr>\n<tr>\n<td valign=\"top\" width=\"170\"><\/td>\n<td valign=\"top\" width=\"280\"><\/td>\n<\/tr>\n<\/tbody>\n<\/table>\n<table border=\"0\" width=\"450\" cellspacing=\"0\" cellpadding=\"0\">\n<tbody>\n<tr>\n<td valign=\"top\" width=\"170\"><img decoding=\"async\" src=\"https:\/\/cdn.fenerbahce.org\/pic_lib\/abdullahyerli.JPG\" width=\"150\" height=\"150\" \/><\/td>\n<td valign=\"top\" width=\"280\">\n<table border=\"0\" width=\"279\" cellspacing=\"0\" cellpadding=\"0\">\n<tbody>\n<tr>\n<td>Oyuncunun Ad\u0131: Abdullah Yerli<\/td>\n<\/tr>\n<tr>\n<td>Do\u011fum Tarihi: 21-06-1999<\/td>\n<\/tr>\n<tr>\n<td>Do\u011fum Yeri: \u0130zmir<\/td>\n<\/tr>\n<tr>\n<td>Boyu: 1-90<\/td>\n<\/tr>\n<tr>\n<td>Kilosu: 77<\/td>\n<\/tr>\n<tr>\n<td>Mevkii: Stoper<\/td>\n<\/tr>\n<tr>\n<td>Forma Numaras\u0131: 5<\/td>\n<\/tr>\n<tr>\n<td>Fenerbah\u00e7e&#8217;ye Geli\u015f Tarihi: 2012<\/td>\n<\/tr>\n<tr>\n<td>&nbsp;<\/td>\n<\/tr>\n<tr>\n<td>Millilik Say\u0131s\u0131: 10<\/td>\n<\/tr>\n<tr>\n<td>\n<p>Ba\u015far\u0131lar\u0131: 2016 U-17 T\u00fcrkiye \u015eampiyonlu\u011fu Liseleraras\u0131 T\u00fcrkiye \u015eampiyonlu\u011fu<\/p>\n<table>\n<tbody>\n<tr>\n<td><\/td>\n<\/tr>\n<\/tbody>\n<\/table>\n<\/td>\n<\/tr>\n<tr>\n<td><\/td>\n<\/tr>\n<\/tbody>\n<\/table>\n<\/td>\n<\/tr>\n<tr>\n<td valign=\"top\" width=\"170\"><\/td>\n<td valign=\"top\" width=\"280\"><\/td>\n<\/tr>\n<\/tbody>\n<\/table>\n<table border=\"0\" width=\"450\" cellspacing=\"0\" cellpadding=\"0\">\n<tbody>\n<tr>\n<td valign=\"top\" width=\"170\"><img decoding=\"async\" src=\"https:\/\/cdn.fenerbahce.org\/pic_lib\/faikkartalduran.JPG\" width=\"150\" height=\"150\" \/><\/td>\n<td valign=\"top\" width=\"280\">\n<table border=\"0\" width=\"279\" cellspacing=\"0\" cellpadding=\"0\">\n<tbody>\n<tr>\n<td>Oyuncunun Ad\u0131: Faik Kartal Duran<\/td>\n<\/tr>\n<tr>\n<td>Do\u011fum Tarihi: 19-01-1999<\/td>\n<\/tr>\n<tr>\n<td>Do\u011fum Yeri:Kocaeli<\/td>\n<\/tr>\n<tr>\n<td>Boyu:1-85<\/td>\n<\/tr>\n<tr>\n<td>Kilosu<b>:<\/b>75<\/td>\n<\/tr>\n<tr>\n<td>Mevkii<strong>:<\/strong>Forvet<\/td>\n<\/tr>\n<tr>\n<td>Forma Numaras\u0131<b>:<\/b>82<\/td>\n<\/tr>\n<tr>\n<td>Fenerbah\u00e7e&#8217;ye Geli\u015f Tarihi: 2011<\/td>\n<\/tr>\n<tr>\n<td>Daha \u00d6nce Oynad\u0131\u011f\u0131 Tak\u0131mlar: Gebzespor<\/td>\n<\/tr>\n<tr>\n<td><\/td>\n<\/tr>\n<tr>\n<td>\n<p>Ba\u015far\u0131lar\u0131: U-17 Milli Tak\u0131m ile Gol Kral\u0131 2016 U-17 T\u00fcrkiye \u015eampiyonlu\u011fu Liseleraras\u0131 T\u00fcrkiye \u015eampiyonlu\u011fu<\/p>\n<table>\n<tbody>\n<tr>\n<td><\/td>\n<\/tr>\n<\/tbody>\n<\/table>\n<\/td>\n<\/tr>\n<tr>\n<td><\/td>\n<\/tr>\n<\/tbody>\n<\/table>\n<\/td>\n<\/tr>\n<tr>\n<td valign=\"top\" width=\"170\"><\/td>\n<td valign=\"top\" width=\"280\"><\/td>\n<\/tr>\n<\/tbody>\n<\/table>\n<table border=\"0\" width=\"450\" cellspacing=\"0\" cellpadding=\"0\">\n<tbody>\n<tr>\n<td valign=\"top\" width=\"170\"><img decoding=\"async\" src=\"https:\/\/cdn.fenerbahce.org\/pic_lib\/yusufmerttunc.JPG\" width=\"150\" height=\"150\" \/><\/td>\n<td valign=\"top\" width=\"280\">\n<table border=\"0\" width=\"279\" cellspacing=\"0\" cellpadding=\"0\">\n<tbody>\n<tr>\n<td>Oyuncunun Ad\u0131: Yusuf Mert Tun\u00e7<\/td>\n<\/tr>\n<tr>\n<td>Do\u011fum Tarihi: 18-09-2000<\/td>\n<\/tr>\n<tr>\n<td>Do\u011fum Yeri: \u00c7ank\u0131r\u0131<\/td>\n<\/tr>\n<tr>\n<td>Boyu:1-86<\/td>\n<\/tr>\n<tr>\n<td>Kilosu: 77<\/td>\n<\/tr>\n<tr>\n<td>Mevkii<strong>:<\/strong> Forvet<\/td>\n<\/tr>\n<tr>\n<td>Forma Numaras\u0131<b>:<\/b> 9<\/td>\n<\/tr>\n<tr>\n<td>Fenerbah\u00e7e&#8217;ye Geli\u015f Tarihi: 2017<\/td>\n<\/tr>\n<tr>\n<td>Daha \u00d6nce Oynad\u0131\u011f\u0131 Tak\u0131mlar: Be\u015fikta\u015f, Seyrantepe, Dikilita\u015f<\/td>\n<\/tr>\n<tr>\n<td><\/td>\n<\/tr>\n<tr>\n<td>\n<p>&nbsp;<\/p>\n<table>\n<tbody>\n<tr>\n<td><\/td>\n<\/tr>\n<\/tbody>\n<\/table>\n<\/td>\n<\/tr>\n<tr>\n<td><\/td>\n<\/tr>\n<\/tbody>\n<\/table>\n<\/td>\n<\/tr>\n<tr>\n<td valign=\"top\" width=\"170\"><\/td>\n<td valign=\"top\" width=\"280\"><\/td>\n<\/tr>\n<\/tbody>\n<\/table>\n<table border=\"0\" width=\"450\" cellspacing=\"0\" cellpadding=\"0\">\n<tbody>\n<tr>\n<td valign=\"top\" width=\"170\"><img decoding=\"async\" src=\"https:\/\/www.fenerbahce.org\/futbolaltyapi\/toprakyuruk\" width=\"150\" height=\"150\" \/><\/td>\n<td valign=\"top\" width=\"280\">\n<table border=\"0\" width=\"279\" cellspacing=\"0\" cellpadding=\"0\">\n<tbody>\n<tr>\n<td>Oyuncunun Ad\u0131: Toprak Y\u00fcr\u00fck<\/td>\n<\/tr>\n<tr>\n<td>Do\u011fum Tarihi: 01-04-2000<\/td>\n<\/tr>\n<tr>\n<td>Do\u011fum Yeri:\u0130stanbul<\/td>\n<\/tr>\n<tr>\n<td>Boyu:1-88<\/td>\n<\/tr>\n<tr>\n<td>Kilosu<b>:<\/b>79<\/td>\n<\/tr>\n<tr>\n<td>Mevkii<strong>:<\/strong>Orta Saha<\/td>\n<\/tr>\n<tr>\n<td>Forma Numaras\u0131<b>:<\/b>8<\/td>\n<\/tr>\n<tr>\n<td>Fenerbah\u00e7e&#8217;ye Geli\u015f Tarihi: 2011<\/td>\n<\/tr>\n<tr>\n<td>&nbsp;<\/td>\n<\/tr>\n<tr>\n<td><\/td>\n<\/tr>\n<tr>\n<td>\n<p>&nbsp;<\/p>\n<table>\n<tbody>\n<tr>\n<td><\/td>\n<\/tr>\n<\/tbody>\n<\/table>\n<\/td>\n<\/tr>\n<tr>\n<td><\/td>\n<\/tr>\n<\/tbody>\n<\/table>\n<\/td>\n<\/tr>\n<tr>\n<td valign=\"top\" width=\"170\"><\/td>\n<td valign=\"top\" width=\"280\"><\/td>\n<\/tr>\n<\/tbody>\n<\/table>\n<table border=\"0\" width=\"450\" cellspacing=\"0\" cellpadding=\"0\">\n<tbody>\n<tr>\n<td valign=\"top\" width=\"170\"><img decoding=\"async\" src=\"https:\/\/cdn.fenerbahce.org\/pic_lib\/obensaracoglu.JPG\" width=\"150\" height=\"150\" \/><\/td>\n<td valign=\"top\" width=\"280\">\n<table border=\"0\" width=\"279\" cellspacing=\"0\" cellpadding=\"0\">\n<tbody>\n<tr>\n<td>Oyuncunun Ad\u0131: Oben Sara\u00e7o\u011flu<\/td>\n<\/tr>\n<tr>\n<td>Do\u011fum tarihi::10-08-2000<\/td>\n<\/tr>\n<tr>\n<td>Do\u011fum Yeri:\u0130stanbul<\/td>\n<\/tr>\n<tr>\n<td>Boyu:1-76<\/td>\n<\/tr>\n<tr>\n<td>Kilosu<b>:<\/b>57<\/td>\n<\/tr>\n<tr>\n<td>Mevkii<strong>:<\/strong>Orta Saha<\/td>\n<\/tr>\n<tr>\n<td>Forma Numaras\u0131<b>:<\/b>8<\/td>\n<\/tr>\n<tr>\n<td>Fenerbah\u00e7e&#8217;ye Geli\u015f Tarihi:2017<\/td>\n<\/tr>\n<tr>\n<td>Daha \u00d6nce Oynad\u0131\u011f\u0131 Tak\u0131mlar: Galatasaray<\/td>\n<\/tr>\n<tr>\n<td>Millilik Say\u0131s\u0131: 5<\/td>\n<\/tr>\n<tr>\n<td>\n<p>Ba\u015far\u0131lar\u0131: N\u0131ke Cup T\u00fcrkiye \u015eampiyonlu\u011fu 2 kez T\u00fcrkiye \u015eampiyonlu\u011fu<\/p>\n<table>\n<tbody>\n<tr>\n<td><\/td>\n<\/tr>\n<\/tbody>\n<\/table>\n<\/td>\n<\/tr>\n<tr>\n<td><\/td>\n<\/tr>\n<\/tbody>\n<\/table>\n<\/td>\n<\/tr>\n<tr>\n<td valign=\"top\" width=\"170\"><\/td>\n<td valign=\"top\" width=\"280\"><\/td>\n<\/tr>\n<\/tbody>\n<\/table>\n<table border=\"0\" width=\"450\" cellspacing=\"0\" cellpadding=\"0\">\n<tbody>\n<tr>\n<td valign=\"top\" width=\"170\"><img decoding=\"async\" src=\"https:\/\/cdn.fenerbahce.org\/pic_lib\/harunozcan.JPG\" width=\"150\" height=\"150\" \/><\/td>\n<td valign=\"top\" width=\"280\">\n<table border=\"0\" width=\"279\" cellspacing=\"0\" cellpadding=\"0\">\n<tbody>\n<tr>\n<td>Oyuncunun ad\u0131: Harun \u00d6zcan<\/td>\n<\/tr>\n<tr>\n<td>Do\u011fum tarihi: 16-07-2000<\/td>\n<\/tr>\n<tr>\n<td>Do\u011fum Yeri:\u0130stanbul<\/td>\n<\/tr>\n<tr>\n<td>Boyu:1-82<\/td>\n<\/tr>\n<tr>\n<td>Kilosu<b>:<\/b>65<\/td>\n<\/tr>\n<tr>\n<td>Mevkii<strong>:<\/strong>Sola\u00e7\u0131k<\/td>\n<\/tr>\n<tr>\n<td>Forma Numaras\u0131<b>:<\/b>20<\/td>\n<\/tr>\n<tr>\n<td>Fenerbah\u00e7e&#8217;ye Geli\u015f Tarihi: 2017<\/td>\n<\/tr>\n<tr>\n<td>Daha \u00d6nce Oynad\u0131\u011f\u0131 Tak\u0131mlar: Alt\u0131ntepsi<\/td>\n<\/tr>\n<tr>\n<td><\/td>\n<\/tr>\n<tr>\n<td>\n<p>&nbsp;<\/p>\n<table>\n<tbody>\n<tr>\n<td><\/td>\n<\/tr>\n<\/tbody>\n<\/table>\n<\/td>\n<\/tr>\n<tr>\n<td><\/td>\n<\/tr>\n<\/tbody>\n<\/table>\n<\/td>\n<\/tr>\n<tr>\n<td valign=\"top\" width=\"170\"><\/td>\n<td valign=\"top\" width=\"280\"><\/td>\n<\/tr>\n<\/tbody>\n<\/table>\n<table border=\"0\" width=\"450\" cellspacing=\"0\" cellpadding=\"0\">\n<tbody>\n<tr>\n<td valign=\"top\" width=\"170\"><img decoding=\"async\" src=\"https:\/\/cdn.fenerbahce.org\/pic_lib\/gulhanuregen.JPG\" width=\"150\" height=\"150\" \/><\/td>\n<td valign=\"top\" width=\"280\">\n<table border=\"0\" width=\"279\" cellspacing=\"0\" cellpadding=\"0\">\n<tbody>\n<tr>\n<td>Oyuncunun ad\u0131: G\u00fclhan \u00dcregen<\/td>\n<\/tr>\n<tr>\n<td>Do\u011fum tarihi: 27-05-2002<\/td>\n<\/tr>\n<tr>\n<td>Do\u011fum Yeri: Sakarya<\/td>\n<\/tr>\n<tr>\n<td>Boyu:1-83<\/td>\n<\/tr>\n<tr>\n<td>Kilosu<b>:<\/b>74<\/td>\n<\/tr>\n<tr>\n<td>Mevkii<strong>:<\/strong>Forvet<\/td>\n<\/tr>\n<tr>\n<td>Forma Numaras\u0131<b>:<\/b>9<\/td>\n<\/tr>\n<tr>\n<td>Fenerbah\u00e7e&#8217;ye Geli\u015f Tarihi: 2017<\/td>\n<\/tr>\n<tr>\n<td>Daha \u00d6nce Oynad\u0131\u011f\u0131 Tak\u0131mlar: Sakaryaspor<\/td>\n<\/tr>\n<tr>\n<td><\/td>\n<\/tr>\n<tr>\n<td>\n<p>&nbsp;<\/p>\n<table>\n<tbody>\n<tr>\n<td><\/td>\n<\/tr>\n<\/tbody>\n<\/table>\n<\/td>\n<\/tr>\n<tr>\n<td><\/td>\n<\/tr>\n<\/tbody>\n<\/table>\n<\/td>\n<\/tr>\n<tr>\n<td valign=\"top\" width=\"170\"><\/td>\n<td valign=\"top\" width=\"280\"><\/td>\n<\/tr>\n<\/tbody>\n<\/table>\n<table border=\"0\" width=\"450\" cellspacing=\"0\" cellpadding=\"0\">\n<tbody>\n<tr>\n<td valign=\"top\" width=\"170\"><img decoding=\"async\" src=\"https:\/\/cdn.fenerbahce.org\/pic_lib\/eyupakcannn.JPG\" width=\"150\" height=\"150\" \/><\/td>\n<td valign=\"top\" width=\"280\">\n<table border=\"0\" width=\"279\" cellspacing=\"0\" cellpadding=\"0\">\n<tbody>\n<tr>\n<td>Oyuncunun Ad\u0131: Ey\u00fcp Akcan<\/td>\n<\/tr>\n<tr>\n<td>Do\u011fum Tarihi::04-02-2002<\/td>\n<\/tr>\n<tr>\n<td>Do\u011fum Yeri:\u0130stanbul<\/td>\n<\/tr>\n<tr>\n<td>Boyu:1-65<\/td>\n<\/tr>\n<tr>\n<td>Kilosu<b>:<\/b>57<\/td>\n<\/tr>\n<tr>\n<td>Mevkii<strong>:<\/strong>Orta Saha<\/td>\n<\/tr>\n<tr>\n<td>Forma Numaras\u0131<b>:<\/b>8<\/td>\n<\/tr>\n<tr>\n<td>Fenerbah\u00e7e&#8217;ye Geli\u015f Tarihi: 2016<\/td>\n<\/tr>\n<tr>\n<td>&nbsp;<\/td>\n<\/tr>\n<tr>\n<td><\/td>\n<\/tr>\n<tr>\n<td>\n<p>&nbsp;<\/p>\n<table>\n<tbody>\n<tr>\n<td><\/td>\n<\/tr>\n<\/tbody>\n<\/table>\n<\/td>\n<\/tr>\n<tr>\n<td><\/td>\n<\/tr>\n<\/tbody>\n<\/table>\n<\/td>\n<\/tr>\n<tr>\n<td valign=\"top\" width=\"170\"><\/td>\n<td valign=\"top\" width=\"280\"><\/td>\n<\/tr>\n<\/tbody>\n<\/table>\n<table border=\"0\" width=\"450\" cellspacing=\"0\" cellpadding=\"0\">\n<tbody>\n<tr>\n<td valign=\"top\" width=\"170\"><img decoding=\"async\" src=\"https:\/\/cdn.fenerbahce.org\/pic_lib\/enestopal.JPG\" width=\"150\" height=\"150\" \/><\/td>\n<td valign=\"top\" width=\"280\">\n<table border=\"0\" width=\"279\" cellspacing=\"0\" cellpadding=\"0\">\n<tbody>\n<tr>\n<td>Oyuncunun Ad\u0131: Enes Topal<\/td>\n<\/tr>\n<tr>\n<td>Do\u011fum Tarihi: 19-02-2000<\/td>\n<\/tr>\n<tr>\n<td>Do\u011fum Yeri: \u0130stanbul<\/td>\n<\/tr>\n<tr>\n<td>Boyu:1-80<\/td>\n<\/tr>\n<tr>\n<td>Kilosu<b>:<\/b>82<\/td>\n<\/tr>\n<tr>\n<td>Mevkii<strong>:<\/strong>Sa\u011fbek<\/td>\n<\/tr>\n<tr>\n<td>Forma Numaras\u0131<b>:<\/b>2<\/td>\n<\/tr>\n<tr>\n<td>Fenerbah\u00e7e&#8217;ye Geli\u015f Tarihi:2012<\/td>\n<\/tr>\n<tr>\n<td>Daha \u00d6nce Oynad\u0131\u011f\u0131 Tak\u0131mlar: Bah\u00e7elievler Olimmpik Spor<\/td>\n<\/tr>\n<tr>\n<td><\/td>\n<\/tr>\n<tr>\n<td>\n<p>&nbsp;<\/p>\n<table>\n<tbody>\n<tr>\n<td><\/td>\n<\/tr>\n<\/tbody>\n<\/table>\n<\/td>\n<\/tr>\n<tr>\n<td><\/td>\n<\/tr>\n<\/tbody>\n<\/table>\n<\/td>\n<\/tr>\n<tr>\n<td valign=\"top\" width=\"170\"><\/td>\n<td valign=\"top\" width=\"280\"><\/td>\n<\/tr>\n<\/tbody>\n<\/table>\n<table border=\"0\" width=\"450\" cellspacing=\"0\" cellpadding=\"0\">\n<tbody>\n<tr>\n<td valign=\"top\" width=\"170\"><img decoding=\"async\" src=\"https:\/\/cdn.fenerbahce.org\/pic_lib\/mehmetburakyilmaz.JPG\" width=\"150\" height=\"150\" \/><\/td>\n<td valign=\"top\" width=\"280\">\n<table border=\"0\" width=\"279\" cellspacing=\"0\" cellpadding=\"0\">\n<tbody>\n<tr>\n<td>Oyuncunun Ad\u0131: Mehmet Burak Y\u0131lmaz<\/td>\n<\/tr>\n<tr>\n<td>Do\u011fum Tarihi: 13-04-1999<\/td>\n<\/tr>\n<tr>\n<td>Do\u011fum Yeri\u0130 stanbul<\/td>\n<\/tr>\n<tr>\n<td>Boyu:1-85<\/td>\n<\/tr>\n<tr>\n<td>Kilosu<b>:<\/b>72<\/td>\n<\/tr>\n<tr>\n<td>Mevkii<strong>:<\/strong> Orta Saha<\/td>\n<\/tr>\n<tr>\n<td>Forma Numaras\u0131<b>:<\/b>2<\/td>\n<\/tr>\n<tr>\n<td>Fenerbah\u00e7e&#8217;ye Geli\u015f Tarihi: 2013<\/td>\n<\/tr>\n<tr>\n<td>Daha \u00d6nce Oynad\u0131\u011f\u0131 Tak\u0131mlar: Ba\u011flarba\u015f\u0131<\/td>\n<\/tr>\n<tr>\n<td>Millilik Say\u0131s\u0131: 8<\/td>\n<\/tr>\n<tr>\n<td>\n<p>&nbsp;<\/p>\n<table>\n<tbody>\n<tr>\n<td><\/td>\n<\/tr>\n<\/tbody>\n<\/table>\n<\/td>\n<\/tr>\n<tr>\n<td><\/td>\n<\/tr>\n<\/tbody>\n<\/table>\n<\/td>\n<\/tr>\n<tr>\n<td valign=\"top\" width=\"170\"><\/td>\n<td valign=\"top\" width=\"280\"><\/td>\n<\/tr>\n<\/tbody>\n<\/table>\n<table border=\"0\" width=\"450\" cellspacing=\"0\" cellpadding=\"0\">\n<tbody>\n<tr>\n<td valign=\"top\" width=\"170\"><img decoding=\"async\" src=\"https:\/\/cdn.fenerbahce.org\/pic_lib\/batinozdemirrr.JPG\" \/><\/td>\n<td valign=\"top\" width=\"280\">\n<table border=\"0\" width=\"279\" cellspacing=\"0\" cellpadding=\"0\">\n<tbody>\n<tr>\n<td>Oyuncunun Ad\u0131: Bat\u0131n \u00d6zdemir<\/td>\n<\/tr>\n<tr>\n<td>Do\u011fum tarihi: 27-02-2002<\/td>\n<\/tr>\n<tr>\n<td>Do\u011fum Yeri: Manisa<\/td>\n<\/tr>\n<tr>\n<td>Boyu:1-76<\/td>\n<\/tr>\n<tr>\n<td>Kilosu<b>:<\/b>70<\/td>\n<\/tr>\n<tr>\n<td>Mevkii<strong>:<\/strong>Orta Saha<\/td>\n<\/tr>\n<tr>\n<td>Forma Numaras\u0131<b>:<\/b>6<\/td>\n<\/tr>\n<tr>\n<td>Fenerbah\u00e7e&#8217;ye Geli\u015f Tarihi: 2012<\/td>\n<\/tr>\n<tr>\n<td>Daha \u00d6nce Oynad\u0131\u011f\u0131 Tak\u0131mlar: Manisaspor<\/td>\n<\/tr>\n<tr>\n<td>Millilik Say\u0131s\u0131: 22<\/td>\n<\/tr>\n<tr>\n<td>\n<p>&nbsp;<\/p>\n<table>\n<tbody>\n<tr>\n<td><\/td>\n<\/tr>\n<\/tbody>\n<\/table>\n<\/td>\n<\/tr>\n<tr>\n<td><\/td>\n<\/tr>\n<\/tbody>\n<\/table>\n<\/td>\n<\/tr>\n<tr>\n<td valign=\"top\" width=\"170\"><\/td>\n<td valign=\"top\" width=\"280\"><\/td>\n<\/tr>\n<\/tbody>\n<\/table>\n<table border=\"0\" width=\"450\" cellspacing=\"0\" cellpadding=\"0\">\n<tbody>\n<tr>\n<td valign=\"top\" width=\"170\"><img decoding=\"async\" src=\"https:\/\/cdn.fenerbahce.org\/pic_lib\/abdullahyigiter.JPG\" width=\"150\" height=\"150\" \/><\/td>\n<td valign=\"top\" width=\"280\">\n<table border=\"0\" width=\"279\" cellspacing=\"0\" cellpadding=\"0\">\n<tbody>\n<tr>\n<td>Oyuncunun Ad\u0131: Abdullah Yi\u011fiter<\/td>\n<\/tr>\n<tr>\n<td>Do\u011fum Tarihi: 20-02-2000<\/td>\n<\/tr>\n<tr>\n<td>Do\u011fum Yeri: Diyarbak\u0131r<\/td>\n<\/tr>\n<tr>\n<td>Boyu:1-89<\/td>\n<\/tr>\n<tr>\n<td>Kilosu<b>:<\/b>77<\/td>\n<\/tr>\n<tr>\n<td>Mevkii<strong>:<\/strong>Kaleci<\/td>\n<\/tr>\n<tr>\n<td>Forma Numaras\u0131<b>:<\/b>1<\/td>\n<\/tr>\n<tr>\n<td>Fenerbah\u00e7e&#8217;ye Geli\u015f Tarihi: 2016<\/td>\n<\/tr>\n<tr>\n<td>Daha \u00d6nce Oynad\u0131\u011f\u0131 Tak\u0131mlar: D.S\u0130 Amedspor<\/td>\n<\/tr>\n<tr>\n<td><\/td>\n<\/tr>\n<tr>\n<td>\n<p>&nbsp;<\/p>\n<table>\n<tbody>\n<tr>\n<td><\/td>\n<\/tr>\n<\/tbody>\n<\/table>\n<\/td>\n<\/tr>\n<tr>\n<td><\/td>\n<\/tr>\n<\/tbody>\n<\/table>\n<\/td>\n<\/tr>\n<tr>\n<td valign=\"top\" width=\"170\"><\/td>\n<td valign=\"top\" width=\"280\"><\/td>\n<\/tr>\n<\/tbody>\n<\/table>\n<table border=\"0\" width=\"450\" cellspacing=\"0\" cellpadding=\"0\">\n<tbody>\n<tr>\n<td valign=\"top\" width=\"170\"><img decoding=\"async\" src=\"https:\/\/cdn.fenerbahce.org\/pic_lib\/alperuguz.JPG\" width=\"150\" height=\"150\" \/><\/td>\n<td valign=\"top\" width=\"280\">\n<table border=\"0\" width=\"279\" cellspacing=\"0\" cellpadding=\"0\">\n<tbody>\n<tr>\n<td>Oyuncunun Ad\u0131: Alper U\u011fuz<\/td>\n<\/tr>\n<tr>\n<td>Do\u011fum Tarihi: 20-02-1999<\/td>\n<\/tr>\n<tr>\n<td>Do\u011fum Yeri: \u0130zmir<\/td>\n<\/tr>\n<tr>\n<td>Boyu:1-84<\/td>\n<\/tr>\n<tr>\n<td>Kilosu<b>:<\/b>74<\/td>\n<\/tr>\n<tr>\n<td>Mevkii<strong>:<\/strong>Orta Saha<\/td>\n<\/tr>\n<tr>\n<td>Forma Numaras\u0131<b>:<\/b>8<\/td>\n<\/tr>\n<tr>\n<td>Fenerbah\u00e7e&#8217;ye Geli\u015f Tarihi: 2012<\/td>\n<\/tr>\n<tr>\n<td>Daha \u00d6nce Oynad\u0131\u011f\u0131 Tak\u0131mlar: \u00d6demi\u015f Bld Spor<\/td>\n<\/tr>\n<tr>\n<td>Millilik Say\u0131s\u0131: 2<\/td>\n<\/tr>\n<tr>\n<td>\n<p>Ba\u015far\u0131lar\u0131: U-14 T\u00fcrkiye \u015eampiyonlu\u011fu<\/p>\n<table>\n<tbody>\n<tr>\n<td><\/td>\n<\/tr>\n<\/tbody>\n<\/table>\n<\/td>\n<\/tr>\n<tr>\n<td><\/td>\n<\/tr>\n<\/tbody>\n<\/table>\n<\/td>\n<\/tr>\n<tr>\n<td valign=\"top\" width=\"170\"><\/td>\n<td valign=\"top\" width=\"280\"><\/td>\n<\/tr>\n<\/tbody>\n<\/table>\n<table border=\"0\" width=\"450\" cellspacing=\"0\" cellpadding=\"0\">\n<tbody>\n<tr>\n<td valign=\"top\" width=\"170\"><img decoding=\"async\" src=\"https:\/\/cdn.fenerbahce.org\/pic_lib\/halilyigityitmez.JPG\" width=\"150\" height=\"150\" \/><\/td>\n<td valign=\"top\" width=\"280\">\n<table border=\"0\" width=\"279\" cellspacing=\"0\" cellpadding=\"0\">\n<tbody>\n<tr>\n<td>Oyuncunun Ad\u0131: Halil Yi\u011fit Yitmez<\/td>\n<\/tr>\n<tr>\n<td>Do\u011fum Tarihi: 14-01-2000<\/td>\n<\/tr>\n<tr>\n<td>Do\u011fum Yeri: \u0130stanbul<\/td>\n<\/tr>\n<tr>\n<td>Boyu:1-86<\/td>\n<\/tr>\n<tr>\n<td>Kilosu<b>:<\/b>72<\/td>\n<\/tr>\n<tr>\n<td>Mevkii<strong>:<\/strong>Kaleci<\/td>\n<\/tr>\n<tr>\n<td>Forma Numaras\u0131<b>:<\/b>25<\/td>\n<\/tr>\n<tr>\n<td>Fenerbah\u00e7e&#8217;ye Geli\u015f Tarihi: 2017<\/td>\n<\/tr>\n<tr>\n<td>Daha \u00d6nce Oynad\u0131\u011f\u0131 Tak\u0131mlar: Galatasaray<\/td>\n<\/tr>\n<tr>\n<td><\/td>\n<\/tr>\n<tr>\n<td>\n<p>Ba\u015far\u0131lar\u0131: 2014 T\u00fcrkiye \u015eampiyonlu\u011fu 2015 N\u0131ke Cup T\u00fcrkiye \u015eampiyonlu\u011fu<\/p>\n<table>\n<tbody>\n<tr>\n<td><\/td>\n<\/tr>\n<\/tbody>\n<\/table>\n<\/td>\n<\/tr>\n<tr>\n<td><\/td>\n<\/tr>\n<\/tbody>\n<\/table>\n<\/td>\n<\/tr>\n<tr>\n<td valign=\"top\" width=\"170\"><\/td>\n<td valign=\"top\" width=\"280\"><\/td>\n<\/tr>\n<\/tbody>\n<\/table>\n<table border=\"0\" width=\"450\" cellspacing=\"0\" cellpadding=\"0\">\n<tbody>\n<tr>\n<td valign=\"top\" width=\"170\"><img decoding=\"async\" src=\"https:\/\/cdn.fenerbahce.org\/pic_lib\/atakanakyol.jpg\" width=\"150\" height=\"150\" \/><\/td>\n<td valign=\"top\" width=\"280\">\n<table border=\"0\" width=\"279\" cellspacing=\"0\" cellpadding=\"0\">\n<tbody>\n<tr>\n<td>Oyuncunun Ad\u0131: Atakan Akyol<\/td>\n<\/tr>\n<tr>\n<td>Do\u011fum Tarihi: 26-01-2000<\/td>\n<\/tr>\n<tr>\n<td>Do\u011fum Yeri: \u0130stanbul<\/td>\n<\/tr>\n<tr>\n<td>Boyu:1-92<\/td>\n<\/tr>\n<tr>\n<td>Kilosu<b>:<\/b>87<\/td>\n<\/tr>\n<tr>\n<td>Mevkii<strong>:<\/strong>Kaleci<\/td>\n<\/tr>\n<tr>\n<td>Forma Numaras\u0131<b>:<\/b>1<\/td>\n<\/tr>\n<tr>\n<td>Fenerbah\u00e7e&#8217;ye Geli\u015f Tarihi: 2010<\/td>\n<\/tr>\n<tr>\n<td>Daha \u00d6nce Oynad\u0131\u011f\u0131 Tak\u0131mlar: Ba\u015fak\u015fehir, Galatasaray<\/td>\n<\/tr>\n<tr>\n<td>Millilik Say\u0131s\u0131: 18<\/td>\n<\/tr>\n<tr>\n<td>Ba\u015far\u0131lar\u0131: 2016 U-17 T\u00fcrkiye \u015eampiyonlu\u011fu, 2016 U-16 Ege Kupas\u0131 \u015eampiyonlu\u011fu<\/td>\n<\/tr>\n<\/tbody>\n<\/table>\n<\/td>\n<\/tr>\n<\/tbody>\n<\/table>\n<p>[\/vc_column_text][\/vc_tta_section][vc_tta_section title=&#8221;19 Ya\u015f Alt\u0131 Gen\u00e7 Tak\u0131m\u0131m\u0131z&#8221; tab_id=&#8221;1536485374048-0f7c6e64-e7dd&#8221;][vc_column_text]<\/p>\n<table border=\"0\" width=\"450\" cellspacing=\"0\" cellpadding=\"0\">\n<tbody>\n<tr>\n<td valign=\"top\" width=\"170\"><img decoding=\"async\" src=\"https:\/\/cdn.fenerbahce.org\/pic_lib\/dogukanaydemirrrrr.JPG\" \/><\/td>\n<td valign=\"top\" width=\"280\">\n<table border=\"0\" width=\"279\" cellspacing=\"0\" cellpadding=\"0\">\n<tbody>\n<tr>\n<td>Oyuncunun ad\u0131: Do\u011fukan Aydemir<\/td>\n<\/tr>\n<tr>\n<td>Do\u011fum Tarihi:08-02-2000<\/td>\n<\/tr>\n<tr>\n<td>Do\u011fum Yeri:Antalya<\/td>\n<\/tr>\n<tr>\n<td>Boyu:1-75<\/td>\n<\/tr>\n<tr>\n<td>Kilosu: 65<\/td>\n<\/tr>\n<tr>\n<td>Mevkii: Orta Saha<\/td>\n<\/tr>\n<tr>\n<td>Forma Numaras\u0131<b>:7<\/b><\/td>\n<\/tr>\n<tr>\n<td>Fenerbah\u00e7e&#8217;ye Geli\u015f Tarihi: 2013<\/td>\n<\/tr>\n<tr>\n<td>Daha \u00d6nce Oynad\u0131\u011f\u0131 Tak\u0131mlar:\u00d6zerspor<\/td>\n<\/tr>\n<tr>\n<td><\/td>\n<\/tr>\n<tr>\n<td>\n<p>&nbsp;<\/p>\n<table>\n<tbody>\n<tr>\n<td><\/td>\n<\/tr>\n<\/tbody>\n<\/table>\n<\/td>\n<\/tr>\n<tr>\n<td><\/td>\n<\/tr>\n<\/tbody>\n<\/table>\n<\/td>\n<\/tr>\n<tr>\n<td valign=\"top\" width=\"170\"><\/td>\n<td valign=\"top\" width=\"280\"><\/td>\n<\/tr>\n<\/tbody>\n<\/table>\n<table border=\"0\" width=\"450\" cellspacing=\"0\" cellpadding=\"0\">\n<tbody>\n<tr>\n<td valign=\"top\" width=\"170\"><img decoding=\"async\" src=\"https:\/\/cdn.fenerbahce.org\/pic_lib\/ceyhunsariii.JPG\" width=\"150\" height=\"150\" \/><\/td>\n<td valign=\"top\" width=\"280\">\n<table border=\"0\" width=\"279\" cellspacing=\"0\" cellpadding=\"0\">\n<tbody>\n<tr>\n<td>Oyuncunun ad\u0131: Ceyhun Sar\u0131<\/td>\n<\/tr>\n<tr>\n<td>Do\u011fum Tarihi:07-05-2000<\/td>\n<\/tr>\n<tr>\n<td>Do\u011fum Yeri:Rize<\/td>\n<\/tr>\n<tr>\n<td>Boyu:1-75<\/td>\n<\/tr>\n<tr>\n<td>Kilosu: 67<\/td>\n<\/tr>\n<tr>\n<td>Mevkii: Orta Saha<\/td>\n<\/tr>\n<tr>\n<td>Forma Numaras\u0131<b>:<\/b>10<\/td>\n<\/tr>\n<tr>\n<td>Fenerbah\u00e7e&#8217;ye Geli\u015f Tarihi: 2015<\/td>\n<\/tr>\n<tr>\n<td>Daha \u00d6nce Oynad\u0131\u011f\u0131 Tak\u0131mlar:Pazarspor<\/td>\n<\/tr>\n<tr>\n<td><\/td>\n<\/tr>\n<tr>\n<td>\n<p>&nbsp;<\/p>\n<table>\n<tbody>\n<tr>\n<td><\/td>\n<\/tr>\n<\/tbody>\n<\/table>\n<\/td>\n<\/tr>\n<tr>\n<td><\/td>\n<\/tr>\n<\/tbody>\n<\/table>\n<\/td>\n<\/tr>\n<tr>\n<td valign=\"top\" width=\"170\"><\/td>\n<td valign=\"top\" width=\"280\"><\/td>\n<\/tr>\n<\/tbody>\n<\/table>\n<table border=\"0\" width=\"450\" cellspacing=\"0\" cellpadding=\"0\">\n<tbody>\n<tr>\n<td valign=\"top\" width=\"170\"><img decoding=\"async\" src=\"https:\/\/cdn.fenerbahce.org\/pic_lib\/emirmiraykoksalll.JPG\" width=\"150\" height=\"150\" \/><\/td>\n<td valign=\"top\" width=\"280\">\n<table border=\"0\" width=\"279\" cellspacing=\"0\" cellpadding=\"0\">\n<tbody>\n<tr>\n<td>Oyuncunun ad\u0131: Emir Miray K\u00f6ksal<\/td>\n<\/tr>\n<tr>\n<td>Do\u011fum Tarihi:18-10-2001<\/td>\n<\/tr>\n<tr>\n<td>Do\u011fum Yeri:Sakarya<\/td>\n<\/tr>\n<tr>\n<td>Boyu:1-78<\/td>\n<\/tr>\n<tr>\n<td>Kilosu: 70<\/td>\n<\/tr>\n<tr>\n<td>Mevkii: Solbek<\/td>\n<\/tr>\n<tr>\n<td>Forma Numaras\u0131<b>:<\/b>3<\/td>\n<\/tr>\n<tr>\n<td>Fenerbah\u00e7e&#8217;ye Geli\u015f Tarihi: 2017<\/td>\n<\/tr>\n<tr>\n<td>Daha \u00d6nce Oynad\u0131\u011f\u0131 Tak\u0131mlar:Sakaryaspor<\/td>\n<\/tr>\n<tr>\n<td><\/td>\n<\/tr>\n<tr>\n<td>\n<p>&nbsp;<\/p>\n<table>\n<tbody>\n<tr>\n<td><\/td>\n<\/tr>\n<\/tbody>\n<\/table>\n<\/td>\n<\/tr>\n<tr>\n<td><\/td>\n<\/tr>\n<\/tbody>\n<\/table>\n<\/td>\n<\/tr>\n<tr>\n<td valign=\"top\" width=\"170\"><\/td>\n<td valign=\"top\" width=\"280\"><\/td>\n<\/tr>\n<\/tbody>\n<\/table>\n<table border=\"0\" width=\"450\" cellspacing=\"0\" cellpadding=\"0\">\n<tbody>\n<tr>\n<td valign=\"top\" width=\"170\"><img decoding=\"async\" src=\"https:\/\/cdn.fenerbahce.org\/pic_lib\/kaanpariltannn.jpg\" width=\"150\" height=\"150\" \/><\/td>\n<td valign=\"top\" width=\"280\">\n<table border=\"0\" width=\"279\" cellspacing=\"0\" cellpadding=\"0\">\n<tbody>\n<tr>\n<td>Oyuncunun ad\u0131: Kaan Par\u0131ltan<\/td>\n<\/tr>\n<tr>\n<td>Do\u011fum Tarihi:12-04-2000<\/td>\n<\/tr>\n<tr>\n<td>Do\u011fum Yeri:Yalova<\/td>\n<\/tr>\n<tr>\n<td>Boyu:1-90<\/td>\n<\/tr>\n<tr>\n<td>Kilosu: 85<\/td>\n<\/tr>\n<tr>\n<td>Mevkii: Kaleci<\/td>\n<\/tr>\n<tr>\n<td>Forma Numaras\u0131<b>:<\/b>21<\/td>\n<\/tr>\n<tr>\n<td>Fenerbah\u00e7e&#8217;ye Geli\u015f Tarihi: 2018<\/td>\n<\/tr>\n<tr>\n<td>Daha \u00d6nce Oynad\u0131\u011f\u0131 Tak\u0131mlar:Yalovaspor<\/td>\n<\/tr>\n<tr>\n<td><\/td>\n<\/tr>\n<tr>\n<td>\n<p>&nbsp;<\/p>\n<table>\n<tbody>\n<tr>\n<td><\/td>\n<\/tr>\n<\/tbody>\n<\/table>\n<\/td>\n<\/tr>\n<tr>\n<td><\/td>\n<\/tr>\n<\/tbody>\n<\/table>\n<\/td>\n<\/tr>\n<tr>\n<td valign=\"top\" width=\"170\"><\/td>\n<td valign=\"top\" width=\"280\"><\/td>\n<\/tr>\n<\/tbody>\n<\/table>\n<table border=\"0\" width=\"450\" cellspacing=\"0\" cellpadding=\"0\">\n<tbody>\n<tr>\n<td valign=\"top\" width=\"170\"><img decoding=\"async\" src=\"https:\/\/cdn.fenerbahce.org\/pic_lib\/serhatahmetogluu.JPG\" width=\"150\" height=\"150\" \/><\/td>\n<td valign=\"top\" width=\"280\">\n<table border=\"0\" width=\"279\" cellspacing=\"0\" cellpadding=\"0\">\n<tbody>\n<tr>\n<td>Oyuncunun ad\u0131: Serhat Ahmeto\u011flu<\/td>\n<\/tr>\n<tr>\n<td>Do\u011fum Tarihi:05-02-2002<\/td>\n<\/tr>\n<tr>\n<td>Do\u011fum Yeri:\u0130stanbul<\/td>\n<\/tr>\n<tr>\n<td>Boyu:1-83<\/td>\n<\/tr>\n<tr>\n<td>Kilosu: 75<\/td>\n<\/tr>\n<tr>\n<td>Mevkii: Forvet<\/td>\n<\/tr>\n<tr>\n<td>Forma Numaras\u0131<b>:<\/b>22<\/td>\n<\/tr>\n<tr>\n<td>Fenerbah\u00e7e&#8217;ye Geli\u015f Tarihi: 2012<\/td>\n<\/tr>\n<tr>\n<td>&nbsp;<\/td>\n<\/tr>\n<tr>\n<td>Millilik Say\u0131s\u0131:2<\/td>\n<\/tr>\n<tr>\n<td>\n<p>&nbsp;<\/p>\n<table>\n<tbody>\n<tr>\n<td><\/td>\n<\/tr>\n<\/tbody>\n<\/table>\n<\/td>\n<\/tr>\n<tr>\n<td><\/td>\n<\/tr>\n<\/tbody>\n<\/table>\n<\/td>\n<\/tr>\n<tr>\n<td valign=\"top\" width=\"170\"><\/td>\n<td valign=\"top\" width=\"280\"><\/td>\n<\/tr>\n<\/tbody>\n<\/table>\n<table border=\"0\" width=\"450\" cellspacing=\"0\" cellpadding=\"0\">\n<tbody>\n<tr>\n<td valign=\"top\" width=\"170\"><img decoding=\"async\" src=\"https:\/\/cdn.fenerbahce.org\/pic_lib\/yahyakemalberberr.jpg\" width=\"150\" height=\"150\" \/><\/td>\n<td valign=\"top\" width=\"280\">\n<table border=\"0\" width=\"279\" cellspacing=\"0\" cellpadding=\"0\">\n<tbody>\n<tr>\n<td>Oyuncunun ad\u0131: Yahya Kemal Berber<\/td>\n<\/tr>\n<tr>\n<td>Do\u011fum Tarihi: 16-08-2000<\/td>\n<\/tr>\n<tr>\n<td>Do\u011fum Yeri:\u0130stanbul<\/td>\n<\/tr>\n<tr>\n<td>Boyu:1-90<\/td>\n<\/tr>\n<tr>\n<td>Kilosu: 79<\/td>\n<\/tr>\n<tr>\n<td>Mevkii: Stoper<\/td>\n<\/tr>\n<tr>\n<td>Forma Numaras\u0131<b>:<\/b>13<\/td>\n<\/tr>\n<tr>\n<td>Fenerbah\u00e7e&#8217;ye Geli\u015f Tarihi: 2018<\/td>\n<\/tr>\n<tr>\n<td>Daha \u00d6nce Oynad\u0131\u011f\u0131 Tak\u0131mlar:Dardanelspor, Ey\u00fcpspor<\/td>\n<\/tr>\n<tr>\n<td><\/td>\n<\/tr>\n<tr>\n<td>\n<p>&nbsp;<\/p>\n<table>\n<tbody>\n<tr>\n<td><\/td>\n<\/tr>\n<\/tbody>\n<\/table>\n<\/td>\n<\/tr>\n<tr>\n<td><\/td>\n<\/tr>\n<\/tbody>\n<\/table>\n<\/td>\n<\/tr>\n<tr>\n<td valign=\"top\" width=\"170\"><\/td>\n<td valign=\"top\" width=\"280\"><\/td>\n<\/tr>\n<\/tbody>\n<\/table>\n<table border=\"0\" width=\"450\" cellspacing=\"0\" cellpadding=\"0\">\n<tbody>\n<tr>\n<td valign=\"top\" width=\"170\"><img decoding=\"async\" src=\"https:\/\/cdn.fenerbahce.org\/pic_lib\/tanjuakpolattt.JPG\" width=\"150\" height=\"150\" \/><\/td>\n<td valign=\"top\" width=\"280\">\n<table border=\"0\" width=\"279\" cellspacing=\"0\" cellpadding=\"0\">\n<tbody>\n<tr>\n<td>Oyuncunun ad\u0131: Tanju Akpolat<\/td>\n<\/tr>\n<tr>\n<td>Do\u011fum Tarihi:25-06-2000<\/td>\n<\/tr>\n<tr>\n<td>Do\u011fum Yeri:\u0130stanbul<\/td>\n<\/tr>\n<tr>\n<td>Boyu:1-7 8<\/td>\n<\/tr>\n<tr>\n<td>Kilosu: 78<\/td>\n<\/tr>\n<tr>\n<td>Mevkii: Sa\u011fa\u00e7\u0131k, Sola\u00e7\u0131k<\/td>\n<\/tr>\n<tr>\n<td>Forma Numaras\u0131<b>:<\/b>11<\/td>\n<\/tr>\n<tr>\n<td>Fenerbah\u00e7e&#8217;ye Geli\u015f Tarihi: 2015<\/td>\n<\/tr>\n<tr>\n<td>Daha \u00d6nce Oynad\u0131\u011f\u0131 Tak\u0131mlar:Kartalspor<\/td>\n<\/tr>\n<tr>\n<td><\/td>\n<\/tr>\n<tr>\n<td>\n<table>\n<tbody>\n<tr>\n<td><\/td>\n<\/tr>\n<\/tbody>\n<\/table>\n<\/td>\n<\/tr>\n<tr>\n<td><\/td>\n<\/tr>\n<\/tbody>\n<\/table>\n<\/td>\n<\/tr>\n<tr>\n<td valign=\"top\" width=\"170\"><\/td>\n<td valign=\"top\" width=\"280\"><\/td>\n<\/tr>\n<\/tbody>\n<\/table>\n<table border=\"0\" width=\"450\" cellspacing=\"0\" cellpadding=\"0\">\n<tbody>\n<tr>\n<td valign=\"top\" width=\"170\"><img decoding=\"async\" src=\"https:\/\/cdn.fenerbahce.org\/pic_lib\/birkanaktasss.JPG\" width=\"150\" height=\"150\" \/><\/td>\n<td valign=\"top\" width=\"280\">\n<table border=\"0\" width=\"279\" cellspacing=\"0\" cellpadding=\"0\">\n<tbody>\n<tr>\n<td>Oyuncunun ad\u0131: Birkan Akta\u015f<\/td>\n<\/tr>\n<tr>\n<td>Do\u011fum Tarihi:14-03-2001<\/td>\n<\/tr>\n<tr>\n<td>Do\u011fum Yeri:\u0130stanbul<\/td>\n<\/tr>\n<tr>\n<td>Boyu:1-80<\/td>\n<\/tr>\n<tr>\n<td>Kilosu: 72<\/td>\n<\/tr>\n<tr>\n<td>Mevkii: Forvet<\/td>\n<\/tr>\n<tr>\n<td>Forma Numaras\u0131<b>:<\/b>19<\/td>\n<\/tr>\n<tr>\n<td>Fenerbah\u00e7e&#8217;ye Geli\u015f Tarihi: 2010<\/td>\n<\/tr>\n<tr>\n<td>&nbsp;<\/td>\n<\/tr>\n<tr>\n<td><\/td>\n<\/tr>\n<tr>\n<td>\n<p>Ba\u015far\u0131lar\u0131: U-14 ve U-16 T\u00fcrkiye2,<\/p>\n<table>\n<tbody>\n<tr>\n<td><\/td>\n<\/tr>\n<\/tbody>\n<\/table>\n<\/td>\n<\/tr>\n<tr>\n<td><\/td>\n<\/tr>\n<\/tbody>\n<\/table>\n<\/td>\n<\/tr>\n<tr>\n<td valign=\"top\" width=\"170\"><\/td>\n<td valign=\"top\" width=\"280\"><\/td>\n<\/tr>\n<\/tbody>\n<\/table>\n<table border=\"0\" width=\"450\" cellspacing=\"0\" cellpadding=\"0\">\n<tbody>\n<tr>\n<td valign=\"top\" width=\"170\"><img decoding=\"async\" src=\"https:\/\/cdn.fenerbahce.org\/pic_lib\/denizyilmaaazzz.JPG\" \/><\/td>\n<td valign=\"top\" width=\"280\">\n<table border=\"0\" width=\"279\" cellspacing=\"0\" cellpadding=\"0\">\n<tbody>\n<tr>\n<td>Oyuncunun ad\u0131: Deniz Y\u0131lmaz<\/td>\n<\/tr>\n<tr>\n<td>Do\u011fum Tarihi:12-01-2000<\/td>\n<\/tr>\n<tr>\n<td>Do\u011fum Yeri:\u0130stanbul<\/td>\n<\/tr>\n<tr>\n<td>Boyu:1-89<\/td>\n<\/tr>\n<tr>\n<td>Kilosu: 79<\/td>\n<\/tr>\n<tr>\n<td>Mevkii: Stoper<\/td>\n<\/tr>\n<tr>\n<td>Forma Numaras\u0131<b>:<\/b>5<\/td>\n<\/tr>\n<tr>\n<td>Fenerbah\u00e7e&#8217;ye Geli\u015f Tarihi: 2011<\/td>\n<\/tr>\n<tr>\n<td>&nbsp;<\/td>\n<\/tr>\n<tr>\n<td><\/td>\n<\/tr>\n<tr>\n<td>\n<p>&nbsp;<\/p>\n<table>\n<tbody>\n<tr>\n<td><\/td>\n<\/tr>\n<\/tbody>\n<\/table>\n<\/td>\n<\/tr>\n<tr>\n<td><\/td>\n<\/tr>\n<\/tbody>\n<\/table>\n<\/td>\n<\/tr>\n<tr>\n<td valign=\"top\" width=\"170\"><\/td>\n<td valign=\"top\" width=\"280\"><\/td>\n<\/tr>\n<\/tbody>\n<\/table>\n<table border=\"0\" width=\"450\" cellspacing=\"0\" cellpadding=\"0\">\n<tbody>\n<tr>\n<td valign=\"top\" width=\"170\"><img decoding=\"async\" src=\"https:\/\/cdn.fenerbahce.org\/pic_lib\/oguzhanozcannn.JPG\" width=\"150\" height=\"150\" \/><\/td>\n<td valign=\"top\" width=\"280\">\n<table border=\"0\" width=\"279\" cellspacing=\"0\" cellpadding=\"0\">\n<tbody>\n<tr>\n<td>Oyuncunun ad\u0131: O\u011fuzhan \u00d6zcan<\/td>\n<\/tr>\n<tr>\n<td>Do\u011fum Tarihi:18-05-2001<\/td>\n<\/tr>\n<tr>\n<td>Do\u011fum Yeri:D\u00fczce<\/td>\n<\/tr>\n<tr>\n<td>Boyu:1-65<\/td>\n<\/tr>\n<tr>\n<td>Kilosu: 58<\/td>\n<\/tr>\n<tr>\n<td>Mevkii: Sa\u011fa\u00e7\u0131k, Sola\u00e7\u0131k<\/td>\n<\/tr>\n<tr>\n<td>Forma Numaras\u0131<b>:<\/b>9<\/td>\n<\/tr>\n<tr>\n<td>Fenerbah\u00e7e&#8217;ye Geli\u015f Tarihi: 2009<\/td>\n<\/tr>\n<tr>\n<td>&nbsp;<\/td>\n<\/tr>\n<tr>\n<td>Millilik Say\u0131s\u0131:12<\/td>\n<\/tr>\n<tr>\n<td>\n<p>Ba\u015far\u0131lar\u0131:U-14 ve U-16 T\u00fcrkiye2,<\/p>\n<table>\n<tbody>\n<tr>\n<td><\/td>\n<\/tr>\n<\/tbody>\n<\/table>\n<\/td>\n<\/tr>\n<tr>\n<td><\/td>\n<\/tr>\n<\/tbody>\n<\/table>\n<\/td>\n<\/tr>\n<tr>\n<td valign=\"top\" width=\"170\"><\/td>\n<td valign=\"top\" width=\"280\"><\/td>\n<\/tr>\n<\/tbody>\n<\/table>\n<table border=\"0\" width=\"450\" cellspacing=\"0\" cellpadding=\"0\">\n<tbody>\n<tr>\n<td valign=\"top\" width=\"170\"><img decoding=\"async\" src=\"https:\/\/cdn.fenerbahce.org\/pic_lib\/emirhankaragulleee.JPG\" width=\"150\" height=\"150\" \/><\/td>\n<td valign=\"top\" width=\"280\">\n<table border=\"0\" width=\"279\" cellspacing=\"0\" cellpadding=\"0\">\n<tbody>\n<tr>\n<td>Oyuncunun ad\u0131: Emirhan Karag\u00fclle<\/td>\n<\/tr>\n<tr>\n<td>Do\u011fum Tarihi:06-08-2001<\/td>\n<\/tr>\n<tr>\n<td>Do\u011fum Yeri:Tekirda\u011f<\/td>\n<\/tr>\n<tr>\n<td>Boyu:1-71<\/td>\n<\/tr>\n<tr>\n<td>Kilosu: 65<\/td>\n<\/tr>\n<tr>\n<td>Mevkii: Orta Saha<\/td>\n<\/tr>\n<tr>\n<td>Forma Numaras\u0131<b>:<\/b>20<\/td>\n<\/tr>\n<tr>\n<td>Fenerbah\u00e7e&#8217;ye Geli\u015f Tarihi: 2017<\/td>\n<\/tr>\n<tr>\n<td>Daha \u00d6nce Oynad\u0131\u011f\u0131 Tak\u0131mlar:Tekirda\u011f Karadeniz Gen\u00e7lik Spor<\/td>\n<\/tr>\n<tr>\n<td><\/td>\n<\/tr>\n<tr>\n<td>\n<p>&nbsp;<\/p>\n<table>\n<tbody>\n<tr>\n<td><\/td>\n<\/tr>\n<\/tbody>\n<\/table>\n<\/td>\n<\/tr>\n<tr>\n<td><\/td>\n<\/tr>\n<\/tbody>\n<\/table>\n<\/td>\n<\/tr>\n<tr>\n<td valign=\"top\" width=\"170\"><\/td>\n<td valign=\"top\" width=\"280\"><\/td>\n<\/tr>\n<\/tbody>\n<\/table>\n<table border=\"0\" width=\"450\" cellspacing=\"0\" cellpadding=\"0\">\n<tbody>\n<tr>\n<td valign=\"top\" width=\"170\"><img decoding=\"async\" src=\"https:\/\/cdn.fenerbahce.org\/pic_lib\/batuhanekinciii.jpg\" width=\"150\" height=\"150\" \/><\/td>\n<td valign=\"top\" width=\"280\">\n<table border=\"0\" width=\"279\" cellspacing=\"0\" cellpadding=\"0\">\n<tbody>\n<tr>\n<td>Oyuncunun ad\u0131: Batuhan Ekinci<\/td>\n<\/tr>\n<tr>\n<td>Do\u011fum Tarihi:25-04-2001<\/td>\n<\/tr>\n<tr>\n<td>Do\u011fum Yeri:\u0130stanbul<\/td>\n<\/tr>\n<tr>\n<td>Boyu:1-75<\/td>\n<\/tr>\n<tr>\n<td>Kilosu: 63<\/td>\n<\/tr>\n<tr>\n<td>Mevkii: Sa\u011fbek<\/td>\n<\/tr>\n<tr>\n<td>Forma Numaras\u0131<b>:<\/b>17<\/td>\n<\/tr>\n<tr>\n<td>Fenerbah\u00e7e&#8217;ye Geli\u015f Tarihi: 2010<\/td>\n<\/tr>\n<tr>\n<td>&nbsp;<\/td>\n<\/tr>\n<tr>\n<td>Millilik Say\u0131s\u0131:16<\/td>\n<\/tr>\n<tr>\n<td>\n<p>Ba\u015far\u0131lar\u0131: U-14 ve U-16 T\u00fcrkiye2, Ege Cup 2,<\/p>\n<table>\n<tbody>\n<tr>\n<td><\/td>\n<\/tr>\n<\/tbody>\n<\/table>\n<\/td>\n<\/tr>\n<tr>\n<td><\/td>\n<\/tr>\n<\/tbody>\n<\/table>\n<\/td>\n<\/tr>\n<tr>\n<td valign=\"top\" width=\"170\"><\/td>\n<td valign=\"top\" width=\"280\"><\/td>\n<\/tr>\n<\/tbody>\n<\/table>\n<table border=\"0\" width=\"450\" cellspacing=\"0\" cellpadding=\"0\">\n<tbody>\n<tr>\n<td valign=\"top\" width=\"170\"><img decoding=\"async\" src=\"https:\/\/cdn.fenerbahce.org\/pic_lib\/cenkalptekinnn.JPG\" width=\"150\" height=\"150\" \/><\/td>\n<td valign=\"top\" width=\"280\">\n<table border=\"0\" width=\"279\" cellspacing=\"0\" cellpadding=\"0\">\n<tbody>\n<tr>\n<td>Oyuncunun ad\u0131: Cenk Alptekin<\/td>\n<\/tr>\n<tr>\n<td>Do\u011fum Tarihi:12-01-2001<\/td>\n<\/tr>\n<tr>\n<td>Do\u011fum Yeri:K\u0131rklareli<\/td>\n<\/tr>\n<tr>\n<td>Boyu:1-92<\/td>\n<\/tr>\n<tr>\n<td>Kilosu: 81<\/td>\n<\/tr>\n<tr>\n<td>Mevkii: Stoper<\/td>\n<\/tr>\n<tr>\n<td>Forma Numaras\u0131<b>:<\/b>4<\/td>\n<\/tr>\n<tr>\n<td>Fenerbah\u00e7e&#8217;ye Geli\u015f Tarihi: 2012<\/td>\n<\/tr>\n<tr>\n<td>&nbsp;<\/td>\n<\/tr>\n<tr>\n<td><\/td>\n<\/tr>\n<tr>\n<td>\n<p>Ba\u015far\u0131lar\u0131: U-14 ve U-16 T\u00fcrkiye2,<\/p>\n<table>\n<tbody>\n<tr>\n<td><\/td>\n<\/tr>\n<\/tbody>\n<\/table>\n<\/td>\n<\/tr>\n<tr>\n<td><\/td>\n<\/tr>\n<\/tbody>\n<\/table>\n<\/td>\n<\/tr>\n<tr>\n<td valign=\"top\" width=\"170\"><\/td>\n<td valign=\"top\" width=\"280\"><\/td>\n<\/tr>\n<\/tbody>\n<\/table>\n<table border=\"0\" width=\"450\" cellspacing=\"0\" cellpadding=\"0\">\n<tbody>\n<tr>\n<td valign=\"top\" width=\"170\"><img decoding=\"async\" src=\"https:\/\/cdn.fenerbahce.org\/pic_lib\/oruckarakurttt.JPG\" width=\"150\" height=\"150\" \/><\/td>\n<td valign=\"top\" width=\"280\">\n<table border=\"0\" width=\"279\" cellspacing=\"0\" cellpadding=\"0\">\n<tbody>\n<tr>\n<td>Oyuncunun ad\u0131: Oru\u00e7 Karakurt<\/td>\n<\/tr>\n<tr>\n<td>Do\u011fum Tarihi:25-12-2001<\/td>\n<\/tr>\n<tr>\n<td>Do\u011fum Yeri:\u0130stanbul<\/td>\n<\/tr>\n<tr>\n<td>Boyu:1-76<\/td>\n<\/tr>\n<tr>\n<td>Kilosu: 62<\/td>\n<\/tr>\n<tr>\n<td>Mevkii: Orta Saha<\/td>\n<\/tr>\n<tr>\n<td>Forma Numaras\u0131<b>:<\/b>23<\/td>\n<\/tr>\n<tr>\n<td>Fenerbah\u00e7e&#8217;ye Geli\u015f Tarihi: 2017<\/td>\n<\/tr>\n<tr>\n<td>Daha \u00d6nce Oynad\u0131\u011f\u0131 Tak\u0131mlar:Pendik G\u00fclba\u011flar<\/td>\n<\/tr>\n<tr>\n<td><\/td>\n<\/tr>\n<tr>\n<td>\n<p>&nbsp;<\/p>\n<table>\n<tbody>\n<tr>\n<td><\/td>\n<\/tr>\n<\/tbody>\n<\/table>\n<\/td>\n<\/tr>\n<tr>\n<td><\/td>\n<\/tr>\n<\/tbody>\n<\/table>\n<\/td>\n<\/tr>\n<tr>\n<td valign=\"top\" width=\"170\"><\/td>\n<td valign=\"top\" width=\"280\"><\/td>\n<\/tr>\n<\/tbody>\n<\/table>\n<table border=\"0\" width=\"450\" cellspacing=\"0\" cellpadding=\"0\">\n<tbody>\n<tr>\n<td valign=\"top\" width=\"170\"><img decoding=\"async\" src=\"https:\/\/cdn.fenerbahce.org\/pic_lib\/kaaneminayyildizzz.JPG\" width=\"150\" height=\"150\" \/><\/td>\n<td valign=\"top\" width=\"280\">\n<table border=\"0\" width=\"279\" cellspacing=\"0\" cellpadding=\"0\">\n<tbody>\n<tr>\n<td>Oyuncunun ad\u0131: Kaan Emin Ayy\u0131ld\u0131z<\/td>\n<\/tr>\n<tr>\n<td>Do\u011fum Tarihi:27-01-2001<\/td>\n<\/tr>\n<tr>\n<td>Do\u011fum Yeri:\u0130stanbul<\/td>\n<\/tr>\n<tr>\n<td>Boyu:1-74<\/td>\n<\/tr>\n<tr>\n<td>Kilosu: 65<\/td>\n<\/tr>\n<tr>\n<td>Mevkii: Orta Saha<\/td>\n<\/tr>\n<tr>\n<td>Forma Numaras\u0131<b>:<\/b>8<\/td>\n<\/tr>\n<tr>\n<td>Fenerbah\u00e7e&#8217;ye Geli\u015f Tarihi: 2013<\/td>\n<\/tr>\n<tr>\n<td>Daha \u00d6nce Oynad\u0131\u011f\u0131 Tak\u0131mlar:Anatalyaspor \u00d6zerspor<\/td>\n<\/tr>\n<tr>\n<td>Millilik Say\u0131s\u0131:2<\/td>\n<\/tr>\n<tr>\n<td>\n<p>Ba\u015far\u0131lar\u0131: U-14 ve U-16 T\u00fcrkiye2, 1 kez T\u00fcrkiye 4,<\/p>\n<table>\n<tbody>\n<tr>\n<td><\/td>\n<\/tr>\n<\/tbody>\n<\/table>\n<\/td>\n<\/tr>\n<tr>\n<td><\/td>\n<\/tr>\n<\/tbody>\n<\/table>\n<\/td>\n<\/tr>\n<tr>\n<td valign=\"top\" width=\"170\"><\/td>\n<td valign=\"top\" width=\"280\"><\/td>\n<\/tr>\n<\/tbody>\n<\/table>\n<table border=\"0\" width=\"450\" cellspacing=\"0\" cellpadding=\"0\">\n<tbody>\n<tr>\n<td valign=\"top\" width=\"170\"><img decoding=\"async\" src=\"https:\/\/cdn.fenerbahce.org\/pic_lib\/ahmedfurkanozdemirrr.JPG\" width=\"150\" height=\"150\" \/><\/td>\n<td valign=\"top\" width=\"280\">\n<table border=\"0\" width=\"279\" cellspacing=\"0\" cellpadding=\"0\">\n<tbody>\n<tr>\n<td>Oyuncunun ad\u0131: Ahmed Furkan \u00d6zdemir<\/td>\n<\/tr>\n<tr>\n<td>Do\u011fum Tarihi:14-01-2001<\/td>\n<\/tr>\n<tr>\n<td>Do\u011fum Yeri:\u0130stanbul<\/td>\n<\/tr>\n<tr>\n<td>Boyu:1-85<\/td>\n<\/tr>\n<tr>\n<td>Kilosu: 76<\/td>\n<\/tr>\n<tr>\n<td>Mevkii: Kaleci<\/td>\n<\/tr>\n<tr>\n<td>Forma Numaras\u0131<b>:<\/b>12<\/td>\n<\/tr>\n<tr>\n<td>Fenerbah\u00e7e&#8217;ye Geli\u015f Tarihi: 2011<\/td>\n<\/tr>\n<tr>\n<td>Daha \u00d6nce Oynad\u0131\u011f\u0131 Tak\u0131mlar:Kartalspor, Galatasaray<\/td>\n<\/tr>\n<tr>\n<td><\/td>\n<\/tr>\n<tr>\n<td>\n<p>Ba\u015far\u0131lar\u0131: U-14 T\u00fcrkiye 2,<\/p>\n<table>\n<tbody>\n<tr>\n<td><\/td>\n<\/tr>\n<\/tbody>\n<\/table>\n<\/td>\n<\/tr>\n<tr>\n<td><\/td>\n<\/tr>\n<\/tbody>\n<\/table>\n<\/td>\n<\/tr>\n<tr>\n<td valign=\"top\" width=\"170\"><\/td>\n<td valign=\"top\" width=\"280\"><\/td>\n<\/tr>\n<\/tbody>\n<\/table>\n<table border=\"0\" width=\"450\" cellspacing=\"0\" cellpadding=\"0\">\n<tbody>\n<tr>\n<td valign=\"top\" width=\"170\"><img decoding=\"async\" src=\"https:\/\/cdn.fenerbahce.org\/pic_lib\/kaanturkakguuulll.jpg\" \/><\/td>\n<td valign=\"top\" width=\"280\">\n<table border=\"0\" width=\"279\" cellspacing=\"0\" cellpadding=\"0\">\n<tbody>\n<tr>\n<td>Oyuncunun ad\u0131: Kaant\u00fcrk Akg\u00fcl<\/td>\n<\/tr>\n<tr>\n<td>Do\u011fum Tarihi:27-01-2001<\/td>\n<\/tr>\n<tr>\n<td>Do\u011fum Yeri:A.B.D<\/td>\n<\/tr>\n<tr>\n<td>Boyu:1-81<\/td>\n<\/tr>\n<tr>\n<td>Kilosu: 71<\/td>\n<\/tr>\n<tr>\n<td>Mevkii: Orta Saha<\/td>\n<\/tr>\n<tr>\n<td>Forma Numaras\u0131<b>:<\/b>18<\/td>\n<\/tr>\n<tr>\n<td>Fenerbah\u00e7e&#8217;ye Geli\u015f Tarihi: 2015<\/td>\n<\/tr>\n<tr>\n<td>Daha \u00d6nce Oynad\u0131\u011f\u0131 Tak\u0131mlar:Beykoz 1908<\/td>\n<\/tr>\n<tr>\n<td><\/td>\n<\/tr>\n<tr>\n<td>Ba\u015far\u0131lar\u0131: U-14 ve U-16 T\u00fcrkiye 2,<\/td>\n<\/tr>\n<\/tbody>\n<\/table>\n<\/td>\n<\/tr>\n<\/tbody>\n<\/table>\n<p>[\/vc_column_text][\/vc_tta_section][vc_tta_section title=&#8221;17 Ya\u015f Alt\u0131 Gen\u00e7 Tak\u0131m\u0131m\u0131z&#8221; tab_id=&#8221;1536485429955-e4442c51-a6ee&#8221;][vc_column_text]<\/p>\n<table border=\"0\" width=\"450\" cellspacing=\"0\" cellpadding=\"0\">\n<tbody>\n<tr>\n<td valign=\"top\" width=\"170\"><img decoding=\"async\" src=\"https:\/\/cdn.fenerbahce.org\/pic_lib\/umuterentunccc.JPG\" width=\"150\" height=\"150\" \/><\/td>\n<td valign=\"top\" width=\"280\">\n<table border=\"0\" width=\"279\" cellspacing=\"0\" cellpadding=\"0\">\n<tbody>\n<tr>\n<td>Oyuncunun ad\u0131: Umut Eren Tun\u00e7<\/td>\n<\/tr>\n<tr>\n<td>Do\u011fum Tarihi:29-04-2002<\/td>\n<\/tr>\n<tr>\n<td>Do\u011fum Yeri:Kayseri<\/td>\n<\/tr>\n<tr>\n<td>Boyu:1-85<\/td>\n<\/tr>\n<tr>\n<td>Kilosu: 73<\/td>\n<\/tr>\n<tr>\n<td>Mevkii: Kaleci<\/td>\n<\/tr>\n<tr>\n<td>Forma Numaras\u0131:1<\/td>\n<\/tr>\n<tr>\n<td>Fenerbah\u00e7e&#8217;ye Geli\u015f Tarihi: 2015<\/td>\n<\/tr>\n<tr>\n<td>Daha \u00d6nce Oynad\u0131\u011f\u0131 Tak\u0131mlar:Edirnespor<\/td>\n<\/tr>\n<tr>\n<td>Millilik Say\u0131s\u0131:1<\/td>\n<\/tr>\n<tr>\n<td>\n<p>Ba\u015far\u0131lar\u0131: T\u00fcrkiye 2,<\/p>\n<table>\n<tbody>\n<tr>\n<td><\/td>\n<\/tr>\n<\/tbody>\n<\/table>\n<\/td>\n<\/tr>\n<tr>\n<td><\/td>\n<\/tr>\n<\/tbody>\n<\/table>\n<\/td>\n<\/tr>\n<tr>\n<td valign=\"top\" width=\"170\"><\/td>\n<td valign=\"top\" width=\"280\"><\/td>\n<\/tr>\n<\/tbody>\n<\/table>\n<table border=\"0\" width=\"450\" cellspacing=\"0\" cellpadding=\"0\">\n<tbody>\n<tr>\n<td valign=\"top\" width=\"170\"><img decoding=\"async\" src=\"https:\/\/cdn.fenerbahce.org\/pic_lib\/bartuyetkinn.JPG\" width=\"150\" height=\"150\" \/><\/td>\n<td valign=\"top\" width=\"280\">\n<table border=\"0\" width=\"279\" cellspacing=\"0\" cellpadding=\"0\">\n<tbody>\n<tr>\n<td>Oyuncunun ad\u0131: \u0130lhan Bartu Yetkin<\/td>\n<\/tr>\n<tr>\n<td>Do\u011fum Tarihi:25-11-2002<\/td>\n<\/tr>\n<tr>\n<td>Do\u011fum Yeri:\u0130stanbul<\/td>\n<\/tr>\n<tr>\n<td>Boyu:1-80<\/td>\n<\/tr>\n<tr>\n<td>Kilosu: 64<\/td>\n<\/tr>\n<tr>\n<td>Mevkii: Stoper<\/td>\n<\/tr>\n<tr>\n<td>Forma Numaras\u0131<b>:<\/b>25<\/td>\n<\/tr>\n<tr>\n<td>Fenerbah\u00e7e&#8217;ye Geli\u015f Tarihi: 2010<\/td>\n<\/tr>\n<tr>\n<td>&nbsp;<\/td>\n<\/tr>\n<tr>\n<td><\/td>\n<\/tr>\n<tr>\n<td>\n<p>&nbsp;<\/p>\n<table>\n<tbody>\n<tr>\n<td><\/td>\n<\/tr>\n<\/tbody>\n<\/table>\n<\/td>\n<\/tr>\n<tr>\n<td><\/td>\n<\/tr>\n<\/tbody>\n<\/table>\n<\/td>\n<\/tr>\n<tr>\n<td valign=\"top\" width=\"170\"><\/td>\n<td valign=\"top\" width=\"280\"><\/td>\n<\/tr>\n<\/tbody>\n<\/table>\n<table border=\"0\" width=\"450\" cellspacing=\"0\" cellpadding=\"0\">\n<tbody>\n<tr>\n<td valign=\"top\" width=\"170\"><img decoding=\"async\" src=\"https:\/\/cdn.fenerbahce.org\/pic_lib\/onurtaskinn.JPG\" width=\"150\" height=\"150\" \/><\/td>\n<td valign=\"top\" width=\"280\">\n<table border=\"0\" width=\"279\" cellspacing=\"0\" cellpadding=\"0\">\n<tbody>\n<tr>\n<td>Oyuncunun ad\u0131: Onur Ta\u015ftan<\/td>\n<\/tr>\n<tr>\n<td>Do\u011fum Tarihi:14-01-2002<\/td>\n<\/tr>\n<tr>\n<td>Do\u011fum Yeri:\u0130stanbul<\/td>\n<\/tr>\n<tr>\n<td>Boyu:1-62<\/td>\n<\/tr>\n<tr>\n<td>Kilosu: 47<\/td>\n<\/tr>\n<tr>\n<td>Mevkii: Orta Saha<\/td>\n<\/tr>\n<tr>\n<td>Forma Numaras\u0131<b>:<\/b>23<\/td>\n<\/tr>\n<tr>\n<td>Fenerbah\u00e7e&#8217;ye Geli\u015f Tarihi: 2018<\/td>\n<\/tr>\n<tr>\n<td>Daha \u00d6nce Oynad\u0131\u011f\u0131 Tak\u0131mlar:Esenlerspor<\/td>\n<\/tr>\n<tr>\n<td><\/td>\n<\/tr>\n<tr>\n<td>\n<p>&nbsp;<\/p>\n<table>\n<tbody>\n<tr>\n<td><\/td>\n<\/tr>\n<\/tbody>\n<\/table>\n<\/td>\n<\/tr>\n<tr>\n<td><\/td>\n<\/tr>\n<\/tbody>\n<\/table>\n<\/td>\n<\/tr>\n<tr>\n<td valign=\"top\" width=\"170\"><\/td>\n<td valign=\"top\" width=\"280\"><\/td>\n<\/tr>\n<\/tbody>\n<\/table>\n<table border=\"0\" width=\"450\" cellspacing=\"0\" cellpadding=\"0\">\n<tbody>\n<tr>\n<td valign=\"top\" width=\"170\"><img decoding=\"async\" src=\"https:\/\/cdn.fenerbahce.org\/pic_lib\/berkayustaa.JPG\" width=\"150\" height=\"150\" \/><\/td>\n<td valign=\"top\" width=\"280\">\n<table border=\"0\" width=\"279\" cellspacing=\"0\" cellpadding=\"0\">\n<tbody>\n<tr>\n<td>Oyuncunun ad\u0131: Kadir Berkay Usta<\/td>\n<\/tr>\n<tr>\n<td>Do\u011fum Tarihi:09-09-2002<\/td>\n<\/tr>\n<tr>\n<td>Do\u011fum Yeri:Bursa<\/td>\n<\/tr>\n<tr>\n<td>Boyu:1-882<\/td>\n<\/tr>\n<tr>\n<td>Kilosu: 72<\/td>\n<\/tr>\n<tr>\n<td>Mevkii: Orta Saha<\/td>\n<\/tr>\n<tr>\n<td>Forma Numaras\u0131<b>:<\/b>24<\/td>\n<\/tr>\n<tr>\n<td>Fenerbah\u00e7e&#8217;ye Geli\u015f Tarihi: 2017<\/td>\n<\/tr>\n<tr>\n<td>Daha \u00d6nce Oynad\u0131\u011f\u0131 Tak\u0131mlar:24 Erzincanspor<\/td>\n<\/tr>\n<tr>\n<td><\/td>\n<\/tr>\n<tr>\n<td>\n<p>&nbsp;<\/p>\n<table>\n<tbody>\n<tr>\n<td><\/td>\n<\/tr>\n<\/tbody>\n<\/table>\n<\/td>\n<\/tr>\n<tr>\n<td><\/td>\n<\/tr>\n<\/tbody>\n<\/table>\n<\/td>\n<\/tr>\n<tr>\n<td valign=\"top\" width=\"170\"><\/td>\n<td valign=\"top\" width=\"280\"><\/td>\n<\/tr>\n<\/tbody>\n<\/table>\n<table border=\"0\" width=\"450\" cellspacing=\"0\" cellpadding=\"0\">\n<tbody>\n<tr>\n<td valign=\"top\" width=\"170\"><img decoding=\"async\" src=\"https:\/\/cdn.fenerbahce.org\/pic_lib\/ehatkosutann.jpg\" width=\"150\" height=\"150\" \/><\/td>\n<td valign=\"top\" width=\"280\">\n<table border=\"0\" width=\"279\" cellspacing=\"0\" cellpadding=\"0\">\n<tbody>\n<tr>\n<td>Oyuncunun ad\u0131: Ehad Ko\u015futan<\/td>\n<\/tr>\n<tr>\n<td>Do\u011fum Tarihi:10-06-2002<\/td>\n<\/tr>\n<tr>\n<td>Do\u011fum Yeri:\u0130stanbul<\/td>\n<\/tr>\n<tr>\n<td>Boyu:1-90<\/td>\n<\/tr>\n<tr>\n<td>Kilosu: 80<\/td>\n<\/tr>\n<tr>\n<td>Mevkii: Kaleci<\/td>\n<\/tr>\n<tr>\n<td>Forma Numaras\u0131<b>:<\/b>12<\/td>\n<\/tr>\n<tr>\n<td>Fenerbah\u00e7e&#8217;ye Geli\u015f Tarihi: 2018<\/td>\n<\/tr>\n<tr>\n<td>Daha \u00d6nce Oynad\u0131\u011f\u0131 Tak\u0131mlar:Galatasarya, Kartalspor<\/td>\n<\/tr>\n<tr>\n<td><\/td>\n<\/tr>\n<tr>\n<td>\n<p>&nbsp;<\/p>\n<table>\n<tbody>\n<tr>\n<td><\/td>\n<\/tr>\n<\/tbody>\n<\/table>\n<\/td>\n<\/tr>\n<tr>\n<td><\/td>\n<\/tr>\n<\/tbody>\n<\/table>\n<\/td>\n<\/tr>\n<tr>\n<td valign=\"top\" width=\"170\"><\/td>\n<td valign=\"top\" width=\"280\"><\/td>\n<\/tr>\n<\/tbody>\n<\/table>\n<table border=\"0\" width=\"450\" cellspacing=\"0\" cellpadding=\"0\">\n<tbody>\n<tr>\n<td valign=\"top\" width=\"170\"><img decoding=\"async\" src=\"https:\/\/cdn.fenerbahce.org\/pic_lib\/adaraygurr.JPG\" width=\"150\" height=\"150\" \/><\/td>\n<td valign=\"top\" width=\"280\">\n<table border=\"0\" width=\"279\" cellspacing=\"0\" cellpadding=\"0\">\n<tbody>\n<tr>\n<td>Oyuncunun ad\u0131: Adar Ayg\u00fcr<\/td>\n<\/tr>\n<tr>\n<td>Do\u011fum Tarihi:11-05-2004<\/td>\n<\/tr>\n<tr>\n<td>Do\u011fum Yeri:Mu\u015f<\/td>\n<\/tr>\n<tr>\n<td>Boyu:1-43<\/td>\n<\/tr>\n<tr>\n<td>Kilosu: 34<\/td>\n<\/tr>\n<tr>\n<td>Mevkii: Orta Saha<\/td>\n<\/tr>\n<tr>\n<td><\/td>\n<\/tr>\n<tr>\n<td>Fenerbah\u00e7e&#8217;ye Geli\u015f Tarihi: 2017<\/td>\n<\/tr>\n<tr>\n<td>&nbsp;<\/td>\n<\/tr>\n<tr>\n<td><\/td>\n<\/tr>\n<tr>\n<td>\n<p>&nbsp;<\/p>\n<table>\n<tbody>\n<tr>\n<td><\/td>\n<\/tr>\n<\/tbody>\n<\/table>\n<\/td>\n<\/tr>\n<tr>\n<td><\/td>\n<\/tr>\n<\/tbody>\n<\/table>\n<\/td>\n<\/tr>\n<tr>\n<td valign=\"top\" width=\"170\"><\/td>\n<td valign=\"top\" width=\"280\"><\/td>\n<\/tr>\n<\/tbody>\n<\/table>\n<table border=\"0\" width=\"450\" cellspacing=\"0\" cellpadding=\"0\">\n<tbody>\n<tr>\n<td valign=\"top\" width=\"170\"><img decoding=\"async\" src=\"https:\/\/cdn.fenerbahce.org\/pic_lib\/emirhanuysall.JPG\" width=\"150\" height=\"150\" \/><\/td>\n<td valign=\"top\" width=\"280\">\n<table border=\"0\" width=\"279\" cellspacing=\"0\" cellpadding=\"0\">\n<tbody>\n<tr>\n<td>Oyuncunun ad\u0131: Emin Can Uysal<\/td>\n<\/tr>\n<tr>\n<td>Do\u011fum Tarihi:04-01-2002<\/td>\n<\/tr>\n<tr>\n<td>Do\u011fum Yeri:Mersin<\/td>\n<\/tr>\n<tr>\n<td>Boyu:1-78<\/td>\n<\/tr>\n<tr>\n<td>Kilosu: 64<\/td>\n<\/tr>\n<tr>\n<td>Mevkii: Orta Saha<\/td>\n<\/tr>\n<tr>\n<td>Forma Numaras\u0131<b>:<\/b>8<\/td>\n<\/tr>\n<tr>\n<td>Fenerbah\u00e7e&#8217;ye Geli\u015f Tarihi: 2015<\/td>\n<\/tr>\n<tr>\n<td>Daha \u00d6nce Oynad\u0131\u011f\u0131 Tak\u0131mlar:Kanaryaspor<\/td>\n<\/tr>\n<tr>\n<td><\/td>\n<\/tr>\n<tr>\n<td>\n<p>&nbsp;<\/p>\n<table>\n<tbody>\n<tr>\n<td><\/td>\n<\/tr>\n<\/tbody>\n<\/table>\n<\/td>\n<\/tr>\n<tr>\n<td><\/td>\n<\/tr>\n<\/tbody>\n<\/table>\n<\/td>\n<\/tr>\n<tr>\n<td valign=\"top\" width=\"170\"><\/td>\n<td valign=\"top\" width=\"280\"><\/td>\n<\/tr>\n<\/tbody>\n<\/table>\n<table border=\"0\" width=\"450\" cellspacing=\"0\" cellpadding=\"0\">\n<tbody>\n<tr>\n<td valign=\"top\" width=\"170\"><img decoding=\"async\" src=\"https:\/\/cdn.fenerbahce.org\/pic_lib\/furkanustaa.JPG\" width=\"150\" height=\"150\" \/><\/td>\n<td valign=\"top\" width=\"280\">\n<table border=\"0\" width=\"279\" cellspacing=\"0\" cellpadding=\"0\">\n<tbody>\n<tr>\n<td>Oyuncunun ad\u0131: Furkan Usta<\/td>\n<\/tr>\n<tr>\n<td>Do\u011fum Tarihi:10-03-2002<\/td>\n<\/tr>\n<tr>\n<td>Do\u011fum Yeri:\u0130zmir<\/td>\n<\/tr>\n<tr>\n<td>Boyu:1-70<\/td>\n<\/tr>\n<tr>\n<td>Kilosu: 63<\/td>\n<\/tr>\n<tr>\n<td>Mevkii: Orta Saha<\/td>\n<\/tr>\n<tr>\n<td>Forma Numaras\u0131<b>:<\/b>18<\/td>\n<\/tr>\n<tr>\n<td>Fenerbah\u00e7e&#8217;ye Geli\u015f Tarihi: 2014<\/td>\n<\/tr>\n<tr>\n<td>Daha \u00d6nce Oynad\u0131\u011f\u0131 Tak\u0131mlar:Rizespor<\/td>\n<\/tr>\n<tr>\n<td><\/td>\n<\/tr>\n<tr>\n<td>\n<p>&nbsp;<\/p>\n<table>\n<tbody>\n<tr>\n<td><\/td>\n<\/tr>\n<\/tbody>\n<\/table>\n<\/td>\n<\/tr>\n<tr>\n<td><\/td>\n<\/tr>\n<\/tbody>\n<\/table>\n<\/td>\n<\/tr>\n<tr>\n<td valign=\"top\" width=\"170\"><\/td>\n<td valign=\"top\" width=\"280\"><\/td>\n<\/tr>\n<\/tbody>\n<\/table>\n<table border=\"0\" width=\"450\" cellspacing=\"0\" cellpadding=\"0\">\n<tbody>\n<tr>\n<td valign=\"top\" width=\"170\"><img decoding=\"async\" src=\"https:\/\/cdn.fenerbahce.org\/pic_lib\/yusufsaruhannn.jpg\" width=\"150\" height=\"150\" \/><\/td>\n<td valign=\"top\" width=\"280\">\n<table border=\"0\" width=\"279\" cellspacing=\"0\" cellpadding=\"0\">\n<tbody>\n<tr>\n<td>Oyuncunun ad\u0131: Yusuf Saruhan<\/td>\n<\/tr>\n<tr>\n<td>Do\u011fum Tarihi:15-02-2002<\/td>\n<\/tr>\n<tr>\n<td>Do\u011fum Yeri:Sakarya<\/td>\n<\/tr>\n<tr>\n<td>Boyu:1-70<\/td>\n<\/tr>\n<tr>\n<td>Kilosu: 64<\/td>\n<\/tr>\n<tr>\n<td>Mevkii: Solbek<\/td>\n<\/tr>\n<tr>\n<td>Forma Numaras\u0131<b>:<\/b>3<\/td>\n<\/tr>\n<tr>\n<td>Fenerbah\u00e7e&#8217;ye Geli\u015f Tarihi: 2017<\/td>\n<\/tr>\n<tr>\n<td>Daha \u00d6nce Oynad\u0131\u011f\u0131 Tak\u0131mlar:Sakaryaspor<\/td>\n<\/tr>\n<tr>\n<td><\/td>\n<\/tr>\n<tr>\n<td>\n<p>&nbsp;<\/p>\n<table>\n<tbody>\n<tr>\n<td><\/td>\n<\/tr>\n<\/tbody>\n<\/table>\n<\/td>\n<\/tr>\n<tr>\n<td><\/td>\n<\/tr>\n<\/tbody>\n<\/table>\n<\/td>\n<\/tr>\n<tr>\n<td valign=\"top\" width=\"170\"><\/td>\n<td valign=\"top\" width=\"280\"><\/td>\n<\/tr>\n<\/tbody>\n<\/table>\n<table border=\"0\" width=\"450\" cellspacing=\"0\" cellpadding=\"0\">\n<tbody>\n<tr>\n<td valign=\"top\" width=\"170\"><img decoding=\"async\" src=\"https:\/\/cdn.fenerbahce.org\/pic_lib\/bekirakinn.JPG\" width=\"150\" height=\"150\" \/><\/td>\n<td valign=\"top\" width=\"280\">\n<table border=\"0\" width=\"279\" cellspacing=\"0\" cellpadding=\"0\">\n<tbody>\n<tr>\n<td>Oyuncunun ad\u0131: Bekir Ak\u0131n<\/td>\n<\/tr>\n<tr>\n<td>Do\u011fum Tarihi:01-06-2002<\/td>\n<\/tr>\n<tr>\n<td>Do\u011fum Yeri:Sinop<\/td>\n<\/tr>\n<tr>\n<td>Boyu:1-80<\/td>\n<\/tr>\n<tr>\n<td>Kilosu: 67<\/td>\n<\/tr>\n<tr>\n<td>Mevkii: Orta Saha<\/td>\n<\/tr>\n<tr>\n<td>Forma Numaras\u0131<b>:7<\/b><\/td>\n<\/tr>\n<tr>\n<td>Fenerbah\u00e7e&#8217;ye Geli\u015f Tarihi: 2013<\/td>\n<\/tr>\n<tr>\n<td>Daha \u00d6nce Oynad\u0131\u011f\u0131 Tak\u0131mlar:Demirspor<\/td>\n<\/tr>\n<tr>\n<td>Millilik Say\u0131s\u0131:7<\/td>\n<\/tr>\n<tr>\n<td>\n<p>Ba\u015far\u0131lar\u0131: Kattar Turnuvas\u0131 \u015eampiyonlu\u011fu<\/p>\n<table>\n<tbody>\n<tr>\n<td><\/td>\n<\/tr>\n<\/tbody>\n<\/table>\n<\/td>\n<\/tr>\n<tr>\n<td><\/td>\n<\/tr>\n<\/tbody>\n<\/table>\n<\/td>\n<\/tr>\n<tr>\n<td valign=\"top\" width=\"170\"><\/td>\n<td valign=\"top\" width=\"280\"><\/td>\n<\/tr>\n<\/tbody>\n<\/table>\n<table border=\"0\" width=\"450\" cellspacing=\"0\" cellpadding=\"0\">\n<tbody>\n<tr>\n<td valign=\"top\" width=\"170\"><img decoding=\"async\" src=\"https:\/\/cdn.fenerbahce.org\/pic_lib\/fatihbalataa.JPG\" width=\"150\" height=\"150\" \/><\/td>\n<td valign=\"top\" width=\"280\">\n<table border=\"0\" width=\"279\" cellspacing=\"0\" cellpadding=\"0\">\n<tbody>\n<tr>\n<td>Oyuncunun ad\u0131: Fatih Balata<\/td>\n<\/tr>\n<tr>\n<td>Do\u011fum Tarihi:29-08-2002<\/td>\n<\/tr>\n<tr>\n<td>Do\u011fum Yeri:\u0130stanbul<\/td>\n<\/tr>\n<tr>\n<td>Boyu:1-86<\/td>\n<\/tr>\n<tr>\n<td>Kilosu: 78<\/td>\n<\/tr>\n<tr>\n<td>Mevkii: Stoper<\/td>\n<\/tr>\n<tr>\n<td>Forma Numaras\u0131<b>:<\/b>5<\/td>\n<\/tr>\n<tr>\n<td>Fenerbah\u00e7e&#8217;ye Geli\u015f Tarihi: 2012<\/td>\n<\/tr>\n<tr>\n<td>&nbsp;<\/td>\n<\/tr>\n<tr>\n<td><\/td>\n<\/tr>\n<tr>\n<td>\n<p>&nbsp;<\/p>\n<table>\n<tbody>\n<tr>\n<td><\/td>\n<\/tr>\n<\/tbody>\n<\/table>\n<\/td>\n<\/tr>\n<tr>\n<td><\/td>\n<\/tr>\n<\/tbody>\n<\/table>\n<\/td>\n<\/tr>\n<tr>\n<td valign=\"top\" width=\"170\"><\/td>\n<td valign=\"top\" width=\"280\"><\/td>\n<\/tr>\n<\/tbody>\n<\/table>\n<table border=\"0\" width=\"450\" cellspacing=\"0\" cellpadding=\"0\">\n<tbody>\n<tr>\n<td valign=\"top\" width=\"170\"><img decoding=\"async\" src=\"https:\/\/cdn.fenerbahce.org\/pic_lib\/okantokalakk.JPG\" width=\"150\" height=\"150\" \/><\/td>\n<td valign=\"top\" width=\"280\">\n<table border=\"0\" width=\"279\" cellspacing=\"0\" cellpadding=\"0\">\n<tbody>\n<tr>\n<td>Oyuncunun ad\u0131: Okan Tokalak<\/td>\n<\/tr>\n<tr>\n<td>Do\u011fum Tarihi:12-01-2002<\/td>\n<\/tr>\n<tr>\n<td>Do\u011fum Yeri:\u0130stanbul<\/td>\n<\/tr>\n<tr>\n<td>Boyu:1-77<\/td>\n<\/tr>\n<tr>\n<td>Kilosu: 68<\/td>\n<\/tr>\n<tr>\n<td>Mevkii: Forvet<\/td>\n<\/tr>\n<tr>\n<td>Forma Numaras\u0131<b>:<\/b>9<\/td>\n<\/tr>\n<tr>\n<td>Fenerbah\u00e7e&#8217;ye Geli\u015f Tarihi: 2016<\/td>\n<\/tr>\n<tr>\n<td>Daha \u00d6nce Oynad\u0131\u011f\u0131 Tak\u0131mlar:\u00c7a\u011fr\u0131m Marmara<\/td>\n<\/tr>\n<tr>\n<td><\/td>\n<\/tr>\n<tr>\n<td>\n<p>&nbsp;<\/p>\n<table>\n<tbody>\n<tr>\n<td><\/td>\n<\/tr>\n<\/tbody>\n<\/table>\n<\/td>\n<\/tr>\n<tr>\n<td><\/td>\n<\/tr>\n<\/tbody>\n<\/table>\n<\/td>\n<\/tr>\n<tr>\n<td valign=\"top\" width=\"170\"><\/td>\n<td valign=\"top\" width=\"280\"><\/td>\n<\/tr>\n<\/tbody>\n<\/table>\n<table border=\"0\" width=\"450\" cellspacing=\"0\" cellpadding=\"0\">\n<tbody>\n<tr>\n<td valign=\"top\" width=\"170\"><img decoding=\"async\" src=\"https:\/\/cdn.fenerbahce.org\/pic_lib\/oguzkaanunall.JPG\" width=\"150\" height=\"150\" \/><\/td>\n<td valign=\"top\" width=\"280\">\n<table border=\"0\" width=\"279\" cellspacing=\"0\" cellpadding=\"0\">\n<tbody>\n<tr>\n<td>Oyuncunun ad\u0131: Kaan \u00dcnal<\/td>\n<\/tr>\n<tr>\n<td>Do\u011fum Tarihi:03-02-2002<\/td>\n<\/tr>\n<tr>\n<td>Do\u011fum Yeri:\u0130stanbul<\/td>\n<\/tr>\n<tr>\n<td>Boyu:1-65<\/td>\n<\/tr>\n<tr>\n<td>Kilosu: 60<\/td>\n<\/tr>\n<tr>\n<td>Mevkii: Sa\u011fbek<\/td>\n<\/tr>\n<tr>\n<td>Forma Numaras\u0131<b>:<\/b>2<\/td>\n<\/tr>\n<tr>\n<td>Fenerbah\u00e7e&#8217;ye Geli\u015f Tarihi: 2016<\/td>\n<\/tr>\n<tr>\n<td>Daha \u00d6nce Oynad\u0131\u011f\u0131 Tak\u0131mlar:\u00c7a\u011fr\u0131m Marmara<\/td>\n<\/tr>\n<tr>\n<td><\/td>\n<\/tr>\n<tr>\n<td>\n<p>&nbsp;<\/p>\n<table>\n<tbody>\n<tr>\n<td><\/td>\n<\/tr>\n<\/tbody>\n<\/table>\n<\/td>\n<\/tr>\n<tr>\n<td><\/td>\n<\/tr>\n<\/tbody>\n<\/table>\n<\/td>\n<\/tr>\n<tr>\n<td valign=\"top\" width=\"170\"><\/td>\n<td valign=\"top\" width=\"280\"><\/td>\n<\/tr>\n<\/tbody>\n<\/table>\n<table border=\"0\" width=\"450\" cellspacing=\"0\" cellpadding=\"0\">\n<tbody>\n<tr>\n<td valign=\"top\" width=\"170\"><img decoding=\"async\" src=\"https:\/\/cdn.fenerbahce.org\/pic_lib\/ugurkaanyildizzz.JPG\" width=\"150\" height=\"150\" \/><\/td>\n<td valign=\"top\" width=\"280\">\n<table border=\"0\" width=\"279\" cellspacing=\"0\" cellpadding=\"0\">\n<tbody>\n<tr>\n<td>Oyuncunun ad\u0131: U\u011fur Kaan Y\u0131ld\u0131z<\/td>\n<\/tr>\n<tr>\n<td>Do\u011fum Tarihi:06-08-2002<\/td>\n<\/tr>\n<tr>\n<td>Do\u011fum Yeri:\u0130stanbul<\/td>\n<\/tr>\n<tr>\n<td>Boyu:1-81<\/td>\n<\/tr>\n<tr>\n<td>Kilosu: 70<\/td>\n<\/tr>\n<tr>\n<td>Mevkii: Sa\u011fa\u00e7\u0131k Sola\u00e7\u0131k<\/td>\n<\/tr>\n<tr>\n<td>Forma Numaras\u0131<b>:<\/b>15<\/td>\n<\/tr>\n<tr>\n<td>Fenerbah\u00e7e&#8217;ye Geli\u015f Tarihi: 2009<\/td>\n<\/tr>\n<tr>\n<td>Daha \u00d6nce Oynad\u0131\u011f\u0131 Tak\u0131mlar:<\/td>\n<\/tr>\n<tr>\n<td><\/td>\n<\/tr>\n<tr>\n<td>\n<p>&nbsp;<\/p>\n<table>\n<tbody>\n<tr>\n<td><\/td>\n<\/tr>\n<\/tbody>\n<\/table>\n<\/td>\n<\/tr>\n<tr>\n<td><\/td>\n<\/tr>\n<\/tbody>\n<\/table>\n<\/td>\n<\/tr>\n<tr>\n<td valign=\"top\" width=\"170\"><\/td>\n<td valign=\"top\" width=\"280\"><\/td>\n<\/tr>\n<\/tbody>\n<\/table>\n<table border=\"0\" width=\"450\" cellspacing=\"0\" cellpadding=\"0\">\n<tbody>\n<tr>\n<td valign=\"top\" width=\"170\"><img decoding=\"async\" src=\"https:\/\/cdn.fenerbahce.org\/pic_lib\/onderyesilkayaa.JPG\" width=\"150\" height=\"150\" \/><\/td>\n<td valign=\"top\" width=\"280\">\n<table border=\"0\" width=\"279\" cellspacing=\"0\" cellpadding=\"0\">\n<tbody>\n<tr>\n<td>Oyuncunun ad\u0131: \u00d6nder Ye\u015filkaya<\/td>\n<\/tr>\n<tr>\n<td>Do\u011fum Tarihi:14-04-2002<\/td>\n<\/tr>\n<tr>\n<td>Do\u011fum Yeri:Mu\u015f<\/td>\n<\/tr>\n<tr>\n<td>Boyu:1-73<\/td>\n<\/tr>\n<tr>\n<td>Kilosu: 63<\/td>\n<\/tr>\n<tr>\n<td>Mevkii: a\u011fa\u00e7\u0131k Sola\u00e7\u0131k<\/td>\n<\/tr>\n<tr>\n<td>Forma Numaras\u0131<b>:<\/b>11<\/td>\n<\/tr>\n<tr>\n<td>Fenerbah\u00e7e&#8217;ye Geli\u015f Tarihi: 2016<\/td>\n<\/tr>\n<tr>\n<td>Daha \u00d6nce Oynad\u0131\u011f\u0131 Tak\u0131mlar:G\u00fcng\u00f6renspor<\/td>\n<\/tr>\n<tr>\n<td><\/td>\n<\/tr>\n<tr>\n<td>\n<p>&nbsp;<\/p>\n<table>\n<tbody>\n<tr>\n<td><\/td>\n<\/tr>\n<\/tbody>\n<\/table>\n<\/td>\n<\/tr>\n<tr>\n<td><\/td>\n<\/tr>\n<\/tbody>\n<\/table>\n<\/td>\n<\/tr>\n<tr>\n<td valign=\"top\" width=\"170\"><\/td>\n<td valign=\"top\" width=\"280\"><\/td>\n<\/tr>\n<\/tbody>\n<\/table>\n<table border=\"0\" width=\"450\" cellspacing=\"0\" cellpadding=\"0\">\n<tbody>\n<tr>\n<td valign=\"top\" width=\"170\"><img decoding=\"async\" src=\"https:\/\/cdn.fenerbahce.org\/pic_lib\/yakuphandeliogluu.JPG\" width=\"150\" height=\"150\" \/><\/td>\n<td valign=\"top\" width=\"280\">\n<table border=\"0\" width=\"279\" cellspacing=\"0\" cellpadding=\"0\">\n<tbody>\n<tr>\n<td>Oyuncunun ad\u0131: Yakuphan Delio\u011flu<\/td>\n<\/tr>\n<tr>\n<td>Do\u011fum Tarihi:22-01-2002<\/td>\n<\/tr>\n<tr>\n<td>Do\u011fum Yeri:\u0130stanbul<\/td>\n<\/tr>\n<tr>\n<td>Boyu:1-75<\/td>\n<\/tr>\n<tr>\n<td>Kilosu: 70<\/td>\n<\/tr>\n<tr>\n<td>Mevkii: Sa\u011fbek<\/td>\n<\/tr>\n<tr>\n<td>Forma Numaras\u0131<b>:<\/b>22<\/td>\n<\/tr>\n<tr>\n<td>Fenerbah\u00e7e&#8217;ye Geli\u015f Tarihi: 2015<\/td>\n<\/tr>\n<tr>\n<td>Daha \u00d6nce Oynad\u0131\u011f\u0131 Tak\u0131mlar:Akdeniz Kartallar\u0131<\/td>\n<\/tr>\n<tr>\n<td><\/td>\n<\/tr>\n<tr>\n<td>\n<p>&nbsp;<\/p>\n<table>\n<tbody>\n<tr>\n<td><\/td>\n<\/tr>\n<\/tbody>\n<\/table>\n<\/td>\n<\/tr>\n<tr>\n<td><\/td>\n<\/tr>\n<\/tbody>\n<\/table>\n<\/td>\n<\/tr>\n<tr>\n<td valign=\"top\" width=\"170\"><\/td>\n<td valign=\"top\" width=\"280\"><\/td>\n<\/tr>\n<\/tbody>\n<\/table>\n<table border=\"0\" width=\"450\" cellspacing=\"0\" cellpadding=\"0\">\n<tbody>\n<tr>\n<td valign=\"top\" width=\"170\"><img decoding=\"async\" src=\"https:\/\/cdn.fenerbahce.org\/pic_lib\/yusufcihangirdemirciii.jpg\" width=\"150\" height=\"150\" \/><\/td>\n<td valign=\"top\" width=\"280\">\n<table border=\"0\" width=\"279\" cellspacing=\"0\" cellpadding=\"0\">\n<tbody>\n<tr>\n<td>Oyuncunun ad\u0131: Yusuf Cihangir Demirci<\/td>\n<\/tr>\n<tr>\n<td>Do\u011fum Tarihi:14-02-2002<\/td>\n<\/tr>\n<tr>\n<td>Do\u011fum Yeri:Almanya<\/td>\n<\/tr>\n<tr>\n<td>Boyu:1-86<\/td>\n<\/tr>\n<tr>\n<td>Kilosu: 74<\/td>\n<\/tr>\n<tr>\n<td>Mevkii: Orta Saha<\/td>\n<\/tr>\n<tr>\n<td>Forma Numaras\u0131<b>:<\/b><\/td>\n<\/tr>\n<tr>\n<td>Fenerbah\u00e7e&#8217;ye Geli\u015f Tarihi: 2013<\/td>\n<\/tr>\n<tr>\n<td>Daha \u00d6nce Oynad\u0131\u011f\u0131 Tak\u0131mlar:ESV Einigkeit<\/td>\n<\/tr>\n<tr>\n<td><\/td>\n<\/tr>\n<tr>\n<td><\/td>\n<\/tr>\n<tr>\n<td><\/td>\n<\/tr>\n<\/tbody>\n<\/table>\n<\/td>\n<\/tr>\n<tr>\n<td valign=\"top\" width=\"170\"><\/td>\n<td valign=\"top\" width=\"280\"><\/td>\n<\/tr>\n<\/tbody>\n<\/table>\n<table border=\"0\" width=\"450\" cellspacing=\"0\" cellpadding=\"0\">\n<tbody>\n<tr>\n<td valign=\"top\" width=\"170\"><img decoding=\"async\" src=\"https:\/\/cdn.fenerbahce.org\/pic_lib\/mithatyucell.JPG\" width=\"150\" height=\"150\" \/><\/td>\n<td valign=\"top\" width=\"280\">\n<table border=\"0\" width=\"279\" cellspacing=\"0\" cellpadding=\"0\">\n<tbody>\n<tr>\n<td>Oyuncunun ad\u0131: Mithat Y\u00fccel<\/td>\n<\/tr>\n<tr>\n<td>Do\u011fum Tarihi:21-05-2002<\/td>\n<\/tr>\n<tr>\n<td>Do\u011fum Yeri:\u0130stanbul<\/td>\n<\/tr>\n<tr>\n<td>Boyu:1-82<\/td>\n<\/tr>\n<tr>\n<td>Kilosu: 65<\/td>\n<\/tr>\n<tr>\n<td>Mevkii: Solbek<\/td>\n<\/tr>\n<tr>\n<td>Forma Numaras\u0131<b>:<\/b>6<\/td>\n<\/tr>\n<tr>\n<td>Fenerbah\u00e7e&#8217;ye Geli\u015f Tarihi: 2015<\/td>\n<\/tr>\n<tr>\n<td>Daha \u00d6nce Oynad\u0131\u011f\u0131 Tak\u0131mlar:Avc\u0131larspor<\/td>\n<\/tr>\n<tr>\n<td><\/td>\n<\/tr>\n<tr>\n<td>\n<p>&nbsp;<\/p>\n<table>\n<tbody>\n<tr>\n<td><\/td>\n<\/tr>\n<\/tbody>\n<\/table>\n<\/td>\n<\/tr>\n<tr>\n<td><\/td>\n<\/tr>\n<\/tbody>\n<\/table>\n<\/td>\n<\/tr>\n<tr>\n<td valign=\"top\" width=\"170\"><\/td>\n<td valign=\"top\" width=\"280\"><\/td>\n<\/tr>\n<\/tbody>\n<\/table>\n<table border=\"0\" width=\"450\" cellspacing=\"0\" cellpadding=\"0\">\n<tbody>\n<tr>\n<td valign=\"top\" width=\"170\"><img decoding=\"async\" src=\"https:\/\/cdn.fenerbahce.org\/pic_lib\/mikaelaskarovv.JPG\" width=\"150\" height=\"150\" \/><\/td>\n<td valign=\"top\" width=\"280\">\n<table border=\"0\" width=\"279\" cellspacing=\"0\" cellpadding=\"0\">\n<tbody>\n<tr>\n<td>Oyuncunun ad\u0131: Mikael Askarov<\/td>\n<\/tr>\n<tr>\n<td>Do\u011fum Tarihi:27-12-2002<\/td>\n<\/tr>\n<tr>\n<td>Do\u011fum Yeri: Kazakistan<\/td>\n<\/tr>\n<tr>\n<td>Boyu:1-78<\/td>\n<\/tr>\n<tr>\n<td>Kilosu: 66<\/td>\n<\/tr>\n<tr>\n<td>Mevkii: Solbek<\/td>\n<\/tr>\n<tr>\n<td>Forma Numaras\u0131<b>:<\/b>13<\/td>\n<\/tr>\n<tr>\n<td>Fenerbah\u00e7e&#8217;ye Geli\u015f Tarihi: 2014<\/td>\n<\/tr>\n<tr>\n<td>Daha \u00d6nce Oynad\u0131\u011f\u0131 Tak\u0131mlar:Antalya Dokumaspor<\/td>\n<\/tr>\n<tr>\n<td><\/td>\n<\/tr>\n<tr>\n<td>\n<p>&nbsp;<\/p>\n<table>\n<tbody>\n<tr>\n<td><\/td>\n<\/tr>\n<\/tbody>\n<\/table>\n<\/td>\n<\/tr>\n<tr>\n<td><\/td>\n<\/tr>\n<\/tbody>\n<\/table>\n<\/td>\n<\/tr>\n<tr>\n<td valign=\"top\" width=\"170\"><\/td>\n<td valign=\"top\" width=\"280\"><\/td>\n<\/tr>\n<\/tbody>\n<\/table>\n<table border=\"0\" width=\"450\" cellspacing=\"0\" cellpadding=\"0\">\n<tbody>\n<tr>\n<td valign=\"top\" width=\"170\"><img decoding=\"async\" src=\"https:\/\/cdn.fenerbahce.org\/pic_lib\/alperenaydogduu.JPG\" width=\"150\" height=\"150\" \/><\/td>\n<td valign=\"top\" width=\"280\">\n<table border=\"0\" width=\"279\" cellspacing=\"0\" cellpadding=\"0\">\n<tbody>\n<tr>\n<td>Oyuncunun ad\u0131: Ahmed Alperen Aydo\u011fdu<\/td>\n<\/tr>\n<tr>\n<td>Do\u011fum Tarihi:03-01-2002<\/td>\n<\/tr>\n<tr>\n<td>Do\u011fum Yeri:Ordu<\/td>\n<\/tr>\n<tr>\n<td>Boyu:1-83<\/td>\n<\/tr>\n<tr>\n<td>Kilosu: 69<\/td>\n<\/tr>\n<tr>\n<td>Mevkii: Sa\u011fa\u00e7\u0131k Sola\u00e7\u0131k<\/td>\n<\/tr>\n<tr>\n<td>Forma Numaras\u0131<b>:<\/b>26<\/td>\n<\/tr>\n<tr>\n<td>Fenerbah\u00e7e&#8217;ye Geli\u015f Tarihi: 2014<\/td>\n<\/tr>\n<tr>\n<td>Daha \u00d6nce Oynad\u0131\u011f\u0131 Tak\u0131mlar:Be\u015fikta\u015f<\/td>\n<\/tr>\n<tr>\n<td><\/td>\n<\/tr>\n<tr>\n<td>\n<p>&nbsp;<\/p>\n<table>\n<tbody>\n<tr>\n<td><\/td>\n<\/tr>\n<\/tbody>\n<\/table>\n<\/td>\n<\/tr>\n<tr>\n<td><\/td>\n<\/tr>\n<\/tbody>\n<\/table>\n<\/td>\n<\/tr>\n<tr>\n<td valign=\"top\" width=\"170\"><\/td>\n<td valign=\"top\" width=\"280\"><\/td>\n<\/tr>\n<\/tbody>\n<\/table>\n<table border=\"0\" width=\"450\" cellspacing=\"0\" cellpadding=\"0\">\n<tbody>\n<tr>\n<td valign=\"top\" width=\"170\"><img decoding=\"async\" src=\"https:\/\/cdn.fenerbahce.org\/pic_lib\/sametsalmanliii.JPG\" width=\"150\" height=\"150\" \/><\/td>\n<td valign=\"top\" width=\"280\">\n<table border=\"0\" width=\"279\" cellspacing=\"0\" cellpadding=\"0\">\n<tbody>\n<tr>\n<td>Oyuncunun ad\u0131: Samet Salmanl\u0131<\/td>\n<\/tr>\n<tr>\n<td>Do\u011fum Tarihi:15-11-2002<\/td>\n<\/tr>\n<tr>\n<td>Do\u011fum Yeri:\u0130stanbul<\/td>\n<\/tr>\n<tr>\n<td>Boyu:1-70<\/td>\n<\/tr>\n<tr>\n<td>Kilosu: 60<\/td>\n<\/tr>\n<tr>\n<td>Mevkii: Orta Saha<\/td>\n<\/tr>\n<tr>\n<td>Forma Numaras\u0131<b>:20<\/b><\/td>\n<\/tr>\n<tr>\n<td>Fenerbah\u00e7e&#8217;ye Geli\u015f Tarihi: 2018<\/td>\n<\/tr>\n<tr>\n<td>Daha \u00d6nce Oynad\u0131\u011f\u0131 Tak\u0131mlar:\u0130FA Spor<\/td>\n<\/tr>\n<tr>\n<td><\/td>\n<\/tr>\n<tr>\n<td>\n<p>&nbsp;<\/p>\n<table>\n<tbody>\n<tr>\n<td><\/td>\n<\/tr>\n<\/tbody>\n<\/table>\n<\/td>\n<\/tr>\n<tr>\n<td><\/td>\n<\/tr>\n<\/tbody>\n<\/table>\n<\/td>\n<\/tr>\n<tr>\n<td valign=\"top\" width=\"170\"><\/td>\n<td valign=\"top\" width=\"280\"><\/td>\n<\/tr>\n<\/tbody>\n<\/table>\n<table border=\"0\" width=\"450\" cellspacing=\"0\" cellpadding=\"0\">\n<tbody>\n<tr>\n<td valign=\"top\" width=\"170\"><img decoding=\"async\" src=\"https:\/\/cdn.fenerbahce.org\/pic_lib\/fatihmertcirtlikk.jpg\" width=\"150\" height=\"150\" \/><\/td>\n<td valign=\"top\" width=\"280\">\n<table border=\"0\" width=\"279\" cellspacing=\"0\" cellpadding=\"0\">\n<tbody>\n<tr>\n<td>Oyuncunun ad\u0131: Fatih Mert \u00c7\u0131rtl\u0131k<\/td>\n<\/tr>\n<tr>\n<td>Do\u011fum Tarihi:12-07-2002<\/td>\n<\/tr>\n<tr>\n<td>Do\u011fum Yeri:\u0130stanbul<\/td>\n<\/tr>\n<tr>\n<td>Boyu:1-74<\/td>\n<\/tr>\n<tr>\n<td>Kilosu: 65<\/td>\n<\/tr>\n<tr>\n<td>Mevkii: Orta Saha<\/td>\n<\/tr>\n<tr>\n<td>Forma Numaras\u0131<b>:<\/b>14<\/td>\n<\/tr>\n<tr>\n<td>Fenerbah\u00e7e&#8217;ye Geli\u015f Tarihi: 2013<\/td>\n<\/tr>\n<tr>\n<td>&nbsp;<\/td>\n<\/tr>\n<tr>\n<td><\/td>\n<\/tr>\n<tr>\n<td>\n<p>&nbsp;<\/p>\n<table>\n<tbody>\n<tr>\n<td><\/td>\n<\/tr>\n<\/tbody>\n<\/table>\n<\/td>\n<\/tr>\n<tr>\n<td><\/td>\n<\/tr>\n<\/tbody>\n<\/table>\n<\/td>\n<\/tr>\n<tr>\n<td valign=\"top\" width=\"170\"><\/td>\n<td valign=\"top\" width=\"280\"><\/td>\n<\/tr>\n<\/tbody>\n<\/table>\n<table border=\"0\" width=\"450\" cellspacing=\"0\" cellpadding=\"0\">\n<tbody>\n<tr>\n<td valign=\"top\" width=\"170\"><img decoding=\"async\" src=\"https:\/\/cdn.fenerbahce.org\/pic_lib\/omermelihyalmann.JPG\" width=\"150\" height=\"150\" \/><\/td>\n<td valign=\"top\" width=\"280\">\n<table border=\"0\" width=\"279\" cellspacing=\"0\" cellpadding=\"0\">\n<tbody>\n<tr>\n<td>Oyuncunun ad\u0131: \u00d6mer Merih Yalman<\/td>\n<\/tr>\n<tr>\n<td>Do\u011fum Tarihi:28-02-2002<\/td>\n<\/tr>\n<tr>\n<td>Do\u011fum Yeri:\u0130stanbul<\/td>\n<\/tr>\n<tr>\n<td>Boyu:1-80<\/td>\n<\/tr>\n<tr>\n<td>Kilosu: 70<\/td>\n<\/tr>\n<tr>\n<td>Mevkii: Kaleci<\/td>\n<\/tr>\n<tr>\n<td>Forma Numaras\u0131<b>:<\/b>12<\/td>\n<\/tr>\n<tr>\n<td>Fenerbah\u00e7e&#8217;ye Geli\u015f Tarihi: 2009<\/td>\n<\/tr>\n<tr>\n<td>&nbsp;<\/td>\n<\/tr>\n<tr>\n<td>Millilik Say\u0131s\u0131:4<\/td>\n<\/tr>\n<tr>\n<td>\n<p>&nbsp;<\/p>\n<table>\n<tbody>\n<tr>\n<td><\/td>\n<\/tr>\n<\/tbody>\n<\/table>\n<\/td>\n<\/tr>\n<tr>\n<td><\/td>\n<\/tr>\n<\/tbody>\n<\/table>\n<\/td>\n<\/tr>\n<tr>\n<td valign=\"top\" width=\"170\"><\/td>\n<td valign=\"top\" width=\"280\"><\/td>\n<\/tr>\n<\/tbody>\n<\/table>\n<table border=\"0\" width=\"450\" cellspacing=\"0\" cellpadding=\"0\">\n<tbody>\n<tr>\n<td valign=\"top\" width=\"170\"><img decoding=\"async\" src=\"https:\/\/cdn.fenerbahce.org\/pic_lib\/umutozcann.JPG\" width=\"150\" height=\"150\" \/><\/td>\n<td valign=\"top\" width=\"280\">\n<table border=\"0\" width=\"279\" cellspacing=\"0\" cellpadding=\"0\">\n<tbody>\n<tr>\n<td>Oyuncunun ad\u0131: Umut \u00d6zcan<\/td>\n<\/tr>\n<tr>\n<td>Do\u011fum Tarihi:20-06-2002<\/td>\n<\/tr>\n<tr>\n<td>Do\u011fum Yeri:\u0130stanbul<\/td>\n<\/tr>\n<tr>\n<td>Boyu:1-83<\/td>\n<\/tr>\n<tr>\n<td>Kilosu: 72<\/td>\n<\/tr>\n<tr>\n<td>Mevkii: Forvet<\/td>\n<\/tr>\n<tr>\n<td>Forma Numaras\u0131<b>:<\/b>17<\/td>\n<\/tr>\n<tr>\n<td>Fenerbah\u00e7e&#8217;ye Geli\u015f Tarihi: 2014<\/td>\n<\/tr>\n<tr>\n<td>Daha \u00d6nce Oynad\u0131\u011f\u0131 Tak\u0131mlar:Bostanc\u0131spor<\/td>\n<\/tr>\n<tr>\n<td><\/td>\n<\/tr>\n<tr>\n<td>\n<p>&nbsp;<\/p>\n<table>\n<tbody>\n<tr>\n<td><\/td>\n<\/tr>\n<\/tbody>\n<\/table>\n<\/td>\n<\/tr>\n<tr>\n<td><\/td>\n<\/tr>\n<\/tbody>\n<\/table>\n<\/td>\n<\/tr>\n<tr>\n<td valign=\"top\" width=\"170\"><\/td>\n<td valign=\"top\" width=\"280\"><\/td>\n<\/tr>\n<\/tbody>\n<\/table>\n<table border=\"0\" width=\"450\" cellspacing=\"0\" cellpadding=\"0\">\n<tbody>\n<tr>\n<td valign=\"top\" width=\"170\"><img decoding=\"async\" src=\"https:\/\/cdn.fenerbahce.org\/pic_lib\/ismailberberr.JPG\" width=\"150\" height=\"150\" \/><\/td>\n<td valign=\"top\" width=\"280\">\n<table border=\"0\" width=\"279\" cellspacing=\"0\" cellpadding=\"0\">\n<tbody>\n<tr>\n<td>Oyuncunun ad\u0131: \u0130smail Berber<\/td>\n<\/tr>\n<tr>\n<td>Do\u011fum Tarihi:01-01-2002<\/td>\n<\/tr>\n<tr>\n<td>Do\u011fum Yeri:Adana<\/td>\n<\/tr>\n<tr>\n<td>Boyu:1-74<\/td>\n<\/tr>\n<tr>\n<td>Kilosu: 64<\/td>\n<\/tr>\n<tr>\n<td>Mevkii: Stoper<\/td>\n<\/tr>\n<tr>\n<td>Forma Numaras\u0131<b>:<\/b>16<\/td>\n<\/tr>\n<tr>\n<td>Fenerbah\u00e7e&#8217;ye Geli\u015f Tarihi: 2018<\/td>\n<\/tr>\n<tr>\n<td>Daha \u00d6nce Oynad\u0131\u011f\u0131 Tak\u0131mlar:Adana Kanaryaspor<\/td>\n<\/tr>\n<tr>\n<td><\/td>\n<\/tr>\n<tr>\n<td>\n<p>&nbsp;<\/p>\n<table>\n<tbody>\n<tr>\n<td><\/td>\n<\/tr>\n<\/tbody>\n<\/table>\n<\/td>\n<\/tr>\n<tr>\n<td><\/td>\n<\/tr>\n<\/tbody>\n<\/table>\n<\/td>\n<\/tr>\n<tr>\n<td valign=\"top\" width=\"170\"><\/td>\n<td valign=\"top\" width=\"280\"><\/td>\n<\/tr>\n<\/tbody>\n<\/table>\n<table border=\"0\" width=\"450\" cellspacing=\"0\" cellpadding=\"0\">\n<tbody>\n<tr>\n<td valign=\"top\" width=\"170\"><img decoding=\"async\" src=\"https:\/\/cdn.fenerbahce.org\/pic_lib\/siyabenttokdemirrr.JPG\" width=\"150\" height=\"150\" \/><\/td>\n<td valign=\"top\" width=\"280\">\n<table border=\"0\" width=\"279\" cellspacing=\"0\" cellpadding=\"0\">\n<tbody>\n<tr>\n<td>Oyuncunun ad\u0131: Siyabent Tokdemir<\/td>\n<\/tr>\n<tr>\n<td>Do\u011fum Tarihi:15-05-2002<\/td>\n<\/tr>\n<tr>\n<td>Do\u011fum Yeri:Siirt<\/td>\n<\/tr>\n<tr>\n<td>Boyu:1-73<\/td>\n<\/tr>\n<tr>\n<td>Kilosu: 68<\/td>\n<\/tr>\n<tr>\n<td>Mevkii: Sa\u011fbek<\/td>\n<\/tr>\n<tr>\n<td>Forma Numaras\u0131<b>:<\/b>19<\/td>\n<\/tr>\n<tr>\n<td>Fenerbah\u00e7e&#8217;ye Geli\u015f Tarihi: 2018<\/td>\n<\/tr>\n<tr>\n<td>Daha \u00d6nce Oynad\u0131\u011f\u0131 Tak\u0131mlar:Albayrak, Eseneler Atletik<\/td>\n<\/tr>\n<tr>\n<td><\/td>\n<\/tr>\n<tr>\n<td>\n<p>&nbsp;<\/p>\n<table>\n<tbody>\n<tr>\n<td><\/td>\n<\/tr>\n<\/tbody>\n<\/table>\n<\/td>\n<\/tr>\n<tr>\n<td><\/td>\n<\/tr>\n<\/tbody>\n<\/table>\n<\/td>\n<\/tr>\n<tr>\n<td valign=\"top\" width=\"170\"><\/td>\n<td valign=\"top\" width=\"280\"><\/td>\n<\/tr>\n<\/tbody>\n<\/table>\n<p>&nbsp;<\/p>\n<table border=\"0\" width=\"450\" cellspacing=\"0\" cellpadding=\"0\">\n<tbody>\n<tr>\n<td valign=\"top\" width=\"170\"><img decoding=\"async\" src=\"https:\/\/cdn.fenerbahce.org\/pic_lib\/omerfarukbeyaz.jpg\" \/><\/td>\n<td valign=\"top\" width=\"280\">\n<table border=\"0\" width=\"279\" cellspacing=\"0\" cellpadding=\"0\">\n<tbody>\n<tr>\n<td>Oyuncunun ad\u0131: \u00d6mer Faruk Beyaz<\/td>\n<\/tr>\n<tr>\n<td>Do\u011fum Tarihi:29-08-2003<\/td>\n<\/tr>\n<tr>\n<td>Do\u011fum Yeri:\u0130stanbul<\/td>\n<\/tr>\n<tr>\n<td>Boyu:1-71<\/td>\n<\/tr>\n<tr>\n<td>Kilosu: 60<\/td>\n<\/tr>\n<tr>\n<td>Mevkii: Orta Saha<\/td>\n<\/tr>\n<tr>\n<td>Forma Numaras\u0131<b>:10<\/b><\/td>\n<\/tr>\n<tr>\n<td>Fenerbah\u00e7e&#8217;ye Geli\u015f Tarihi: 2012<\/td>\n<\/tr>\n<tr>\n<td>Daha \u00d6nce Oynad\u0131\u011f\u0131 Tak\u0131mlar:<\/td>\n<\/tr>\n<tr>\n<td>Millilik Say\u0131s\u0131:14<\/td>\n<\/tr>\n<tr>\n<td>Ba\u015far\u0131lar\u0131:<\/td>\n<\/tr>\n<\/tbody>\n<\/table>\n<\/td>\n<\/tr>\n<\/tbody>\n<\/table>\n<p>[\/vc_column_text][\/vc_tta_section][vc_tta_section title=&#8221;16 Ya\u015f Alt\u0131 Gen\u00e7 Tak\u0131m\u0131m\u0131z&#8221; tab_id=&#8221;1536485563491-ea062fef-c15d&#8221;][vc_column_text]<\/p>\n<table border=\"0\" width=\"450\" cellspacing=\"0\" cellpadding=\"0\">\n<tbody>\n<tr>\n<td valign=\"top\" width=\"170\"><img decoding=\"async\" src=\"https:\/\/cdn.fenerbahce.org\/pic_lib\/emrekartalll.JPG\" width=\"150\" height=\"150\" \/><\/td>\n<td valign=\"top\" width=\"280\">\n<table border=\"0\" width=\"279\" cellspacing=\"0\" cellpadding=\"0\">\n<tbody>\n<tr>\n<td>Oyuncunun Ad\u0131: Emre Kartal<\/td>\n<\/tr>\n<tr>\n<td>Do\u011fum Tarihi:05-01-2003<\/td>\n<\/tr>\n<tr>\n<td>Do\u011fum Yeri:\u0130stanbul<\/td>\n<\/tr>\n<tr>\n<td>Boyu:1-77<\/td>\n<\/tr>\n<tr>\n<td>Kilosu: 63<\/td>\n<\/tr>\n<tr>\n<td>Mevkii: Solbek<\/td>\n<\/tr>\n<tr>\n<td>Forma Numaras\u0131<b>:<\/b>13<\/td>\n<\/tr>\n<tr>\n<td>Fenerbah\u00e7e&#8217;ye Geli\u015f Tarihi: 2010<\/td>\n<\/tr>\n<tr>\n<td>&nbsp;<\/td>\n<\/tr>\n<tr>\n<td><\/td>\n<\/tr>\n<tr>\n<td>\n<p>Ba\u015far\u0131lar\u0131: U-13 T\u00fcrkiye 2,<\/p>\n<table>\n<tbody>\n<tr>\n<td><\/td>\n<\/tr>\n<\/tbody>\n<\/table>\n<\/td>\n<\/tr>\n<tr>\n<td><\/td>\n<\/tr>\n<\/tbody>\n<\/table>\n<\/td>\n<\/tr>\n<tr>\n<td valign=\"top\" width=\"170\"><\/td>\n<td valign=\"top\" width=\"280\"><\/td>\n<\/tr>\n<\/tbody>\n<\/table>\n<table border=\"0\" width=\"450\" cellspacing=\"0\" cellpadding=\"0\">\n<tbody>\n<tr>\n<td valign=\"top\" width=\"170\"><img decoding=\"async\" src=\"https:\/\/cdn.fenerbahce.org\/pic_lib\/volkanconogluuu.JPG\" width=\"150\" height=\"150\" \/><\/td>\n<td valign=\"top\" width=\"280\">\n<table border=\"0\" width=\"279\" cellspacing=\"0\" cellpadding=\"0\">\n<tbody>\n<tr>\n<td>Oyuncunun Ad\u0131: Volkan \u00c7ono\u011flu<\/td>\n<\/tr>\n<tr>\n<td>Do\u011fum Tarihi:27-03-2003<\/td>\n<\/tr>\n<tr>\n<td>Do\u011fum Yeri:Ordu<\/td>\n<\/tr>\n<tr>\n<td>Boyu:1-72<\/td>\n<\/tr>\n<tr>\n<td>Kilosu: 59<\/td>\n<\/tr>\n<tr>\n<td>Mevkii: Sola\u00e7\u0131k Sa\u011fa\u00e7\u0131k<\/td>\n<\/tr>\n<tr>\n<td>Forma Numaras\u0131<b>:<\/b>19<\/td>\n<\/tr>\n<tr>\n<td>Fenerbah\u00e7e&#8217;ye Geli\u015f Tarihi: 2014<\/td>\n<\/tr>\n<tr>\n<td>&nbsp;<\/td>\n<\/tr>\n<tr>\n<td><\/td>\n<\/tr>\n<tr>\n<td>\n<p>Ba\u015far\u0131lar\u0131: U-13 T\u00fcrkiye 2,<\/p>\n<table>\n<tbody>\n<tr>\n<td><\/td>\n<\/tr>\n<\/tbody>\n<\/table>\n<\/td>\n<\/tr>\n<tr>\n<td><\/td>\n<\/tr>\n<\/tbody>\n<\/table>\n<\/td>\n<\/tr>\n<tr>\n<td valign=\"top\" width=\"170\"><\/td>\n<td valign=\"top\" width=\"280\"><\/td>\n<\/tr>\n<\/tbody>\n<\/table>\n<table border=\"0\" width=\"450\" cellspacing=\"0\" cellpadding=\"0\">\n<tbody>\n<tr>\n<td valign=\"top\" width=\"170\"><img decoding=\"async\" src=\"https:\/\/cdn.fenerbahce.org\/pic_lib\/kasimbaserrr.jpg\" width=\"150\" height=\"150\" \/><\/td>\n<td valign=\"top\" width=\"280\">\n<table border=\"0\" width=\"279\" cellspacing=\"0\" cellpadding=\"0\">\n<tbody>\n<tr>\n<td>Oyuncunun Ad\u0131: Kas\u0131m Ba\u015fer<\/td>\n<\/tr>\n<tr>\n<td>Do\u011fum Tarihi:22-03-2003<\/td>\n<\/tr>\n<tr>\n<td>Do\u011fum Yeri:Diyarbak\u0131r<\/td>\n<\/tr>\n<tr>\n<td>Boyu:1-75<\/td>\n<\/tr>\n<tr>\n<td>Kilosu: 60<\/td>\n<\/tr>\n<tr>\n<td>Mevkii: Stoper<\/td>\n<\/tr>\n<tr>\n<td>Forma Numaras\u0131<b>:<\/b>16<\/td>\n<\/tr>\n<tr>\n<td>Fenerbah\u00e7e&#8217;ye Geli\u015f Tarihi: 2016<\/td>\n<\/tr>\n<tr>\n<td>&nbsp;<\/td>\n<\/tr>\n<tr>\n<td><\/td>\n<\/tr>\n<tr>\n<td>\n<p>&nbsp;<\/p>\n<table>\n<tbody>\n<tr>\n<td><\/td>\n<\/tr>\n<\/tbody>\n<\/table>\n<\/td>\n<\/tr>\n<tr>\n<td><\/td>\n<\/tr>\n<\/tbody>\n<\/table>\n<\/td>\n<\/tr>\n<tr>\n<td valign=\"top\" width=\"170\"><\/td>\n<td valign=\"top\" width=\"280\"><\/td>\n<\/tr>\n<\/tbody>\n<\/table>\n<table border=\"0\" width=\"450\" cellspacing=\"0\" cellpadding=\"0\">\n<tbody>\n<tr>\n<td valign=\"top\" width=\"170\"><img decoding=\"async\" src=\"https:\/\/www.fenerbahce.org\/futbolaltyapi\/ruhanardaaksoy\" width=\"150\" height=\"150\" \/><\/td>\n<td valign=\"top\" width=\"280\">\n<table border=\"0\" width=\"279\" cellspacing=\"0\" cellpadding=\"0\">\n<tbody>\n<tr>\n<td>Oyuncunun Ad\u0131: Ruhan Arda Aksoy<\/td>\n<\/tr>\n<tr>\n<td>Do\u011fum Tarihi:31-03-2003<\/td>\n<\/tr>\n<tr>\n<td>Do\u011fum Yeri:Kocaeli<\/td>\n<\/tr>\n<tr>\n<td>Boyu:1-74<\/td>\n<\/tr>\n<tr>\n<td>Kilosu: 60<\/td>\n<\/tr>\n<tr>\n<td>Mevkii: Sa\u011fbek<\/td>\n<\/tr>\n<tr>\n<td>Forma Numaras\u0131<b>:<\/b><\/td>\n<\/tr>\n<tr>\n<td>Fenerbah\u00e7e&#8217;ye Geli\u015f Tarihi: 2013<\/td>\n<\/tr>\n<tr>\n<td>Daha \u00d6nce Oynad\u0131\u011f\u0131 Tak\u0131mlar:Karam\u00fcrsel \u0130dman Yurdu<\/td>\n<\/tr>\n<tr>\n<td>Millilik Say\u0131s\u0131:5<\/td>\n<\/tr>\n<tr>\n<td>\n<p>Ba\u015far\u0131lar\u0131: U-13 T\u00fcrkiye 2, Uluslararas\u0131 U- 15 \u015eampiyonlu\u011fu<\/p>\n<table>\n<tbody>\n<tr>\n<td><\/td>\n<\/tr>\n<\/tbody>\n<\/table>\n<\/td>\n<\/tr>\n<tr>\n<td><\/td>\n<\/tr>\n<\/tbody>\n<\/table>\n<\/td>\n<\/tr>\n<tr>\n<td valign=\"top\" width=\"170\"><\/td>\n<td valign=\"top\" width=\"280\"><\/td>\n<\/tr>\n<\/tbody>\n<\/table>\n<table border=\"0\" width=\"450\" cellspacing=\"0\" cellpadding=\"0\">\n<tbody>\n<tr>\n<td valign=\"top\" width=\"170\"><img decoding=\"async\" src=\"https:\/\/cdn.fenerbahce.org\/pic_lib\/muhammedcamciii.jpg\" width=\"150\" height=\"150\" \/><\/td>\n<td valign=\"top\" width=\"280\">\n<table border=\"0\" width=\"279\" cellspacing=\"0\" cellpadding=\"0\">\n<tbody>\n<tr>\n<td>Oyuncunun Ad\u0131: Muhammet \u00c7amc\u0131<\/td>\n<\/tr>\n<tr>\n<td>Do\u011fum Tarihi:18-02-2003<\/td>\n<\/tr>\n<tr>\n<td>Do\u011fum Yeri:Sivas<\/td>\n<\/tr>\n<tr>\n<td>Boyu:1-62<\/td>\n<\/tr>\n<tr>\n<td>Kilosu: 54<\/td>\n<\/tr>\n<tr>\n<td>Mevkii: Orta Saha<\/td>\n<\/tr>\n<tr>\n<td>Forma Numaras\u0131<b>:<\/b>8<\/td>\n<\/tr>\n<tr>\n<td>Fenerbah\u00e7e&#8217;ye Geli\u015f Tarihi: 2016<\/td>\n<\/tr>\n<tr>\n<td>Daha \u00d6nce Oynad\u0131\u011f\u0131 Tak\u0131mlar:Sivas Demirspor<\/td>\n<\/tr>\n<tr>\n<td><\/td>\n<\/tr>\n<tr>\n<td>\n<p>&nbsp;<\/p>\n<table>\n<tbody>\n<tr>\n<td><\/td>\n<\/tr>\n<\/tbody>\n<\/table>\n<\/td>\n<\/tr>\n<tr>\n<td><\/td>\n<\/tr>\n<\/tbody>\n<\/table>\n<\/td>\n<\/tr>\n<tr>\n<td valign=\"top\" width=\"170\"><\/td>\n<td valign=\"top\" width=\"280\"><\/td>\n<\/tr>\n<\/tbody>\n<\/table>\n<table border=\"0\" width=\"450\" cellspacing=\"0\" cellpadding=\"0\">\n<tbody>\n<tr>\n<td valign=\"top\" width=\"170\"><img decoding=\"async\" src=\"https:\/\/cdn.fenerbahce.org\/pic_lib\/tugaygundemmm.jpg\" width=\"150\" height=\"150\" \/><\/td>\n<td valign=\"top\" width=\"280\">\n<table border=\"0\" width=\"279\" cellspacing=\"0\" cellpadding=\"0\">\n<tbody>\n<tr>\n<td>Oyuncunun Ad\u0131: Tugay G\u00fcndem<\/td>\n<\/tr>\n<tr>\n<td>Do\u011fum Tarihi:07-03-2003<\/td>\n<\/tr>\n<tr>\n<td>Do\u011fum Yeri:Ayd\u0131n<\/td>\n<\/tr>\n<tr>\n<td>Boyu:1-83<\/td>\n<\/tr>\n<tr>\n<td>Kilosu: 70<\/td>\n<\/tr>\n<tr>\n<td>Mevkii: Orta Saha<\/td>\n<\/tr>\n<tr>\n<td>Forma Numaras\u0131<b>:<\/b>23<\/td>\n<\/tr>\n<tr>\n<td>Fenerbah\u00e7e&#8217;ye Geli\u015f Tarihi: 2018<\/td>\n<\/tr>\n<tr>\n<td>Daha \u00d6nce Oynad\u0131\u011f\u0131 Tak\u0131mlar:Ayd\u0131nspor<\/td>\n<\/tr>\n<tr>\n<td><\/td>\n<\/tr>\n<tr>\n<td>\n<p>&nbsp;<\/p>\n<table>\n<tbody>\n<tr>\n<td><\/td>\n<\/tr>\n<\/tbody>\n<\/table>\n<\/td>\n<\/tr>\n<tr>\n<td><\/td>\n<\/tr>\n<\/tbody>\n<\/table>\n<\/td>\n<\/tr>\n<tr>\n<td valign=\"top\" width=\"170\"><\/td>\n<td valign=\"top\" width=\"280\"><\/td>\n<\/tr>\n<\/tbody>\n<\/table>\n<table border=\"0\" width=\"450\" cellspacing=\"0\" cellpadding=\"0\">\n<tbody>\n<tr>\n<td valign=\"top\" width=\"170\"><img decoding=\"async\" src=\"https:\/\/cdn.fenerbahce.org\/pic_lib\/hasanunluyaylaaa.jpg\" width=\"150\" height=\"150\" \/><\/td>\n<td valign=\"top\" width=\"280\">\n<table border=\"0\" width=\"279\" cellspacing=\"0\" cellpadding=\"0\">\n<tbody>\n<tr>\n<td>Oyuncunun Ad\u0131: Hasan \u00dcnl\u00fcyayla<\/td>\n<\/tr>\n<tr>\n<td>Do\u011fum Tarihi:20-07-2003<\/td>\n<\/tr>\n<tr>\n<td>Do\u011fum Yeri:Kocaeli<\/td>\n<\/tr>\n<tr>\n<td>Boyu:1-65<\/td>\n<\/tr>\n<tr>\n<td>Kilosu: 59<\/td>\n<\/tr>\n<tr>\n<td>Mevkii: Sa\u011fbek<\/td>\n<\/tr>\n<tr>\n<td>Forma Numaras\u0131<b>:<\/b>7<\/td>\n<\/tr>\n<tr>\n<td>Fenerbah\u00e7e&#8217;ye Geli\u015f Tarihi: 2016<\/td>\n<\/tr>\n<tr>\n<td>Daha \u00d6nce Oynad\u0131\u011f\u0131 Tak\u0131mlar:\u0130zmit Y\u0131ld\u0131z Spor Kul\u00fcb\u00fc<\/td>\n<\/tr>\n<tr>\n<td><\/td>\n<\/tr>\n<tr>\n<td>\n<p>&nbsp;<\/p>\n<table>\n<tbody>\n<tr>\n<td><\/td>\n<\/tr>\n<\/tbody>\n<\/table>\n<\/td>\n<\/tr>\n<tr>\n<td><\/td>\n<\/tr>\n<\/tbody>\n<\/table>\n<\/td>\n<\/tr>\n<tr>\n<td valign=\"top\" width=\"170\"><\/td>\n<td valign=\"top\" width=\"280\"><\/td>\n<\/tr>\n<\/tbody>\n<\/table>\n<table border=\"0\" width=\"450\" cellspacing=\"0\" cellpadding=\"0\">\n<tbody>\n<tr>\n<td valign=\"top\" width=\"170\"><img decoding=\"async\" src=\"https:\/\/cdn.fenerbahce.org\/pic_lib\/omertuggg.JPG\" width=\"150\" height=\"150\" \/><\/td>\n<td valign=\"top\" width=\"280\">\n<table border=\"0\" width=\"279\" cellspacing=\"0\" cellpadding=\"0\">\n<tbody>\n<tr>\n<td>Oyuncunun Ad\u0131: \u00d6mer Tu\u011f<\/td>\n<\/tr>\n<tr>\n<td>Do\u011fum Tarihi:19-01-2003<\/td>\n<\/tr>\n<tr>\n<td>Do\u011fum Yeri:izmit<\/td>\n<\/tr>\n<tr>\n<td>Boyu:1-83<\/td>\n<\/tr>\n<tr>\n<td>Kilosu: 71<\/td>\n<\/tr>\n<tr>\n<td>Mevkii: Forvet<\/td>\n<\/tr>\n<tr>\n<td>Forma Numaras\u0131<b>:<\/b>29<\/td>\n<\/tr>\n<tr>\n<td>Fenerbah\u00e7e&#8217;ye Geli\u015f Tarihi: 2018<\/td>\n<\/tr>\n<tr>\n<td>Daha \u00d6nce Oynad\u0131\u011f\u0131 Tak\u0131mlar:Hereke Y\u0131ld\u0131z Spor Kul\u00fcb\u00fc K\u00f6rfez Spor<\/td>\n<\/tr>\n<tr>\n<td><\/td>\n<\/tr>\n<tr>\n<td>\n<p>&nbsp;<\/p>\n<table>\n<tbody>\n<tr>\n<td><\/td>\n<\/tr>\n<\/tbody>\n<\/table>\n<\/td>\n<\/tr>\n<tr>\n<td><\/td>\n<\/tr>\n<\/tbody>\n<\/table>\n<\/td>\n<\/tr>\n<tr>\n<td valign=\"top\" width=\"170\"><\/td>\n<td valign=\"top\" width=\"280\"><\/td>\n<\/tr>\n<\/tbody>\n<\/table>\n<table border=\"0\" width=\"450\" cellspacing=\"0\" cellpadding=\"0\">\n<tbody>\n<tr>\n<td valign=\"top\" width=\"170\"><img decoding=\"async\" src=\"https:\/\/cdn.fenerbahce.org\/pic_lib\/fatihkanberrr.jpg\" width=\"150\" height=\"150\" \/><\/td>\n<td valign=\"top\" width=\"280\">\n<table border=\"0\" width=\"279\" cellspacing=\"0\" cellpadding=\"0\">\n<tbody>\n<tr>\n<td>Oyuncunun Ad\u0131: Fatih Kanber<\/td>\n<\/tr>\n<tr>\n<td>Do\u011fum Tarihi:15-02-2003<\/td>\n<\/tr>\n<tr>\n<td>Do\u011fum Yeri:Kocaeli<\/td>\n<\/tr>\n<tr>\n<td>Boyu:1-77<\/td>\n<\/tr>\n<tr>\n<td>Kilosu: 61<\/td>\n<\/tr>\n<tr>\n<td>Mevkii: Stoper<\/td>\n<\/tr>\n<tr>\n<td>Forma Numaras\u0131<b>:<\/b>4<\/td>\n<\/tr>\n<tr>\n<td>Fenerbah\u00e7e&#8217;ye Geli\u015f Tarihi: 2016<\/td>\n<\/tr>\n<tr>\n<td>Daha \u00d6nce Oynad\u0131\u011f\u0131 Tak\u0131mlar:41 Futbol Kul\u00fcb\u00fc<\/td>\n<\/tr>\n<tr>\n<td><\/td>\n<\/tr>\n<tr>\n<td>\n<p>&nbsp;<\/p>\n<table>\n<tbody>\n<tr>\n<td><\/td>\n<\/tr>\n<\/tbody>\n<\/table>\n<\/td>\n<\/tr>\n<tr>\n<td><\/td>\n<\/tr>\n<\/tbody>\n<\/table>\n<\/td>\n<\/tr>\n<tr>\n<td valign=\"top\" width=\"170\"><\/td>\n<td valign=\"top\" width=\"280\"><\/td>\n<\/tr>\n<\/tbody>\n<\/table>\n<table border=\"0\" width=\"450\" cellspacing=\"0\" cellpadding=\"0\">\n<tbody>\n<tr>\n<td valign=\"top\" width=\"170\"><img decoding=\"async\" src=\"https:\/\/cdn.fenerbahce.org\/pic_lib\/uguruzunNN.jpg\" \/><\/td>\n<td valign=\"top\" width=\"280\">\n<table border=\"0\" width=\"279\" cellspacing=\"0\" cellpadding=\"0\">\n<tbody>\n<tr>\n<td>Oyuncunun ad\u0131: U\u011fur Uzun<\/td>\n<\/tr>\n<tr>\n<td>Do\u011fum Tarihi:16-01-2003<\/td>\n<\/tr>\n<tr>\n<td>Do\u011fum Yeri:\u0130stanbul<\/td>\n<\/tr>\n<tr>\n<td>Boyu:1-75<\/td>\n<\/tr>\n<tr>\n<td>Kilosu: 63<\/td>\n<\/tr>\n<tr>\n<td>Mevkii: Solbek<\/td>\n<\/tr>\n<tr>\n<td>Forma Numaras\u0131<b>:<\/b>3<\/td>\n<\/tr>\n<tr>\n<td>Fenerbah\u00e7e&#8217;ye Geli\u015f Tarihi: 2016<\/td>\n<\/tr>\n<tr>\n<td>Daha \u00d6nce Oynad\u0131\u011f\u0131 Tak\u0131mlar:Esenler Spor Kul\u00fcb\u00fc<\/td>\n<\/tr>\n<tr>\n<td><\/td>\n<\/tr>\n<tr>\n<td>\n<table>\n<tbody>\n<tr>\n<td><\/td>\n<\/tr>\n<\/tbody>\n<\/table>\n<\/td>\n<\/tr>\n<tr>\n<td><\/td>\n<\/tr>\n<\/tbody>\n<\/table>\n<\/td>\n<\/tr>\n<tr>\n<td valign=\"top\" width=\"170\"><\/td>\n<td valign=\"top\" width=\"280\"><\/td>\n<\/tr>\n<\/tbody>\n<\/table>\n<table border=\"0\" width=\"450\" cellspacing=\"0\" cellpadding=\"0\">\n<tbody>\n<tr>\n<td valign=\"top\" width=\"170\"><img decoding=\"async\" src=\"https:\/\/cdn.fenerbahce.org\/pic_lib\/muratseyfiii.jpg\" width=\"150\" height=\"150\" \/><\/td>\n<td valign=\"top\" width=\"280\">\n<table border=\"0\" width=\"279\" cellspacing=\"0\" cellpadding=\"0\">\n<tbody>\n<tr>\n<td>Oyuncunun Ad\u0131: Murat Seyfi<\/td>\n<\/tr>\n<tr>\n<td>Do\u011fum Tarihi:23-12-2003<\/td>\n<\/tr>\n<tr>\n<td>Do\u011fum Yeri:Sivas<\/td>\n<\/tr>\n<tr>\n<td>Boyu:1-70<\/td>\n<\/tr>\n<tr>\n<td>Kilosu: 55<\/td>\n<\/tr>\n<tr>\n<td>Mevkii: Sola\u00e7\u0131k Solbek<\/td>\n<\/tr>\n<tr>\n<td>Forma Numaras\u0131<b>:<\/b>11<\/td>\n<\/tr>\n<tr>\n<td height=\"21\">Fenerbah\u00e7e&#8217;ye Geli\u015f Tarihi: 2015<\/td>\n<\/tr>\n<tr>\n<td>Daha \u00d6nce Oynad\u0131\u011f\u0131 Tak\u0131mlar:Sivas Yolspor<\/td>\n<\/tr>\n<tr>\n<td><\/td>\n<\/tr>\n<tr>\n<td>\n<p>Ba\u015far\u0131lar\u0131: U-13 T\u00fcrkiye 2,<\/p>\n<table>\n<tbody>\n<tr>\n<td><\/td>\n<\/tr>\n<\/tbody>\n<\/table>\n<\/td>\n<\/tr>\n<tr>\n<td><\/td>\n<\/tr>\n<\/tbody>\n<\/table>\n<\/td>\n<\/tr>\n<tr>\n<td valign=\"top\" width=\"170\"><\/td>\n<td valign=\"top\" width=\"280\"><\/td>\n<\/tr>\n<\/tbody>\n<\/table>\n<table border=\"0\" width=\"450\" cellspacing=\"0\" cellpadding=\"0\">\n<tbody>\n<tr>\n<td valign=\"top\" width=\"170\"><img decoding=\"async\" src=\"https:\/\/cdn.fenerbahce.org\/pic_lib\/ahmetyilmazzz.jpg\" width=\"150\" height=\"150\" \/><\/td>\n<td valign=\"top\" width=\"280\">\n<table border=\"0\" width=\"279\" cellspacing=\"0\" cellpadding=\"0\">\n<tbody>\n<tr>\n<td>Oyuncunun Ad\u0131: Ahmet Y\u0131lmaz<\/td>\n<\/tr>\n<tr>\n<td>Do\u011fum Tarihi:24-01-2003<\/td>\n<\/tr>\n<tr>\n<td>Do\u011fum Yeri:\u0130stanbul<\/td>\n<\/tr>\n<tr>\n<td>Boyu:1-89<\/td>\n<\/tr>\n<tr>\n<td>Kilosu: 72<\/td>\n<\/tr>\n<tr>\n<td>Mevkii: Stoper<\/td>\n<\/tr>\n<tr>\n<td>Forma Numaras\u0131<b>:<\/b>14<\/td>\n<\/tr>\n<tr>\n<td>Fenerbah\u00e7e&#8217;ye Geli\u015f Tarihi: 2014<\/td>\n<\/tr>\n<tr>\n<td>Daha \u00d6nce Oynad\u0131\u011f\u0131 Tak\u0131mlar:Libadiye<\/td>\n<\/tr>\n<tr>\n<td><\/td>\n<\/tr>\n<tr>\n<td>\n<p>Ba\u015far\u0131lar\u0131: U-13 T\u00fcrkiye 2,<\/p>\n<table>\n<tbody>\n<tr>\n<td><\/td>\n<\/tr>\n<\/tbody>\n<\/table>\n<\/td>\n<\/tr>\n<tr>\n<td><\/td>\n<\/tr>\n<\/tbody>\n<\/table>\n<\/td>\n<\/tr>\n<tr>\n<td valign=\"top\" width=\"170\"><\/td>\n<td valign=\"top\" width=\"280\"><\/td>\n<\/tr>\n<\/tbody>\n<\/table>\n<table border=\"0\" width=\"450\" cellspacing=\"0\" cellpadding=\"0\">\n<tbody>\n<tr>\n<td valign=\"top\" width=\"170\"><img decoding=\"async\" src=\"https:\/\/cdn.fenerbahce.org\/pic_lib\/emirhancilll.JPG\" width=\"150\" height=\"150\" \/><\/td>\n<td valign=\"top\" width=\"280\">\n<table border=\"0\" width=\"279\" cellspacing=\"0\" cellpadding=\"0\">\n<tbody>\n<tr>\n<td>Oyuncunun Ad\u0131: Emirhan \u00c7il<\/td>\n<\/tr>\n<tr>\n<td>Do\u011fum Tarihi:28-01-2003<\/td>\n<\/tr>\n<tr>\n<td>Do\u011fum Yeri:\u0130stanbul<\/td>\n<\/tr>\n<tr>\n<td>Boyu:1-81<\/td>\n<\/tr>\n<tr>\n<td>Kilosu: 69<\/td>\n<\/tr>\n<tr>\n<td>Mevkii: Kaleci<\/td>\n<\/tr>\n<tr>\n<td>Forma Numaras\u0131<b>:<\/b>12<\/td>\n<\/tr>\n<tr>\n<td>Fenerbah\u00e7e&#8217;ye Geli\u015f Tarihi: 2017<\/td>\n<\/tr>\n<tr>\n<td>Daha \u00d6nce Oynad\u0131\u011f\u0131 Tak\u0131mlar: G\u00fcne\u015fil, Galatasaray, Halkal\u0131, Ta\u015ftepe<\/td>\n<\/tr>\n<tr>\n<td><\/td>\n<\/tr>\n<tr>\n<td>\n<p>&nbsp;<\/p>\n<table>\n<tbody>\n<tr>\n<td><\/td>\n<\/tr>\n<\/tbody>\n<\/table>\n<\/td>\n<\/tr>\n<tr>\n<td><\/td>\n<\/tr>\n<\/tbody>\n<\/table>\n<\/td>\n<\/tr>\n<tr>\n<td valign=\"top\" width=\"170\"><\/td>\n<td valign=\"top\" width=\"280\"><\/td>\n<\/tr>\n<\/tbody>\n<\/table>\n<table border=\"0\" width=\"450\" cellspacing=\"0\" cellpadding=\"0\">\n<tbody>\n<tr>\n<td valign=\"top\" width=\"170\"><img decoding=\"async\" src=\"https:\/\/cdn.fenerbahce.org\/pic_lib\/aliardabuluttt.jpg\" width=\"150\" height=\"150\" \/><\/td>\n<td valign=\"top\" width=\"280\">\n<table border=\"0\" width=\"279\" cellspacing=\"0\" cellpadding=\"0\">\n<tbody>\n<tr>\n<td>Oyuncunun Ad\u0131: Ali Arda Bulut<\/td>\n<\/tr>\n<tr>\n<td>Do\u011fum Tarihi:25-09-2003<\/td>\n<\/tr>\n<tr>\n<td>Do\u011fum Yeri:\u0130stanbul<\/td>\n<\/tr>\n<tr>\n<td>Boyu:1-64<\/td>\n<\/tr>\n<tr>\n<td>Kilosu: 52<\/td>\n<\/tr>\n<tr>\n<td>Mevkii: Sa\u011fa\u00e7\u0131k Sola\u00e7\u0131k<\/td>\n<\/tr>\n<tr>\n<td>Forma Numaras\u0131<b>:<\/b>15<\/td>\n<\/tr>\n<tr>\n<td>Fenerbah\u00e7e&#8217;ye Geli\u015f Tarihi: 2013<\/td>\n<\/tr>\n<tr>\n<td>&nbsp;<\/td>\n<\/tr>\n<tr>\n<td><\/td>\n<\/tr>\n<tr>\n<td>\n<p>Ba\u015far\u0131lar\u0131: U-13 T\u00fcrkiye 2,<\/p>\n<table>\n<tbody>\n<tr>\n<td><\/td>\n<\/tr>\n<\/tbody>\n<\/table>\n<\/td>\n<\/tr>\n<tr>\n<td><\/td>\n<\/tr>\n<\/tbody>\n<\/table>\n<\/td>\n<\/tr>\n<tr>\n<td valign=\"top\" width=\"170\"><\/td>\n<td valign=\"top\" width=\"280\"><\/td>\n<\/tr>\n<\/tbody>\n<\/table>\n<table border=\"0\" width=\"450\" cellspacing=\"0\" cellpadding=\"0\">\n<tbody>\n<tr>\n<td valign=\"top\" width=\"170\"><img decoding=\"async\" src=\"https:\/\/cdn.fenerbahce.org\/pic_lib\/omerfarukinannn.JPG\" width=\"150\" height=\"150\" \/><\/td>\n<td valign=\"top\" width=\"280\">\n<table border=\"0\" width=\"279\" cellspacing=\"0\" cellpadding=\"0\">\n<tbody>\n<tr>\n<td>Oyuncunun Ad\u0131: \u00d6mer Faruk \u0130nan<\/td>\n<\/tr>\n<tr>\n<td>Do\u011fum Tarihi:19-03-2003<\/td>\n<\/tr>\n<tr>\n<td>Do\u011fum Yeri:Sakarya<\/td>\n<\/tr>\n<tr>\n<td>Boyu:1-79<\/td>\n<\/tr>\n<tr>\n<td>Kilosu: 67<\/td>\n<\/tr>\n<tr>\n<td>Mevkii: Forvet<\/td>\n<\/tr>\n<tr>\n<td>Forma Numaras\u0131<b>:<\/b>23<\/td>\n<\/tr>\n<tr>\n<td><\/td>\n<\/tr>\n<tr>\n<td>Daha \u00d6nce Oynad\u0131\u011f\u0131 Tak\u0131mlar:Sakaryag\u00fcc\u00fc<\/td>\n<\/tr>\n<tr>\n<td><\/td>\n<\/tr>\n<tr>\n<td>\n<p>&nbsp;<\/p>\n<table>\n<tbody>\n<tr>\n<td><\/td>\n<\/tr>\n<\/tbody>\n<\/table>\n<\/td>\n<\/tr>\n<tr>\n<td><\/td>\n<\/tr>\n<\/tbody>\n<\/table>\n<\/td>\n<\/tr>\n<tr>\n<td valign=\"top\" width=\"170\"><\/td>\n<td valign=\"top\" width=\"280\"><\/td>\n<\/tr>\n<\/tbody>\n<\/table>\n<table border=\"0\" width=\"450\" cellspacing=\"0\" cellpadding=\"0\">\n<tbody>\n<tr>\n<td valign=\"top\" width=\"170\"><img decoding=\"async\" src=\"https:\/\/cdn.fenerbahce.org\/pic_lib\/cagataycemgelogluuu.JPG\" width=\"150\" height=\"150\" \/><\/td>\n<td valign=\"top\" width=\"280\">\n<table border=\"0\" width=\"279\" cellspacing=\"0\" cellpadding=\"0\">\n<tbody>\n<tr>\n<td>Oyuncunun Ad\u0131: \u00c7a\u011fatay \u00c7engelo\u011flu<\/td>\n<\/tr>\n<tr>\n<td>Do\u011fum Tarihi:21-05-2003<\/td>\n<\/tr>\n<tr>\n<td>Do\u011fum Yeri:\u0130stanbul<\/td>\n<\/tr>\n<tr>\n<td>Boyu:1-67<\/td>\n<\/tr>\n<tr>\n<td>Kilosu: 55<\/td>\n<\/tr>\n<tr>\n<td>Mevkii: Sa\u011fa\u00e7\u0131k Sola\u00e7\u0131k<\/td>\n<\/tr>\n<tr>\n<td>Forma Numaras\u0131<b>:<\/b>17<\/td>\n<\/tr>\n<tr>\n<td>Fenerbah\u00e7e&#8217;ye Geli\u015f Tarihi: 2017<\/td>\n<\/tr>\n<tr>\n<td>Daha \u00d6nce Oynad\u0131\u011f\u0131 Tak\u0131mlar:Galatasaray, Balat Ye\u015filovaspor<\/td>\n<\/tr>\n<tr>\n<td><\/td>\n<\/tr>\n<tr>\n<td>\n<p>&nbsp;<\/p>\n<table>\n<tbody>\n<tr>\n<td><\/td>\n<\/tr>\n<\/tbody>\n<\/table>\n<\/td>\n<\/tr>\n<tr>\n<td><\/td>\n<\/tr>\n<\/tbody>\n<\/table>\n<\/td>\n<\/tr>\n<tr>\n<td valign=\"top\" width=\"170\"><\/td>\n<td valign=\"top\" width=\"280\"><\/td>\n<\/tr>\n<\/tbody>\n<\/table>\n<table border=\"0\" width=\"450\" cellspacing=\"0\" cellpadding=\"0\">\n<tbody>\n<tr>\n<td valign=\"top\" width=\"170\"><img decoding=\"async\" src=\"https:\/\/cdn.fenerbahce.org\/pic_lib\/osmanertugrulcetinnn.JPG\" width=\"150\" height=\"150\" \/><\/td>\n<td valign=\"top\" width=\"280\">\n<table border=\"0\" width=\"279\" cellspacing=\"0\" cellpadding=\"0\">\n<tbody>\n<tr>\n<td>Oyuncunun Ad\u0131: Osman Ertu\u011frul \u00c7etin<\/td>\n<\/tr>\n<tr>\n<td>Do\u011fum Tarihi:21-04-2003<\/td>\n<\/tr>\n<tr>\n<td>Do\u011fum Yeri:\u0130stanbul<\/td>\n<\/tr>\n<tr>\n<td>Boyu:1-88<\/td>\n<\/tr>\n<tr>\n<td>Kilosu: 68<\/td>\n<\/tr>\n<tr>\n<td>Mevkii: Kaleci<\/td>\n<\/tr>\n<tr>\n<td>Forma Numaras\u0131<b>:1<\/b><\/td>\n<\/tr>\n<tr>\n<td>Fenerbah\u00e7e&#8217;ye Geli\u015f Tarihi: 2013<\/td>\n<\/tr>\n<tr>\n<td>&nbsp;<\/td>\n<\/tr>\n<tr>\n<td>Millilik Say\u0131s\u0131:3<\/td>\n<\/tr>\n<tr>\n<td>\n<p>Ba\u015far\u0131lar\u0131: U-13 T\u00fcrkiye 2,<\/p>\n<table>\n<tbody>\n<tr>\n<td><\/td>\n<\/tr>\n<\/tbody>\n<\/table>\n<\/td>\n<\/tr>\n<tr>\n<td><\/td>\n<\/tr>\n<\/tbody>\n<\/table>\n<\/td>\n<\/tr>\n<tr>\n<td valign=\"top\" width=\"170\"><\/td>\n<td valign=\"top\" width=\"280\"><\/td>\n<\/tr>\n<\/tbody>\n<\/table>\n<table border=\"0\" width=\"450\" cellspacing=\"0\" cellpadding=\"0\">\n<tbody>\n<tr>\n<td valign=\"top\" width=\"170\"><img decoding=\"async\" src=\"https:\/\/cdn.fenerbahce.org\/pic_lib\/yusufelalmisss.jpg\" width=\"150\" height=\"150\" \/><\/td>\n<td valign=\"top\" width=\"280\">\n<table border=\"0\" width=\"279\" cellspacing=\"0\" cellpadding=\"0\">\n<tbody>\n<tr>\n<td>Oyuncunun Ad\u0131: Yusuf Elalm\u0131\u015f<\/td>\n<\/tr>\n<tr>\n<td>Do\u011fum Tarihi:25-11-2003<\/td>\n<\/tr>\n<tr>\n<td>Do\u011fum Yeri:Mardin<\/td>\n<\/tr>\n<tr>\n<td>Boyu:1-73<\/td>\n<\/tr>\n<tr>\n<td>Kilosu: 64<\/td>\n<\/tr>\n<tr>\n<td>Mevkii: Orta Saha<\/td>\n<\/tr>\n<tr>\n<td>Forma Numaras\u0131<b>:<\/b>20<\/td>\n<\/tr>\n<tr>\n<td>Fenerbah\u00e7e&#8217;ye Geli\u015f Tarihi: 2015<\/td>\n<\/tr>\n<tr>\n<td>Daha \u00d6nce Oynad\u0131\u011f\u0131 Tak\u0131mlar:Galatasaray<\/td>\n<\/tr>\n<tr>\n<td><\/td>\n<\/tr>\n<tr>\n<td>\n<p>Ba\u015far\u0131lar\u0131: U-13 T\u00fcrkiye 2,<\/p>\n<table>\n<tbody>\n<tr>\n<td><\/td>\n<\/tr>\n<\/tbody>\n<\/table>\n<\/td>\n<\/tr>\n<tr>\n<td><\/td>\n<\/tr>\n<\/tbody>\n<\/table>\n<\/td>\n<\/tr>\n<tr>\n<td valign=\"top\" width=\"170\"><\/td>\n<td valign=\"top\" width=\"280\"><\/td>\n<\/tr>\n<\/tbody>\n<\/table>\n<table border=\"0\" width=\"450\" cellspacing=\"0\" cellpadding=\"0\">\n<tbody>\n<tr>\n<td valign=\"top\" width=\"170\"><img decoding=\"async\" src=\"https:\/\/cdn.fenerbahce.org\/pic_lib\/yagizyusufcandemirbogaaa.jpg\" width=\"150\" height=\"150\" \/><\/td>\n<td valign=\"top\" width=\"280\">\n<table border=\"0\" width=\"279\" cellspacing=\"0\" cellpadding=\"0\">\n<tbody>\n<tr>\n<td>Oyuncunun Ad\u0131: Ya\u011f\u0131z Yusufcan Demirbo\u011fa<\/td>\n<\/tr>\n<tr>\n<td>Do\u011fum Tarihi:09-04-2003<\/td>\n<\/tr>\n<tr>\n<td>Do\u011fum Yeri:\u0130stanbul<\/td>\n<\/tr>\n<tr>\n<td>Boyu:1-86<\/td>\n<\/tr>\n<tr>\n<td>Kilosu: 75<\/td>\n<\/tr>\n<tr>\n<td>Mevkii: Kaleci<\/td>\n<\/tr>\n<tr>\n<td>Forma Numaras\u0131<b>:<\/b>21<\/td>\n<\/tr>\n<tr>\n<td>Fenerbah\u00e7e&#8217;ye Geli\u015f Tarihi: 2015<\/td>\n<\/tr>\n<tr>\n<td>Daha \u00d6nce Oynad\u0131\u011f\u0131 Tak\u0131mlar:Beylerbeyi<\/td>\n<\/tr>\n<tr>\n<td><\/td>\n<\/tr>\n<tr>\n<td>\n<p>&nbsp;<\/p>\n<table>\n<tbody>\n<tr>\n<td><\/td>\n<\/tr>\n<\/tbody>\n<\/table>\n<\/td>\n<\/tr>\n<tr>\n<td><\/td>\n<\/tr>\n<\/tbody>\n<\/table>\n<\/td>\n<\/tr>\n<tr>\n<td valign=\"top\" width=\"170\"><\/td>\n<td valign=\"top\" width=\"280\"><\/td>\n<\/tr>\n<\/tbody>\n<\/table>\n<table border=\"0\" width=\"450\" cellspacing=\"0\" cellpadding=\"0\">\n<tbody>\n<tr>\n<td valign=\"top\" width=\"170\"><img decoding=\"async\" src=\"https:\/\/cdn.fenerbahce.org\/pic_lib\/basarcakiciogluuu.JPG\" width=\"150\" height=\"150\" \/><\/td>\n<td valign=\"top\" width=\"280\">\n<table border=\"0\" width=\"279\" cellspacing=\"0\" cellpadding=\"0\">\n<tbody>\n<tr>\n<td>Oyuncunun Ad\u0131: Ba\u015far \u00c7ak\u0131c\u0131o\u011flu<\/td>\n<\/tr>\n<tr>\n<td>Do\u011fum Tarihi:14-12-2003<\/td>\n<\/tr>\n<tr>\n<td>Do\u011fum Yeri:\u0130stanbul<\/td>\n<\/tr>\n<tr>\n<td>Boyu:1-68<\/td>\n<\/tr>\n<tr>\n<td>Kilosu: 62<\/td>\n<\/tr>\n<tr>\n<td>Mevkii: Sa\u011fbek Sa\u011fa\u00e7\u0131k<\/td>\n<\/tr>\n<tr>\n<td><\/td>\n<\/tr>\n<tr>\n<td>Fenerbah\u00e7e&#8217;ye Geli\u015f Tarihi: 2017<\/td>\n<\/tr>\n<tr>\n<td>Daha \u00d6nce Oynad\u0131\u011f\u0131 Tak\u0131mlar:1905 Maltepe Gen\u00e7lik<\/td>\n<\/tr>\n<tr>\n<td><\/td>\n<\/tr>\n<tr>\n<td>\n<p>&nbsp;<\/p>\n<table>\n<tbody>\n<tr>\n<td><\/td>\n<\/tr>\n<\/tbody>\n<\/table>\n<\/td>\n<\/tr>\n<tr>\n<td><\/td>\n<\/tr>\n<\/tbody>\n<\/table>\n<\/td>\n<\/tr>\n<tr>\n<td valign=\"top\" width=\"170\"><\/td>\n<td valign=\"top\" width=\"280\"><\/td>\n<\/tr>\n<\/tbody>\n<\/table>\n<table border=\"0\" width=\"450\" cellspacing=\"0\" cellpadding=\"0\">\n<tbody>\n<tr>\n<td valign=\"top\" width=\"170\"><img decoding=\"async\" src=\"https:\/\/cdn.fenerbahce.org\/pic_lib\/denizpalabiyikkk.JPG\" width=\"150\" height=\"150\" \/><\/td>\n<td valign=\"top\" width=\"280\">\n<table border=\"0\" width=\"279\" cellspacing=\"0\" cellpadding=\"0\">\n<tbody>\n<tr>\n<td>Oyuncunun Ad\u0131: Deniz Palab\u0131yk<\/td>\n<\/tr>\n<tr>\n<td>Do\u011fum Tarihi:24-02-2003<\/td>\n<\/tr>\n<tr>\n<td>Do\u011fum Yeri:\u0130stanbul<\/td>\n<\/tr>\n<tr>\n<td>Boyu:1-83<\/td>\n<\/tr>\n<tr>\n<td>Kilosu: 67<\/td>\n<\/tr>\n<tr>\n<td>Mevkii: Forvet<\/td>\n<\/tr>\n<tr>\n<td>Forma Numaras\u0131<b>:<\/b>24<\/td>\n<\/tr>\n<tr>\n<td>Fenerbah\u00e7e&#8217;ye Geli\u015f Tarihi: 2017<\/td>\n<\/tr>\n<tr>\n<td>Daha \u00d6nce Oynad\u0131\u011f\u0131 Tak\u0131mlar:B\u00fcy\u00fck\u00e7ekmece Bld Spor<\/td>\n<\/tr>\n<tr>\n<td><\/td>\n<\/tr>\n<tr>\n<td>\n<p>&nbsp;<\/p>\n<table>\n<tbody>\n<tr>\n<td><\/td>\n<\/tr>\n<\/tbody>\n<\/table>\n<\/td>\n<\/tr>\n<tr>\n<td><\/td>\n<\/tr>\n<\/tbody>\n<\/table>\n<\/td>\n<\/tr>\n<tr>\n<td valign=\"top\" width=\"170\"><\/td>\n<td valign=\"top\" width=\"280\"><\/td>\n<\/tr>\n<\/tbody>\n<\/table>\n<table border=\"0\" width=\"450\" cellspacing=\"0\" cellpadding=\"0\">\n<tbody>\n<tr>\n<td valign=\"top\" width=\"170\"><img decoding=\"async\" src=\"https:\/\/cdn.fenerbahce.org\/pic_lib\/boracuhaaa.jpg\" width=\"150\" height=\"150\" \/><\/td>\n<td valign=\"top\" width=\"280\">\n<table border=\"0\" width=\"279\" cellspacing=\"0\" cellpadding=\"0\">\n<tbody>\n<tr>\n<td>Oyuncunun Ad\u0131: Bora \u00c7uha<\/td>\n<\/tr>\n<tr>\n<td>Do\u011fum Tarihi:10-04-2003<\/td>\n<\/tr>\n<tr>\n<td>Do\u011fum Yeri:\u0130stanbul<\/td>\n<\/tr>\n<tr>\n<td>Boyu:1-86<\/td>\n<\/tr>\n<tr>\n<td>Kilosu: 68<\/td>\n<\/tr>\n<tr>\n<td>Mevkii: Stoper<\/td>\n<\/tr>\n<tr>\n<td><\/td>\n<\/tr>\n<tr>\n<td>Fenerbah\u00e7e&#8217;ye Geli\u015f Tarihi: 2018<\/td>\n<\/tr>\n<tr>\n<td>Daha \u00d6nce Oynad\u0131\u011f\u0131 Tak\u0131mlar:Alt\u0131nova Galatasaray Be\u015fikta\u015f<\/td>\n<\/tr>\n<tr>\n<td><\/td>\n<\/tr>\n<tr>\n<td>\n<p>Ba\u015far\u0131lar\u0131: U-14 T\u00fcrkiye \u015eampiyonlu\u011fu<\/p>\n<table>\n<tbody>\n<tr>\n<td><\/td>\n<\/tr>\n<\/tbody>\n<\/table>\n<\/td>\n<\/tr>\n<tr>\n<td><\/td>\n<\/tr>\n<\/tbody>\n<\/table>\n<\/td>\n<\/tr>\n<tr>\n<td valign=\"top\" width=\"170\"><\/td>\n<td valign=\"top\" width=\"280\"><\/td>\n<\/tr>\n<\/tbody>\n<\/table>\n<table border=\"0\" width=\"450\" cellspacing=\"0\" cellpadding=\"0\">\n<tbody>\n<tr>\n<td valign=\"top\" width=\"170\"><img decoding=\"async\" src=\"https:\/\/cdn.fenerbahce.org\/pic_lib\/fatihyigitsanliturkkk.JPG\" width=\"150\" height=\"150\" \/><\/td>\n<td valign=\"top\" width=\"280\">\n<table border=\"0\" width=\"279\" cellspacing=\"0\" cellpadding=\"0\">\n<tbody>\n<tr>\n<td>Oyuncunun Ad\u0131: Fatih Yi\u011fit \u015eanl\u0131t\u00fcrk<\/td>\n<\/tr>\n<tr>\n<td>Do\u011fum Tarihi:01-01-2003<\/td>\n<\/tr>\n<tr>\n<td>Do\u011fum Yeri:Adana<\/td>\n<\/tr>\n<tr>\n<td>Boyu:1-76<\/td>\n<\/tr>\n<tr>\n<td>Kilosu: 63<\/td>\n<\/tr>\n<tr>\n<td>Mevkii: Orta Saha<\/td>\n<\/tr>\n<tr>\n<td><\/td>\n<\/tr>\n<tr>\n<td>Fenerbah\u00e7e&#8217;ye Geli\u015f Tarihi: 2015<\/td>\n<\/tr>\n<tr>\n<td>Daha \u00d6nce Oynad\u0131\u011f\u0131 Tak\u0131mlar:Galatasaray<\/td>\n<\/tr>\n<tr>\n<td><\/td>\n<\/tr>\n<tr>\n<td>\n<p>Ba\u015far\u0131lar\u0131: U-13 T\u00fcrkiye 2,<\/p>\n<table>\n<tbody>\n<tr>\n<td><\/td>\n<\/tr>\n<\/tbody>\n<\/table>\n<\/td>\n<\/tr>\n<tr>\n<td><\/td>\n<\/tr>\n<\/tbody>\n<\/table>\n<\/td>\n<\/tr>\n<tr>\n<td valign=\"top\" width=\"170\"><\/td>\n<td valign=\"top\" width=\"280\"><\/td>\n<\/tr>\n<\/tbody>\n<\/table>\n<table border=\"0\" width=\"450\" cellspacing=\"0\" cellpadding=\"0\">\n<tbody>\n<tr>\n<td valign=\"top\" width=\"170\"><img decoding=\"async\" src=\"https:\/\/cdn.fenerbahce.org\/pic_lib\/guroldemirezennn.jpg\" width=\"150\" height=\"150\" \/><\/td>\n<td valign=\"top\" width=\"280\">\n<table border=\"0\" width=\"279\" cellspacing=\"0\" cellpadding=\"0\">\n<tbody>\n<tr>\n<td>Oyuncunun Ad\u0131: G\u00fcrol Demirezen<\/td>\n<\/tr>\n<tr>\n<td>Do\u011fum Tarihi21-01-2003<\/td>\n<\/tr>\n<tr>\n<td>Do\u011fum Yeri:\u00c7anakkale<\/td>\n<\/tr>\n<tr>\n<td>Boyu:1-80<\/td>\n<\/tr>\n<tr>\n<td>Kilosu: 70<\/td>\n<\/tr>\n<tr>\n<td>Mevkii: Forvet<\/td>\n<\/tr>\n<tr>\n<td>Forma Numaras\u0131<b>:<\/b>9<\/td>\n<\/tr>\n<tr>\n<td>Fenerbah\u00e7e&#8217;ye Geli\u015f Tarihi: 2014<\/td>\n<\/tr>\n<tr>\n<td>Daha \u00d6nce Oynad\u0131\u011f\u0131 Tak\u0131mlar:Bigaspor<\/td>\n<\/tr>\n<tr>\n<td><\/td>\n<\/tr>\n<tr>\n<td>\n<p>Ba\u015far\u0131lar\u0131: U-13 T\u00fcrkiye 2,<\/p>\n<table>\n<tbody>\n<tr>\n<td><\/td>\n<\/tr>\n<\/tbody>\n<\/table>\n<\/td>\n<\/tr>\n<tr>\n<td><\/td>\n<\/tr>\n<\/tbody>\n<\/table>\n<\/td>\n<\/tr>\n<tr>\n<td valign=\"top\" width=\"170\"><\/td>\n<td valign=\"top\" width=\"280\"><\/td>\n<\/tr>\n<\/tbody>\n<\/table>\n<table border=\"0\" width=\"450\" cellspacing=\"0\" cellpadding=\"0\">\n<tbody>\n<tr>\n<td valign=\"top\" width=\"170\"><img decoding=\"async\" src=\"https:\/\/cdn.fenerbahce.org\/pic_lib\/bartukulbilgeee.jpg\" width=\"150\" height=\"150\" \/><\/td>\n<td valign=\"top\" width=\"280\">\n<table border=\"0\" width=\"279\" cellspacing=\"0\" cellpadding=\"0\">\n<tbody>\n<tr>\n<td>Oyuncunun Ad\u0131: Bartu Kulbilge<\/td>\n<\/tr>\n<tr>\n<td>Do\u011fum Tarihi21-06-2003<\/td>\n<\/tr>\n<tr>\n<td>Do\u011fum Yeri:<\/td>\n<\/tr>\n<tr>\n<td>Boyu:1-89<\/td>\n<\/tr>\n<tr>\n<td>Kilosu: 71<\/td>\n<\/tr>\n<tr>\n<td>Mevkii: Kaleci<\/td>\n<\/tr>\n<tr>\n<td><\/td>\n<\/tr>\n<tr>\n<td>Fenerbah\u00e7e&#8217;ye Geli\u015f Tarihi: 2016<\/td>\n<\/tr>\n<tr>\n<td>Daha \u00d6nce Oynad\u0131\u011f\u0131 Tak\u0131mlar:\u00c7engelk\u00f6y<\/td>\n<\/tr>\n<tr>\n<td><\/td>\n<\/tr>\n<tr>\n<td>\n<p>&nbsp;<\/p>\n<table>\n<tbody>\n<tr>\n<td><\/td>\n<\/tr>\n<\/tbody>\n<\/table>\n<\/td>\n<\/tr>\n<tr>\n<td><\/td>\n<\/tr>\n<\/tbody>\n<\/table>\n<\/td>\n<\/tr>\n<tr>\n<td valign=\"top\" width=\"170\"><\/td>\n<td valign=\"top\" width=\"280\"><\/td>\n<\/tr>\n<\/tbody>\n<\/table>\n<table border=\"0\" width=\"450\" cellspacing=\"0\" cellpadding=\"0\">\n<tbody>\n<tr>\n<td valign=\"top\" width=\"170\"><img decoding=\"async\" src=\"https:\/\/cdn.fenerbahce.org\/pic_lib\/yusufcengizzz.jpg\" width=\"150\" height=\"150\" \/><\/td>\n<td valign=\"top\" width=\"280\">\n<table border=\"0\" width=\"279\" cellspacing=\"0\" cellpadding=\"0\">\n<tbody>\n<tr>\n<td>Oyuncunun Ad\u0131: Yusuf Cengiz<\/td>\n<\/tr>\n<tr>\n<td>Do\u011fum Tarihi06-01-2003<\/td>\n<\/tr>\n<tr>\n<td>Do\u011fum Yeri:\u0130stanbul<\/td>\n<\/tr>\n<tr>\n<td>Boyu:1-75<\/td>\n<\/tr>\n<tr>\n<td>Kilosu: 65<\/td>\n<\/tr>\n<tr>\n<td>Mevkii: Solbek<\/td>\n<\/tr>\n<tr>\n<td>Forma Numaras\u0131<b>:<\/b>28<\/td>\n<\/tr>\n<tr>\n<td>Fenerbah\u00e7e&#8217;ye Geli\u015f Tarihi: 2018<\/td>\n<\/tr>\n<tr>\n<td>Daha \u00d6nce Oynad\u0131\u011f\u0131 Tak\u0131mlar:Kocamustafapa\u015fa Spor Kul\u00fcb\u00fc<\/td>\n<\/tr>\n<tr>\n<td><\/td>\n<\/tr>\n<tr>\n<td>\n<p>&nbsp;<\/p>\n<table>\n<tbody>\n<tr>\n<td><\/td>\n<\/tr>\n<\/tbody>\n<\/table>\n<\/td>\n<\/tr>\n<tr>\n<td><\/td>\n<\/tr>\n<\/tbody>\n<\/table>\n<\/td>\n<\/tr>\n<tr>\n<td valign=\"top\" width=\"170\"><\/td>\n<td valign=\"top\" width=\"280\"><\/td>\n<\/tr>\n<\/tbody>\n<\/table>\n<table border=\"0\" width=\"450\" cellspacing=\"0\" cellpadding=\"0\">\n<tbody>\n<tr>\n<td valign=\"top\" width=\"170\"><img decoding=\"async\" src=\"https:\/\/cdn.fenerbahce.org\/pic_lib\/izzetkanberliogluuu.JPG\" width=\"150\" height=\"150\" \/><\/td>\n<td valign=\"top\" width=\"280\">\n<table border=\"0\" width=\"279\" cellspacing=\"0\" cellpadding=\"0\">\n<tbody>\n<tr>\n<td>Oyuncunun Ad\u0131: \u0130zzet Kanberlio\u011flu<\/td>\n<\/tr>\n<tr>\n<td>Do\u011fum Tarihi:27-01-2003<\/td>\n<\/tr>\n<tr>\n<td>Do\u011fum Yeri:Kayseri<\/td>\n<\/tr>\n<tr>\n<td>Boyu:1-77<\/td>\n<\/tr>\n<tr>\n<td>Kilosu: 58<\/td>\n<\/tr>\n<tr>\n<td>Mevkii: Stoper<\/td>\n<\/tr>\n<tr>\n<td>Forma Numaras\u0131<b>:<\/b>5<\/td>\n<\/tr>\n<tr>\n<td>Fenerbah\u00e7e&#8217;ye Geli\u015f Tarihi: 2015<\/td>\n<\/tr>\n<tr>\n<td>&nbsp;<\/td>\n<\/tr>\n<tr>\n<td><\/td>\n<\/tr>\n<tr>\n<td>\n<p>Ba\u015far\u0131lar\u0131: U-13 T\u00fcrkiye 2,<\/p>\n<table>\n<tbody>\n<tr>\n<td><\/td>\n<\/tr>\n<\/tbody>\n<\/table>\n<\/td>\n<\/tr>\n<tr>\n<td><\/td>\n<\/tr>\n<\/tbody>\n<\/table>\n<\/td>\n<\/tr>\n<tr>\n<td valign=\"top\" width=\"170\"><\/td>\n<td valign=\"top\" width=\"280\"><\/td>\n<\/tr>\n<\/tbody>\n<\/table>\n<table border=\"0\" width=\"450\" cellspacing=\"0\" cellpadding=\"0\">\n<tbody>\n<tr>\n<td valign=\"top\" width=\"170\"><img decoding=\"async\" src=\"https:\/\/cdn.fenerbahce.org\/pic_lib\/furkanyasinyalcinnn.jpg\" width=\"150\" height=\"150\" \/><\/td>\n<td valign=\"top\" width=\"280\">\n<table border=\"0\" width=\"279\" cellspacing=\"0\" cellpadding=\"0\">\n<tbody>\n<tr>\n<td>Oyuncunun Ad\u0131: Furkan Yasin Yal\u00e7\u0131n<\/td>\n<\/tr>\n<tr>\n<td>Do\u011fum Tarihi:11-03-2003<\/td>\n<\/tr>\n<tr>\n<td>Do\u011fum Yeri:\u0130stanbul<\/td>\n<\/tr>\n<tr>\n<td>Boyu:1-75<\/td>\n<\/tr>\n<tr>\n<td>Kilosu: 60<\/td>\n<\/tr>\n<tr>\n<td>Mevkii: Orta Saha<\/td>\n<\/tr>\n<tr>\n<td>Forma Numaras\u0131<b>:<\/b>18<\/td>\n<\/tr>\n<tr>\n<td>Fenerbah\u00e7e&#8217;ye Geli\u015f Tarihi: 2013<\/td>\n<\/tr>\n<tr>\n<td>&nbsp;<\/td>\n<\/tr>\n<tr>\n<td><\/td>\n<\/tr>\n<tr>\n<td>Ba\u015far\u0131lar\u0131: U-13 T\u00fcrkiye 2,<\/td>\n<\/tr>\n<\/tbody>\n<\/table>\n<\/td>\n<\/tr>\n<\/tbody>\n<\/table>\n<p>[\/vc_column_text][\/vc_tta_section][vc_tta_section title=&#8221;15 Ya\u015f Alt\u0131 Gen\u00e7 Tak\u0131m\u0131m\u0131z&#8221; tab_id=&#8221;1536485692216-4fb31370-16d4&#8243;][vc_column_text]<\/p>\n<table border=\"0\" width=\"450\" cellspacing=\"0\" cellpadding=\"0\">\n<tbody>\n<tr>\n<td valign=\"top\" width=\"170\"><img decoding=\"async\" src=\"https:\/\/cdn.fenerbahce.org\/pic_lib\/yusufkocaturkkk.jpg\" width=\"150\" height=\"150\" \/><\/td>\n<td valign=\"top\" width=\"280\">\n<table border=\"0\" width=\"279\" cellspacing=\"0\" cellpadding=\"0\">\n<tbody>\n<tr>\n<td>Oyuncunun ad\u0131: Yusuf Kocat\u00fcrk<\/td>\n<\/tr>\n<tr>\n<td>Do\u011fum Tarihi:27-07-2004<\/td>\n<\/tr>\n<tr>\n<td>Do\u011fum Yeri:\u0130stanbul<\/td>\n<\/tr>\n<tr>\n<td>Boyu:1-66<\/td>\n<\/tr>\n<tr>\n<td>Kilosu: 57<\/td>\n<\/tr>\n<tr>\n<td>Mevkii: Orta Saha<\/td>\n<\/tr>\n<tr>\n<td>Forma Numaras\u0131<b>:<\/b>8<\/td>\n<\/tr>\n<tr>\n<td>Fenerbah\u00e7e&#8217;ye Geli\u015f Tarihi: 2011<\/td>\n<\/tr>\n<tr>\n<td>Daha \u00d6nce Oynad\u0131\u011f\u0131 Tak\u0131mlar:<\/td>\n<\/tr>\n<tr>\n<td><\/td>\n<\/tr>\n<tr>\n<td>\n<p>Ba\u015far\u0131lar\u0131: 2018 U-14 T\u00fcrkiye \u015eampiyonu<\/p>\n<table>\n<tbody>\n<tr>\n<td><\/td>\n<\/tr>\n<\/tbody>\n<\/table>\n<\/td>\n<\/tr>\n<tr>\n<td><\/td>\n<\/tr>\n<\/tbody>\n<\/table>\n<\/td>\n<\/tr>\n<tr>\n<td valign=\"top\" width=\"170\"><\/td>\n<td valign=\"top\" width=\"280\"><\/td>\n<\/tr>\n<\/tbody>\n<\/table>\n<table border=\"0\" width=\"450\" cellspacing=\"0\" cellpadding=\"0\">\n<tbody>\n<tr>\n<td valign=\"top\" width=\"170\"><img decoding=\"async\" src=\"https:\/\/cdn.fenerbahce.org\/pic_lib\/melihbostann.jpg\" width=\"150\" height=\"150\" \/><\/td>\n<td valign=\"top\" width=\"280\">\n<table border=\"0\" width=\"279\" cellspacing=\"0\" cellpadding=\"0\">\n<tbody>\n<tr>\n<td>Oyuncunun ad\u0131: Melih Bostan<\/td>\n<\/tr>\n<tr>\n<td>Do\u011fum Tarihi:08-04-2004<\/td>\n<\/tr>\n<tr>\n<td>Do\u011fum Yeri:Kocaeli<\/td>\n<\/tr>\n<tr>\n<td>Boyu:1-67<\/td>\n<\/tr>\n<tr>\n<td>Kilosu: 57<\/td>\n<\/tr>\n<tr>\n<td>Mevkii: Forvet<\/td>\n<\/tr>\n<tr>\n<td>Forma Numaras\u0131<b>:<\/b>9<\/td>\n<\/tr>\n<tr>\n<td>Fenerbah\u00e7e&#8217;ye Geli\u015f Tarihi: 2016<\/td>\n<\/tr>\n<tr>\n<td>Daha \u00d6nce Oynad\u0131\u011f\u0131 Tak\u0131mlar:Derince Birlik spor<\/td>\n<\/tr>\n<tr>\n<td>Millilik Say\u0131s\u0131:4<\/td>\n<\/tr>\n<tr>\n<td>\n<p>Ba\u015far\u0131lar\u0131: 2018 U-14 T\u00fcrkiye \u015eampiyonu<\/p>\n<table>\n<tbody>\n<tr>\n<td><\/td>\n<\/tr>\n<\/tbody>\n<\/table>\n<\/td>\n<\/tr>\n<tr>\n<td><\/td>\n<\/tr>\n<\/tbody>\n<\/table>\n<\/td>\n<\/tr>\n<tr>\n<td valign=\"top\" width=\"170\"><\/td>\n<td valign=\"top\" width=\"280\"><\/td>\n<\/tr>\n<\/tbody>\n<\/table>\n<table border=\"0\" width=\"450\" cellspacing=\"0\" cellpadding=\"0\">\n<tbody>\n<tr>\n<td valign=\"top\" width=\"170\"><img decoding=\"async\" src=\"https:\/\/cdn.fenerbahce.org\/pic_lib\/alperincee.jpg\" width=\"150\" height=\"150\" \/><\/td>\n<td valign=\"top\" width=\"280\">\n<table border=\"0\" width=\"279\" cellspacing=\"0\" cellpadding=\"0\">\n<tbody>\n<tr>\n<td>Oyuncunun ad\u0131: Alper \u0130nce<\/td>\n<\/tr>\n<tr>\n<td>Do\u011fum Tarihi:24-02-2004<\/td>\n<\/tr>\n<tr>\n<td>Do\u011fum Yeri:\u0130stanbul<\/td>\n<\/tr>\n<tr>\n<td>Boyu:1-72<\/td>\n<\/tr>\n<tr>\n<td>Kilosu: 58<\/td>\n<\/tr>\n<tr>\n<td>Mevkii: Sa\u011fbek<\/td>\n<\/tr>\n<tr>\n<td>Forma Numaras\u0131<b>:<\/b>22<\/td>\n<\/tr>\n<tr>\n<td>Fenerbah\u00e7e&#8217;ye Geli\u015f Tarihi: 2011<\/td>\n<\/tr>\n<tr>\n<td>Daha \u00d6nce Oynad\u0131\u011f\u0131 Tak\u0131mlar:<\/td>\n<\/tr>\n<tr>\n<td><\/td>\n<\/tr>\n<tr>\n<td>\n<p>Ba\u015far\u0131lar\u0131: 2018 U-14 T\u00fcrkiye \u015eampiyonu<\/p>\n<table>\n<tbody>\n<tr>\n<td><\/td>\n<\/tr>\n<\/tbody>\n<\/table>\n<\/td>\n<\/tr>\n<tr>\n<td><\/td>\n<\/tr>\n<\/tbody>\n<\/table>\n<\/td>\n<\/tr>\n<tr>\n<td valign=\"top\" width=\"170\"><\/td>\n<td valign=\"top\" width=\"280\"><\/td>\n<\/tr>\n<\/tbody>\n<\/table>\n<table border=\"0\" width=\"450\" cellspacing=\"0\" cellpadding=\"0\">\n<tbody>\n<tr>\n<td valign=\"top\" width=\"170\"><img decoding=\"async\" src=\"https:\/\/cdn.fenerbahce.org\/pic_lib\/burakberkbulutt.jpg\" width=\"150\" height=\"150\" \/><\/td>\n<td valign=\"top\" width=\"280\">\n<table border=\"0\" width=\"279\" cellspacing=\"0\" cellpadding=\"0\">\n<tbody>\n<tr>\n<td>Oyuncunun ad\u0131: Burak Berk Bulut<\/td>\n<\/tr>\n<tr>\n<td>Do\u011fum Tarihi:04-02-2004<\/td>\n<\/tr>\n<tr>\n<td>Do\u011fum Yeri:\u0130stanbul<\/td>\n<\/tr>\n<tr>\n<td>Boyu:1-82<\/td>\n<\/tr>\n<tr>\n<td>Kilosu: 68<\/td>\n<\/tr>\n<tr>\n<td>Mevkii: Kaleci<\/td>\n<\/tr>\n<tr>\n<td>Forma Numaras\u0131<b>:<\/b>21<\/td>\n<\/tr>\n<tr>\n<td>Fenerbah\u00e7e&#8217;ye Geli\u015f Tarihi: 2014<\/td>\n<\/tr>\n<tr>\n<td>Daha \u00d6nce Oynad\u0131\u011f\u0131 Tak\u0131mlar:Maletpe 1453<\/td>\n<\/tr>\n<tr>\n<td><\/td>\n<\/tr>\n<tr>\n<td>\n<p>Ba\u015far\u0131lar\u0131: 2018 U-14 T\u00fcrkiye \u015eampiyonu<\/p>\n<table>\n<tbody>\n<tr>\n<td><\/td>\n<\/tr>\n<\/tbody>\n<\/table>\n<\/td>\n<\/tr>\n<tr>\n<td><\/td>\n<\/tr>\n<\/tbody>\n<\/table>\n<\/td>\n<\/tr>\n<tr>\n<td valign=\"top\" width=\"170\"><\/td>\n<td valign=\"top\" width=\"280\"><\/td>\n<\/tr>\n<\/tbody>\n<\/table>\n<table border=\"0\" width=\"450\" cellspacing=\"0\" cellpadding=\"0\">\n<tbody>\n<tr>\n<td valign=\"top\" width=\"170\"><img decoding=\"async\" src=\"https:\/\/cdn.fenerbahce.org\/pic_lib\/bulentserefogluu.jpg\" width=\"150\" height=\"150\" \/><\/td>\n<td valign=\"top\" width=\"280\">\n<table border=\"0\" width=\"279\" cellspacing=\"0\" cellpadding=\"0\">\n<tbody>\n<tr>\n<td>Oyuncunun ad\u0131: B\u00fclent \u015eerefo\u011flu<\/td>\n<\/tr>\n<tr>\n<td>Do\u011fum Tarihi:01-01-2004<\/td>\n<\/tr>\n<tr>\n<td>Do\u011fum Yeri:\u0130stanbul<\/td>\n<\/tr>\n<tr>\n<td>Boyu:1-78<\/td>\n<\/tr>\n<tr>\n<td>Kilosu: 61<\/td>\n<\/tr>\n<tr>\n<td>Mevkii: Kaleci<\/td>\n<\/tr>\n<tr>\n<td>Forma Numaras\u0131<b>:<\/b>12<\/td>\n<\/tr>\n<tr>\n<td>Fenerbah\u00e7e&#8217;ye Geli\u015f Tarihi: 2014<\/td>\n<\/tr>\n<tr>\n<td>Daha \u00d6nce Oynad\u0131\u011f\u0131 Tak\u0131mlar:G\u00fclsuyu<\/td>\n<\/tr>\n<tr>\n<td><\/td>\n<\/tr>\n<tr>\n<td>\n<p>Ba\u015far\u0131lar\u0131: 2018 U-14 T\u00fcrkiye \u015eampiyonu U-13 T\u00fcrkiye 2,<\/p>\n<table>\n<tbody>\n<tr>\n<td><\/td>\n<\/tr>\n<\/tbody>\n<\/table>\n<\/td>\n<\/tr>\n<tr>\n<td><\/td>\n<\/tr>\n<\/tbody>\n<\/table>\n<\/td>\n<\/tr>\n<tr>\n<td valign=\"top\" width=\"170\"><\/td>\n<td valign=\"top\" width=\"280\"><\/td>\n<\/tr>\n<\/tbody>\n<\/table>\n<table border=\"0\" width=\"450\" cellspacing=\"0\" cellpadding=\"0\">\n<tbody>\n<tr>\n<td valign=\"top\" width=\"170\"><img decoding=\"async\" src=\"https:\/\/cdn.fenerbahce.org\/pic_lib\/muhammeteminunluu.jpg\" width=\"150\" height=\"150\" \/><\/td>\n<td valign=\"top\" width=\"280\">\n<table border=\"0\" width=\"279\" cellspacing=\"0\" cellpadding=\"0\">\n<tbody>\n<tr>\n<td>Oyuncunun ad\u0131: Muhammet Emin \u00dcnl\u00fc<\/td>\n<\/tr>\n<tr>\n<td>Do\u011fum Tarihi:28-03-2004<\/td>\n<\/tr>\n<tr>\n<td>Do\u011fum Yeri:\u0130stanbul<\/td>\n<\/tr>\n<tr>\n<td>Boyu:1-65<\/td>\n<\/tr>\n<tr>\n<td>Kilosu: 62<\/td>\n<\/tr>\n<tr>\n<td>Mevkii: Sa\u011fa\u00e7\u0131k<\/td>\n<\/tr>\n<tr>\n<td>Forma Numaras\u0131<b>:<\/b>7<\/td>\n<\/tr>\n<tr>\n<td>Fenerbah\u00e7e&#8217;ye Geli\u015f Tarihi: 2017<\/td>\n<\/tr>\n<tr>\n<td>Daha \u00d6nce Oynad\u0131\u011f\u0131 Tak\u0131mlar:Pa\u015fabah\u00e7e<\/td>\n<\/tr>\n<tr>\n<td><\/td>\n<\/tr>\n<tr>\n<td>\n<p>Ba\u015far\u0131lar\u0131: 2018 U-14 T\u00fcrkiye \u015eampiyonu<\/p>\n<table>\n<tbody>\n<tr>\n<td><\/td>\n<\/tr>\n<\/tbody>\n<\/table>\n<\/td>\n<\/tr>\n<tr>\n<td><\/td>\n<\/tr>\n<\/tbody>\n<\/table>\n<\/td>\n<\/tr>\n<tr>\n<td valign=\"top\" width=\"170\"><\/td>\n<td valign=\"top\" width=\"280\"><\/td>\n<\/tr>\n<\/tbody>\n<\/table>\n<table border=\"0\" width=\"450\" cellspacing=\"0\" cellpadding=\"0\">\n<tbody>\n<tr>\n<td valign=\"top\" width=\"170\"><img decoding=\"async\" src=\"https:\/\/cdn.fenerbahce.org\/pic_lib\/erkanardacagdass.jpg\" width=\"150\" height=\"150\" \/><\/td>\n<td valign=\"top\" width=\"280\">\n<table border=\"0\" width=\"279\" cellspacing=\"0\" cellpadding=\"0\">\n<tbody>\n<tr>\n<td>Oyuncunun ad\u0131: Erkan Arda \u00c7a\u011fda\u015f<\/td>\n<\/tr>\n<tr>\n<td>Do\u011fum Tarihi:01-01-2004<\/td>\n<\/tr>\n<tr>\n<td>Do\u011fum Yeri:Kayseri<\/td>\n<\/tr>\n<tr>\n<td>Boyu:1-69<\/td>\n<\/tr>\n<tr>\n<td>Kilosu: 57<\/td>\n<\/tr>\n<tr>\n<td>Mevkii: orta Saha<\/td>\n<\/tr>\n<tr>\n<td>Forma Numaras\u0131<b>:<\/b>23<\/td>\n<\/tr>\n<tr>\n<td>Fenerbah\u00e7e&#8217;ye Geli\u015f Tarihi: 2014<\/td>\n<\/tr>\n<tr>\n<td>Daha \u00d6nce Oynad\u0131\u011f\u0131 Tak\u0131mlar:Fenerbah\u00e7e Spor Okulu<\/td>\n<\/tr>\n<tr>\n<td><\/td>\n<\/tr>\n<tr>\n<td>\n<p>Ba\u015far\u0131lar\u0131: 2018 U-14 T\u00fcrkiye \u015eampiyonu<\/p>\n<table>\n<tbody>\n<tr>\n<td><\/td>\n<\/tr>\n<\/tbody>\n<\/table>\n<\/td>\n<\/tr>\n<tr>\n<td><\/td>\n<\/tr>\n<\/tbody>\n<\/table>\n<\/td>\n<\/tr>\n<tr>\n<td valign=\"top\" width=\"170\"><\/td>\n<td valign=\"top\" width=\"280\"><\/td>\n<\/tr>\n<\/tbody>\n<\/table>\n<table border=\"0\" width=\"450\" cellspacing=\"0\" cellpadding=\"0\">\n<tbody>\n<tr>\n<td valign=\"top\" width=\"170\"><img decoding=\"async\" src=\"https:\/\/cdn.fenerbahce.org\/pic_lib\/efecanmizrakcii.JPG\" width=\"150\" height=\"150\" \/><\/td>\n<td valign=\"top\" width=\"280\">\n<table border=\"0\" width=\"279\" cellspacing=\"0\" cellpadding=\"0\">\n<tbody>\n<tr>\n<td>Oyuncunun ad\u0131: Efecan M\u0131zrak\u00e7\u0131<\/td>\n<\/tr>\n<tr>\n<td>Do\u011fum Tarihi:09-01-2004<\/td>\n<\/tr>\n<tr>\n<td>Do\u011fum Yeri:\u0130stanbul<\/td>\n<\/tr>\n<tr>\n<td>Boyu:1-73<\/td>\n<\/tr>\n<tr>\n<td>Kilosu: 61<\/td>\n<\/tr>\n<tr>\n<td>Mevkii: Orta Saha<\/td>\n<\/tr>\n<tr>\n<td>Forma Numaras\u0131<b>:<\/b>19<\/td>\n<\/tr>\n<tr>\n<td>Fenerbah\u00e7e&#8217;ye Geli\u015f Tarihi: 2014<\/td>\n<\/tr>\n<tr>\n<td>Daha \u00d6nce Oynad\u0131\u011f\u0131 Tak\u0131mlar:<\/td>\n<\/tr>\n<tr>\n<td><\/td>\n<\/tr>\n<tr>\n<td>\n<p>Ba\u015far\u0131lar\u0131: 2018 U-14 T\u00fcrkiye \u015eampiyonu<\/p>\n<table>\n<tbody>\n<tr>\n<td><\/td>\n<\/tr>\n<\/tbody>\n<\/table>\n<\/td>\n<\/tr>\n<tr>\n<td><\/td>\n<\/tr>\n<\/tbody>\n<\/table>\n<\/td>\n<\/tr>\n<tr>\n<td valign=\"top\" width=\"170\"><\/td>\n<td valign=\"top\" width=\"280\"><\/td>\n<\/tr>\n<\/tbody>\n<\/table>\n<table border=\"0\" width=\"450\" cellspacing=\"0\" cellpadding=\"0\">\n<tbody>\n<tr>\n<td valign=\"top\" width=\"170\"><img decoding=\"async\" src=\"https:\/\/cdn.fenerbahce.org\/pic_lib\/emirhandemirr.jpg\" width=\"150\" height=\"150\" \/><\/td>\n<td valign=\"top\" width=\"280\">\n<table border=\"0\" width=\"279\" cellspacing=\"0\" cellpadding=\"0\">\n<tbody>\n<tr>\n<td>Oyuncunun ad\u0131: Emirhan Demir<\/td>\n<\/tr>\n<tr>\n<td>Do\u011fum Tarihi:26-04-2004<\/td>\n<\/tr>\n<tr>\n<td>Do\u011fum Yeri:\u0130stanbul<\/td>\n<\/tr>\n<tr>\n<td>Boyu:1-77<\/td>\n<\/tr>\n<tr>\n<td>Kilosu: 58<\/td>\n<\/tr>\n<tr>\n<td>Mevkii: Stoper<\/td>\n<\/tr>\n<tr>\n<td>Forma Numaras\u0131<b>:<\/b>15<\/td>\n<\/tr>\n<tr>\n<td>Fenerbah\u00e7e&#8217;ye Geli\u015f Tarihi: 2017<\/td>\n<\/tr>\n<tr>\n<td>Daha \u00d6nce Oynad\u0131\u011f\u0131 Tak\u0131mlar:Bah\u00e7elievler \u00c7\u0131nar Spor<\/td>\n<\/tr>\n<tr>\n<td><\/td>\n<\/tr>\n<tr>\n<td>\n<p>Ba\u015far\u0131lar\u0131: 2018 U-14 T\u00fcrkiye \u015eampiyonu<\/p>\n<table>\n<tbody>\n<tr>\n<td><\/td>\n<\/tr>\n<\/tbody>\n<\/table>\n<\/td>\n<\/tr>\n<tr>\n<td><\/td>\n<\/tr>\n<\/tbody>\n<\/table>\n<\/td>\n<\/tr>\n<tr>\n<td valign=\"top\" width=\"170\"><\/td>\n<td valign=\"top\" width=\"280\"><\/td>\n<\/tr>\n<\/tbody>\n<\/table>\n<table border=\"0\" width=\"450\" cellspacing=\"0\" cellpadding=\"0\">\n<tbody>\n<tr>\n<td valign=\"top\" width=\"170\"><img decoding=\"async\" src=\"https:\/\/cdn.fenerbahce.org\/pic_lib\/ibrahimdikmenn.jpg\" width=\"150\" height=\"150\" \/><\/td>\n<td valign=\"top\" width=\"280\">\n<table border=\"0\" width=\"279\" cellspacing=\"0\" cellpadding=\"0\">\n<tbody>\n<tr>\n<td>Oyuncunun ad\u0131: \u0130brahim Dikmen<\/td>\n<\/tr>\n<tr>\n<td>Do\u011fum Tarihi:01-04-2004<\/td>\n<\/tr>\n<tr>\n<td>Do\u011fum Yeri:Konya<\/td>\n<\/tr>\n<tr>\n<td>Boyu:1-72<\/td>\n<\/tr>\n<tr>\n<td>Kilosu: 56<\/td>\n<\/tr>\n<tr>\n<td>Mevkii: Solbek Sola\u00e7\u0131k<\/td>\n<\/tr>\n<tr>\n<td>Forma Numaras\u0131<b>:<\/b>3<\/td>\n<\/tr>\n<tr>\n<td>Fenerbah\u00e7e&#8217;ye Geli\u015f Tarihi: 2016<\/td>\n<\/tr>\n<tr>\n<td>Daha \u00d6nce Oynad\u0131\u011f\u0131 Tak\u0131mlar:Konya 1907 Spor Kul\u00fcb\u00fc<\/td>\n<\/tr>\n<tr>\n<td><\/td>\n<\/tr>\n<tr>\n<td>\n<p>Ba\u015far\u0131lar\u0131: 2018 U-14 T\u00fcrkiye \u015eampiyonu<\/p>\n<table>\n<tbody>\n<tr>\n<td><\/td>\n<\/tr>\n<\/tbody>\n<\/table>\n<\/td>\n<\/tr>\n<tr>\n<td><\/td>\n<\/tr>\n<\/tbody>\n<\/table>\n<\/td>\n<\/tr>\n<tr>\n<td valign=\"top\" width=\"170\"><\/td>\n<td valign=\"top\" width=\"280\"><\/td>\n<\/tr>\n<\/tbody>\n<\/table>\n<table border=\"0\" width=\"450\" cellspacing=\"0\" cellpadding=\"0\">\n<tbody>\n<tr>\n<td valign=\"top\" width=\"170\"><img decoding=\"async\" src=\"https:\/\/cdn.fenerbahce.org\/pic_lib\/rojhatsaglamm.jpg\" width=\"150\" height=\"150\" \/><\/td>\n<td valign=\"top\" width=\"280\">\n<table border=\"0\" width=\"279\" cellspacing=\"0\" cellpadding=\"0\">\n<tbody>\n<tr>\n<td>Oyuncunun ad\u0131: Rojhat Sa\u011flam<\/td>\n<\/tr>\n<tr>\n<td>Do\u011fum Tarihi:01-01-2004<\/td>\n<\/tr>\n<tr>\n<td>Do\u011fum Yeri:\u0130stanbul<\/td>\n<\/tr>\n<tr>\n<td>Boyu:1-67<\/td>\n<\/tr>\n<tr>\n<td>Kilosu: 52<\/td>\n<\/tr>\n<tr>\n<td>Mevkii: Orta Saha<\/td>\n<\/tr>\n<tr>\n<td>Forma Numaras\u0131<b>:17<\/b><\/td>\n<\/tr>\n<tr>\n<td>Fenerbah\u00e7e&#8217;ye Geli\u015f Tarihi: 2012<\/td>\n<\/tr>\n<tr>\n<td>Daha \u00d6nce Oynad\u0131\u011f\u0131 Tak\u0131mlar:<\/td>\n<\/tr>\n<tr>\n<td><\/td>\n<\/tr>\n<tr>\n<td>\n<p>Ba\u015far\u0131lar\u0131: 2018 U-14 T\u00fcrkiye \u015eampiyonu<\/p>\n<table>\n<tbody>\n<tr>\n<td><\/td>\n<\/tr>\n<\/tbody>\n<\/table>\n<\/td>\n<\/tr>\n<tr>\n<td><\/td>\n<\/tr>\n<\/tbody>\n<\/table>\n<\/td>\n<\/tr>\n<tr>\n<td valign=\"top\" width=\"170\"><\/td>\n<td valign=\"top\" width=\"280\"><\/td>\n<\/tr>\n<\/tbody>\n<\/table>\n<table border=\"0\" width=\"450\" cellspacing=\"0\" cellpadding=\"0\">\n<tbody>\n<tr>\n<td valign=\"top\" width=\"170\"><img decoding=\"async\" src=\"https:\/\/cdn.fenerbahce.org\/pic_lib\/servanseyitvann.JPG\" width=\"150\" height=\"150\" \/><\/td>\n<td valign=\"top\" width=\"280\">\n<table border=\"0\" width=\"279\" cellspacing=\"0\" cellpadding=\"0\">\n<tbody>\n<tr>\n<td>Oyuncunun ad\u0131: \u015eervan Seyitvan<\/td>\n<\/tr>\n<tr>\n<td>Do\u011fum Tarihi:13-07-2004<\/td>\n<\/tr>\n<tr>\n<td>Do\u011fum Yeri:Diyarbak\u0131r<\/td>\n<\/tr>\n<tr>\n<td>Boyu:1-73<\/td>\n<\/tr>\n<tr>\n<td>Kilosu: 68<\/td>\n<\/tr>\n<tr>\n<td>Mevkii: Solbek<\/td>\n<\/tr>\n<tr>\n<td>Forma Numaras\u0131<b>:<\/b>11<\/td>\n<\/tr>\n<tr>\n<td>Fenerbah\u00e7e&#8217;ye Geli\u015f Tarihi: 2017<\/td>\n<\/tr>\n<tr>\n<td>Daha \u00d6nce Oynad\u0131\u011f\u0131 Tak\u0131mlar:Diyarbak\u0131r D.S.\u0130 Spor<\/td>\n<\/tr>\n<tr>\n<td><\/td>\n<\/tr>\n<tr>\n<td>\n<p>Ba\u015far\u0131lar\u0131: 2018 U-14 T\u00fcrkiye \u015eampiyonu<\/p>\n<table>\n<tbody>\n<tr>\n<td><\/td>\n<\/tr>\n<\/tbody>\n<\/table>\n<\/td>\n<\/tr>\n<tr>\n<td><\/td>\n<\/tr>\n<\/tbody>\n<\/table>\n<\/td>\n<\/tr>\n<tr>\n<td valign=\"top\" width=\"170\"><\/td>\n<td valign=\"top\" width=\"280\"><\/td>\n<\/tr>\n<\/tbody>\n<\/table>\n<table border=\"0\" width=\"450\" cellspacing=\"0\" cellpadding=\"0\">\n<tbody>\n<tr>\n<td valign=\"top\" width=\"170\"><img decoding=\"async\" src=\"https:\/\/cdn.fenerbahce.org\/pic_lib\/ahmetyigitkaracann.jpg\" width=\"150\" height=\"150\" \/><\/td>\n<td valign=\"top\" width=\"280\">\n<table border=\"0\" width=\"279\" cellspacing=\"0\" cellpadding=\"0\">\n<tbody>\n<tr>\n<td>Oyuncunun ad\u0131: Ahmet Yi\u011fit Kara\u00e7an<\/td>\n<\/tr>\n<tr>\n<td>Do\u011fum Tarihi:17-01-2004<\/td>\n<\/tr>\n<tr>\n<td>Do\u011fum Yeri:\u0130stanbul<\/td>\n<\/tr>\n<tr>\n<td>Boyu:1-73<\/td>\n<\/tr>\n<tr>\n<td>Kilosu: 68<\/td>\n<\/tr>\n<tr>\n<td>Mevkii: Stoper<\/td>\n<\/tr>\n<tr>\n<td>Forma Numaras\u0131<b>:<\/b>5<\/td>\n<\/tr>\n<tr>\n<td height=\"24\">Fenerbah\u00e7e&#8217;ye Geli\u015f Tarihi: 2014<\/td>\n<\/tr>\n<tr>\n<td>Daha \u00d6nce Oynad\u0131\u011f\u0131 Tak\u0131mlar:S\u00f6\u011f\u00fctl\u00fc\u00e7e\u015fme<\/td>\n<\/tr>\n<tr>\n<td><\/td>\n<\/tr>\n<tr>\n<td>\n<p>Ba\u015far\u0131lar\u0131: 2018 U-14 T\u00fcrkiye \u015eampiyonu<\/p>\n<table>\n<tbody>\n<tr>\n<td><\/td>\n<\/tr>\n<\/tbody>\n<\/table>\n<\/td>\n<\/tr>\n<tr>\n<td><\/td>\n<\/tr>\n<\/tbody>\n<\/table>\n<\/td>\n<\/tr>\n<tr>\n<td valign=\"top\" width=\"170\"><\/td>\n<td valign=\"top\" width=\"280\"><\/td>\n<\/tr>\n<\/tbody>\n<\/table>\n<table border=\"0\" width=\"450\" cellspacing=\"0\" cellpadding=\"0\">\n<tbody>\n<tr>\n<td valign=\"top\" width=\"170\"><img decoding=\"async\" src=\"https:\/\/cdn.fenerbahce.org\/pic_lib\/umutyasarkececiii.jpg\" width=\"150\" height=\"150\" \/><\/td>\n<td valign=\"top\" width=\"280\">\n<table border=\"0\" width=\"279\" cellspacing=\"0\" cellpadding=\"0\">\n<tbody>\n<tr>\n<td>Oyuncunun ad\u0131: Umut Ya\u015far Ke\u00e7eci<\/td>\n<\/tr>\n<tr>\n<td>Do\u011fum Tarihi:11-02-2004<\/td>\n<\/tr>\n<tr>\n<td>Do\u011fum Yeri:\u0130stanbul<\/td>\n<\/tr>\n<tr>\n<td>Boyu:1-80<\/td>\n<\/tr>\n<tr>\n<td>Kilosu: 60<\/td>\n<\/tr>\n<tr>\n<td>Mevkii: Forvet<\/td>\n<\/tr>\n<tr>\n<td>Forma Numaras\u0131<b>:<\/b>24<\/td>\n<\/tr>\n<tr>\n<td>Fenerbah\u00e7e&#8217;ye Geli\u015f Tarihi: 2013<\/td>\n<\/tr>\n<tr>\n<td>Daha \u00d6nce Oynad\u0131\u011f\u0131 Tak\u0131mlar:<\/td>\n<\/tr>\n<tr>\n<td><\/td>\n<\/tr>\n<tr>\n<td>\n<p>Ba\u015far\u0131lar\u0131: 2018 U-14 T\u00fcrkiye \u015eampiyonu<\/p>\n<table>\n<tbody>\n<tr>\n<td><\/td>\n<\/tr>\n<\/tbody>\n<\/table>\n<\/td>\n<\/tr>\n<tr>\n<td><\/td>\n<\/tr>\n<\/tbody>\n<\/table>\n<\/td>\n<\/tr>\n<tr>\n<td valign=\"top\" width=\"170\"><\/td>\n<td valign=\"top\" width=\"280\"><\/td>\n<\/tr>\n<\/tbody>\n<\/table>\n<table border=\"0\" width=\"450\" cellspacing=\"0\" cellpadding=\"0\">\n<tbody>\n<tr>\n<td valign=\"top\" width=\"170\"><img decoding=\"async\" src=\"https:\/\/cdn.fenerbahce.org\/pic_lib\/muhammetonurbasyigitt.jpg\" width=\"150\" height=\"150\" \/><\/td>\n<td valign=\"top\" width=\"280\">\n<table border=\"0\" width=\"279\" cellspacing=\"0\" cellpadding=\"0\">\n<tbody>\n<tr>\n<td>Oyuncunun ad\u0131: Muhammet Onur Ba\u015fyi\u011fit<\/td>\n<\/tr>\n<tr>\n<td>Do\u011fum Tarihi:12-06-2004<\/td>\n<\/tr>\n<tr>\n<td>Do\u011fum Yeri:Denizli<\/td>\n<\/tr>\n<tr>\n<td>Boyu:1-73<\/td>\n<\/tr>\n<tr>\n<td>Kilosu: 56<\/td>\n<\/tr>\n<tr>\n<td>Mevkii: Solbek<\/td>\n<\/tr>\n<tr>\n<td>Forma Numaras\u0131<b>:<\/b>20<\/td>\n<\/tr>\n<tr>\n<td>Fenerbah\u00e7e&#8217;ye Geli\u015f Tarihi: 2017<\/td>\n<\/tr>\n<tr>\n<td>Daha \u00d6nce Oynad\u0131\u011f\u0131 Tak\u0131mlar:\u00c7aml\u0131k Futbol Kul\u00fcb\u00fc<\/td>\n<\/tr>\n<tr>\n<td>Millilik Say\u0131s\u0131:2<\/td>\n<\/tr>\n<tr>\n<td>\n<p>Ba\u015far\u0131lar\u0131: 2018 U-14 T\u00fcrkiye \u015eampiyonu<\/p>\n<table>\n<tbody>\n<tr>\n<td><\/td>\n<\/tr>\n<\/tbody>\n<\/table>\n<\/td>\n<\/tr>\n<tr>\n<td><\/td>\n<\/tr>\n<\/tbody>\n<\/table>\n<\/td>\n<\/tr>\n<tr>\n<td valign=\"top\" width=\"170\"><\/td>\n<td valign=\"top\" width=\"280\"><\/td>\n<\/tr>\n<\/tbody>\n<\/table>\n<table border=\"0\" width=\"450\" cellspacing=\"0\" cellpadding=\"0\">\n<tbody>\n<tr>\n<td valign=\"top\" width=\"170\"><img decoding=\"async\" src=\"https:\/\/cdn.fenerbahce.org\/pic_lib\/abdulkadirfurkanyavuzz.JPG\" width=\"150\" height=\"150\" \/><\/td>\n<td valign=\"top\" width=\"280\">\n<table border=\"0\" width=\"279\" cellspacing=\"0\" cellpadding=\"0\">\n<tbody>\n<tr>\n<td>Oyuncunun ad\u0131: Abd\u00fclkadir Furkan Yavuz<\/td>\n<\/tr>\n<tr>\n<td>Do\u011fum Tarihi:16-02-2004<\/td>\n<\/tr>\n<tr>\n<td>Do\u011fum Yeri:\u0130stanbul<\/td>\n<\/tr>\n<tr>\n<td>Boyu:1-74<\/td>\n<\/tr>\n<tr>\n<td>Kilosu: 67<\/td>\n<\/tr>\n<tr>\n<td>Mevkii: Stoper<\/td>\n<\/tr>\n<tr>\n<td>Forma Numaras\u0131<b>:<\/b>4<\/td>\n<\/tr>\n<tr>\n<td>Fenerbah\u00e7e&#8217;ye Geli\u015f Tarihi: 2013<\/td>\n<\/tr>\n<tr>\n<td>Daha \u00d6nce Oynad\u0131\u011f\u0131 Tak\u0131mlar:<\/td>\n<\/tr>\n<tr>\n<td><\/td>\n<\/tr>\n<tr>\n<td>\n<p>Ba\u015far\u0131lar\u0131: 2018 U-14 T\u00fcrkiye \u015eampiyonu<\/p>\n<table>\n<tbody>\n<tr>\n<td><\/td>\n<\/tr>\n<\/tbody>\n<\/table>\n<\/td>\n<\/tr>\n<tr>\n<td><\/td>\n<\/tr>\n<\/tbody>\n<\/table>\n<\/td>\n<\/tr>\n<tr>\n<td valign=\"top\" width=\"170\"><\/td>\n<td valign=\"top\" width=\"280\"><\/td>\n<\/tr>\n<\/tbody>\n<\/table>\n<table border=\"0\" width=\"450\" cellspacing=\"0\" cellpadding=\"0\">\n<tbody>\n<tr>\n<td valign=\"top\" width=\"170\"><img decoding=\"async\" src=\"https:\/\/cdn.fenerbahce.org\/pic_lib\/muhammetmustafakaratss.jpg\" width=\"150\" height=\"150\" \/><\/td>\n<td valign=\"top\" width=\"280\">\n<table border=\"0\" width=\"279\" cellspacing=\"0\" cellpadding=\"0\">\n<tbody>\n<tr>\n<td>Oyuncunun ad\u0131: Muhammet Mustafa Karata\u015f<\/td>\n<\/tr>\n<tr>\n<td>Do\u011fum Tarihi:09-10-2004<\/td>\n<\/tr>\n<tr>\n<td>Do\u011fum Yeri:\u0130stanbul<\/td>\n<\/tr>\n<tr>\n<td>Boyu:1-71<\/td>\n<\/tr>\n<tr>\n<td>Kilosu: 56<\/td>\n<\/tr>\n<tr>\n<td>Mevkii: Sa\u011fbek<\/td>\n<\/tr>\n<tr>\n<td>Forma Numaras\u0131<b>:<\/b>2<\/td>\n<\/tr>\n<tr>\n<td>Fenerbah\u00e7e&#8217;ye Geli\u015f Tarihi: 2014<\/td>\n<\/tr>\n<tr>\n<td>Daha \u00d6nce Oynad\u0131\u011f\u0131 Tak\u0131mlar:Be\u015fikta\u015f<\/td>\n<\/tr>\n<tr>\n<td><\/td>\n<\/tr>\n<tr>\n<td>\n<p>Ba\u015far\u0131lar\u0131: 2018 U-14 T\u00fcrkiye \u015eampiyonu<\/p>\n<table>\n<tbody>\n<tr>\n<td><\/td>\n<\/tr>\n<\/tbody>\n<\/table>\n<\/td>\n<\/tr>\n<tr>\n<td><\/td>\n<\/tr>\n<\/tbody>\n<\/table>\n<\/td>\n<\/tr>\n<tr>\n<td valign=\"top\" width=\"170\"><\/td>\n<td valign=\"top\" width=\"280\"><\/td>\n<\/tr>\n<\/tbody>\n<\/table>\n<table border=\"0\" width=\"450\" cellspacing=\"0\" cellpadding=\"0\">\n<tbody>\n<tr>\n<td valign=\"top\" width=\"170\"><img decoding=\"async\" src=\"https:\/\/cdn.fenerbahce.org\/pic_lib\/dogukantaniss.jpg\" width=\"150\" height=\"150\" \/><\/td>\n<td valign=\"top\" width=\"280\">\n<table border=\"0\" width=\"279\" cellspacing=\"0\" cellpadding=\"0\">\n<tbody>\n<tr>\n<td>Oyuncunun ad\u0131: Do\u011fukan Tan\u0131\u015f<\/td>\n<\/tr>\n<tr>\n<td>Do\u011fum Tarihi:09-02-2004<\/td>\n<\/tr>\n<tr>\n<td>Do\u011fum Yeri:\u0130stanbul<\/td>\n<\/tr>\n<tr>\n<td>Boyu:1-77<\/td>\n<\/tr>\n<tr>\n<td>Kilosu: 63<\/td>\n<\/tr>\n<tr>\n<td>Mevkii: Orta Saha<\/td>\n<\/tr>\n<tr>\n<td>Forma Numaras\u0131<b>:<\/b>6<\/td>\n<\/tr>\n<tr>\n<td>Fenerbah\u00e7e&#8217;ye Geli\u015f Tarihi: 2017<\/td>\n<\/tr>\n<tr>\n<td>Daha \u00d6nce Oynad\u0131\u011f\u0131 Tak\u0131mlar:K\u00fc\u00e7\u00fck \u00c7ekmece \u0130dman Yurdu<\/td>\n<\/tr>\n<tr>\n<td>Millilik Say\u0131s\u0131:2<\/td>\n<\/tr>\n<tr>\n<td>\n<p>Ba\u015far\u0131lar\u0131: 2018 U-14 T\u00fcrkiye \u015eampiyonu<\/p>\n<table>\n<tbody>\n<tr>\n<td><\/td>\n<\/tr>\n<\/tbody>\n<\/table>\n<\/td>\n<\/tr>\n<tr>\n<td><\/td>\n<\/tr>\n<\/tbody>\n<\/table>\n<\/td>\n<\/tr>\n<tr>\n<td valign=\"top\" width=\"170\"><\/td>\n<td valign=\"top\" width=\"280\"><\/td>\n<\/tr>\n<\/tbody>\n<\/table>\n<table border=\"0\" width=\"450\" cellspacing=\"0\" cellpadding=\"0\">\n<tbody>\n<tr>\n<td valign=\"top\" width=\"170\"><img decoding=\"async\" src=\"https:\/\/cdn.fenerbahce.org\/pic_lib\/yunusemrekantarr.jpg\" width=\"150\" height=\"150\" \/><\/td>\n<td valign=\"top\" width=\"280\">\n<table border=\"0\" width=\"279\" cellspacing=\"0\" cellpadding=\"0\">\n<tbody>\n<tr>\n<td>Oyuncunun ad\u0131: Yunus Emre Kantar<\/td>\n<\/tr>\n<tr>\n<td>Do\u011fum Tarihi:<\/td>\n<\/tr>\n<tr>\n<td>Do\u011fum Yeri:\u0130stanbul<\/td>\n<\/tr>\n<tr>\n<td>Boyu:1-67<\/td>\n<\/tr>\n<tr>\n<td>Kilosu: 55<\/td>\n<\/tr>\n<tr>\n<td>Mevkii: Sa\u011fa\u00e7\u0131k<\/td>\n<\/tr>\n<tr>\n<td>Forma Numaras\u0131<b>:<\/b>16<\/td>\n<\/tr>\n<tr>\n<td>Fenerbah\u00e7e&#8217;ye Geli\u015f Tarihi: 2012<\/td>\n<\/tr>\n<tr>\n<td>Daha \u00d6nce Oynad\u0131\u011f\u0131 Tak\u0131mlar:<\/td>\n<\/tr>\n<tr>\n<td><\/td>\n<\/tr>\n<tr>\n<td>Ba\u015far\u0131lar\u0131: 2018 U-14 T\u00fcrkiye \u015eampiyonu<\/td>\n<\/tr>\n<\/tbody>\n<\/table>\n<\/td>\n<\/tr>\n<\/tbody>\n<\/table>\n<p>[\/vc_column_text][\/vc_tta_section][vc_tta_section title=&#8221;14 Ya\u015f Alt\u0131 Gen\u00e7 Tak\u0131m\u0131m\u0131z&#8221; tab_id=&#8221;1536485764725-85f274e6-888a&#8221;][vc_column_text]<\/p>\n<table border=\"0\" width=\"450\" cellspacing=\"0\" cellpadding=\"0\">\n<tbody>\n<tr>\n<td valign=\"top\" width=\"170\"><img decoding=\"async\" src=\"https:\/\/cdn.fenerbahce.org\/pic_lib\/muhammetmustafakaratasss.JPG\" width=\"150\" height=\"150\" \/><\/td>\n<td valign=\"top\" width=\"280\">\n<table border=\"0\" width=\"279\" cellspacing=\"0\" cellpadding=\"0\">\n<tbody>\n<tr>\n<td>Oyuncunun ad\u0131: Muhammet Mustafa Karata\u015f<\/td>\n<\/tr>\n<tr>\n<td>Do\u011fum tarihi:09-10-2004<\/td>\n<\/tr>\n<tr>\n<td>Do\u011fum Yeri:\u0130stanbul<\/td>\n<\/tr>\n<tr>\n<td>Boyu:1-62<\/td>\n<\/tr>\n<tr>\n<td>Kilosu<b>:52<\/b><\/td>\n<\/tr>\n<tr>\n<td>Mevkii<strong>:Sa\u011fbek \u00d6n libero <\/strong><\/td>\n<\/tr>\n<tr>\n<td>Forma Numaras\u0131<b>:<\/b><\/td>\n<\/tr>\n<tr>\n<td>Fenerbah\u00e7e&#8217;ye Geli\u015f Tarihi:2014<\/td>\n<\/tr>\n<tr>\n<td>Daha \u00d6nce Oynad\u0131\u011f\u0131 Tak\u0131mlar<\/td>\n<\/tr>\n<tr>\n<td>Millilik Say\u0131s\u0131;<\/td>\n<\/tr>\n<tr>\n<td>\n<p>Ba\u015far\u0131lar\u0131:<\/p>\n<table>\n<tbody>\n<tr>\n<td><\/td>\n<\/tr>\n<\/tbody>\n<\/table>\n<\/td>\n<\/tr>\n<tr>\n<td><\/td>\n<\/tr>\n<\/tbody>\n<\/table>\n<\/td>\n<\/tr>\n<tr>\n<td valign=\"top\" width=\"170\"><\/td>\n<td valign=\"top\" width=\"280\"><\/td>\n<\/tr>\n<\/tbody>\n<\/table>\n<p>&nbsp;<\/p>\n<table border=\"0\" width=\"450\" cellspacing=\"0\" cellpadding=\"0\">\n<tbody>\n<tr>\n<td valign=\"top\" width=\"170\"><img decoding=\"async\" src=\"https:\/\/cdn.fenerbahce.org\/pic_lib\/efecanmizrakciii.JPG\" width=\"150\" height=\"150\" \/><\/td>\n<td valign=\"top\" width=\"280\">\n<table border=\"0\" width=\"279\" cellspacing=\"0\" cellpadding=\"0\">\n<tbody>\n<tr>\n<td>Oyuncunun ad\u0131: Efecan M\u0131zrak\u00e7\u0131<\/td>\n<\/tr>\n<tr>\n<td>Do\u011fum tarihi:09-01-2004<\/td>\n<\/tr>\n<tr>\n<td>Do\u011fum Yeri:\u0130stanbul<\/td>\n<\/tr>\n<tr>\n<td>Boyu:1-71<\/td>\n<\/tr>\n<tr>\n<td>Kilosu<b>:57<\/b><\/td>\n<\/tr>\n<tr>\n<td>Mevkii<strong>:Orta Saha <\/strong><\/td>\n<\/tr>\n<tr>\n<td>Forma Numaras\u0131<b>:<\/b><\/td>\n<\/tr>\n<tr>\n<td>Fenerbah\u00e7e&#8217;ye Geli\u015f Tarihi:2013<\/td>\n<\/tr>\n<tr>\n<td>Daha \u00d6nce Oynad\u0131\u011f\u0131 Tak\u0131mlar\u00c7aml\u0131ca Spor Kul\u00fcb\u00fc<\/td>\n<\/tr>\n<tr>\n<td>Millilik Say\u0131s\u0131;<\/td>\n<\/tr>\n<tr>\n<td>\n<p>Ba\u015far\u0131lar\u0131:<\/p>\n<table>\n<tbody>\n<tr>\n<td><\/td>\n<\/tr>\n<\/tbody>\n<\/table>\n<\/td>\n<\/tr>\n<tr>\n<td><\/td>\n<\/tr>\n<\/tbody>\n<\/table>\n<\/td>\n<\/tr>\n<tr>\n<td valign=\"top\" width=\"170\"><\/td>\n<td valign=\"top\" width=\"280\"><\/td>\n<\/tr>\n<\/tbody>\n<\/table>\n<p>&nbsp;<\/p>\n<table border=\"0\" width=\"450\" cellspacing=\"0\" cellpadding=\"0\">\n<tbody>\n<tr>\n<td valign=\"top\" width=\"170\"><img decoding=\"async\" src=\"https:\/\/cdn.fenerbahce.org\/pic_lib\/rojhatsa%C4%9Flammm.JPG\" \/><\/td>\n<td valign=\"top\" width=\"280\">\n<table border=\"0\" width=\"279\" cellspacing=\"0\" cellpadding=\"0\">\n<tbody>\n<tr>\n<td>Oyuncunun ad\u0131: Rojhat Sa\u011flam<\/td>\n<\/tr>\n<tr>\n<td>Do\u011fum tarihi:01-01-2004<\/td>\n<\/tr>\n<tr>\n<td>Do\u011fum Yeri:\u0130stanbul<\/td>\n<\/tr>\n<tr>\n<td>Boyu:1-60<\/td>\n<\/tr>\n<tr>\n<td>Kilosu<b>:46<\/b><\/td>\n<\/tr>\n<tr>\n<td>Mevkii<strong>:Orta Saha <\/strong><\/td>\n<\/tr>\n<tr>\n<td>Forma Numaras\u0131<b>:<\/b><\/td>\n<\/tr>\n<tr>\n<td>Fenerbah\u00e7e&#8217;ye Geli\u015f Tarihi:2012<\/td>\n<\/tr>\n<tr>\n<td>Daha \u00d6nce Oynad\u0131\u011f\u0131 Tak\u0131mlar<\/td>\n<\/tr>\n<tr>\n<td>Millilik Say\u0131s\u0131;<\/td>\n<\/tr>\n<tr>\n<td>\n<p>Ba\u015far\u0131lar\u0131:<\/p>\n<table>\n<tbody>\n<tr>\n<td><\/td>\n<\/tr>\n<\/tbody>\n<\/table>\n<\/td>\n<\/tr>\n<tr>\n<td><\/td>\n<\/tr>\n<\/tbody>\n<\/table>\n<\/td>\n<\/tr>\n<tr>\n<td valign=\"top\" width=\"170\"><\/td>\n<td valign=\"top\" width=\"280\"><\/td>\n<\/tr>\n<\/tbody>\n<\/table>\n<p>&nbsp;<\/p>\n<table border=\"0\" width=\"450\" cellspacing=\"0\" cellpadding=\"0\">\n<tbody>\n<tr>\n<td valign=\"top\" width=\"170\"><img decoding=\"async\" src=\"https:\/\/cdn.fenerbahce.org\/pic_lib\/muhammedonurbasyigittt.JPG\" width=\"150\" height=\"150\" \/><\/td>\n<td valign=\"top\" width=\"280\">\n<table border=\"0\" width=\"279\" cellspacing=\"0\" cellpadding=\"0\">\n<tbody>\n<tr>\n<td>Oyuncunun ad\u0131: Muhammet Onur Ba\u015fyi\u011fit<\/td>\n<\/tr>\n<tr>\n<td>Do\u011fum tarihi:12-06-2004<\/td>\n<\/tr>\n<tr>\n<td>Do\u011fum Yeri:Denizli<\/td>\n<\/tr>\n<tr>\n<td>Boyu:1-67<\/td>\n<\/tr>\n<tr>\n<td>Kilosu<b>:57<\/b><\/td>\n<\/tr>\n<tr>\n<td>Mevkii<strong>:Solbek <\/strong><\/td>\n<\/tr>\n<tr>\n<td>Forma Numaras\u0131<b>:<\/b><\/td>\n<\/tr>\n<tr>\n<td>Fenerbah\u00e7e&#8217;ye Geli\u015f Tarihi:2017<\/td>\n<\/tr>\n<tr>\n<td>Daha \u00d6nce Oynad\u0131\u011f\u0131 Tak\u0131mlar\u00c7aml\u0131k Futbol Kul\u00fcb\u00fc<\/td>\n<\/tr>\n<tr>\n<td>Millilik Say\u0131s\u0131;<\/td>\n<\/tr>\n<tr>\n<td>\n<p>Ba\u015far\u0131lar\u0131:<\/p>\n<table>\n<tbody>\n<tr>\n<td><\/td>\n<\/tr>\n<\/tbody>\n<\/table>\n<\/td>\n<\/tr>\n<tr>\n<td><\/td>\n<\/tr>\n<\/tbody>\n<\/table>\n<\/td>\n<\/tr>\n<tr>\n<td valign=\"top\" width=\"170\"><\/td>\n<td valign=\"top\" width=\"280\"><\/td>\n<\/tr>\n<\/tbody>\n<\/table>\n<p>&nbsp;<\/p>\n<table border=\"0\" width=\"450\" cellspacing=\"0\" cellpadding=\"0\">\n<tbody>\n<tr>\n<td valign=\"top\" width=\"170\"><img decoding=\"async\" src=\"https:\/\/cdn.fenerbahce.org\/pic_lib\/umutyasarkececiii.JPG\" width=\"150\" height=\"150\" \/><\/td>\n<td valign=\"top\" width=\"280\">\n<table border=\"0\" width=\"279\" cellspacing=\"0\" cellpadding=\"0\">\n<tbody>\n<tr>\n<td>Oyuncunun ad\u0131: Umut Ya\u015far Ke\u00e7e\u00e7i<\/td>\n<\/tr>\n<tr>\n<td>Do\u011fum tarihi:11-02-2004<\/td>\n<\/tr>\n<tr>\n<td>Do\u011fum Yeri:\u0130stanbul<\/td>\n<\/tr>\n<tr>\n<td>Boyu:1-73<\/td>\n<\/tr>\n<tr>\n<td>Kilosu<b>:53<\/b><\/td>\n<\/tr>\n<tr>\n<td>Mevkii<strong>:Forvet <\/strong><\/td>\n<\/tr>\n<tr>\n<td>Forma Numaras\u0131<b>:<\/b><\/td>\n<\/tr>\n<tr>\n<td>Fenerbah\u00e7e&#8217;ye Geli\u015f Tarihi:2013<\/td>\n<\/tr>\n<tr>\n<td>Daha \u00d6nce Oynad\u0131\u011f\u0131 Tak\u0131mlar<\/td>\n<\/tr>\n<tr>\n<td>Millilik Say\u0131s\u0131;<\/td>\n<\/tr>\n<tr>\n<td>\n<p>Ba\u015far\u0131lar\u0131:<\/p>\n<table>\n<tbody>\n<tr>\n<td><\/td>\n<\/tr>\n<\/tbody>\n<\/table>\n<\/td>\n<\/tr>\n<tr>\n<td><\/td>\n<\/tr>\n<\/tbody>\n<\/table>\n<\/td>\n<\/tr>\n<tr>\n<td valign=\"top\" width=\"170\"><\/td>\n<td valign=\"top\" width=\"280\"><\/td>\n<\/tr>\n<\/tbody>\n<\/table>\n<p>&nbsp;<\/p>\n<table border=\"0\" width=\"450\" cellspacing=\"0\" cellpadding=\"0\">\n<tbody>\n<tr>\n<td valign=\"top\" width=\"170\"><img decoding=\"async\" src=\"https:\/\/cdn.fenerbahce.org\/pic_lib\/alperinceee.JPG\" width=\"150\" height=\"150\" \/><\/td>\n<td valign=\"top\" width=\"280\">\n<table border=\"0\" width=\"279\" cellspacing=\"0\" cellpadding=\"0\">\n<tbody>\n<tr>\n<td>Oyuncunun ad\u0131: Alper \u0130nce<\/td>\n<\/tr>\n<tr>\n<td>Do\u011fum tarihi:24-02-2004<\/td>\n<\/tr>\n<tr>\n<td>Do\u011fum Yeri:\u0130stanbul<\/td>\n<\/tr>\n<tr>\n<td>Boyu:1-62<\/td>\n<\/tr>\n<tr>\n<td>Kilosu<b>:49<\/b><\/td>\n<\/tr>\n<tr>\n<td>Mevkii<strong>:Sa\u011fbek<\/strong><\/td>\n<\/tr>\n<tr>\n<td>Forma Numaras\u0131<b>:<\/b><\/td>\n<\/tr>\n<tr>\n<td>Fenerbah\u00e7e&#8217;ye Geli\u015f Tarihi:2011<\/td>\n<\/tr>\n<tr>\n<td>Daha \u00d6nce Oynad\u0131\u011f\u0131 Tak\u0131mlar<\/td>\n<\/tr>\n<tr>\n<td>Millilik Say\u0131s\u0131;<\/td>\n<\/tr>\n<tr>\n<td>\n<p>Ba\u015far\u0131lar\u0131:<\/p>\n<table>\n<tbody>\n<tr>\n<td><\/td>\n<\/tr>\n<\/tbody>\n<\/table>\n<\/td>\n<\/tr>\n<tr>\n<td><\/td>\n<\/tr>\n<\/tbody>\n<\/table>\n<\/td>\n<\/tr>\n<tr>\n<td valign=\"top\" width=\"170\"><\/td>\n<td valign=\"top\" width=\"280\"><\/td>\n<\/tr>\n<\/tbody>\n<\/table>\n<p>&nbsp;<\/p>\n<table border=\"0\" width=\"450\" cellspacing=\"0\" cellpadding=\"0\">\n<tbody>\n<tr>\n<td valign=\"top\" width=\"170\"><img decoding=\"async\" src=\"https:\/\/cdn.fenerbahce.org\/pic_lib\/abdulkadirfurkanyavuzzz.JPG\" width=\"150\" height=\"150\" \/><\/td>\n<td valign=\"top\" width=\"280\">\n<table border=\"0\" width=\"279\" cellspacing=\"0\" cellpadding=\"0\">\n<tbody>\n<tr>\n<td>Oyuncunun ad\u0131: Abd\u00fclkadir Furkan Yavuz<\/td>\n<\/tr>\n<tr>\n<td>Do\u011fum tarihi:16-02-2004<\/td>\n<\/tr>\n<tr>\n<td>Do\u011fum Yeri:\u0130stanbul<\/td>\n<\/tr>\n<tr>\n<td>Boyu:1-70<\/td>\n<\/tr>\n<tr>\n<td>Kilosu<b>:63<\/b><\/td>\n<\/tr>\n<tr>\n<td>Mevkii<strong>:Defans<\/strong><\/td>\n<\/tr>\n<tr>\n<td>Forma Numaras\u0131<b>:<\/b><\/td>\n<\/tr>\n<tr>\n<td>Fenerbah\u00e7e&#8217;ye Geli\u015f Tarihi:2012<\/td>\n<\/tr>\n<tr>\n<td>Daha \u00d6nce Oynad\u0131\u011f\u0131 Tak\u0131mlar<\/td>\n<\/tr>\n<tr>\n<td>Millilik Say\u0131s\u0131;<\/td>\n<\/tr>\n<tr>\n<td>\n<p>Ba\u015far\u0131lar\u0131:<\/p>\n<table>\n<tbody>\n<tr>\n<td><\/td>\n<\/tr>\n<\/tbody>\n<\/table>\n<\/td>\n<\/tr>\n<tr>\n<td><\/td>\n<\/tr>\n<\/tbody>\n<\/table>\n<\/td>\n<\/tr>\n<tr>\n<td valign=\"top\" width=\"170\"><\/td>\n<td valign=\"top\" width=\"280\"><\/td>\n<\/tr>\n<\/tbody>\n<\/table>\n<table border=\"0\" width=\"450\" cellspacing=\"0\" cellpadding=\"0\">\n<tbody>\n<tr>\n<td valign=\"top\" width=\"170\"><img decoding=\"async\" src=\"https:\/\/cdn.fenerbahce.org\/pic_lib\/servanseyitvanaa.JPG\" width=\"150\" height=\"150\" \/><\/td>\n<td valign=\"top\" width=\"280\">\n<table border=\"0\" width=\"279\" cellspacing=\"0\" cellpadding=\"0\">\n<tbody>\n<tr>\n<td>Oyuncunun ad\u0131: \u015eervan \u015eeyitvan<\/td>\n<\/tr>\n<tr>\n<td>Do\u011fum tarihi:13-07-2004<\/td>\n<\/tr>\n<tr>\n<td>Do\u011fum Yeri:Diyarbak\u0131r<\/td>\n<\/tr>\n<tr>\n<td>Boyu:1-69<\/td>\n<\/tr>\n<tr>\n<td>Kilosu<b>:Sola\u00e7\u0131k<\/b><\/td>\n<\/tr>\n<tr>\n<td>Mevkii<strong>:<\/strong><\/td>\n<\/tr>\n<tr>\n<td>Forma Numaras\u0131<b>:<\/b><\/td>\n<\/tr>\n<tr>\n<td>Fenerbah\u00e7e&#8217;ye Geli\u015f Tarihi:2017<\/td>\n<\/tr>\n<tr>\n<td>Daha \u00d6nce Oynad\u0131\u011f\u0131 Tak\u0131mlarDiyarbak\u0131r D.S..\u0130<\/td>\n<\/tr>\n<tr>\n<td>Millilik Say\u0131s\u0131;<\/td>\n<\/tr>\n<tr>\n<td>\n<p>Ba\u015far\u0131lar\u0131:<\/p>\n<table>\n<tbody>\n<tr>\n<td><\/td>\n<\/tr>\n<\/tbody>\n<\/table>\n<\/td>\n<\/tr>\n<tr>\n<td><\/td>\n<\/tr>\n<\/tbody>\n<\/table>\n<\/td>\n<\/tr>\n<tr>\n<td valign=\"top\" width=\"170\"><\/td>\n<td valign=\"top\" width=\"280\"><\/td>\n<\/tr>\n<\/tbody>\n<\/table>\n<table border=\"0\" width=\"450\" cellspacing=\"0\" cellpadding=\"0\">\n<tbody>\n<tr>\n<td valign=\"top\" width=\"170\"><img decoding=\"async\" src=\"https:\/\/cdn.fenerbahce.org\/pic_lib\/ahmetyigitkaracannn.JPG\" width=\"150\" height=\"150\" \/><\/td>\n<td valign=\"top\" width=\"280\">\n<table border=\"0\" width=\"279\" cellspacing=\"0\" cellpadding=\"0\">\n<tbody>\n<tr>\n<td>Oyuncunun ad\u0131::Ahmet Yi\u011fit Kara\u00e7an<\/td>\n<\/tr>\n<tr>\n<td>Do\u011fum tarihi:17-02-2004<\/td>\n<\/tr>\n<tr>\n<td>Do\u011fum Yeri:\u0130stanbul<\/td>\n<\/tr>\n<tr>\n<td>Boyu:1-71<\/td>\n<\/tr>\n<tr>\n<td>Kilosu<b>:51<\/b><\/td>\n<\/tr>\n<tr>\n<td>Mevkii<strong>:Stoper <\/strong><\/td>\n<\/tr>\n<tr>\n<td>Forma Numaras\u0131<b>:<\/b><\/td>\n<\/tr>\n<tr>\n<td>Fenerbah\u00e7e&#8217;ye Geli\u015f Tarihi:2013<\/td>\n<\/tr>\n<tr>\n<td>Daha \u00d6nce Oynad\u0131\u011f\u0131 Tak\u0131mlarS\u00e7\u011f\u00fctl\u00fc\u00e7ezme Spor Kul\u00fc\u00fcb\u00fc<\/td>\n<\/tr>\n<tr>\n<td>Millilik Say\u0131s\u0131;<\/td>\n<\/tr>\n<tr>\n<td>\n<p>Ba\u015far\u0131lar\u0131:<\/p>\n<table>\n<tbody>\n<tr>\n<td><\/td>\n<\/tr>\n<\/tbody>\n<\/table>\n<\/td>\n<\/tr>\n<tr>\n<td><\/td>\n<\/tr>\n<\/tbody>\n<\/table>\n<\/td>\n<\/tr>\n<tr>\n<td valign=\"top\" width=\"170\"><\/td>\n<td valign=\"top\" width=\"280\"><\/td>\n<\/tr>\n<\/tbody>\n<\/table>\n<table border=\"0\" width=\"450\" cellspacing=\"0\" cellpadding=\"0\">\n<tbody>\n<tr>\n<td valign=\"top\" width=\"170\"><img decoding=\"async\" src=\"https:\/\/cdn.fenerbahce.org\/pic_lib\/yunusemrekantarrr.JPG\" width=\"150\" height=\"150\" \/><\/td>\n<td valign=\"top\" width=\"280\">\n<table border=\"0\" width=\"279\" cellspacing=\"0\" cellpadding=\"0\">\n<tbody>\n<tr>\n<td>Oyuncunun ad\u0131: Yunus Emre Kantar<\/td>\n<\/tr>\n<tr>\n<td>Do\u011fum tarihi:21-05-2004<\/td>\n<\/tr>\n<tr>\n<td>Do\u011fum Yeri:\u0130stanbul<\/td>\n<\/tr>\n<tr>\n<td>Boyu:1-57<\/td>\n<\/tr>\n<tr>\n<td>Kilosu<b>:47<\/b><\/td>\n<\/tr>\n<tr>\n<td>Mevkii<strong>:SAa\u011fa\u00e7\u0131k <\/strong><\/td>\n<\/tr>\n<tr>\n<td>Forma Numaras\u0131<b>:<\/b><\/td>\n<\/tr>\n<tr>\n<td>Fenerbah\u00e7e&#8217;ye Geli\u015f Tarihi:2012<\/td>\n<\/tr>\n<tr>\n<td>Daha \u00d6nce Oynad\u0131\u011f\u0131 Tak\u0131mlar<\/td>\n<\/tr>\n<tr>\n<td>Millilik Say\u0131s\u0131;<\/td>\n<\/tr>\n<tr>\n<td>\n<p>Ba\u015far\u0131lar\u0131:<\/p>\n<table>\n<tbody>\n<tr>\n<td><\/td>\n<\/tr>\n<\/tbody>\n<\/table>\n<\/td>\n<\/tr>\n<tr>\n<td><\/td>\n<\/tr>\n<\/tbody>\n<\/table>\n<\/td>\n<\/tr>\n<tr>\n<td valign=\"top\" width=\"170\"><\/td>\n<td valign=\"top\" width=\"280\"><\/td>\n<\/tr>\n<\/tbody>\n<\/table>\n<table border=\"0\" width=\"450\" cellspacing=\"0\" cellpadding=\"0\">\n<tbody>\n<tr>\n<td valign=\"top\" width=\"170\"><img decoding=\"async\" src=\"https:\/\/cdn.fenerbahce.org\/pic_lib\/melihbostannn.JPG\" width=\"150\" height=\"150\" \/><\/td>\n<td valign=\"top\" width=\"280\">\n<table border=\"0\" width=\"279\" cellspacing=\"0\" cellpadding=\"0\">\n<tbody>\n<tr>\n<td>Oyuncunun ad\u0131: Melih Bostan<\/td>\n<\/tr>\n<tr>\n<td>Do\u011fum tarihi:08-04-2004<\/td>\n<\/tr>\n<tr>\n<td>Do\u011fum Yeri:Kocaeli<\/td>\n<\/tr>\n<tr>\n<td>Boyu:1-69<\/td>\n<\/tr>\n<tr>\n<td>Kilosu<b>:58<\/b><\/td>\n<\/tr>\n<tr>\n<td>Mevkii<strong>:Forvet <\/strong><\/td>\n<\/tr>\n<tr>\n<td>Forma Numaras\u0131<b>:<\/b><\/td>\n<\/tr>\n<tr>\n<td>Fenerbah\u00e7e&#8217;ye Geli\u015f Tarihi:2016<\/td>\n<\/tr>\n<tr>\n<td>Daha \u00d6nce Oynad\u0131\u011f\u0131 Tak\u0131mlarDerince Birlik Spor<\/td>\n<\/tr>\n<tr>\n<td>Millilik Say\u0131s\u0131;<\/td>\n<\/tr>\n<tr>\n<td>\n<p>Ba\u015far\u0131lar\u0131:<\/p>\n<table>\n<tbody>\n<tr>\n<td><\/td>\n<\/tr>\n<\/tbody>\n<\/table>\n<\/td>\n<\/tr>\n<tr>\n<td><\/td>\n<\/tr>\n<\/tbody>\n<\/table>\n<\/td>\n<\/tr>\n<tr>\n<td valign=\"top\" width=\"170\"><\/td>\n<td valign=\"top\" width=\"280\"><\/td>\n<\/tr>\n<\/tbody>\n<\/table>\n<table border=\"0\" width=\"450\" cellspacing=\"0\" cellpadding=\"0\">\n<tbody>\n<tr>\n<td valign=\"top\" width=\"170\"><img decoding=\"async\" src=\"https:\/\/cdn.fenerbahce.org\/pic_lib\/ibrahimdikmennn.JPG\" width=\"150\" height=\"150\" \/><\/td>\n<td valign=\"top\" width=\"280\">\n<table border=\"0\" width=\"279\" cellspacing=\"0\" cellpadding=\"0\">\n<tbody>\n<tr>\n<td>Oyuncunun ad\u0131: \u0130brahim Dikmen<\/td>\n<\/tr>\n<tr>\n<td>Do\u011fum tarihi:01-01-2004<\/td>\n<\/tr>\n<tr>\n<td>Do\u011fum Yeri:Konya<\/td>\n<\/tr>\n<tr>\n<td>Boyu:1-69<\/td>\n<\/tr>\n<tr>\n<td>Kilosu<b>:52<\/b><\/td>\n<\/tr>\n<tr>\n<td>Mevkii<strong>:Solbek <\/strong><\/td>\n<\/tr>\n<tr>\n<td>Forma Numaras\u0131<b>:<\/b><\/td>\n<\/tr>\n<tr>\n<td>Fenerbah\u00e7e&#8217;ye Geli\u015f Tarihi:2016<\/td>\n<\/tr>\n<tr>\n<td>Daha \u00d6nce Oynad\u0131\u011f\u0131 Tak\u0131mlar<\/td>\n<\/tr>\n<tr>\n<td>Millilik Say\u0131s\u0131;<\/td>\n<\/tr>\n<tr>\n<td>\n<p>Ba\u015far\u0131lar\u0131:<\/p>\n<table>\n<tbody>\n<tr>\n<td><\/td>\n<\/tr>\n<\/tbody>\n<\/table>\n<\/td>\n<\/tr>\n<tr>\n<td><\/td>\n<\/tr>\n<\/tbody>\n<\/table>\n<\/td>\n<\/tr>\n<tr>\n<td valign=\"top\" width=\"170\"><\/td>\n<td valign=\"top\" width=\"280\"><\/td>\n<\/tr>\n<\/tbody>\n<\/table>\n<table border=\"0\" width=\"450\" cellspacing=\"0\" cellpadding=\"0\">\n<tbody>\n<tr>\n<td valign=\"top\" width=\"170\"><img decoding=\"async\" src=\"https:\/\/cdn.fenerbahce.org\/pic_lib\/yusufkocaturkkk.JPG\" width=\"150\" height=\"150\" \/><\/td>\n<td valign=\"top\" width=\"280\">\n<table border=\"0\" width=\"279\" cellspacing=\"0\" cellpadding=\"0\">\n<tbody>\n<tr>\n<td>Oyuncunun ad\u0131: Yusuf Kocat\u00fcrk<\/td>\n<\/tr>\n<tr>\n<td>Do\u011fum tarihi:27-07-2004<\/td>\n<\/tr>\n<tr>\n<td>Do\u011fum Yeri:\u0130stanbu\u0131l<\/td>\n<\/tr>\n<tr>\n<td>Boyu:1-60<\/td>\n<\/tr>\n<tr>\n<td>Kilosu<b>:48<\/b><\/td>\n<\/tr>\n<tr>\n<td>Mevkii<strong>:Orta Saha <\/strong><\/td>\n<\/tr>\n<tr>\n<td>Forma Numaras\u0131<b>:<\/b><\/td>\n<\/tr>\n<tr>\n<td>Fenerbah\u00e7e&#8217;ye Geli\u015f Tarihi:2011<\/td>\n<\/tr>\n<tr>\n<td>Daha \u00d6nce Oynad\u0131\u011f\u0131 Tak\u0131mlar<\/td>\n<\/tr>\n<tr>\n<td>Millilik Say\u0131s\u0131;<\/td>\n<\/tr>\n<tr>\n<td>\n<p>Ba\u015far\u0131lar\u0131:<\/p>\n<table>\n<tbody>\n<tr>\n<td><\/td>\n<\/tr>\n<\/tbody>\n<\/table>\n<\/td>\n<\/tr>\n<tr>\n<td><\/td>\n<\/tr>\n<\/tbody>\n<\/table>\n<\/td>\n<\/tr>\n<tr>\n<td valign=\"top\" width=\"170\"><\/td>\n<td valign=\"top\" width=\"280\"><\/td>\n<\/tr>\n<\/tbody>\n<\/table>\n<table border=\"0\" width=\"450\" cellspacing=\"0\" cellpadding=\"0\">\n<tbody>\n<tr>\n<td valign=\"top\" width=\"170\"><img decoding=\"async\" src=\"https:\/\/cdn.fenerbahce.org\/pic_lib\/erkanardacagdasss.JPG\" width=\"150\" height=\"150\" \/><\/td>\n<td valign=\"top\" width=\"280\">\n<table border=\"0\" width=\"279\" cellspacing=\"0\" cellpadding=\"0\">\n<tbody>\n<tr>\n<td>Oyuncunun ad\u0131: Erkan Arda \u00c7a\u011fda\u015f<\/td>\n<\/tr>\n<tr>\n<td>Do\u011fum tarihi:01-01-2004<\/td>\n<\/tr>\n<tr>\n<td>Do\u011fum Yeri:Kayseri<\/td>\n<\/tr>\n<tr>\n<td>Boyu:1-62<\/td>\n<\/tr>\n<tr>\n<td>Kilosu<b>:50<\/b><\/td>\n<\/tr>\n<tr>\n<td>Mevkii<strong>:Orta Saha <\/strong><\/td>\n<\/tr>\n<tr>\n<td>Forma Numaras\u0131<b>:<\/b><\/td>\n<\/tr>\n<tr>\n<td>Fenerbah\u00e7e&#8217;ye Geli\u015f Tarihi:2014<\/td>\n<\/tr>\n<tr>\n<td>Daha \u00d6nce Oynad\u0131\u011f\u0131 Tak\u0131mlar<\/td>\n<\/tr>\n<tr>\n<td>Millilik Say\u0131s\u0131;<\/td>\n<\/tr>\n<tr>\n<td>\n<p>Ba\u015far\u0131lar\u0131:<\/p>\n<table>\n<tbody>\n<tr>\n<td><\/td>\n<\/tr>\n<\/tbody>\n<\/table>\n<\/td>\n<\/tr>\n<tr>\n<td><\/td>\n<\/tr>\n<\/tbody>\n<\/table>\n<\/td>\n<\/tr>\n<tr>\n<td valign=\"top\" width=\"170\"><\/td>\n<td valign=\"top\" width=\"280\"><\/td>\n<\/tr>\n<\/tbody>\n<\/table>\n<table border=\"0\" width=\"450\" cellspacing=\"0\" cellpadding=\"0\">\n<tbody>\n<tr>\n<td valign=\"top\" width=\"170\"><img decoding=\"async\" src=\"https:\/\/cdn.fenerbahce.org\/pic_lib\/bulentserefogluuu.JPG\" width=\"150\" height=\"150\" \/><\/td>\n<td valign=\"top\" width=\"280\">\n<table border=\"0\" width=\"279\" cellspacing=\"0\" cellpadding=\"0\">\n<tbody>\n<tr>\n<td>Oyuncunun ad\u0131: B\u00fclent \u015eerefo\u011flu<\/td>\n<\/tr>\n<tr>\n<td>Do\u011fum tarihi:01-01-2004<\/td>\n<\/tr>\n<tr>\n<td>Do\u011fum Yeri:\u0130stanbul<\/td>\n<\/tr>\n<tr>\n<td>Boyu:1-72<\/td>\n<\/tr>\n<tr>\n<td>Kilosu<b>:54<\/b><\/td>\n<\/tr>\n<tr>\n<td>Mevkii<strong>:Kaleci <\/strong><\/td>\n<\/tr>\n<tr>\n<td>Forma Numaras\u0131<b>:<\/b><\/td>\n<\/tr>\n<tr>\n<td>Fenerbah\u00e7e&#8217;ye Geli\u015f Tarihi:2017<\/td>\n<\/tr>\n<tr>\n<td>Daha \u00d6nce Oynad\u0131\u011f\u0131 Tak\u0131mlar<\/td>\n<\/tr>\n<tr>\n<td>Millilik Say\u0131s\u0131;<\/td>\n<\/tr>\n<tr>\n<td>\n<p>Ba\u015far\u0131lar\u0131:<\/p>\n<table>\n<tbody>\n<tr>\n<td><\/td>\n<\/tr>\n<\/tbody>\n<\/table>\n<\/td>\n<\/tr>\n<tr>\n<td><\/td>\n<\/tr>\n<\/tbody>\n<\/table>\n<\/td>\n<\/tr>\n<tr>\n<td valign=\"top\" width=\"170\"><\/td>\n<td valign=\"top\" width=\"280\"><\/td>\n<\/tr>\n<\/tbody>\n<\/table>\n<table border=\"0\" width=\"450\" cellspacing=\"0\" cellpadding=\"0\">\n<tbody>\n<tr>\n<td valign=\"top\" width=\"170\"><img decoding=\"async\" src=\"https:\/\/cdn.fenerbahce.org\/pic_lib\/sencerkaraaa.JPG\" width=\"150\" height=\"150\" \/><\/td>\n<td valign=\"top\" width=\"280\">\n<table border=\"0\" width=\"279\" cellspacing=\"0\" cellpadding=\"0\">\n<tbody>\n<tr>\n<td>Oyuncunun ad\u0131: Sencer Kara<\/td>\n<\/tr>\n<tr>\n<td>Do\u011fum tarihi:07-05-2005<\/td>\n<\/tr>\n<tr>\n<td>Do\u011fum Yeri:\u0130stanbul<\/td>\n<\/tr>\n<tr>\n<td>Boyu:1-68<\/td>\n<\/tr>\n<tr>\n<td>Kilosu<b>:59<\/b><\/td>\n<\/tr>\n<tr>\n<td>Mevkii<strong>:Kaleci <\/strong><\/td>\n<\/tr>\n<tr>\n<td>Forma Numaras\u0131<b>:<\/b><\/td>\n<\/tr>\n<tr>\n<td>Fenerbah\u00e7e&#8217;ye Geli\u015f Tarihi:2012<\/td>\n<\/tr>\n<tr>\n<td>Daha \u00d6nce Oynad\u0131\u011f\u0131 Tak\u0131mlar<\/td>\n<\/tr>\n<tr>\n<td>Millilik Say\u0131s\u0131;<\/td>\n<\/tr>\n<tr>\n<td>\n<p>Ba\u015far\u0131lar\u0131:<\/p>\n<table>\n<tbody>\n<tr>\n<td><\/td>\n<\/tr>\n<\/tbody>\n<\/table>\n<\/td>\n<\/tr>\n<tr>\n<td><\/td>\n<\/tr>\n<\/tbody>\n<\/table>\n<\/td>\n<\/tr>\n<tr>\n<td valign=\"top\" width=\"170\"><\/td>\n<td valign=\"top\" width=\"280\"><\/td>\n<\/tr>\n<\/tbody>\n<\/table>\n<table border=\"0\" width=\"450\" cellspacing=\"0\" cellpadding=\"0\">\n<tbody>\n<tr>\n<td valign=\"top\" width=\"170\"><img decoding=\"async\" src=\"https:\/\/cdn.fenerbahce.org\/pic_lib\/burakberkbulutuu.JPG\" width=\"150\" height=\"150\" \/><\/td>\n<td valign=\"top\" width=\"280\">\n<table border=\"0\" width=\"279\" cellspacing=\"0\" cellpadding=\"0\">\n<tbody>\n<tr>\n<td>Oyuncunun ad\u0131: Burak Berk Bulut<\/td>\n<\/tr>\n<tr>\n<td>Do\u011fum tarihi:04-02-2004<\/td>\n<\/tr>\n<tr>\n<td>Do\u011fum Yeri:\u0130stanbul<\/td>\n<\/tr>\n<tr>\n<td>Boyu:1-76<\/td>\n<\/tr>\n<tr>\n<td>Kilosu<b>:59<\/b><\/td>\n<\/tr>\n<tr>\n<td>Mevkii<strong>:Kaleci <\/strong><\/td>\n<\/tr>\n<tr>\n<td>Forma Numaras\u0131<b>:<\/b><\/td>\n<\/tr>\n<tr>\n<td>Fenerbah\u00e7e&#8217;ye Geli\u015f Tarihi:2014<\/td>\n<\/tr>\n<tr>\n<td>Daha \u00d6nce Oynad\u0131\u011f\u0131 Tak\u0131mlarMaltepe 1453<\/td>\n<\/tr>\n<tr>\n<td>Millilik Say\u0131s\u0131;<\/td>\n<\/tr>\n<tr>\n<td>\n<p>Ba\u015far\u0131lar\u0131:<\/p>\n<table>\n<tbody>\n<tr>\n<td><\/td>\n<\/tr>\n<\/tbody>\n<\/table>\n<\/td>\n<\/tr>\n<tr>\n<td><\/td>\n<\/tr>\n<\/tbody>\n<\/table>\n<\/td>\n<\/tr>\n<tr>\n<td valign=\"top\" width=\"170\"><\/td>\n<td valign=\"top\" width=\"280\"><\/td>\n<\/tr>\n<\/tbody>\n<\/table>\n<p>&nbsp;<\/p>\n<table border=\"0\" width=\"450\" cellspacing=\"0\" cellpadding=\"0\">\n<tbody>\n<tr>\n<td valign=\"top\" width=\"170\"><img decoding=\"async\" src=\"https:\/\/cdn.fenerbahce.org\/pic_lib\/dogukantanis.jpg\" \/><\/td>\n<td valign=\"top\" width=\"280\">\n<table border=\"0\" width=\"279\" cellspacing=\"0\" cellpadding=\"0\">\n<tbody>\n<tr>\n<td>Oyuncunun ad\u0131: Do\u011fukan Tani\u015f<\/td>\n<\/tr>\n<tr>\n<td>Do\u011fum tarihi:09-02-2004<\/td>\n<\/tr>\n<tr>\n<td>Do\u011fum Yeri:\u0130stanbul<\/td>\n<\/tr>\n<tr>\n<td>Boyu:1-72<\/td>\n<\/tr>\n<tr>\n<td>Kilosu<b>:56<\/b><\/td>\n<\/tr>\n<tr>\n<td>Mevkii<strong>:Stoper <\/strong><\/td>\n<\/tr>\n<tr>\n<td>Forma Numaras\u0131<b>:<\/b><\/td>\n<\/tr>\n<tr>\n<td>Fenerbah\u00e7e&#8217;ye Geli\u015f Tarihi:2017<\/td>\n<\/tr>\n<tr>\n<td>Daha \u00d6nce Oynad\u0131\u011f\u0131 Tak\u0131mlar:K.\u00c7.K \u0130dman Yurdu<\/td>\n<\/tr>\n<tr>\n<td>Millilik Say\u0131s\u0131;<\/td>\n<\/tr>\n<tr>\n<td>\n<p>Ba\u015far\u0131lar\u0131:<\/p>\n<table>\n<tbody>\n<tr>\n<td><\/td>\n<\/tr>\n<\/tbody>\n<\/table>\n<\/td>\n<\/tr>\n<tr>\n<td><\/td>\n<\/tr>\n<\/tbody>\n<\/table>\n<\/td>\n<\/tr>\n<tr>\n<td valign=\"top\" width=\"170\"><\/td>\n<td valign=\"top\" width=\"280\"><\/td>\n<\/tr>\n<\/tbody>\n<\/table>\n<table border=\"0\" width=\"450\" cellspacing=\"0\" cellpadding=\"0\">\n<tbody>\n<tr>\n<td valign=\"top\" width=\"170\"><img decoding=\"async\" src=\"https:\/\/cdn.fenerbahce.org\/pic_lib\/muhammeteminunlu.jpg\" \/><\/td>\n<td valign=\"top\" width=\"280\">\n<table border=\"0\" width=\"279\" cellspacing=\"0\" cellpadding=\"0\">\n<tbody>\n<tr>\n<td>Oyuncunun ad\u0131: Muhammet Emin \u00dcnl\u00fc<\/td>\n<\/tr>\n<tr>\n<td>Do\u011fum tarihi:28-03-2004<\/td>\n<\/tr>\n<tr>\n<td>Do\u011fum Yeri:\u0130stanbul<\/td>\n<\/tr>\n<tr>\n<td>Boyu:1-61<\/td>\n<\/tr>\n<tr>\n<td>Kilosu<b>:60<\/b><\/td>\n<\/tr>\n<tr>\n<td>Mevkii<strong>:Sa\u011fbek <\/strong><\/td>\n<\/tr>\n<tr>\n<td>Forma Numaras\u0131<b>:<\/b><\/td>\n<\/tr>\n<tr>\n<td>Fenerbah\u00e7e&#8217;ye Geli\u015f Tarihi:2017<\/td>\n<\/tr>\n<tr>\n<td>Daha \u00d6nce Oynad\u0131\u011f\u0131 Tak\u0131mlar:Pa\u015fabah\u00e7e<\/td>\n<\/tr>\n<tr>\n<td>Millilik Say\u0131s\u0131;<\/td>\n<\/tr>\n<tr>\n<td>\n<p>Ba\u015far\u0131lar\u0131:<\/p>\n<table>\n<tbody>\n<tr>\n<td><\/td>\n<\/tr>\n<\/tbody>\n<\/table>\n<\/td>\n<\/tr>\n<tr>\n<td><\/td>\n<\/tr>\n<\/tbody>\n<\/table>\n<\/td>\n<\/tr>\n<tr>\n<td valign=\"top\" width=\"170\"><\/td>\n<td valign=\"top\" width=\"280\"><\/td>\n<\/tr>\n<\/tbody>\n<\/table>\n<table border=\"0\" width=\"450\" cellspacing=\"0\" cellpadding=\"0\">\n<tbody>\n<tr>\n<td valign=\"top\" width=\"170\"><img decoding=\"async\" src=\"https:\/\/cdn.fenerbahce.org\/pic_lib\/emirhandemir.JPG\" \/><\/td>\n<td valign=\"top\" width=\"280\">\n<table border=\"0\" width=\"279\" cellspacing=\"0\" cellpadding=\"0\">\n<tbody>\n<tr>\n<td>Oyuncunun ad\u0131: Emirhan Demir<\/td>\n<\/tr>\n<tr>\n<td>Do\u011fum tarihi:26-04-2004<\/td>\n<\/tr>\n<tr>\n<td>Do\u011fum Yeri:\u0130stanbul<\/td>\n<\/tr>\n<tr>\n<td>Boyu:1-75<\/td>\n<\/tr>\n<tr>\n<td>Kilosu<b>:51<\/b><\/td>\n<\/tr>\n<tr>\n<td>Mevkii<strong>:Stoper <\/strong><\/td>\n<\/tr>\n<tr>\n<td>Forma Numaras\u0131<b>:<\/b><\/td>\n<\/tr>\n<tr>\n<td>Fenerbah\u00e7e&#8217;ye Geli\u015f Tarihi:2017<\/td>\n<\/tr>\n<tr>\n<td>Daha \u00d6nce Oynad\u0131\u011f\u0131 Tak\u0131mlar:Bah\u00e7elievler \u00c7\u0131nar Spor<\/td>\n<\/tr>\n<tr>\n<td>Millilik Say\u0131s\u0131;<\/td>\n<\/tr>\n<tr>\n<td>\n<p>Ba\u015far\u0131lar\u0131:<\/p>\n<table>\n<tbody>\n<tr>\n<td><\/td>\n<\/tr>\n<\/tbody>\n<\/table>\n<\/td>\n<\/tr>\n<tr>\n<td><\/td>\n<\/tr>\n<\/tbody>\n<\/table>\n<\/td>\n<\/tr>\n<tr>\n<td valign=\"top\" width=\"170\"><\/td>\n<td valign=\"top\" width=\"280\"><\/td>\n<\/tr>\n<\/tbody>\n<\/table>\n<p>&nbsp;<\/p>\n<table border=\"0\" width=\"450\" cellspacing=\"0\" cellpadding=\"0\">\n<tbody>\n<tr>\n<td valign=\"top\" width=\"170\"><img decoding=\"async\" src=\"https:\/\/cdn.fenerbahce.org\/pic_lib\/mahiroral.jpg\" \/><\/td>\n<td valign=\"top\" width=\"280\">\n<table border=\"0\" width=\"279\" cellspacing=\"0\" cellpadding=\"0\">\n<tbody>\n<tr>\n<td>Oyuncunun ad\u0131: Mahir Oral<\/td>\n<\/tr>\n<tr>\n<td>Do\u011fum tarihi:11-06-2005<\/td>\n<\/tr>\n<tr>\n<td>Do\u011fum Yeri:Mardin<\/td>\n<\/tr>\n<tr>\n<td>Boyu:1-63<\/td>\n<\/tr>\n<tr>\n<td>Kilosu<b>:53<\/b><\/td>\n<\/tr>\n<tr>\n<td>Mevkii<b>:Forvet <\/b><\/td>\n<\/tr>\n<tr>\n<td>Forma Numaras\u0131<b>:18<\/b><\/td>\n<\/tr>\n<tr>\n<td>Fenerbah\u00e7e&#8217;ye Geli\u015f Tarihi:2015<\/td>\n<\/tr>\n<tr>\n<td>Daha \u00d6nce Oynad\u0131\u011f\u0131 Tak\u0131mlar:<\/td>\n<\/tr>\n<tr>\n<td>Millilik Say\u0131s\u0131;<\/td>\n<\/tr>\n<tr>\n<td>Ba\u015far\u0131lar\u0131:<\/td>\n<\/tr>\n<\/tbody>\n<\/table>\n<\/td>\n<\/tr>\n<\/tbody>\n<\/table>\n<p>[\/vc_column_text][\/vc_tta_section][\/vc_tta_accordion][\/vc_column][vc_column width=&#8221;1\/3&#8243;][vc_single_image image=&#8221;948&#8243; img_size=&#8221;large&#8221; alignment=&#8221;center&#8221; style=&#8221;vc_box_border_circle_2&#8243;][\/vc_column][\/vc_row][vc_row][vc_column]<div  class=\"jeg_postblock_19 jeg_postblock jeg_module_hook jeg_pagination_loadmore jeg_col_3o3 jnews_module__1_69f5bd482d21e   \" data-unique=\"jnews_module__1_69f5bd482d21e\">\n\t\t\t\t\t<div class=\"jeg_block_heading jeg_block_heading_1 jeg_subcat_right\">\n                     <h3 class=\"jeg_block_title\"><a href='https:\/\/fener.org\/xwebsites\/wp\/fener\/index.php\/category\/haberler\/futbol\/'><span>Futbol Haberleri<\/span><\/a><\/h3>\n                     \n                 <\/div>\n\t\t\t\t\t<div class=\"jeg_block_container\">\n                \n                <div class=\"jeg_posts jeg_load_more_flag\">\n                    <article class=\"jeg_post jeg_pl_md_box format-standard\">\n                    <div class=\"box_wrap\">\n                    <div class=\"jeg_thumb\">\n                        \n                        <a href=\"https:\/\/www.fener.org\/index.php\/2026\/05\/02\/fenerbahce-r-basaksehiri-konuk-ediyor\/\" aria-label=\"Read article: Fenerbah\u00e7e, R. Ba\u015fak\u015fehir\u2019i konuk ediyor\"><div class=\"thumbnail-container animate-lazy  size-715 \"><img loading=\"lazy\" decoding=\"async\" width=\"350\" height=\"250\" src=\"https:\/\/www.fener.org\/xwebsites\/wp\/fener\/wp-content\/themes\/jnews\/assets\/img\/jeg-empty.png\" class=\"attachment-jnews-350x250 size-jnews-350x250 lazyload wp-post-image\" alt=\"Fenerbah\u00e7e Futbol Tak\u0131m\u0131\" sizes=\"auto, (max-width: 350px) 100vw, 350px\" data-src=\"https:\/\/www.fener.org\/xwebsites\/wp\/fener\/wp-content\/uploads\/2026\/03\/haber_futbol_FenerbahceFT_20260307-e1772897071622-350x250.jpg\" data-srcset=\"https:\/\/www.fener.org\/xwebsites\/wp\/fener\/wp-content\/uploads\/2026\/03\/haber_futbol_FenerbahceFT_20260307-e1772897071622-350x250.jpg 350w, https:\/\/www.fener.org\/xwebsites\/wp\/fener\/wp-content\/uploads\/2026\/03\/haber_futbol_FenerbahceFT_20260307-e1772897071622-120x86.jpg 120w\" data-sizes=\"auto\" data-expand=\"700\" \/><\/div><\/a>\n                    <\/div>\n                    <div class=\"jeg_postblock_content\">\n                        <h3 class=\"jeg_post_title\">\n                            <a href=\"https:\/\/www.fener.org\/index.php\/2026\/05\/02\/fenerbahce-r-basaksehiri-konuk-ediyor\/\">Fenerbah\u00e7e, R. Ba\u015fak\u015fehir\u2019i konuk ediyor<\/a>\n                        <\/h3>\n                        \n                    <\/div> \n                    <\/div>\n                <\/article><article class=\"jeg_post jeg_pl_md_box format-standard\">\n                    <div class=\"box_wrap\">\n                    <div class=\"jeg_thumb\">\n                        \n                        <a href=\"https:\/\/www.fener.org\/index.php\/2026\/04\/27\/fenerbahcede-tedesco-ile-yollar-ayrildi\/\" aria-label=\"Read article: Fenerbah\u00e7e&#8217;de Tedesco ile yollar ayr\u0131ld\u0131\"><div class=\"thumbnail-container animate-lazy  size-715 \"><img loading=\"lazy\" decoding=\"async\" width=\"350\" height=\"250\" src=\"https:\/\/www.fener.org\/xwebsites\/wp\/fener\/wp-content\/themes\/jnews\/assets\/img\/jeg-empty.png\" class=\"attachment-jnews-350x250 size-jnews-350x250 lazyload wp-post-image\" alt=\"Fenerbah\u00e7e Teknik Direkt\u00f6r\u00fc Domenico Tedesco\" sizes=\"auto, (max-width: 350px) 100vw, 350px\" data-src=\"https:\/\/www.fener.org\/xwebsites\/wp\/fener\/wp-content\/uploads\/2026\/02\/haber_futbol_DomenicoTedesco_20260205-350x250.jpg\" data-srcset=\"https:\/\/www.fener.org\/xwebsites\/wp\/fener\/wp-content\/uploads\/2026\/02\/haber_futbol_DomenicoTedesco_20260205-350x250.jpg 350w, https:\/\/www.fener.org\/xwebsites\/wp\/fener\/wp-content\/uploads\/2026\/02\/haber_futbol_DomenicoTedesco_20260205-120x86.jpg 120w\" data-sizes=\"auto\" data-expand=\"700\" \/><\/div><\/a>\n                    <\/div>\n                    <div class=\"jeg_postblock_content\">\n                        <h3 class=\"jeg_post_title\">\n                            <a href=\"https:\/\/www.fener.org\/index.php\/2026\/04\/27\/fenerbahcede-tedesco-ile-yollar-ayrildi\/\">Fenerbah\u00e7e&#8217;de Tedesco ile yollar ayr\u0131ld\u0131<\/a>\n                        <\/h3>\n                        \n                    <\/div> \n                    <\/div>\n                <\/article><article class=\"jeg_post jeg_pl_md_box format-standard\">\n                    <div class=\"box_wrap\">\n                    <div class=\"jeg_thumb\">\n                        \n                        <a href=\"https:\/\/www.fener.org\/index.php\/2026\/04\/27\/galatasaray-gain-3-2-fenerbahce-arsavev\/\" aria-label=\"Read article: Galatasaray Gain 3-2 Fenerbah\u00e7e arsaVev\"><div class=\"thumbnail-container animate-lazy  size-715 \"><img loading=\"lazy\" decoding=\"async\" width=\"350\" height=\"250\" src=\"https:\/\/www.fener.org\/xwebsites\/wp\/fener\/wp-content\/themes\/jnews\/assets\/img\/jeg-empty.png\" class=\"attachment-jnews-350x250 size-jnews-350x250 lazyload wp-post-image\" alt=\"Galatasaray Gain - Fenerbah\u00e7e arsaVev\" sizes=\"auto, (max-width: 350px) 100vw, 350px\" data-src=\"https:\/\/www.fener.org\/xwebsites\/wp\/fener\/wp-content\/uploads\/2026\/04\/haber_futbol_kf_GalatasarayGain-FenerbahcearsaVev_20260427-350x250.jpg\" data-srcset=\"https:\/\/www.fener.org\/xwebsites\/wp\/fener\/wp-content\/uploads\/2026\/04\/haber_futbol_kf_GalatasarayGain-FenerbahcearsaVev_20260427-350x250.jpg 350w, https:\/\/www.fener.org\/xwebsites\/wp\/fener\/wp-content\/uploads\/2026\/04\/haber_futbol_kf_GalatasarayGain-FenerbahcearsaVev_20260427-120x86.jpg 120w\" data-sizes=\"auto\" data-expand=\"700\" \/><\/div><\/a>\n                    <\/div>\n                    <div class=\"jeg_postblock_content\">\n                        <h3 class=\"jeg_post_title\">\n                            <a href=\"https:\/\/www.fener.org\/index.php\/2026\/04\/27\/galatasaray-gain-3-2-fenerbahce-arsavev\/\">Galatasaray Gain 3-2 Fenerbah\u00e7e arsaVev<\/a>\n                        <\/h3>\n                        \n                    <\/div> \n                    <\/div>\n                <\/article><article class=\"jeg_post jeg_pl_sm format-standard\">\n                <div class=\"jeg_thumb\">\n                        \n                        <a href=\"https:\/\/www.fener.org\/index.php\/2026\/04\/26\/galatasaray-3-0-fenerbahce-2\/\" aria-label=\"Read article: Galatasaray 3-0 Fenerbah\u00e7e\"><div class=\"thumbnail-container animate-lazy  size-715 \"><img loading=\"lazy\" decoding=\"async\" width=\"120\" height=\"86\" src=\"https:\/\/www.fener.org\/xwebsites\/wp\/fener\/wp-content\/themes\/jnews\/assets\/img\/jeg-empty.png\" class=\"attachment-jnews-120x86 size-jnews-120x86 lazyload wp-post-image\" alt=\"Galatasaray 3-0 Fenerbah\u00e7e\" sizes=\"auto, (max-width: 120px) 100vw, 120px\" data-src=\"https:\/\/www.fener.org\/xwebsites\/wp\/fener\/wp-content\/uploads\/2026\/04\/attachment.aspx2_-120x86.jpg\" data-srcset=\"https:\/\/www.fener.org\/xwebsites\/wp\/fener\/wp-content\/uploads\/2026\/04\/attachment.aspx2_-120x86.jpg 120w, https:\/\/www.fener.org\/xwebsites\/wp\/fener\/wp-content\/uploads\/2026\/04\/attachment.aspx2_-350x250.jpg 350w, https:\/\/www.fener.org\/xwebsites\/wp\/fener\/wp-content\/uploads\/2026\/04\/attachment.aspx2_-750x536.jpg 750w, https:\/\/www.fener.org\/xwebsites\/wp\/fener\/wp-content\/uploads\/2026\/04\/attachment.aspx2_-1140x815.jpg 1140w\" data-sizes=\"auto\" data-expand=\"700\" \/><\/div><\/a>\n                    <\/div>\n                    <div class=\"jeg_postblock_content\">\n                        <h3 class=\"jeg_post_title\">\n                            <a href=\"https:\/\/www.fener.org\/index.php\/2026\/04\/26\/galatasaray-3-0-fenerbahce-2\/\">Galatasaray 3-0 Fenerbah\u00e7e<\/a>\n                        <\/h3>\n                        \n                    <\/div>\n                <\/article><article class=\"jeg_post jeg_pl_sm format-standard\">\n                <div class=\"jeg_thumb\">\n                        \n                        <a href=\"https:\/\/www.fener.org\/index.php\/2026\/04\/26\/u19-galatasaray-1-2-fenerbahce\/\" aria-label=\"Read article: U19: Galatasaray 1-2 Fenerbah\u00e7e\"><div class=\"thumbnail-container animate-lazy  size-715 \"><img loading=\"lazy\" decoding=\"async\" width=\"120\" height=\"86\" src=\"https:\/\/www.fener.org\/xwebsites\/wp\/fener\/wp-content\/themes\/jnews\/assets\/img\/jeg-empty.png\" class=\"attachment-jnews-120x86 size-jnews-120x86 lazyload wp-post-image\" alt=\"Fenerbah\u00e7e 19 Ya\u015f Alt\u0131 Futbol Tak\u0131m\u0131\" sizes=\"auto, (max-width: 120px) 100vw, 120px\" data-src=\"https:\/\/www.fener.org\/xwebsites\/wp\/fener\/wp-content\/uploads\/2026\/04\/haber_futbol_altyapi_FenerbahceU19FT_20260426-120x86.jpg\" data-srcset=\"https:\/\/www.fener.org\/xwebsites\/wp\/fener\/wp-content\/uploads\/2026\/04\/haber_futbol_altyapi_FenerbahceU19FT_20260426-120x86.jpg 120w, https:\/\/www.fener.org\/xwebsites\/wp\/fener\/wp-content\/uploads\/2026\/04\/haber_futbol_altyapi_FenerbahceU19FT_20260426-350x250.jpg 350w, https:\/\/www.fener.org\/xwebsites\/wp\/fener\/wp-content\/uploads\/2026\/04\/haber_futbol_altyapi_FenerbahceU19FT_20260426-750x536.jpg 750w\" data-sizes=\"auto\" data-expand=\"700\" \/><\/div><\/a>\n                    <\/div>\n                    <div class=\"jeg_postblock_content\">\n                        <h3 class=\"jeg_post_title\">\n                            <a href=\"https:\/\/www.fener.org\/index.php\/2026\/04\/26\/u19-galatasaray-1-2-fenerbahce\/\">U19: Galatasaray 1-2 Fenerbah\u00e7e<\/a>\n                        <\/h3>\n                        \n                    <\/div>\n                <\/article><article class=\"jeg_post jeg_pl_sm format-standard\">\n                <div class=\"jeg_thumb\">\n                        \n                        <a href=\"https:\/\/www.fener.org\/index.php\/2026\/04\/26\/fenerbahce-arsavev-galatasaray-gaine-konuk-oluyor\/\" aria-label=\"Read article: Fenerbah\u00e7e arsaVev, Galatasaray Gain\u2019e konuk oluyor\"><div class=\"thumbnail-container animate-lazy  size-715 \"><img loading=\"lazy\" decoding=\"async\" width=\"120\" height=\"86\" src=\"https:\/\/www.fener.org\/xwebsites\/wp\/fener\/wp-content\/themes\/jnews\/assets\/img\/jeg-empty.png\" class=\"attachment-jnews-120x86 size-jnews-120x86 lazyload wp-post-image\" alt=\"Fenerbah\u00e7e Kad\u0131n Futbol Tak\u0131m\u0131\" sizes=\"auto, (max-width: 120px) 100vw, 120px\" data-src=\"https:\/\/www.fener.org\/xwebsites\/wp\/fener\/wp-content\/uploads\/2026\/03\/haber_futbol_kf_FenerbahceKFT_20260328-120x86.jpg\" data-srcset=\"https:\/\/www.fener.org\/xwebsites\/wp\/fener\/wp-content\/uploads\/2026\/03\/haber_futbol_kf_FenerbahceKFT_20260328-120x86.jpg 120w, https:\/\/www.fener.org\/xwebsites\/wp\/fener\/wp-content\/uploads\/2026\/03\/haber_futbol_kf_FenerbahceKFT_20260328-350x250.jpg 350w, https:\/\/www.fener.org\/xwebsites\/wp\/fener\/wp-content\/uploads\/2026\/03\/haber_futbol_kf_FenerbahceKFT_20260328-750x536.jpg 750w\" data-sizes=\"auto\" data-expand=\"700\" \/><\/div><\/a>\n                    <\/div>\n                    <div class=\"jeg_postblock_content\">\n                        <h3 class=\"jeg_post_title\">\n                            <a href=\"https:\/\/www.fener.org\/index.php\/2026\/04\/26\/fenerbahce-arsavev-galatasaray-gaine-konuk-oluyor\/\">Fenerbah\u00e7e arsaVev, Galatasaray Gain\u2019e konuk oluyor<\/a>\n                        <\/h3>\n                        \n                    <\/div>\n                <\/article><article class=\"jeg_post jeg_pl_sm format-standard\">\n                <div class=\"jeg_thumb\">\n                        \n                        <a href=\"https:\/\/www.fener.org\/index.php\/2026\/04\/25\/fenerbahce-galatasaraya-konuk-oluyor-4\/\" aria-label=\"Read article: Fenerbah\u00e7e, Galatasaray\u2019a konuk oluyor\"><div class=\"thumbnail-container animate-lazy  size-715 \"><img loading=\"lazy\" decoding=\"async\" width=\"120\" height=\"86\" src=\"https:\/\/www.fener.org\/xwebsites\/wp\/fener\/wp-content\/themes\/jnews\/assets\/img\/jeg-empty.png\" class=\"attachment-jnews-120x86 size-jnews-120x86 lazyload wp-post-image\" alt=\"Fenerbah\u00e7e Futbol Tak\u0131m\u0131\" sizes=\"auto, (max-width: 120px) 100vw, 120px\" data-src=\"https:\/\/www.fener.org\/xwebsites\/wp\/fener\/wp-content\/uploads\/2026\/02\/haber_futbol_FenerbahceFT_20260202-120x86.jpg\" data-srcset=\"https:\/\/www.fener.org\/xwebsites\/wp\/fener\/wp-content\/uploads\/2026\/02\/haber_futbol_FenerbahceFT_20260202-120x86.jpg 120w, https:\/\/www.fener.org\/xwebsites\/wp\/fener\/wp-content\/uploads\/2026\/02\/haber_futbol_FenerbahceFT_20260202-350x250.jpg 350w\" data-sizes=\"auto\" data-expand=\"700\" \/><\/div><\/a>\n                    <\/div>\n                    <div class=\"jeg_postblock_content\">\n                        <h3 class=\"jeg_post_title\">\n                            <a href=\"https:\/\/www.fener.org\/index.php\/2026\/04\/25\/fenerbahce-galatasaraya-konuk-oluyor-4\/\">Fenerbah\u00e7e, Galatasaray\u2019a konuk oluyor<\/a>\n                        <\/h3>\n                        \n                    <\/div>\n                <\/article><article class=\"jeg_post jeg_pl_sm format-standard\">\n                <div class=\"jeg_thumb\">\n                        \n                        <a href=\"https:\/\/www.fener.org\/index.php\/2026\/04\/22\/fenerbahce-arsavev-11-0-cekmekoy-bilgidoga\/\" aria-label=\"Read article: Fenerbah\u00e7e arsaVev 11-0 \u00c7ekmek\u00f6y Bilgido\u011fa\"><div class=\"thumbnail-container animate-lazy  size-715 \"><img loading=\"lazy\" decoding=\"async\" width=\"120\" height=\"86\" src=\"https:\/\/www.fener.org\/xwebsites\/wp\/fener\/wp-content\/themes\/jnews\/assets\/img\/jeg-empty.png\" class=\"attachment-jnews-120x86 size-jnews-120x86 lazyload wp-post-image\" alt=\"Fenerbah\u00e7e Kad\u0131n Futbol Tak\u0131m\u0131\" sizes=\"auto, (max-width: 120px) 100vw, 120px\" data-src=\"https:\/\/www.fener.org\/xwebsites\/wp\/fener\/wp-content\/uploads\/2026\/04\/haber_futbol_kf_FenerbahceKFT_20260422-120x86.jpg\" data-srcset=\"https:\/\/www.fener.org\/xwebsites\/wp\/fener\/wp-content\/uploads\/2026\/04\/haber_futbol_kf_FenerbahceKFT_20260422-120x86.jpg 120w, https:\/\/www.fener.org\/xwebsites\/wp\/fener\/wp-content\/uploads\/2026\/04\/haber_futbol_kf_FenerbahceKFT_20260422-350x250.jpg 350w, https:\/\/www.fener.org\/xwebsites\/wp\/fener\/wp-content\/uploads\/2026\/04\/haber_futbol_kf_FenerbahceKFT_20260422-750x536.jpg 750w\" data-sizes=\"auto\" data-expand=\"700\" \/><\/div><\/a>\n                    <\/div>\n                    <div class=\"jeg_postblock_content\">\n                        <h3 class=\"jeg_post_title\">\n                            <a href=\"https:\/\/www.fener.org\/index.php\/2026\/04\/22\/fenerbahce-arsavev-11-0-cekmekoy-bilgidoga\/\">Fenerbah\u00e7e arsaVev 11-0 \u00c7ekmek\u00f6y Bilgido\u011fa<\/a>\n                        <\/h3>\n                        \n                    <\/div>\n                <\/article><article class=\"jeg_post jeg_pl_sm format-standard\">\n                <div class=\"jeg_thumb\">\n                        \n                        <a href=\"https:\/\/www.fener.org\/index.php\/2026\/04\/22\/fenerbahce-arsavev-cekmekoy-bilgidogayi-konuk-ediyor\/\" aria-label=\"Read article: Fenerbah\u00e7e arsaVev, \u00c7ekmek\u00f6y Bilgido\u011fa\u2019y\u0131 konuk ediyor\"><div class=\"thumbnail-container animate-lazy  size-715 \"><img loading=\"lazy\" decoding=\"async\" width=\"120\" height=\"86\" src=\"https:\/\/www.fener.org\/xwebsites\/wp\/fener\/wp-content\/themes\/jnews\/assets\/img\/jeg-empty.png\" class=\"attachment-jnews-120x86 size-jnews-120x86 lazyload wp-post-image\" alt=\"Fenerbah\u00e7e Kad\u0131n Futbol Tak\u0131m\u0131\" sizes=\"auto, (max-width: 120px) 100vw, 120px\" data-src=\"https:\/\/www.fener.org\/xwebsites\/wp\/fener\/wp-content\/uploads\/2026\/03\/haber_futbol_kf_FenerbahceKFT_20260312-120x86.jpg\" data-srcset=\"https:\/\/www.fener.org\/xwebsites\/wp\/fener\/wp-content\/uploads\/2026\/03\/haber_futbol_kf_FenerbahceKFT_20260312-120x86.jpg 120w, https:\/\/www.fener.org\/xwebsites\/wp\/fener\/wp-content\/uploads\/2026\/03\/haber_futbol_kf_FenerbahceKFT_20260312-350x250.jpg 350w, https:\/\/www.fener.org\/xwebsites\/wp\/fener\/wp-content\/uploads\/2026\/03\/haber_futbol_kf_FenerbahceKFT_20260312-750x536.jpg 750w\" data-sizes=\"auto\" data-expand=\"700\" \/><\/div><\/a>\n                    <\/div>\n                    <div class=\"jeg_postblock_content\">\n                        <h3 class=\"jeg_post_title\">\n                            <a href=\"https:\/\/www.fener.org\/index.php\/2026\/04\/22\/fenerbahce-arsavev-cekmekoy-bilgidogayi-konuk-ediyor\/\">Fenerbah\u00e7e arsaVev, \u00c7ekmek\u00f6y Bilgido\u011fa\u2019y\u0131 konuk ediyor<\/a>\n                        <\/h3>\n                        \n                    <\/div>\n                <\/article>\n                <\/div>\n                <div class='module-overlay'>\n\t\t\t\t    <div class='preloader_type preloader_dot'>\n\t\t\t\t        <div class=\"module-preloader jeg_preloader dot\">\n\t\t\t\t            <span><\/span><span><\/span><span><\/span>\n\t\t\t\t        <\/div>\n\t\t\t\t        <div class=\"module-preloader jeg_preloader circle\">\n\t\t\t\t            <div class=\"jnews_preloader_circle_outer\">\n\t\t\t\t                <div class=\"jnews_preloader_circle_inner\"><\/div>\n\t\t\t\t            <\/div>\n\t\t\t\t        <\/div>\n\t\t\t\t        <div class=\"module-preloader jeg_preloader square\">\n\t\t\t\t            <div class=\"jeg_square\">\n\t\t\t\t                <div class=\"jeg_square_inner\"><\/div>\n\t\t\t\t            <\/div>\n\t\t\t\t        <\/div>\n\t\t\t\t    <\/div>\n\t\t\t\t<\/div>\n            <\/div>\n            <div class=\"jeg_block_navigation\">\n                <div class='navigation_overlay'><div class='module-preloader jeg_preloader'><span><\/span><span><\/span><span><\/span><\/div><\/div>\n                <div class=\"jeg_block_loadmore \">\n                    <a href=\"#\" class='' data-load='Daha Fazla G\u00f6ster' data-loading='Y\u00fckleniyor...'> Daha Fazla G\u00f6ster<\/a>\n                <\/div>\n                \n            <\/div>\n\t\t\t\t\t<style scoped>.jnews_module__1_69f5bd482d21e .jeg_block_heading_1 .jeg_block_title span { background: #004684; }.jnews_module__1_69f5bd482d21e .jeg_block_heading_1 { border-color: #004684; }<\/style>\n\t\t\t\t\t<script>var jnews_module__1_69f5bd482d21e = {\"header_icon\":\"\",\"first_title\":\"Futbol Haberleri\",\"second_title\":\"\",\"url\":\"https:\\\/\\\/fener.org\\\/xwebsites\\\/wp\\\/fener\\\/index.php\\\/category\\\/haberler\\\/futbol\\\/\",\"header_type\":\"heading_1\",\"header_background\":\"#004684\",\"header_secondary_background\":\"\",\"header_text_color\":\"\",\"header_line_color\":\"#004684\",\"header_accent_color\":\"\",\"header_filter_category\":\"\",\"header_filter_author\":\"\",\"header_filter_tag\":\"\",\"header_filter_text\":\"All\",\"sticky_post\":false,\"post_type\":\"post\",\"content_type\":\"all\",\"sponsor\":false,\"number_post\":\"9\",\"post_offset\":\"0\",\"unique_content\":\"disable\",\"include_post\":\"\",\"included_only\":false,\"exclude_post\":\"\",\"include_category\":\"4\",\"exclude_category\":\"\",\"include_author\":\"\",\"include_tag\":\"\",\"exclude_tag\":\"\",\"exclude_visited_post\":false,\"sort_by\":\"latest\",\"date_format\":\"default\",\"date_format_custom\":\"Y\\\/m\\\/d\",\"force_normal_image_load\":\"\",\"main_custom_image_size\":\"default\",\"second_custom_image_size\":\"default\",\"pagination_mode\":\"loadmore\",\"pagination_nextprev_showtext\":\"\",\"pagination_number_post\":\"6\",\"pagination_scroll_limit\":0,\"boxed\":\"\",\"boxed_shadow\":\"\",\"el_id\":\"\",\"el_class\":\"\",\"scheme\":\"\",\"column_width\":\"auto\",\"title_color\":\"\",\"accent_color\":\"\",\"alt_color\":\"\",\"excerpt_color\":\"\",\"css\":\"\",\"compatible_column_notice\":\"\",\"paged\":1,\"column_class\":\"jeg_col_3o3\",\"class\":\"jnews_block_19\"};<\/script>\n\t\t\t\t<\/div>[\/vc_column][\/vc_row]<\/p>\n<\/div>","protected":false},"excerpt":{"rendered":"<p>[vc_row][vc_column][\/vc_column][\/vc_row][vc_row][vc_column width=&#8221;2\/3&#8243;][vc_tta_accordion shape=&#8221;square&#8221; color=&#8221;green&#8221; c_icon=&#8221;&#8221; active_section=&#8221;0&#8243; no_fill=&#8221;true&#8221;][vc_tta_section title=&#8221;Gen\u00e7lik Geli\u015ftirme Program\u0131 \u0130dari ve Teknik Kadrosu&#8221; tab_id=&#8221;1536484175828-b5f3f07b-dce1&#8243;][vc_column_text] Serdar Alk\u0131n Do\u011fum Tarihi: 08-05-1976 Do\u011fum Yeri: \u0130stanbul Fenerbah\u00e7e&#8217;ye Geli\u015f Tarihi: 2002 Futbol Altyap\u0131 Gen\u00e7lik Geli\u015ftirme \u0130dari Sorumlusu &nbsp; \u015eenol \u00c7orlu Do\u011fum Tarihi: 03-12-1961 Do\u011fum Yeri: Ankara Fenerbah\u00e7e&#8217;ye Geli\u015f Tarihi: 2006 U-21 Tak\u0131m\u0131 Teknik Sorumlusu Daha \u00d6nce \u00c7al\u0131\u015ft\u0131rd\u0131\u011f\u0131 Tak\u0131mlar: Karag\u00fcmr\u00fck, [&hellip;]<\/p>\n","protected":false},"author":1,"featured_media":948,"parent":116,"menu_order":1,"comment_status":"closed","ping_status":"closed","template":"template-builder.php","meta":{"jnews_page_loop":{"enable_page_loop":"0","first_title":"Latest Post","second_title":"","header_type":"heading_6","header_background":"","header_text_color":"","layout":"right-sidebar","sidebar":"default-sidebar","second_sidebar":"default-sidebar","sticky_sidebar":"1","module":"3","excerpt_length":"20","content_date":"default","date_custom":"Y\/m\/d","content_pagination":"nav_1","pagination_align":"center","show_navtext":"0","show_pageinfo":"0","post_offset":"0","posts_per_page":"5","include_post":"","exclude_post":"","include_category":"","exclude_category":"","include_author":"","include_tag":"","exclude_tag":"","sort_by":"latest"},"jnews_single_page":{"layout":"no-sidebar","sidebar":"default-sidebar","second_sidebar":"default-sidebar","sticky_sidebar":"1","show_post_featured":"1","show_post_meta":"0","share_position":"top","share_color":"share-monocrhome"},"jnews_social_meta":[],"footnotes":""},"class_list":["post-139","page","type-page","status-publish","has-post-thumbnail","hentry"],"_links":{"self":[{"href":"https:\/\/www.fener.org\/index.php\/wp-json\/wp\/v2\/pages\/139","targetHints":{"allow":["GET"]}}],"collection":[{"href":"https:\/\/www.fener.org\/index.php\/wp-json\/wp\/v2\/pages"}],"about":[{"href":"https:\/\/www.fener.org\/index.php\/wp-json\/wp\/v2\/types\/page"}],"author":[{"embeddable":true,"href":"https:\/\/www.fener.org\/index.php\/wp-json\/wp\/v2\/users\/1"}],"replies":[{"embeddable":true,"href":"https:\/\/www.fener.org\/index.php\/wp-json\/wp\/v2\/comments?post=139"}],"version-history":[{"count":10,"href":"https:\/\/www.fener.org\/index.php\/wp-json\/wp\/v2\/pages\/139\/revisions"}],"predecessor-version":[{"id":1354,"href":"https:\/\/www.fener.org\/index.php\/wp-json\/wp\/v2\/pages\/139\/revisions\/1354"}],"up":[{"embeddable":true,"href":"https:\/\/www.fener.org\/index.php\/wp-json\/wp\/v2\/pages\/116"}],"wp:featuredmedia":[{"embeddable":true,"href":"https:\/\/www.fener.org\/index.php\/wp-json\/wp\/v2\/media\/948"}],"wp:attachment":[{"href":"https:\/\/www.fener.org\/index.php\/wp-json\/wp\/v2\/media?parent=139"}],"curies":[{"name":"wp","href":"https:\/\/api.w.org\/{rel}","templated":true}]}}