{"id":129,"date":"2018-08-12T12:13:21","date_gmt":"2018-08-12T09:13:21","guid":{"rendered":"https:\/\/fener.org\/xwebsites\/wp\/fener\/?page_id=129"},"modified":"2018-09-19T12:13:48","modified_gmt":"2018-09-19T09:13:48","slug":"kadin-basketbol","status":"publish","type":"page","link":"https:\/\/www.fener.org\/index.php\/subeler\/basketbol\/kadin-basketbol\/","title":{"rendered":"Kad\u0131n Basketbol"},"content":{"rendered":"<div class=\"wpb-content-wrapper\"><p>[vc_row][vc_column]<div  class=\"jeg_block_heading jeg_block_heading_1 jeg_alignleft jnews_module__0_69f73d0786b12   \">\n                <h3 class=\"jeg_block_title\"><span>Kad\u0131n<strong>Basketbol<\/strong><\/span><\/h3>\n                <style>.jnews_module__0_69f73d0786b12.jeg_block_heading_1 { border-color: #004684; }<\/style>\n            <\/div>[\/vc_column][\/vc_row][vc_row][vc_column width=&#8221;2\/3&#8243;][vc_tta_accordion shape=&#8221;square&#8221; color=&#8221;green&#8221; c_icon=&#8221;&#8221; active_section=&#8221;0&#8243; no_fill=&#8221;true&#8221;][vc_tta_section title=&#8221;Kad\u0131n Basketbol A Tak\u0131m\u0131&#8221; tab_id=&#8221;1536499196898-e21334d2-2ed3&#8243;][vc_column_text]1955-1959 aras\u0131nda kesintisiz \u0130stanbul ve T\u00fcrkiye \u015fampiyonu olan Fenerbah\u00e7e Kad\u0131n Basketbol Tak\u0131m\u0131, 1999 y\u0131l\u0131ndan itibaren gerek T\u00fcrkiye Ligi ve T\u00fcrkiye Kupas\u0131&#8217;ndaki \u015fampiyonluklar\u0131, gerekse Avrupa kupalar\u0131nda elde etti\u011fi ba\u015far\u0131lar\u0131 nedeniyle, 2000&#8217;li y\u0131llarda Fenerbah\u00e7e Spor Kul\u00fcb\u00fc&#8217;n\u00fcn en istikrarl\u0131 tak\u0131mlar\u0131ndan birisi olmu\u015ftur.<\/p>\n<p>Fenerbah\u00e7e Kad\u0131n Basketbol Tak\u0131m\u0131, ma\u00e7lar\u0131n\u0131 2.500 ki\u015filik Metro Enerji Spor Salonu&#8217;nda oynamaktad\u0131r.[\/vc_column_text][\/vc_tta_section][vc_tta_section title=&#8221;Kad\u0131n Basketbol A Tak\u0131m\u0131 Y\u00f6netim ve Teknik Kadro&#8221; tab_id=&#8221;1536499196900-ac92ee81-59f1&#8243;][vc_column_text]<\/p>\n<div><strong><u>BA\u015eKAN<\/u><\/strong><br \/>\nAL\u0130 KO\u00c7<\/p>\n<p><strong><u>\u015eUBE SORUMLUSU Y\u00d6NET\u0130C\u0130<\/u><\/strong><br \/>\nSEM\u0130H \u00d6ZSOY<\/div>\n<div>\n<strong><u>\u015eUBE SORUMLUSU Y\u00d6NET\u0130C\u0130 YARDIMCISI<\/u><\/strong><br \/>\nMET\u0130N S\u0130PAH\u0130O\u011eLU<\/div>\n<div><\/div>\n<table border=\"0\" width=\"450\" cellspacing=\"0\" cellpadding=\"0\">\n<tbody>\n<tr>\n<td valign=\"top\" width=\"170\"><img decoding=\"async\" src=\"https:\/\/cdn.fenerbahce.org\/pic_lib\/didemakin150px150.jpg\" \/><\/td>\n<td valign=\"top\" width=\"280\">\n<table border=\"0\" width=\"279\" cellspacing=\"0\" cellpadding=\"0\">\n<tbody>\n<tr>\n<td>Didem Ak\u0131n<\/td>\n<\/tr>\n<tr>\n<td><strong>Do\u011fum Tarihi<\/strong>:01-05-1971<\/td>\n<\/tr>\n<tr>\n<td><strong>Do\u011fum Yeri:<\/strong>Ankara<\/td>\n<\/tr>\n<tr>\n<td><strong>Fenerbah\u00e7e&#8217;ye Geli\u015f Tarihi<\/strong>: 2005<\/td>\n<\/tr>\n<tr>\n<td><strong>Kad\u0131n Basketbol A Tak\u0131m Menajeri<\/strong><\/td>\n<\/tr>\n<tr>\n<td><\/td>\n<\/tr>\n<\/tbody>\n<\/table>\n<\/td>\n<\/tr>\n<\/tbody>\n<\/table>\n<p>&nbsp;<\/p>\n<table border=\"0\" width=\"450\" cellspacing=\"0\" cellpadding=\"0\">\n<tbody>\n<tr>\n<td valign=\"top\" width=\"170\"><img decoding=\"async\" src=\"https:\/\/cdn.fenerbahce.org\/pic_lib\/taylancingoc150.jpg\" \/><\/td>\n<td valign=\"top\" width=\"280\">\n<table border=\"0\" width=\"279\" cellspacing=\"0\" cellpadding=\"0\">\n<tbody>\n<tr>\n<td>Taylan Ege Cing\u00f6z<\/td>\n<\/tr>\n<tr>\n<td><strong>Do\u011fum Tarihi:<\/strong>25-01-1987<\/td>\n<\/tr>\n<tr>\n<td><strong>Do\u011fum Yeri:<\/strong> Edirne<\/td>\n<\/tr>\n<tr>\n<td><strong>Fenerbah\u00e7e&#8217;ye Geli\u015f Tarihi<\/strong>: 2015<\/td>\n<\/tr>\n<tr>\n<td><strong>Kad\u0131n Basket \u0130dari Menajer<\/strong><\/td>\n<\/tr>\n<tr>\n<td><\/td>\n<\/tr>\n<\/tbody>\n<\/table>\n<\/td>\n<\/tr>\n<\/tbody>\n<\/table>\n<p>&nbsp;<\/p>\n<table border=\"0\" width=\"450\" cellspacing=\"0\" cellpadding=\"0\">\n<tbody>\n<tr>\n<td valign=\"top\" width=\"170\"><img decoding=\"async\" src=\"https:\/\/cdn.fenerbahce.org\/pic_lib\/vaaleriegarnier-2018.jpg\" border=\"0\" \/><\/td>\n<td valign=\"top\" width=\"280\">\n<table border=\"0\" width=\"279\" cellspacing=\"0\" cellpadding=\"0\">\n<tbody>\n<tr>\n<td>Valerie Garnier<\/td>\n<\/tr>\n<tr>\n<td><strong>Do\u011fum tarihi:<\/strong> 09-01-1965<\/td>\n<\/tr>\n<tr>\n<td><strong>Do\u011fum Yeri:<\/strong> Fransa<\/td>\n<\/tr>\n<tr>\n<td><strong>Fenerbah\u00e7e\u2019ye Geli\u015f Tarihi:<\/strong> 2018<\/td>\n<\/tr>\n<tr>\n<td><strong>Kad\u0131n Basketbol A Tak\u0131m\u0131 Ba\u015fantren\u00f6r\u00fc<\/strong><\/td>\n<\/tr>\n<tr>\n<td><strong>Daha \u00d6nce \u00c7al\u0131\u015ft\u0131rd\u0131\u011f\u0131 Tak\u0131mlar: <\/strong>Cholet, Bourges Basket Fransa Kad\u0131n Basketbol Milli Tak\u0131m\u0131 Antren\u00f6r\u00fc<\/td>\n<\/tr>\n<tr>\n<td><\/td>\n<\/tr>\n<\/tbody>\n<\/table>\n<\/td>\n<\/tr>\n<\/tbody>\n<\/table>\n<p>&nbsp;<\/p>\n<table border=\"0\" width=\"450\" cellspacing=\"0\" cellpadding=\"0\">\n<tbody>\n<tr>\n<td valign=\"top\" width=\"170\"><img decoding=\"async\" src=\"https:\/\/cdn.fenerbahce.org\/pic_lib\/tolgaesenci-2108.jpg\" border=\"0\" \/><\/td>\n<td valign=\"top\" width=\"280\">\n<table border=\"0\" width=\"279\" cellspacing=\"0\" cellpadding=\"0\">\n<tbody>\n<tr>\n<td>Tolga Esenci<\/td>\n<\/tr>\n<tr>\n<td><strong>Do\u011fum Tarihi:\u00a0<\/strong>22-06-1980<\/td>\n<\/tr>\n<tr>\n<td><strong>Do\u011fum Yeri: <\/strong>Mu\u015f<\/td>\n<\/tr>\n<tr>\n<td><strong>Fenerbah\u00e7e&#8217;ye Geli\u015f Tarihi:<\/strong> 2018<\/td>\n<\/tr>\n<tr>\n<td><strong>Kad\u0131n Basketbol A Tak\u0131m\u0131 Yard\u0131mc\u0131 Antren\u00f6r<\/strong><\/td>\n<\/tr>\n<tr>\n<td><strong>Daha \u00d6nce \u00c7al\u0131\u015ft\u0131rd\u0131\u011f\u0131 Tak\u0131mlar:<\/strong> \u0130stanbul Teknik \u00dcniversitesi, Be\u015fikta\u015f, Pamukkale \u00dcniversitesi, FMV I\u015f\u0131k Okullar\u0131, U16 Erkek Milli Tak\u0131m\u0131, U20 Bayan Milli Tak\u0131m\u0131, A Milli Erkek Tak\u0131m\u0131<\/td>\n<\/tr>\n<tr>\n<td><\/td>\n<\/tr>\n<\/tbody>\n<\/table>\n<\/td>\n<\/tr>\n<\/tbody>\n<\/table>\n<p>&nbsp;<\/p>\n<table border=\"0\" width=\"450\" cellspacing=\"0\" cellpadding=\"0\">\n<tbody>\n<tr>\n<td valign=\"top\" width=\"170\"><img decoding=\"async\" src=\"https:\/\/cdn.fenerbahce.org\/pic_lib\/canalyuz.jpg\" \/><\/td>\n<td valign=\"top\" width=\"280\">\n<table border=\"0\" width=\"279\" cellspacing=\"0\" cellpadding=\"0\">\n<tbody>\n<tr>\n<td>Can Aly\u00fcz<\/td>\n<\/tr>\n<tr>\n<td><strong>Do\u011fum Tarihi:<\/strong>14-02-1991<\/td>\n<\/tr>\n<tr>\n<td><strong>Do\u011fum Yeri:<\/strong>\u0130stanbul<\/td>\n<\/tr>\n<tr>\n<td><strong>Fenerbah\u00e7e&#8217;ye Geli\u015f Tarihi<\/strong>:2017<\/td>\n<\/tr>\n<tr>\n<td><strong>Kad\u0131n Basketbol\u00a0 A Tak\u0131m\u0131 Yard\u0131mc\u0131 Antren\u00f6r\u00fc<\/strong><\/td>\n<\/tr>\n<tr>\n<td><strong>Daha \u00d6nce \u00c7al\u0131\u015ft\u0131rd\u0131\u011f\u0131 Tak\u0131mlar:<\/strong> \u0130stanbul \u00dcniveristesi, Pertevniyal UPS.<\/td>\n<\/tr>\n<tr>\n<td><\/td>\n<\/tr>\n<\/tbody>\n<\/table>\n<\/td>\n<\/tr>\n<\/tbody>\n<\/table>\n<p>&nbsp;<\/p>\n<table border=\"0\" width=\"450\" cellspacing=\"0\" cellpadding=\"0\">\n<tbody>\n<tr>\n<td valign=\"top\" width=\"170\"><img decoding=\"async\" src=\"https:\/\/cdn.fenerbahce.org\/pic_lib\/serkanhoca.jpg\" \/><\/td>\n<td valign=\"top\" width=\"280\">\n<table border=\"0\" width=\"279\" cellspacing=\"0\" cellpadding=\"0\">\n<tbody>\n<tr>\n<td>Serkan Bodur<\/td>\n<\/tr>\n<tr>\n<td><strong>Do\u011fum tarihi:\u00a0<\/strong>02-12-1987<\/td>\n<\/tr>\n<tr>\n<td><strong>Do\u011fum Yeri:\u00a0<\/strong>Almanya<\/td>\n<\/tr>\n<tr>\n<td><strong>Fenerbah\u00e7e&#8217;ye Geli\u015f Tarihi:<\/strong> 2017<\/td>\n<\/tr>\n<tr>\n<td><strong>A Bayan Basketbol Tak\u0131m\u0131 Kondisyoneri<\/strong><\/td>\n<\/tr>\n<tr>\n<td><strong>Daha \u00d6nce \u00c7al\u0131\u015ft\u0131rd\u0131\u011f\u0131 Tak\u0131mlar:<\/strong> \u0130stanbul \u00dcniversitesi, U-20 Milli Kad\u0131n Basketbol Tak\u0131m\u0131<\/td>\n<\/tr>\n<tr>\n<td><\/td>\n<\/tr>\n<\/tbody>\n<\/table>\n<\/td>\n<\/tr>\n<\/tbody>\n<\/table>\n<p>&nbsp;<\/p>\n<table border=\"0\" width=\"450\" cellspacing=\"0\" cellpadding=\"0\">\n<tbody>\n<tr>\n<td valign=\"top\" width=\"170\"><img decoding=\"async\" src=\"https:\/\/cdn.fenerbahce.org\/pic_lib\/latiff.jpg\" \/><\/td>\n<td valign=\"top\" width=\"280\">\n<table border=\"0\" width=\"279\" cellspacing=\"0\" cellpadding=\"0\">\n<tbody>\n<tr>\n<td>Latif\u015fah Sar\u0131ca<\/td>\n<\/tr>\n<tr>\n<td><strong>Do\u011fum Tarihi<\/strong>: 20-01-1983<\/td>\n<\/tr>\n<tr>\n<td><strong>Do\u011fum Yeri:<\/strong> Erzurum<\/td>\n<\/tr>\n<tr>\n<td><strong>Fenerbah\u00e7e&#8217;ye Geli\u015f Tarihi:<\/strong> 2001<\/td>\n<\/tr>\n<tr>\n<td><strong>Kad\u0131n Basketbol A Tak\u0131m\u0131 Malzemecesi<\/strong><\/td>\n<\/tr>\n<tr>\n<td><\/td>\n<\/tr>\n<\/tbody>\n<\/table>\n<\/td>\n<\/tr>\n<\/tbody>\n<\/table>\n<p>&nbsp;<\/p>\n<table border=\"0\" width=\"450\" cellspacing=\"0\" cellpadding=\"0\">\n<tbody>\n<tr>\n<td valign=\"top\" width=\"170\"><img decoding=\"async\" src=\"https:\/\/cdn.fenerbahce.org\/pic_lib\/ibrahim150px.jpg\" \/><\/td>\n<td valign=\"top\" width=\"280\">\n<table border=\"0\" width=\"279\" cellspacing=\"0\" cellpadding=\"0\">\n<tbody>\n<tr>\n<td>\u0130brahim Ko\u00e7<\/td>\n<\/tr>\n<tr>\n<td><strong>Do\u011fum Tarihi:<\/strong> 04-11-1990<\/td>\n<\/tr>\n<tr>\n<td><strong>Do\u011fum Yeri:<\/strong> \u0130stanbul<\/td>\n<\/tr>\n<tr>\n<td><strong>Fenerbah\u00e7e&#8217;ye Geli\u015f Tarihi:<\/strong> 2014<\/td>\n<\/tr>\n<tr>\n<td><strong>Kad\u0131n Basketbol Tak\u0131m\u0131 Mas\u00f6r\u00fc<\/strong><\/td>\n<\/tr>\n<tr>\n<td><\/td>\n<\/tr>\n<\/tbody>\n<\/table>\n<\/td>\n<\/tr>\n<\/tbody>\n<\/table>\n<p>[\/vc_column_text][\/vc_tta_section][vc_tta_section title=&#8221;Kad\u0131n Basketbol A Tak\u0131m\u0131 Kadro&#8221; tab_id=&#8221;1536499444235-1c6333f4-e63a&#8221;][vc_column_text]<\/p>\n<table border=\"0\" width=\"690\" cellspacing=\"0\" cellpadding=\"0\">\n<tbody>\n<tr>\n<td align=\"center\" valign=\"top\" width=\"338\">\n<table border=\"0\" width=\"180\" cellspacing=\"0\" cellpadding=\"0\">\n<tbody>\n<tr>\n<td align=\"center\" valign=\"top\">\n<table border=\"0\" width=\"180\" cellspacing=\"0\" cellpadding=\"3\">\n<tbody>\n<tr>\n<td align=\"center\"><a class=\"d4\" href=\"https:\/\/www.fenerbahce.org\/basketbolkadin\/detay.asp?ContentID=56521&amp;ContentCategoryID=41\">\u00d6zge Yava\u015f<\/a><\/td>\n<\/tr>\n<\/tbody>\n<\/table>\n<table border=\"0\" width=\"126\" cellspacing=\"3\" cellpadding=\"0\" bgcolor=\"#ECECEC\">\n<tbody>\n<tr>\n<td bgcolor=\"#FFFFFF\"><a href=\"https:\/\/www.fenerbahce.org\/basketbolkadin\/detay.asp?ContentID=56521&amp;ContentCategoryID=41\"><img decoding=\"async\" src=\"https:\/\/cdn.fenerbahce.org\/pic_lib\/thumb\/ozgeyavas_56521_377568.jpg\" width=\"120\" border=\"0\" \/><\/a><\/td>\n<\/tr>\n<\/tbody>\n<\/table>\n<\/td>\n<\/tr>\n<\/tbody>\n<\/table>\n<\/td>\n<td align=\"center\" valign=\"top\" width=\"14\"><img decoding=\"async\" src=\"https:\/\/cdn.fenerbahce.org\/basketbolkadin\/resimler\/clearpixel.gif\" width=\"14\" height=\"14\" \/><\/td>\n<td align=\"center\" valign=\"top\" width=\"338\">\n<table border=\"0\" width=\"180\" cellspacing=\"0\" cellpadding=\"0\">\n<tbody>\n<tr>\n<td align=\"center\" valign=\"top\">\n<table border=\"0\" width=\"180\" cellspacing=\"0\" cellpadding=\"3\">\n<tbody>\n<tr>\n<td align=\"center\"><a class=\"d4\" href=\"https:\/\/www.fenerbahce.org\/basketbolkadin\/detay.asp?ContentID=60930&amp;ContentCategoryID=41\">Kiah Stokes<\/a><\/td>\n<\/tr>\n<\/tbody>\n<\/table>\n<table border=\"0\" width=\"126\" cellspacing=\"3\" cellpadding=\"0\" bgcolor=\"#ECECEC\">\n<tbody>\n<tr>\n<td bgcolor=\"#FFFFFF\"><a href=\"https:\/\/www.fenerbahce.org\/basketbolkadin\/detay.asp?ContentID=60930&amp;ContentCategoryID=41\"><img decoding=\"async\" src=\"https:\/\/cdn.fenerbahce.org\/pic_lib\/thumb\/kapak150_60930_5152545.jpg\" width=\"120\" border=\"0\" \/><\/a><\/td>\n<\/tr>\n<\/tbody>\n<\/table>\n<\/td>\n<\/tr>\n<\/tbody>\n<\/table>\n<\/td>\n<td align=\"center\" valign=\"top\" width=\"338\">\n<table border=\"0\" width=\"180\" cellspacing=\"0\" cellpadding=\"0\">\n<tbody>\n<tr>\n<td align=\"center\" valign=\"top\">\n<table border=\"0\" width=\"180\" cellspacing=\"0\" cellpadding=\"3\">\n<tbody>\n<tr>\n<td align=\"center\"><a class=\"d4\" href=\"https:\/\/www.fenerbahce.org\/basketbolkadin\/detay.asp?ContentID=60907&amp;ContentCategoryID=41\">Bria Hartley<\/a><\/td>\n<\/tr>\n<\/tbody>\n<\/table>\n<table border=\"0\" width=\"126\" cellspacing=\"3\" cellpadding=\"0\" bgcolor=\"#ECECEC\">\n<tbody>\n<tr>\n<td bgcolor=\"#FFFFFF\"><a href=\"https:\/\/www.fenerbahce.org\/basketbolkadin\/detay.asp?ContentID=60907&amp;ContentCategoryID=41\"><img decoding=\"async\" src=\"https:\/\/cdn.fenerbahce.org\/pic_lib\/thumb\/ban_60907_539531.jpg\" width=\"120\" border=\"0\" \/><\/a><\/td>\n<\/tr>\n<\/tbody>\n<\/table>\n<\/td>\n<\/tr>\n<\/tbody>\n<\/table>\n<\/td>\n<td align=\"center\" valign=\"top\" width=\"338\">\n<table border=\"0\" width=\"180\" cellspacing=\"0\" cellpadding=\"0\">\n<tbody>\n<tr>\n<td align=\"center\" valign=\"top\">\n<table border=\"0\" width=\"180\" cellspacing=\"0\" cellpadding=\"3\">\n<tbody>\n<tr>\n<td align=\"center\"><a class=\"d4\" href=\"https:\/\/www.fenerbahce.org\/basketbolkadin\/detay.asp?ContentID=60906&amp;ContentCategoryID=41\">Cecilia Zandalasini<\/a><\/td>\n<\/tr>\n<\/tbody>\n<\/table>\n<table border=\"0\" width=\"126\" cellspacing=\"3\" cellpadding=\"0\" bgcolor=\"#ECECEC\">\n<tbody>\n<tr>\n<td bgcolor=\"#FFFFFF\"><a href=\"https:\/\/www.fenerbahce.org\/basketbolkadin\/detay.asp?ContentID=60906&amp;ContentCategoryID=41\"><img decoding=\"async\" src=\"https:\/\/cdn.fenerbahce.org\/pic_lib\/thumb\/zan_60906_5393581.jpg\" width=\"120\" border=\"0\" \/><\/a><\/td>\n<\/tr>\n<\/tbody>\n<\/table>\n<\/td>\n<\/tr>\n<\/tbody>\n<\/table>\n<\/td>\n<\/tr>\n<tr>\n<td colspan=\"3\" align=\"center\" valign=\"top\"><\/td>\n<\/tr>\n<tr>\n<td align=\"center\" valign=\"top\" width=\"338\">\n<table border=\"0\" width=\"180\" cellspacing=\"0\" cellpadding=\"0\">\n<tbody>\n<tr>\n<td align=\"center\" valign=\"top\">\n<table border=\"0\" width=\"180\" cellspacing=\"0\" cellpadding=\"3\">\n<tbody>\n<tr>\n<td align=\"center\"><a class=\"d4\" href=\"https:\/\/www.fenerbahce.org\/basketbolkadin\/detay.asp?ContentID=51470&amp;ContentCategoryID=41\">1-Pelin Bilgi\u00e7<\/a><\/td>\n<\/tr>\n<\/tbody>\n<\/table>\n<table border=\"0\" width=\"126\" cellspacing=\"3\" cellpadding=\"0\" bgcolor=\"#ECECEC\">\n<tbody>\n<tr>\n<td bgcolor=\"#FFFFFF\"><a href=\"https:\/\/www.fenerbahce.org\/basketbolkadin\/detay.asp?ContentID=51470&amp;ContentCategoryID=41\"><img decoding=\"async\" src=\"https:\/\/cdn.fenerbahce.org\/pic_lib\/thumb\/pelin_51470_3750889.jpg\" width=\"120\" border=\"0\" \/><\/a><\/td>\n<\/tr>\n<\/tbody>\n<\/table>\n<\/td>\n<\/tr>\n<\/tbody>\n<\/table>\n<\/td>\n<td align=\"center\" valign=\"top\" width=\"14\"><img decoding=\"async\" src=\"https:\/\/cdn.fenerbahce.org\/basketbolkadin\/resimler\/clearpixel.gif\" width=\"14\" height=\"14\" \/><\/td>\n<td align=\"center\" valign=\"top\" width=\"338\">\n<table border=\"0\" width=\"180\" cellspacing=\"0\" cellpadding=\"0\">\n<tbody>\n<tr>\n<td align=\"center\" valign=\"top\">\n<table border=\"0\" width=\"180\" cellspacing=\"0\" cellpadding=\"3\">\n<tbody>\n<tr>\n<td align=\"center\"><a class=\"d4\" href=\"https:\/\/www.fenerbahce.org\/basketbolkadin\/detay.asp?ContentID=51453&amp;ContentCategoryID=41\">3-Ay\u015fe Cora<\/a><\/td>\n<\/tr>\n<\/tbody>\n<\/table>\n<table border=\"0\" width=\"126\" cellspacing=\"3\" cellpadding=\"0\" bgcolor=\"#ECECEC\">\n<tbody>\n<tr>\n<td bgcolor=\"#FFFFFF\"><a href=\"https:\/\/www.fenerbahce.org\/basketbolkadin\/detay.asp?ContentID=51453&amp;ContentCategoryID=41\"><img decoding=\"async\" src=\"https:\/\/cdn.fenerbahce.org\/pic_lib\/thumb\/ayse_51453_3754099.jpg\" width=\"120\" border=\"0\" \/><\/a><\/td>\n<\/tr>\n<\/tbody>\n<\/table>\n<\/td>\n<\/tr>\n<\/tbody>\n<\/table>\n<\/td>\n<td align=\"center\" valign=\"top\" width=\"338\">\n<table border=\"0\" width=\"180\" cellspacing=\"0\" cellpadding=\"0\">\n<tbody>\n<tr>\n<td align=\"center\" valign=\"top\">\n<table border=\"0\" width=\"180\" cellspacing=\"0\" cellpadding=\"3\">\n<tbody>\n<tr>\n<td align=\"center\"><a class=\"d4\" href=\"https:\/\/www.fenerbahce.org\/basketbolkadin\/detay.asp?ContentID=51931&amp;ContentCategoryID=41\">6-Merve Ar\u0131<\/a><\/td>\n<\/tr>\n<\/tbody>\n<\/table>\n<table border=\"0\" width=\"126\" cellspacing=\"3\" cellpadding=\"0\" bgcolor=\"#ECECEC\">\n<tbody>\n<tr>\n<td bgcolor=\"#FFFFFF\"><a href=\"https:\/\/www.fenerbahce.org\/basketbolkadin\/detay.asp?ContentID=51931&amp;ContentCategoryID=41\"><img decoding=\"async\" src=\"https:\/\/cdn.fenerbahce.org\/pic_lib\/thumb\/merveari_51931_7428688.jpg\" width=\"120\" border=\"0\" \/><\/a><\/td>\n<\/tr>\n<\/tbody>\n<\/table>\n<\/td>\n<\/tr>\n<\/tbody>\n<\/table>\n<\/td>\n<td align=\"center\" valign=\"top\" width=\"338\">\n<table border=\"0\" width=\"180\" cellspacing=\"0\" cellpadding=\"0\">\n<tbody>\n<tr>\n<td align=\"center\" valign=\"top\">\n<table border=\"0\" width=\"180\" cellspacing=\"0\" cellpadding=\"3\">\n<tbody>\n<tr>\n<td align=\"center\"><a class=\"d4\" href=\"https:\/\/www.fenerbahce.org\/basketbolkadin\/detay.asp?ContentID=37075&amp;ContentCategoryID=41\">7-Birsel Vardarl\u0131 Demirmen<\/a><\/td>\n<\/tr>\n<\/tbody>\n<\/table>\n<table border=\"0\" width=\"126\" cellspacing=\"3\" cellpadding=\"0\" bgcolor=\"#ECECEC\">\n<tbody>\n<tr>\n<td bgcolor=\"#FFFFFF\"><a href=\"https:\/\/www.fenerbahce.org\/basketbolkadin\/detay.asp?ContentID=37075&amp;ContentCategoryID=41\"><img decoding=\"async\" src=\"https:\/\/cdn.fenerbahce.org\/pic_lib\/thumb\/birseldemirmen_37075_376488.jpg\" width=\"120\" border=\"0\" \/><\/a><\/td>\n<\/tr>\n<\/tbody>\n<\/table>\n<\/td>\n<\/tr>\n<\/tbody>\n<\/table>\n<\/td>\n<\/tr>\n<tr>\n<td colspan=\"3\" align=\"center\" valign=\"top\"><\/td>\n<\/tr>\n<tr>\n<td align=\"center\" valign=\"top\" width=\"338\">\n<table border=\"0\" width=\"180\" cellspacing=\"0\" cellpadding=\"0\">\n<tbody>\n<tr>\n<td align=\"center\" valign=\"top\">\n<table border=\"0\" width=\"180\" cellspacing=\"0\" cellpadding=\"3\">\n<tbody>\n<tr>\n<td align=\"center\"><a class=\"d4\" href=\"https:\/\/www.fenerbahce.org\/basketbolkadin\/detay.asp?ContentID=56455&amp;ContentCategoryID=41\">10-Kelsey Plum<\/a><\/td>\n<\/tr>\n<\/tbody>\n<\/table>\n<table border=\"0\" width=\"126\" cellspacing=\"3\" cellpadding=\"0\" bgcolor=\"#ECECEC\">\n<tbody>\n<tr>\n<td bgcolor=\"#FFFFFF\"><a href=\"https:\/\/www.fenerbahce.org\/basketbolkadin\/detay.asp?ContentID=56455&amp;ContentCategoryID=41\"><img decoding=\"async\" src=\"https:\/\/cdn.fenerbahce.org\/pic_lib\/thumb\/kelsey_56455_3749241.jpg\" width=\"120\" border=\"0\" \/><\/a><\/td>\n<\/tr>\n<\/tbody>\n<\/table>\n<\/td>\n<\/tr>\n<\/tbody>\n<\/table>\n<\/td>\n<td align=\"center\" valign=\"top\" width=\"14\"><img decoding=\"async\" src=\"https:\/\/cdn.fenerbahce.org\/basketbolkadin\/resimler\/clearpixel.gif\" width=\"14\" height=\"14\" \/><\/td>\n<td align=\"center\" valign=\"top\" width=\"338\">\n<table border=\"0\" width=\"180\" cellspacing=\"0\" cellpadding=\"0\">\n<tbody>\n<tr>\n<td align=\"center\" valign=\"top\">\n<table border=\"0\" width=\"180\" cellspacing=\"0\" cellpadding=\"3\">\n<tbody>\n<tr>\n<td align=\"center\"><a class=\"d4\" href=\"https:\/\/www.fenerbahce.org\/basketbolkadin\/detay.asp?ContentID=45858&amp;ContentCategoryID=41\">11-Anastasiya Verameyenka<\/a><\/td>\n<\/tr>\n<\/tbody>\n<\/table>\n<table border=\"0\" width=\"126\" cellspacing=\"3\" cellpadding=\"0\" bgcolor=\"#ECECEC\">\n<tbody>\n<tr>\n<td bgcolor=\"#FFFFFF\"><a href=\"https:\/\/www.fenerbahce.org\/basketbolkadin\/detay.asp?ContentID=45858&amp;ContentCategoryID=41\"><img decoding=\"async\" src=\"https:\/\/cdn.fenerbahce.org\/pic_lib\/thumb\/nasta_45858_3760238.jpg\" width=\"120\" border=\"0\" \/><\/a><\/td>\n<\/tr>\n<\/tbody>\n<\/table>\n<\/td>\n<\/tr>\n<\/tbody>\n<\/table>\n<\/td>\n<td align=\"center\" valign=\"top\" width=\"338\">\n<table border=\"0\" width=\"180\" cellspacing=\"0\" cellpadding=\"0\">\n<tbody>\n<tr>\n<td align=\"center\" valign=\"top\">\n<table border=\"0\" width=\"180\" cellspacing=\"0\" cellpadding=\"3\">\n<tbody>\n<tr>\n<td align=\"center\"><a class=\"d4\" href=\"https:\/\/www.fenerbahce.org\/basketbolkadin\/detay.asp?ContentID=37088&amp;ContentCategoryID=41\">12-Tu\u011f\u00e7e Can\u0131tez<\/a><\/td>\n<\/tr>\n<\/tbody>\n<\/table>\n<table border=\"0\" width=\"126\" cellspacing=\"3\" cellpadding=\"0\" bgcolor=\"#ECECEC\">\n<tbody>\n<tr>\n<td bgcolor=\"#FFFFFF\"><a href=\"https:\/\/www.fenerbahce.org\/basketbolkadin\/detay.asp?ContentID=37088&amp;ContentCategoryID=41\"><img decoding=\"async\" src=\"https:\/\/cdn.fenerbahce.org\/pic_lib\/thumb\/tugce_37088_3762505.jpg\" width=\"120\" border=\"0\" \/><\/a><\/td>\n<\/tr>\n<\/tbody>\n<\/table>\n<\/td>\n<\/tr>\n<\/tbody>\n<\/table>\n<\/td>\n<td align=\"center\" valign=\"top\" width=\"338\">\n<table border=\"0\" width=\"180\" cellspacing=\"0\" cellpadding=\"0\">\n<tbody>\n<tr>\n<td align=\"center\" valign=\"top\">\n<table border=\"0\" width=\"180\" cellspacing=\"0\" cellpadding=\"3\">\n<tbody>\n<tr>\n<td align=\"center\"><a class=\"d4\" href=\"https:\/\/www.fenerbahce.org\/basketbolkadin\/detay.asp?ContentID=58901&amp;ContentCategoryID=41\">14-Giorgia Sottana<\/a><\/td>\n<\/tr>\n<\/tbody>\n<\/table>\n<table border=\"0\" width=\"126\" cellspacing=\"3\" cellpadding=\"0\" bgcolor=\"#ECECEC\">\n<tbody>\n<tr>\n<td bgcolor=\"#FFFFFF\"><a href=\"https:\/\/www.fenerbahce.org\/basketbolkadin\/detay.asp?ContentID=58901&amp;ContentCategoryID=41\"><img decoding=\"async\" src=\"https:\/\/cdn.fenerbahce.org\/pic_lib\/thumb\/sotttla538_58901_573365.jpg\" width=\"120\" border=\"0\" \/><\/a><\/td>\n<\/tr>\n<\/tbody>\n<\/table>\n<\/td>\n<\/tr>\n<\/tbody>\n<\/table>\n<\/td>\n<\/tr>\n<tr>\n<td colspan=\"3\" align=\"center\" valign=\"top\"><\/td>\n<\/tr>\n<tr>\n<td align=\"center\" valign=\"top\" width=\"338\">\n<table border=\"0\" width=\"180\" cellspacing=\"0\" cellpadding=\"0\">\n<tbody>\n<tr>\n<td align=\"center\" valign=\"top\">\n<table border=\"0\" width=\"180\" cellspacing=\"0\" cellpadding=\"3\">\n<tbody>\n<tr>\n<td align=\"center\"><a class=\"d4\" href=\"https:\/\/www.fenerbahce.org\/basketbolkadin\/detay.asp?ContentID=56522&amp;ContentCategoryID=41\">15-Tilbe \u015eeny\u00fcrek<\/a><\/td>\n<\/tr>\n<\/tbody>\n<\/table>\n<table border=\"0\" width=\"126\" cellspacing=\"3\" cellpadding=\"0\" bgcolor=\"#ECECEC\">\n<tbody>\n<tr>\n<td bgcolor=\"#FFFFFF\"><a href=\"https:\/\/www.fenerbahce.org\/basketbolkadin\/detay.asp?ContentID=56522&amp;ContentCategoryID=41\"><img decoding=\"async\" src=\"https:\/\/cdn.fenerbahce.org\/pic_lib\/thumb\/tilbe_56522_3747235.jpg\" width=\"120\" border=\"0\" \/><\/a><\/td>\n<\/tr>\n<\/tbody>\n<\/table>\n<\/td>\n<\/tr>\n<\/tbody>\n<\/table>\n<\/td>\n<td align=\"center\" valign=\"top\" width=\"14\"><img decoding=\"async\" src=\"https:\/\/cdn.fenerbahce.org\/basketbolkadin\/resimler\/clearpixel.gif\" width=\"14\" height=\"14\" \/><\/td>\n<td align=\"center\" valign=\"top\" width=\"338\">\n<table border=\"0\" width=\"180\" cellspacing=\"0\" cellpadding=\"0\">\n<tbody>\n<tr>\n<td align=\"center\" valign=\"top\">\n<table border=\"0\" width=\"180\" cellspacing=\"0\" cellpadding=\"3\">\n<tbody>\n<tr>\n<td align=\"center\"><a class=\"d4\" href=\"https:\/\/www.fenerbahce.org\/basketbolkadin\/detay.asp?ContentID=51176&amp;ContentCategoryID=41\">33-Esra Ural Topuz<\/a><\/td>\n<\/tr>\n<\/tbody>\n<\/table>\n<table border=\"0\" width=\"126\" cellspacing=\"3\" cellpadding=\"0\" bgcolor=\"#ECECEC\">\n<tbody>\n<tr>\n<td bgcolor=\"#FFFFFF\"><a href=\"https:\/\/www.fenerbahce.org\/basketbolkadin\/detay.asp?ContentID=51176&amp;ContentCategoryID=41\"><img decoding=\"async\" src=\"https:\/\/cdn.fenerbahce.org\/pic_lib\/thumb\/esra_51176_3756079.jpg\" width=\"120\" border=\"0\" \/><\/a><\/td>\n<\/tr>\n<\/tbody>\n<\/table>\n<\/td>\n<\/tr>\n<\/tbody>\n<\/table>\n<\/td>\n<\/tr>\n<\/tbody>\n<\/table>\n<p>[\/vc_column_text][\/vc_tta_section][vc_tta_section title=&#8221;Kad\u0131n Basketbol Altyap\u0131 Teknik ve \u0130dari Kadro&#8221; tab_id=&#8221;1536499708790-8ada8d5a-2a59&#8243;][vc_column_text]<\/p>\n<table border=\"0\" width=\"450\" cellspacing=\"0\" cellpadding=\"0\">\n<tbody>\n<tr>\n<td valign=\"top\" width=\"170\"><img decoding=\"async\" src=\"https:\/\/cdn.fenerbahce.org\/pic_lib\/egeozisikk.jpg\" \/><\/td>\n<td valign=\"top\" width=\"280\">\n<table border=\"0\" width=\"279\" cellspacing=\"0\" cellpadding=\"0\">\n<tbody>\n<tr>\n<td>Ege \u00d6z\u0131\u015f\u0131k<\/td>\n<\/tr>\n<tr>\n<td><strong>Do\u011fum Tarihi<\/strong>: 14-07-1991<\/td>\n<\/tr>\n<tr>\n<td><strong>Do\u011fum Yeri:<\/strong> \u0130stanbul<\/td>\n<\/tr>\n<tr>\n<td><strong>Fenerbah\u00e7e&#8217;ye Geli\u015f Tarihi:<\/strong> 2015<\/td>\n<\/tr>\n<tr>\n<td><strong>Bayan Basketbol Altyap\u0131 Menajeri<\/strong><\/td>\n<\/tr>\n<tr>\n<td><\/td>\n<\/tr>\n<\/tbody>\n<\/table>\n<\/td>\n<\/tr>\n<tr>\n<td valign=\"top\" width=\"170\"><\/td>\n<td valign=\"top\" width=\"280\"><\/td>\n<\/tr>\n<\/tbody>\n<\/table>\n<p>&nbsp;<\/p>\n<table border=\"0\" width=\"450\" cellspacing=\"0\" cellpadding=\"0\">\n<tbody>\n<tr>\n<td valign=\"top\" width=\"170\"><img decoding=\"async\" src=\"https:\/\/cdn.fenerbahce.org\/pic_lib\/batuhanala.jpg\" width=\"150\" height=\"150\" \/><\/td>\n<td valign=\"top\" width=\"280\">\n<table border=\"0\" width=\"279\" cellspacing=\"0\" cellpadding=\"0\">\n<tbody>\n<tr>\n<td>Batuhan Ala<\/td>\n<\/tr>\n<tr>\n<td><strong>Do\u011fum Tarihi:<\/strong> 08-08-1991<\/td>\n<\/tr>\n<tr>\n<td><strong>Do\u011fum Yeri:<\/strong> \u0130stanbul<\/td>\n<\/tr>\n<tr>\n<td><strong>Fenerbah\u00e7e&#8217;ye Geli\u015f Tarihi<\/strong>: 2016<\/td>\n<\/tr>\n<tr>\n<td><strong>Y\u0131ld\u0131z Bayan Basket Tak\u0131m\u0131 Antren\u00f6r\u00fc<\/strong><\/td>\n<\/tr>\n<tr>\n<td><strong>Daha \u00d6nce \u00c7al\u0131\u015ft\u0131rd\u0131\u011f\u0131 Tak\u0131mlar:<\/strong> Mersin \u00dcniversitesi, \u0130stanbul Dostlukspor.<\/td>\n<\/tr>\n<\/tbody>\n<\/table>\n<\/td>\n<\/tr>\n<tr>\n<td valign=\"top\" width=\"170\"><\/td>\n<td valign=\"top\" width=\"280\"><\/td>\n<\/tr>\n<\/tbody>\n<\/table>\n<table border=\"0\" width=\"450\" cellspacing=\"0\" cellpadding=\"0\">\n<tbody>\n<tr>\n<td valign=\"top\" width=\"170\"><img decoding=\"async\" src=\"https:\/\/cdn.fenerbahce.org\/pic_lib\/ozbekkmehmett.jpg\" \/><\/td>\n<td valign=\"top\" width=\"280\">\n<table border=\"0\" width=\"279\" cellspacing=\"0\" cellpadding=\"0\">\n<tbody>\n<tr>\n<td>Mehmet \u00d6zbek<\/td>\n<\/tr>\n<tr>\n<td><strong>Do\u011fum Tarihi:<\/strong> 25-07-1992<\/td>\n<\/tr>\n<tr>\n<td><strong>Do\u011fum Yeri:<\/strong> \u0130stanbul<\/td>\n<\/tr>\n<tr>\n<td><strong>Fenerbah\u00e7e&#8217;ye Geli\u015f Tarihi:<\/strong> 2016<\/td>\n<\/tr>\n<tr>\n<td><strong>K\u00fc\u00e7\u00fck A Basketbol Tak\u0131m\u0131 Antren\u00f6r\u00fc<\/strong><\/td>\n<\/tr>\n<tr>\n<td><\/td>\n<\/tr>\n<\/tbody>\n<\/table>\n<\/td>\n<\/tr>\n<\/tbody>\n<\/table>\n<p>&nbsp;<\/p>\n<table border=\"0\" width=\"450\" cellspacing=\"0\" cellpadding=\"0\">\n<tbody>\n<tr>\n<td valign=\"top\" width=\"170\"><img decoding=\"async\" src=\"https:\/\/cdn.fenerbahce.org\/pic_lib\/cemal150.jpg\" \/><\/td>\n<td valign=\"top\" width=\"280\">\n<table border=\"0\" width=\"279\" cellspacing=\"0\" cellpadding=\"0\">\n<tbody>\n<tr>\n<td>Cemal Yetkin<\/td>\n<\/tr>\n<tr>\n<td><strong>Do\u011fum Tarihi:<\/strong> 24-02-1995<\/td>\n<\/tr>\n<tr>\n<td><strong>Do\u011fum Yeri:<\/strong> \u0130stanbul<\/td>\n<\/tr>\n<tr>\n<td><strong>Fenerbah\u00e7e&#8217;ye Geli\u015f Tarihi:<\/strong> 2017<\/td>\n<\/tr>\n<tr>\n<td><strong>K\u00fc\u00e7\u00fck B Basketbol Tak\u0131m\u0131 Antren\u00f6r\u00fc<\/strong><\/td>\n<\/tr>\n<tr>\n<td><strong>Daha \u00d6nce \u00c7al\u0131\u015ft\u0131rd\u0131\u011f\u0131 Tak\u0131mlar: <\/strong>Dostlukspor, \u0130stanbulg\u00fcc\u00fc.<\/td>\n<\/tr>\n<\/tbody>\n<\/table>\n<\/td>\n<\/tr>\n<\/tbody>\n<\/table>\n<p>[\/vc_column_text][\/vc_tta_section][vc_tta_section title=&#8221;Kad\u0131n Basketbol Gen\u00e7 ve Geli\u015fim Tak\u0131m\u0131&#8221; tab_id=&#8221;1536499833963-b2d52070-d4a7&#8243;][vc_column_text]Kadrolar g\u00fcncellenmektedir.[\/vc_column_text][\/vc_tta_section][vc_tta_section title=&#8221;Kad\u0131n Basketbol Y\u0131ld\u0131z Tak\u0131m\u0131&#8221; tab_id=&#8221;1536499871065-12bb5890-6fc4&#8243;][vc_column_text]<\/p>\n<table border=\"0\" width=\"450\" cellspacing=\"0\" cellpadding=\"0\">\n<tbody>\n<tr>\n<td valign=\"top\" width=\"170\"><img decoding=\"async\" src=\"https:\/\/cdn.fenerbahce.org\/pic_lib\/tuanaasilturk.jpg\" width=\"150\" height=\"150\" \/><\/td>\n<td valign=\"top\" width=\"280\">\n<table border=\"0\" width=\"279\" cellspacing=\"0\" cellpadding=\"0\">\n<tbody>\n<tr>\n<td>Oyuncunun ad\u0131: Tuana Asilt\u00fcrk<\/td>\n<\/tr>\n<tr>\n<td>Do\u011fum Tarihi: 04-02-2004<\/td>\n<\/tr>\n<tr>\n<td>Do\u011fum Yeri: \u0130stanbul<\/td>\n<\/tr>\n<tr>\n<td>Boyu: 1-78<\/td>\n<\/tr>\n<tr>\n<td>Kilosu:<b>\u00a0<\/b>70<\/td>\n<\/tr>\n<tr>\n<td>Mevkii:<strong>\u00a0<\/strong>Forvet<\/td>\n<\/tr>\n<tr>\n<td>Forma Numaras\u0131:<b>\u00a0<\/b>10<\/td>\n<\/tr>\n<tr>\n<td>Fenerbah\u00e7e&#8217;ye Geli\u015f Tarihi: 2015<\/td>\n<\/tr>\n<tr>\n<td>Daha \u00d6nce Oynad\u0131\u011f\u0131 Tak\u0131mlar: \u0130stanbul Y\u0131ld\u0131zlar\u0131<\/td>\n<\/tr>\n<tr>\n<td><\/td>\n<\/tr>\n<tr>\n<td>Ba\u015far\u0131lar\u0131: U12 Geli\u015fim Ligi \u015eampiyonlu\u011fu,<br \/>\nOkullarda k\u00fc\u00e7\u00fck k\u0131zlar \u0130l\u00e7e, \u0130stanbul, T\u00fcrkiye \u015fampiyonlu\u011fu, Akademi Lig \u015fampiyonlu\u011fu, \u0130l Karmas\u0131 2016-2017 T\u00fcrkiye 2&#8217;ncisi, U13 \u0130stanbul ve T\u00fcrkiye \u015eampiyonlu\u011fu, U14 2017 \u0130stanbul 2&#8217;ncisi, U14 2017 T\u00fcrkiye yedincisi, Okullarda Y\u0131ld\u0131z K\u0131zlar \u0130stanbul ikincisi, U14 2018 \u0130stanbul d\u00f6rd\u00fcnc\u00fcs\u00fc, 2017 \u0130spanya MIC \u00d6zel Turnuva \u00fc\u00e7\u00fcnc\u00fcs\u00fc, 2017 \u0130spanya MIC \u00d6zel En \u0130yi \u0130lk 5, 2017 Bel\u00e7ika Coca-Cola X-mas Turnuvas\u0131 \u015eampiyonlu\u011fu, 2017 Bel\u00e7ika Coca-Cola X-mas Turnuvas\u0131 MVP.<\/td>\n<\/tr>\n<tr>\n<td><\/td>\n<\/tr>\n<\/tbody>\n<\/table>\n<\/td>\n<\/tr>\n<tr>\n<td valign=\"top\" width=\"170\"><\/td>\n<td valign=\"top\" width=\"280\"><\/td>\n<\/tr>\n<\/tbody>\n<\/table>\n<table border=\"0\" width=\"450\" cellspacing=\"0\" cellpadding=\"0\">\n<tbody>\n<tr>\n<td valign=\"top\" width=\"170\"><img decoding=\"async\" src=\"https:\/\/cdn.fenerbahce.org\/pic_lib\/silanazbas.jpg\" width=\"150\" height=\"150\" \/><\/td>\n<td valign=\"top\" width=\"280\">\n<table border=\"0\" width=\"279\" cellspacing=\"0\" cellpadding=\"0\">\n<tbody>\n<tr>\n<td>Oyuncunun ad\u0131:S\u0131la Naz Ba\u015f<\/td>\n<\/tr>\n<tr>\n<td>Do\u011fum Tarihi: 06-01-2004<\/td>\n<\/tr>\n<tr>\n<td>Do\u011fum Yeri: \u0130stanbul<\/td>\n<\/tr>\n<tr>\n<td>Boyu: 1-80<\/td>\n<\/tr>\n<tr>\n<td>Kilosu:<b>\u00a0<\/b>70<\/td>\n<\/tr>\n<tr>\n<td>Mevkii:<strong>\u00a0<\/strong>Forvet<\/td>\n<\/tr>\n<tr>\n<td>Forma Numaras\u0131:<b>\u00a0<\/b>16<\/td>\n<\/tr>\n<tr>\n<td>Fenerbah\u00e7e&#8217;ye Geli\u015f Tarihi: 2014<\/td>\n<\/tr>\n<tr>\n<td>Daha \u00d6nce Oynad\u0131\u011f\u0131 Tak\u0131mlar :D.S.\u0130<\/td>\n<\/tr>\n<tr>\n<td><\/td>\n<\/tr>\n<tr>\n<td>Ba\u015far\u0131lar\u0131: U-12 Geli\u015fim Ligi \u015eampiyonlu\u011fu Okullarda K\u00fc\u00e7\u00fck K\u0131zlarda \u0130l\u00e7e, \u0130stanbul ve T\u00fcrkiye \u015eampiypiyonlu\u011fu Akademi Lig \u015eampiyonu \u0130l Karmas\u0131 T\u00fcrkiye 2, 2016-17 U-13 \u0130stanbul ve T\u00fcrkiye \u015eampiyonu U- 14 \u0130stanbul 2, Okularda Y\u0131ld\u0131z KL\u0131zlarda \u0130stanbul 2, 2017 \u0130spanya MIC \u00f6zel turnuva 3.<\/td>\n<\/tr>\n<tr>\n<td><\/td>\n<\/tr>\n<\/tbody>\n<\/table>\n<\/td>\n<\/tr>\n<tr>\n<td valign=\"top\" width=\"170\"><\/td>\n<td valign=\"top\" width=\"280\"><\/td>\n<\/tr>\n<\/tbody>\n<\/table>\n<table border=\"0\" width=\"450\" cellspacing=\"0\" cellpadding=\"0\">\n<tbody>\n<tr>\n<td valign=\"top\" width=\"170\"><img decoding=\"async\" src=\"https:\/\/cdn.fenerbahce.org\/pic_lib\/oykubulbulkaya.jpg\" width=\"150\" height=\"150\" \/><\/td>\n<td valign=\"top\" width=\"280\">\n<table border=\"0\" width=\"279\" cellspacing=\"0\" cellpadding=\"0\">\n<tbody>\n<tr>\n<td>Oyuncunun ad\u0131: \u00d6yk\u00fc B\u00fclb\u00fclkaya<\/td>\n<\/tr>\n<tr>\n<td>Do\u011fum Tarihi: 20-03-2004<\/td>\n<\/tr>\n<tr>\n<td>Do\u011fum Yeri: \u0130stanbul<\/td>\n<\/tr>\n<tr>\n<td>Boyu: 1-73<\/td>\n<\/tr>\n<tr>\n<td>Kilosu:<b>\u00a0<\/b>60<\/td>\n<\/tr>\n<tr>\n<td>Mevkii:<strong>\u00a0<\/strong>Forvet<\/td>\n<\/tr>\n<tr>\n<td>Forma Numaras\u0131:<b>\u00a0<\/b>18<\/td>\n<\/tr>\n<tr>\n<td>Fenerbah\u00e7e&#8217;ye Geli\u015f Tarihi: 2013<\/td>\n<\/tr>\n<tr>\n<td>&nbsp;<\/td>\n<\/tr>\n<tr>\n<td>\n<p>Ba\u015far\u0131lar\u0131: U-12\u00a0 geli\u015fim ligi \u015fampiyonlu\u011fu, okullarda k\u00fc\u00e7\u00fck k\u0131zlarda il\u00e7e, \u0130stanbul ve T\u00fcrkiye \u015fampiyonlu\u011fu, akademi lig \u015fampiyonlu\u011funu, il karmas\u0131 T\u00fcrkiye 2, 2016 &#8211; 17 U-13 \u0130stanbul ve T\u00fcrkiye \u015fampiyonlu\u011fu Ve turnuvan\u0131n MVP U-14 \u0130stanbul 2, 2017 ispanya MIC \u00f6zel turnuva 3, X-mas \u00f6zel turnuva 1. U-14 \u0130stabul 4.<\/p>\n<table>\n<tbody>\n<tr>\n<td><\/td>\n<\/tr>\n<\/tbody>\n<\/table>\n<\/td>\n<\/tr>\n<tr>\n<td><\/td>\n<\/tr>\n<\/tbody>\n<\/table>\n<\/td>\n<\/tr>\n<tr>\n<td valign=\"top\" width=\"170\"><\/td>\n<td valign=\"top\" width=\"280\"><\/td>\n<\/tr>\n<\/tbody>\n<\/table>\n<table border=\"0\" width=\"450\" cellspacing=\"0\" cellpadding=\"0\">\n<tbody>\n<tr>\n<td valign=\"top\" width=\"170\"><img decoding=\"async\" src=\"https:\/\/cdn.fenerbahce.org\/pic_lib\/aysegumus.jpg\" width=\"150\" height=\"150\" \/><\/td>\n<td valign=\"top\" width=\"280\">\n<table border=\"0\" width=\"279\" cellspacing=\"0\" cellpadding=\"0\">\n<tbody>\n<tr>\n<td>Oyuncunun ad\u0131: Ay\u015fe G\u00fcm\u00fc\u015f<\/td>\n<\/tr>\n<tr>\n<td>Do\u011fum Tarihi: 17-12-2004<\/td>\n<\/tr>\n<tr>\n<td>Do\u011fum Yeri: \u0130stanbul<\/td>\n<\/tr>\n<tr>\n<td>Boyu: 1-68<\/td>\n<\/tr>\n<tr>\n<td>Kilosu: 63<\/td>\n<\/tr>\n<tr>\n<td>Mevkii:<strong>\u00a0<\/strong>Forvet<\/td>\n<\/tr>\n<tr>\n<td>Forma Numaras\u0131:<b>\u00a0<\/b>17<\/td>\n<\/tr>\n<tr>\n<td>Fenerbah\u00e7e&#8217;ye Geli\u015f Tarihi: 2013<\/td>\n<\/tr>\n<tr>\n<td>&nbsp;<\/td>\n<\/tr>\n<tr>\n<td>Ba\u015far\u0131lar\u0131: Akademi Ligi \u015eampiyonlu\u011fu,\u0130stanbul ve T\u00fcrkiye \u015eampiyonlu\u011fu,MIC Turnuva 3.l\u00fc\u011f\u00fc,X-mas Turnuva \u015eampiyonlu\u011fu,\u0130stanbul d\u00f6rd\u00fcnc\u00fcl\u00fc\u011f\u00fc.<\/td>\n<\/tr>\n<tr>\n<td><\/td>\n<\/tr>\n<\/tbody>\n<\/table>\n<\/td>\n<\/tr>\n<tr>\n<td valign=\"top\" width=\"170\"><\/td>\n<td valign=\"top\" width=\"280\"><\/td>\n<\/tr>\n<\/tbody>\n<\/table>\n<table border=\"0\" width=\"450\" cellspacing=\"0\" cellpadding=\"0\">\n<tbody>\n<tr>\n<td valign=\"top\" width=\"170\"><img decoding=\"async\" src=\"https:\/\/cdn.fenerbahce.org\/pic_lib\/ayseyilmazzz.jpg\" width=\"150\" height=\"150\" \/><\/td>\n<td valign=\"top\" width=\"280\">\n<table border=\"0\" width=\"279\" cellspacing=\"0\" cellpadding=\"0\">\n<tbody>\n<tr>\n<td>Oyuncunun ad\u0131: Ay\u015fe Y\u0131lmaz<\/td>\n<\/tr>\n<tr>\n<td>Do\u011fum Tarihi: 13-08-2003<\/td>\n<\/tr>\n<tr>\n<td>Do\u011fum Yeri: \u0130stanbul<\/td>\n<\/tr>\n<tr>\n<td>Boyu: 1-73<\/td>\n<\/tr>\n<tr>\n<td>Kilosu: 58<\/td>\n<\/tr>\n<tr>\n<td>Mevkii: Guard<\/td>\n<\/tr>\n<tr>\n<td>Forma Numaras\u0131:<b>\u00a0<\/b>30<\/td>\n<\/tr>\n<tr>\n<td>Fenerbah\u00e7e&#8217;ye Geli\u015f Tarihi: 2014<\/td>\n<\/tr>\n<tr>\n<td>&nbsp;<\/td>\n<\/tr>\n<tr>\n<td>Ba\u015far\u0131lar\u0131: \u0130stanbul geli\u015fim ligi \u015fampiyonlu\u011fu, \u0130stanbul okullarda il\u00e7e 1, okullarda \u0130stanbul 2, U-14 istanbul 2, \u0130l karmas\u0131 t\u00fcrkiye 2, okullarda \u0130stanbul 2, U-16 t\u00fcrkiye \u015fampiyonas\u0131 2 ve U15 T\u00fcrkiye \u015eampiyonas\u0131 4.<\/td>\n<\/tr>\n<tr>\n<td><\/td>\n<\/tr>\n<\/tbody>\n<\/table>\n<\/td>\n<\/tr>\n<tr>\n<td valign=\"top\" width=\"170\"><\/td>\n<td valign=\"top\" width=\"280\"><\/td>\n<\/tr>\n<\/tbody>\n<\/table>\n<table border=\"0\" width=\"450\" cellspacing=\"0\" cellpadding=\"0\">\n<tbody>\n<tr>\n<td valign=\"top\" width=\"170\"><img decoding=\"async\" src=\"https:\/\/cdn.fenerbahce.org\/pic_lib\/iremerdik.jpg\" width=\"150\" height=\"150\" \/><\/td>\n<td valign=\"top\" width=\"280\">\n<table border=\"0\" width=\"279\" cellspacing=\"0\" cellpadding=\"0\">\n<tbody>\n<tr>\n<td>Oyuncunun ad\u0131: \u0130rem Erdik<\/td>\n<\/tr>\n<tr>\n<td>Do\u011fum Tarihi: 21-12-2004<\/td>\n<\/tr>\n<tr>\n<td>Do\u011fum Yeri:\u0130 stanbul<\/td>\n<\/tr>\n<tr>\n<td>Boyu: 1-69<\/td>\n<\/tr>\n<tr>\n<td>Kilosu: 57<\/td>\n<\/tr>\n<tr>\n<td>Mevkii: Guard<\/td>\n<\/tr>\n<tr>\n<td>Forma Numaras\u0131: 4<\/td>\n<\/tr>\n<tr>\n<td>Fenerbah\u00e7e&#8217;ye Geli\u015f Tarihi: 2014<\/td>\n<\/tr>\n<tr>\n<td>Daha \u00d6nce Oynad\u0131\u011f\u0131 Tak\u0131mlar: D.S.\u0130<\/td>\n<\/tr>\n<tr>\n<td><\/td>\n<\/tr>\n<tr>\n<td>Ba\u015far\u0131lar\u0131: U-12 geli\u015fim ligi \u015fampiyonlu\u011fu, okullarda k\u00fc\u00e7\u00fck k\u0131zlar il\u00e7e,\u0130l ve T\u00fcrkiye \u015fampiyonlu\u011fu, U-13 \u0130stanbul ve T\u00fcrkiye \u015fampiyonlu\u011fu, MIC \u00f6zel turnuva 3, X-mas \u00f6zel turnuva \u015fampiyonlu\u011fu, U-15 T\u00fcrkiye 4, U-14 \u0130stanbul 4.<\/td>\n<\/tr>\n<tr>\n<td><\/td>\n<\/tr>\n<\/tbody>\n<\/table>\n<\/td>\n<\/tr>\n<tr>\n<td valign=\"top\" width=\"170\"><\/td>\n<td valign=\"top\" width=\"280\"><\/td>\n<\/tr>\n<\/tbody>\n<\/table>\n<table border=\"0\" width=\"450\" cellspacing=\"0\" cellpadding=\"0\">\n<tbody>\n<tr>\n<td valign=\"top\" width=\"170\"><img decoding=\"async\" src=\"https:\/\/cdn.fenerbahce.org\/pic_lib\/dilayusta.JPG\" width=\"150\" height=\"150\" \/><\/td>\n<td valign=\"top\" width=\"280\">\n<table border=\"0\" width=\"279\" cellspacing=\"0\" cellpadding=\"0\">\n<tbody>\n<tr>\n<td>Oyuncunun ad\u0131: Dilay Usta<\/td>\n<\/tr>\n<tr>\n<td>Do\u011fum Tarihi: 26-02-2004<\/td>\n<\/tr>\n<tr>\n<td>Do\u011fum Yeri: \u0130stanbul<\/td>\n<\/tr>\n<tr>\n<td>Boyu: 1-74<\/td>\n<\/tr>\n<tr>\n<td>Kilosu: 61<\/td>\n<\/tr>\n<tr>\n<td>Mevkii: Guard<\/td>\n<\/tr>\n<tr>\n<td>Forma Numaras\u0131<b>:\u00a0<\/b>5<\/td>\n<\/tr>\n<tr>\n<td>Fenerbah\u00e7e&#8217;ye Geli\u015f Tarihi: 2012<\/td>\n<\/tr>\n<tr>\n<td>Daha \u00d6nce Oynad\u0131\u011f\u0131 Tak\u0131mlar: Bat\u0131spor<\/td>\n<\/tr>\n<tr>\n<td><\/td>\n<\/tr>\n<tr>\n<td>Ba\u015far\u0131lar\u0131: U-12 geli\u015fim ligi \u015fampiyonlu\u011fu, U-13 \u0130stanbul ve T\u00fcrkiye \u015fampiyonlu\u011fu, MIC \u00f6zel turnuva 3, X-mas \u00f6zel turnuva \u015fampiyonlu\u011fu, U-14 \u0130stanbul 4, Il karmasI \u00a0T\u00fcrkiye 2.<\/td>\n<\/tr>\n<tr>\n<td><\/td>\n<\/tr>\n<\/tbody>\n<\/table>\n<\/td>\n<\/tr>\n<tr>\n<td valign=\"top\" width=\"170\"><\/td>\n<td valign=\"top\" width=\"280\"><\/td>\n<\/tr>\n<\/tbody>\n<\/table>\n<table border=\"0\" width=\"450\" cellspacing=\"0\" cellpadding=\"0\">\n<tbody>\n<tr>\n<td valign=\"top\" width=\"170\"><img decoding=\"async\" src=\"https:\/\/cdn.fenerbahce.org\/pic_lib\/mukadderidiltopkaya.jpg\" width=\"150\" height=\"150\" \/><\/td>\n<td valign=\"top\" width=\"280\">\n<table border=\"0\" width=\"279\" cellspacing=\"0\" cellpadding=\"0\">\n<tbody>\n<tr>\n<td>Oyuncunun ad\u0131: Mukadder \u0130dil Topkaya<\/td>\n<\/tr>\n<tr>\n<td>Do\u011fum Tarihi: 03-01-2004<\/td>\n<\/tr>\n<tr>\n<td>Do\u011fum Yeri: \u0130stanbul<\/td>\n<\/tr>\n<tr>\n<td>Boyu: 1-78<\/td>\n<\/tr>\n<tr>\n<td>Kilosu: 68<\/td>\n<\/tr>\n<tr>\n<td>Mevkii: Pivot<\/td>\n<\/tr>\n<tr>\n<td>Forma Numaras\u0131<b>:\u00a0<\/b>15<\/td>\n<\/tr>\n<tr>\n<td>Fenerbah\u00e7e&#8217;ye Geli\u015f Tarihi: 2013<\/td>\n<\/tr>\n<tr>\n<td>&nbsp;<\/td>\n<\/tr>\n<tr>\n<td>Ba\u015far\u0131lar\u0131: Akademi ligi \u015fampiyonlu\u011fu, \u0130stanbul ve T\u00fcrkiye \u015fampiyonlu\u011fu, MIC turnuva 3.l\u00fc\u011f\u00fc, okullarda il\u00e7e, \u0130stanbul, T\u00fcrkiye birincili\u011fi, X-mas turnuva \u015fampiyonlu\u011fu, \u0130stanbul 4.l\u00fc\u011f\u00fc.<\/td>\n<\/tr>\n<tr>\n<td><\/td>\n<\/tr>\n<\/tbody>\n<\/table>\n<\/td>\n<\/tr>\n<tr>\n<td valign=\"top\" width=\"170\"><\/td>\n<td valign=\"top\" width=\"280\"><\/td>\n<\/tr>\n<\/tbody>\n<\/table>\n<table border=\"0\" width=\"450\" cellspacing=\"0\" cellpadding=\"0\">\n<tbody>\n<tr>\n<td valign=\"top\" width=\"170\"><img decoding=\"async\" src=\"https:\/\/cdn.fenerbahce.org\/pic_lib\/caglakaratekin.JPG\" width=\"150\" height=\"150\" \/><\/td>\n<td valign=\"top\" width=\"280\">\n<table border=\"0\" width=\"279\" cellspacing=\"0\" cellpadding=\"0\">\n<tbody>\n<tr>\n<td>Oyuncunun ad\u0131: \u00c7a\u011fla Karatekin<\/td>\n<\/tr>\n<tr>\n<td>Do\u011fum Tarihi: 28-11-2003<\/td>\n<\/tr>\n<tr>\n<td>Do\u011fum Yeri: \u0130stanbul<\/td>\n<\/tr>\n<tr>\n<td>Boyu: 1-81<\/td>\n<\/tr>\n<tr>\n<td>Kilosu: 61<\/td>\n<\/tr>\n<tr>\n<td>Mevkii: Forvet<\/td>\n<\/tr>\n<tr>\n<td>Forma Numaras\u0131:<b>\u00a0<\/b>23<\/td>\n<\/tr>\n<tr>\n<td>Fenerbah\u00e7e&#8217;ye Geli\u015f Tarihi: 2017<\/td>\n<\/tr>\n<tr>\n<td>Daha \u00d6nce Oynad\u0131\u011f\u0131 Tak\u0131mlar: D.S.\u0130<\/td>\n<\/tr>\n<tr>\n<td><\/td>\n<\/tr>\n<tr>\n<td>Ba\u015far\u0131lar\u0131: 2017-18U-16 T\u00fcrkiye 2,2017-18 U-15 T\u00fcrkiye 4, Okullarda 2 kez \u0130l\u00e7e \u015eampiyonlu\u011fu Okullarda \u0130stanbul \u015eampiyonlu\u011fuOkullarda \u0130l\u00e7e 3.l\u00fc\u011f\u00fc.<\/td>\n<\/tr>\n<tr>\n<td><\/td>\n<\/tr>\n<\/tbody>\n<\/table>\n<\/td>\n<\/tr>\n<tr>\n<td valign=\"top\" width=\"170\"><\/td>\n<td valign=\"top\" width=\"280\"><\/td>\n<\/tr>\n<\/tbody>\n<\/table>\n<table border=\"0\" width=\"450\" cellspacing=\"0\" cellpadding=\"0\">\n<tbody>\n<tr>\n<td valign=\"top\" width=\"170\"><img decoding=\"async\" src=\"https:\/\/cdn.fenerbahce.org\/pic_lib\/gunestahtali.JPG\" width=\"150\" height=\"150\" \/><\/td>\n<td valign=\"top\" width=\"280\">\n<table border=\"0\" width=\"279\" cellspacing=\"0\" cellpadding=\"0\">\n<tbody>\n<tr>\n<td>Oyuncunun ad\u0131: G\u00fcne\u015f Tahtal\u0131<\/td>\n<\/tr>\n<tr>\n<td>Do\u011fum Tarihi: 07-12-2004<\/td>\n<\/tr>\n<tr>\n<td>Do\u011fum Yeri: \u0130stanbul<\/td>\n<\/tr>\n<tr>\n<td>Boyu: 1-79<\/td>\n<\/tr>\n<tr>\n<td>Kilosu: 67<\/td>\n<\/tr>\n<tr>\n<td>Mevkii: Forvet<\/td>\n<\/tr>\n<tr>\n<td>Forma Numaras\u0131<b>:\u00a0<\/b>7<\/td>\n<\/tr>\n<tr>\n<td>Fenerbah\u00e7e&#8217;ye Geli\u015f Tarihi: 2017<\/td>\n<\/tr>\n<tr>\n<td>Daha \u00d6nce Oynad\u0131\u011f\u0131 Tak\u0131mlar: AG\u00dc, \u0130\u00dcSK<\/td>\n<\/tr>\n<tr>\n<td><\/td>\n<\/tr>\n<tr>\n<td>Ba\u015far\u0131lar\u0131: Kayseri \u0130l \u015eampiyonlu\u011fu, Bel\u00e7ika x-mas Turnuvas\u0131 \u015eampiyonlu\u011fu U-15 T\u00fcrkiye d\u00f6rd\u00fcnc\u00fcl\u00fc\u011f\u00fc.<\/td>\n<\/tr>\n<tr>\n<td><\/td>\n<\/tr>\n<\/tbody>\n<\/table>\n<\/td>\n<\/tr>\n<tr>\n<td valign=\"top\" width=\"170\"><\/td>\n<td valign=\"top\" width=\"280\"><\/td>\n<\/tr>\n<\/tbody>\n<\/table>\n<table border=\"0\" width=\"450\" cellspacing=\"0\" cellpadding=\"0\">\n<tbody>\n<tr>\n<td valign=\"top\" width=\"170\"><img decoding=\"async\" src=\"https:\/\/cdn.fenerbahce.org\/pic_lib\/eceata.JPG\" width=\"150\" height=\"150\" \/><\/td>\n<td valign=\"top\" width=\"280\">\n<table border=\"0\" width=\"279\" cellspacing=\"0\" cellpadding=\"0\">\n<tbody>\n<tr>\n<td>Oyuncunun ad\u0131: Ece Ata<\/td>\n<\/tr>\n<tr>\n<td>Do\u011fum Tarihi: 04-11-2004<\/td>\n<\/tr>\n<tr>\n<td>Do\u011fum Yeri: \u0130stanbul<\/td>\n<\/tr>\n<tr>\n<td>Boyu: 1-88<\/td>\n<\/tr>\n<tr>\n<td>Kilosu: 85<\/td>\n<\/tr>\n<tr>\n<td>Mevkii: Pivot<\/td>\n<\/tr>\n<tr>\n<td>Forma Numaras\u0131<b>:\u00a0<\/b>20<\/td>\n<\/tr>\n<tr>\n<td>Fenerbah\u00e7e&#8217;ye Geli\u015f Tarihi: 2017<\/td>\n<\/tr>\n<tr>\n<td>Daha \u00d6nce Oynad\u0131\u011f\u0131 Tak\u0131mlar: Marmara Basketbol Akademi.<\/td>\n<\/tr>\n<tr>\n<td><\/td>\n<\/tr>\n<tr>\n<td>&nbsp;<\/td>\n<\/tr>\n<\/tbody>\n<\/table>\n<\/td>\n<\/tr>\n<tr>\n<td valign=\"top\" width=\"170\"><\/td>\n<td valign=\"top\" width=\"280\"><\/td>\n<\/tr>\n<\/tbody>\n<\/table>\n<table border=\"0\" width=\"450\" cellspacing=\"0\" cellpadding=\"0\">\n<tbody>\n<tr>\n<td valign=\"top\" width=\"170\"><img decoding=\"async\" src=\"https:\/\/cdn.fenerbahce.org\/pic_lib\/irmakguclu.JPG\" width=\"150\" height=\"150\" \/><\/td>\n<td valign=\"top\" width=\"280\">\n<table border=\"0\" width=\"279\" cellspacing=\"0\" cellpadding=\"0\">\n<tbody>\n<tr>\n<td>Oyuncunun ad\u0131:Irmak G\u00fc\u00e7l\u00fc<\/td>\n<\/tr>\n<tr>\n<td>Do\u011fum Tarihi: 08-09-2004<\/td>\n<\/tr>\n<tr>\n<td>Do\u011fum Yeri: \u0130stanbul<\/td>\n<\/tr>\n<tr>\n<td>Boyu: 1-75<\/td>\n<\/tr>\n<tr>\n<td>Kilosu: 58<\/td>\n<\/tr>\n<tr>\n<td>Mevkii: Guard<\/td>\n<\/tr>\n<tr>\n<td>Forma Numaras\u0131<b>:\u00a0<\/b>8<\/td>\n<\/tr>\n<tr>\n<td>Fenerbah\u00e7e&#8217;ye Geli\u015f Tarihi: 2013<\/td>\n<\/tr>\n<tr>\n<td>&nbsp;<\/td>\n<\/tr>\n<tr>\n<td>Ba\u015far\u0131lar\u0131: U-12 Geli\u015fim Ligi \u015eampiyonlu\u011fu Okullarda \u0130l\u00e7e \u0130stanbul ve T\u00fcrkiye \u015eampiyonlu\u011fu Barcelona MIC3, X-mas Turnuvas\u0131 \u015eampiyonlu\u011fu \u0130stanbul 4, Akademi Ligi \u015eampiyonlu\u011fu, Okullarda \u0130stanbul \u0130kincili\u011fi.<\/td>\n<\/tr>\n<tr>\n<td><\/td>\n<\/tr>\n<\/tbody>\n<\/table>\n<\/td>\n<\/tr>\n<tr>\n<td valign=\"top\" width=\"170\"><\/td>\n<td valign=\"top\" width=\"280\"><\/td>\n<\/tr>\n<\/tbody>\n<\/table>\n<table border=\"0\" width=\"450\" cellspacing=\"0\" cellpadding=\"0\">\n<tbody>\n<tr>\n<td valign=\"top\" width=\"170\"><img decoding=\"async\" src=\"https:\/\/cdn.fenerbahce.org\/pic_lib\/selenirembas.JPG\" width=\"150\" height=\"150\" \/><\/td>\n<td valign=\"top\" width=\"280\">\n<table border=\"0\" width=\"279\" cellspacing=\"0\" cellpadding=\"0\">\n<tbody>\n<tr>\n<td>Oyuncunun ad\u0131: Selen \u0130rem Ba\u015f<\/td>\n<\/tr>\n<tr>\n<td>Do\u011fum Tarihi: 01-02-2004<\/td>\n<\/tr>\n<tr>\n<td>Do\u011fum Yeri: Viyana<\/td>\n<\/tr>\n<tr>\n<td>Boyu: 1-80<\/td>\n<\/tr>\n<tr>\n<td>Kilosu: 58<\/td>\n<\/tr>\n<tr>\n<td>Mevkii: Forvet<\/td>\n<\/tr>\n<tr>\n<td>Forma Numaras\u0131: 25<\/td>\n<\/tr>\n<tr>\n<td>Fenerbah\u00e7e&#8217;ye Geli\u015f Tarihi: 2016<\/td>\n<\/tr>\n<tr>\n<td>Daha \u00d6nce Oynad\u0131\u011f\u0131 Tak\u0131mlar: \u0130T\u00dc<\/td>\n<\/tr>\n<tr>\n<td><\/td>\n<\/tr>\n<tr>\n<td>Ba\u015far\u0131lar\u0131: 2017-18 U-13 \u0130stanbul ve T\u00fcrkiye \u015eampiyonu Barcelona MIC 3, X-mas turnuvas\u0131 \u015eampiyonlu\u011fu.<\/td>\n<\/tr>\n<tr>\n<td><\/td>\n<\/tr>\n<\/tbody>\n<\/table>\n<\/td>\n<\/tr>\n<tr>\n<td valign=\"top\" width=\"170\"><\/td>\n<td valign=\"top\" width=\"280\"><\/td>\n<\/tr>\n<\/tbody>\n<\/table>\n<table border=\"0\" width=\"450\" cellspacing=\"0\" cellpadding=\"0\">\n<tbody>\n<tr>\n<td valign=\"top\" width=\"170\"><img decoding=\"async\" src=\"https:\/\/cdn.fenerbahce.org\/pic_lib\/neslihanpeker.jpg\" width=\"150\" height=\"150\" \/><\/td>\n<td valign=\"top\" width=\"280\">\n<table border=\"0\" width=\"279\" cellspacing=\"0\" cellpadding=\"0\">\n<tbody>\n<tr>\n<td>Oyuncunun ad\u0131: Neslihan Peker<\/td>\n<\/tr>\n<tr>\n<td>Do\u011fum Tarihi: 01-01-2004<\/td>\n<\/tr>\n<tr>\n<td>Do\u011fum Yeri: Mersin<\/td>\n<\/tr>\n<tr>\n<td>Boyu: 1-70<\/td>\n<\/tr>\n<tr>\n<td>Kilosu: 60<\/td>\n<\/tr>\n<tr>\n<td>Mevkii: Guard<\/td>\n<\/tr>\n<tr>\n<td>Forma Numaras\u0131: 6<\/td>\n<\/tr>\n<tr>\n<td>Fenerbah\u00e7e&#8217;ye Geli\u015f Tarihi: 2017<\/td>\n<\/tr>\n<tr>\n<td>Daha \u00d6nce Oynad\u0131\u011f\u0131 Tak\u0131mlar: Mersin B\u015eB.<\/td>\n<\/tr>\n<tr>\n<td><\/td>\n<\/tr>\n<tr>\n<td>Ba\u015far\u0131lar\u0131: 2015 Okullarda T\u00fcrkiye \u015eampiyonlu\u011fu2016 K\u00fc\u00e7\u00fck K\u0131zlar T\u00fcrkiye 2&#8217;ncili\u011fi, 2017 Bel\u00e7ika Coca-Cola X-mas Turnuvas\u0131 \u015eampiyonlu\u011fu<\/td>\n<\/tr>\n<tr>\n<td><\/td>\n<\/tr>\n<\/tbody>\n<\/table>\n<\/td>\n<\/tr>\n<tr>\n<td valign=\"top\" width=\"170\"><\/td>\n<td valign=\"top\" width=\"280\"><\/td>\n<\/tr>\n<\/tbody>\n<\/table>\n<table border=\"0\" width=\"450\" cellspacing=\"0\" cellpadding=\"0\">\n<tbody>\n<tr>\n<td valign=\"top\" width=\"170\"><img decoding=\"async\" src=\"https:\/\/cdn.fenerbahce.org\/pic_lib\/yagmurguleryuz.JPG\" width=\"150\" height=\"150\" \/><\/td>\n<td valign=\"top\" width=\"280\">\n<table border=\"0\" width=\"279\" cellspacing=\"0\" cellpadding=\"0\">\n<tbody>\n<tr>\n<td>Oyuncunun ad\u0131: Ya\u011fmur G\u00fclery\u00fcz<\/td>\n<\/tr>\n<tr>\n<td>Do\u011fum Tarihi: 21-099-2003<\/td>\n<\/tr>\n<tr>\n<td>Do\u011fum Yeri: \u0130stanbul<\/td>\n<\/tr>\n<tr>\n<td>Boyu: 1-87<\/td>\n<\/tr>\n<tr>\n<td>Kilosu: 91<\/td>\n<\/tr>\n<tr>\n<td>Mevkii: Pivot<\/td>\n<\/tr>\n<tr>\n<td>Forma Numaras\u0131:\u00a016<\/td>\n<\/tr>\n<tr>\n<td>Fenerbah\u00e7e&#8217;ye Geli\u015f Tarihi: 2011<\/td>\n<\/tr>\n<tr>\n<td>&nbsp;<\/td>\n<\/tr>\n<\/tbody>\n<\/table>\n<\/td>\n<\/tr>\n<tr>\n<td valign=\"top\" width=\"170\"><\/td>\n<td valign=\"top\" width=\"280\"><\/td>\n<\/tr>\n<\/tbody>\n<\/table>\n<p>&nbsp;<\/p>\n<table border=\"0\" width=\"450\" cellspacing=\"0\" cellpadding=\"0\">\n<tbody>\n<tr>\n<td valign=\"top\" width=\"170\"><img decoding=\"async\" src=\"https:\/\/cdn.fenerbahce.org\/pic_lib\/lallenasincar.jpg\" \/><\/td>\n<td valign=\"top\" width=\"280\">\n<table border=\"0\" width=\"279\" cellspacing=\"0\" cellpadding=\"0\">\n<tbody>\n<tr>\n<td>Oyuncunun ad\u0131: Lal Lena Sincar<\/td>\n<\/tr>\n<tr>\n<td>Do\u011fum tarihi:16-09-2003<\/td>\n<\/tr>\n<tr>\n<td>Do\u011fum Yeri:\u0130stanbul<\/td>\n<\/tr>\n<tr>\n<td>Boyu:1-66<\/td>\n<\/tr>\n<tr>\n<td>Kilosu<b>:55<\/b><\/td>\n<\/tr>\n<tr>\n<td>Mevkii<strong>:Guard<\/strong><\/td>\n<\/tr>\n<tr>\n<td>Forma Numaras\u0131<b>:11<\/b><\/td>\n<\/tr>\n<tr>\n<td>Fenerbah\u00e7e&#8217;ye Geli\u015f Tarihi:2015<\/td>\n<\/tr>\n<tr>\n<td>Daha \u00d6nce Oynad\u0131\u011f\u0131 Tak\u0131mlar FESA<\/td>\n<\/tr>\n<tr>\n<td>Millilik Say\u0131s\u0131;<\/td>\n<\/tr>\n<tr>\n<td>Ba\u015far\u0131lar\u0131:<strong>2016 \u0130l Karmas\u0131 T\u00fcrkiye 2.li\u011fi, 2017 U-14 \u0130stanbul 2.li\u011fi, 2018 U-16 T\u00fcrkiye 2.li\u011fi, 2018 U-15 T\u00fcrkiye 4.l\u00fc\u011f\u00fc.<\/strong><\/td>\n<\/tr>\n<\/tbody>\n<\/table>\n<\/td>\n<\/tr>\n<\/tbody>\n<\/table>\n<p>[\/vc_column_text][\/vc_tta_section][vc_tta_section title=&#8221;Kad\u0131n Basketbol K\u00fc\u00e7\u00fck A Tak\u0131m (U-14)&#8221; tab_id=&#8221;1536499986783-02e4b708-bd36&#8243;][vc_column_text]<\/p>\n<table border=\"0\" width=\"450\" cellspacing=\"0\" cellpadding=\"0\">\n<tbody>\n<tr>\n<td valign=\"top\" width=\"170\"><img decoding=\"async\" src=\"https:\/\/cdn.fenerbahce.org\/pic_lib\/cisilkalayli.JPG\" width=\"150\" height=\"150\" \/><\/td>\n<td valign=\"top\" width=\"280\">\n<table border=\"0\" width=\"279\" cellspacing=\"0\" cellpadding=\"0\">\n<tbody>\n<tr>\n<td>Oyuncunun ad\u0131: \u00c7isil Kalyal\u0131<\/td>\n<\/tr>\n<tr>\n<td>Do\u011fum Tarihi: 01-01-2005<\/td>\n<\/tr>\n<tr>\n<td>Do\u011fum Yeri: Kahramanmara\u015f<\/td>\n<\/tr>\n<tr>\n<td>Boyu: 1-77<\/td>\n<\/tr>\n<tr>\n<td>Kilosu:<b>\u00a0<\/b>65<\/td>\n<\/tr>\n<tr>\n<td>Mevkii: Forvet<\/td>\n<\/tr>\n<tr>\n<td>Forma Numaras\u0131:<b>\u00a0<\/b>24<\/td>\n<\/tr>\n<tr>\n<td>Fenerbah\u00e7e&#8217;ye Geli\u015f Tarihi: 2017<\/td>\n<\/tr>\n<tr>\n<td>&nbsp;<\/td>\n<\/tr>\n<tr>\n<td>Ba\u015far\u0131lar\u0131: 2017-18 U-13 \u0130stanbul \u015eampiyonlu\u011fu.<\/td>\n<\/tr>\n<tr>\n<td><\/td>\n<\/tr>\n<\/tbody>\n<\/table>\n<\/td>\n<\/tr>\n<tr>\n<td valign=\"top\" width=\"170\"><\/td>\n<td valign=\"top\" width=\"280\"><\/td>\n<\/tr>\n<\/tbody>\n<\/table>\n<p>&nbsp;<\/p>\n<table border=\"0\" width=\"450\" cellspacing=\"0\" cellpadding=\"0\">\n<tbody>\n<tr>\n<td valign=\"top\" width=\"170\"><img decoding=\"async\" src=\"https:\/\/cdn.fenerbahce.org\/pic_lib\/elifistanbulluoglu.JPG\" width=\"150\" height=\"150\" \/><\/td>\n<td valign=\"top\" width=\"280\">\n<table border=\"0\" width=\"279\" cellspacing=\"0\" cellpadding=\"0\">\n<tbody>\n<tr>\n<td>Oyuncunun ad\u0131: Elif \u0130stanbulluo\u011flu<\/td>\n<\/tr>\n<tr>\n<td>Do\u011fum Tarihi: 04-04-2005<\/td>\n<\/tr>\n<tr>\n<td>Do\u011fum Yeri: \u0130stanbul<\/td>\n<\/tr>\n<tr>\n<td>Boyu: 1-79<\/td>\n<\/tr>\n<tr>\n<td>Kilosu: 58<\/td>\n<\/tr>\n<tr>\n<td>Mevkii:<strong>\u00a0<\/strong>Forvet<\/td>\n<\/tr>\n<tr>\n<td>Forma Numaras\u0131: 1<\/td>\n<\/tr>\n<tr>\n<td>Fenerbah\u00e7e&#8217;ye Geli\u015f Tarihi: 2012<\/td>\n<\/tr>\n<tr>\n<td>&nbsp;<\/td>\n<\/tr>\n<tr>\n<td>Ba\u015far\u0131lar\u0131: 2016-17 U-13 \u0130stanbul \u015eampiyonu, 2016-17 U-12 \u0130stanbul 2, 2016-17 U-13 T\u00fcrkiye \u015eampiyonu, 2017-18 \u0130stanbul \u015eampiyonu, 2017-18 U-14 \u0130stanbul 4.<\/td>\n<\/tr>\n<tr>\n<td><\/td>\n<\/tr>\n<\/tbody>\n<\/table>\n<\/td>\n<\/tr>\n<tr>\n<td valign=\"top\" width=\"170\"><\/td>\n<td valign=\"top\" width=\"280\"><\/td>\n<\/tr>\n<\/tbody>\n<\/table>\n<table border=\"0\" width=\"450\" cellspacing=\"0\" cellpadding=\"0\">\n<tbody>\n<tr>\n<td valign=\"top\" width=\"170\"><img decoding=\"async\" src=\"https:\/\/cdn.fenerbahce.org\/pic_lib\/elifnazaldemir.JPG\" width=\"150\" height=\"150\" \/><\/td>\n<td valign=\"top\" width=\"280\">\n<table border=\"0\" width=\"279\" cellspacing=\"0\" cellpadding=\"0\">\n<tbody>\n<tr>\n<td>Oyuncunun ad\u0131: Elifnaz Aldemir<\/td>\n<\/tr>\n<tr>\n<td>Do\u011fum Tarihi: 14-02-2005<\/td>\n<\/tr>\n<tr>\n<td>Do\u011fum Yeri: \u0130stanbul<\/td>\n<\/tr>\n<tr>\n<td>Boyu: 1-75<\/td>\n<\/tr>\n<tr>\n<td>Kilosu: 55<\/td>\n<\/tr>\n<tr>\n<td>Mevkii: Forvet<\/td>\n<\/tr>\n<tr>\n<td>Forma Numaras\u0131: 8<\/td>\n<\/tr>\n<tr>\n<td>Fenerbah\u00e7e&#8217;ye Geli\u015f Tarihi: 2013<\/td>\n<\/tr>\n<tr>\n<td>&nbsp;<\/td>\n<\/tr>\n<tr>\n<td>Ba\u015far\u0131lar\u0131: 2016-17 U-13 \u0130stanbul ve T\u00fcrkiye \u015eampiyonu, 2016-17 U-12 \u0130stanbul 2, 2017-18 U-13 \u0130stanbul \u015eampiyonu, 2017-18 U-14 \u0130stanbul 4.<\/td>\n<\/tr>\n<tr>\n<td><\/td>\n<\/tr>\n<\/tbody>\n<\/table>\n<\/td>\n<\/tr>\n<tr>\n<td valign=\"top\" width=\"170\"><\/td>\n<td valign=\"top\" width=\"280\"><\/td>\n<\/tr>\n<\/tbody>\n<\/table>\n<table border=\"0\" width=\"450\" cellspacing=\"0\" cellpadding=\"0\">\n<tbody>\n<tr>\n<td valign=\"top\" width=\"170\"><img decoding=\"async\" src=\"https:\/\/cdn.fenerbahce.org\/pic_lib\/durunayman.JPG\" width=\"150\" height=\"150\" \/><\/td>\n<td valign=\"top\" width=\"280\">\n<table border=\"0\" width=\"279\" cellspacing=\"0\" cellpadding=\"0\">\n<tbody>\n<tr>\n<td>Oyuncunun ad\u0131: Duru Nayman<\/td>\n<\/tr>\n<tr>\n<td>Do\u011fum Tarihi: 01-02-2005<\/td>\n<\/tr>\n<tr>\n<td>Do\u011fum Yeri: \u0130stanbul<\/td>\n<\/tr>\n<tr>\n<td>Boyu: 1-66<\/td>\n<\/tr>\n<tr>\n<td>Kilosu:<b>\u00a0<\/b>48<\/td>\n<\/tr>\n<tr>\n<td>Mevkii: Guard<\/td>\n<\/tr>\n<tr>\n<td>Forma Numaras\u0131: 23<\/td>\n<\/tr>\n<tr>\n<td>Fenerbah\u00e7e&#8217;ye Geli\u015f Tarihi: 2012<\/td>\n<\/tr>\n<tr>\n<td>&nbsp;<\/td>\n<\/tr>\n<tr>\n<td>Ba\u015far\u0131lar\u0131: 2016-17 U-13 \u0130stanbul ve T\u00fcrkiye \u015eampiyonu, 2016-17 U-12 \u0130stanbul 2, 2017-18 U-13 \u0130stanbul \u015eampiyonu, 2017-18 U-14 \u0130stanbul 4.<\/td>\n<\/tr>\n<tr>\n<td><\/td>\n<\/tr>\n<\/tbody>\n<\/table>\n<\/td>\n<\/tr>\n<tr>\n<td valign=\"top\" width=\"170\"><\/td>\n<td valign=\"top\" width=\"280\"><\/td>\n<\/tr>\n<\/tbody>\n<\/table>\n<table border=\"0\" width=\"450\" cellspacing=\"0\" cellpadding=\"0\">\n<tbody>\n<tr>\n<td valign=\"top\" width=\"170\"><img decoding=\"async\" src=\"https:\/\/cdn.fenerbahce.org\/pic_lib\/siringizemacer.JPG\" width=\"150\" height=\"150\" \/><\/td>\n<td valign=\"top\" width=\"280\">\n<table border=\"0\" width=\"279\" cellspacing=\"0\" cellpadding=\"0\">\n<tbody>\n<tr>\n<td>Oyuncunun ad\u0131: \u015eirin Gizem Acer<\/td>\n<\/tr>\n<tr>\n<td>Do\u011fum Tarihi: 15-04-2005<\/td>\n<\/tr>\n<tr>\n<td>Do\u011fum Yeri: \u0130stanbul<\/td>\n<\/tr>\n<tr>\n<td>Boyu: 1.73<\/td>\n<\/tr>\n<tr>\n<td>Kilosu: 60<\/td>\n<\/tr>\n<tr>\n<td>Mevkii: Pivot<\/td>\n<\/tr>\n<tr>\n<td>Forma Numaras\u0131: 15<\/td>\n<\/tr>\n<tr>\n<td>Fenerbah\u00e7e&#8217;ye Geli\u015f Tarihi: 2013<\/td>\n<\/tr>\n<tr>\n<td>&nbsp;<\/td>\n<\/tr>\n<tr>\n<td>Ba\u015far\u0131lar\u0131: 2017-18 U-13 \u0130stanbul \u015eampiyonlu\u011fu, 2016-17 U-12 \u0130stanbul 2.<\/td>\n<\/tr>\n<tr>\n<td><\/td>\n<\/tr>\n<\/tbody>\n<\/table>\n<\/td>\n<\/tr>\n<tr>\n<td valign=\"top\" width=\"170\"><\/td>\n<td valign=\"top\" width=\"280\"><\/td>\n<\/tr>\n<\/tbody>\n<\/table>\n<table border=\"0\" width=\"450\" cellspacing=\"0\" cellpadding=\"0\">\n<tbody>\n<tr>\n<td valign=\"top\" width=\"170\"><img decoding=\"async\" src=\"https:\/\/cdn.fenerbahce.org\/pic_lib\/selenaykandemir.JPG\" width=\"150\" height=\"150\" \/><\/td>\n<td valign=\"top\" width=\"280\">\n<table border=\"0\" width=\"279\" cellspacing=\"0\" cellpadding=\"0\">\n<tbody>\n<tr>\n<td>Oyuncunun ad\u0131: Selenay Kandemir<\/td>\n<\/tr>\n<tr>\n<td>Do\u011fum Tarihi: 01-01-2005<\/td>\n<\/tr>\n<tr>\n<td>Do\u011fum Yeri: \u0130stanbul<\/td>\n<\/tr>\n<tr>\n<td>Boyu: 1-58<\/td>\n<\/tr>\n<tr>\n<td>Kilosu:<b>\u00a0<\/b>46<\/td>\n<\/tr>\n<tr>\n<td>Mevkii: Guard<\/td>\n<\/tr>\n<tr>\n<td>Forma Numaras\u0131: 30<\/td>\n<\/tr>\n<tr>\n<td>Fenerbah\u00e7e&#8217;ye Geli\u015f Tarihi: 2013<\/td>\n<\/tr>\n<tr>\n<td>&nbsp;<\/td>\n<\/tr>\n<tr>\n<td>\n<p>Ba\u015far\u0131lar\u0131: 2017-18 U-13 \u0130stanbul \u015eampiyonlu\u011fu, 2016-17 U-12 \u0130stanbul 2.<\/p>\n<table>\n<tbody>\n<tr>\n<td><\/td>\n<\/tr>\n<\/tbody>\n<\/table>\n<\/td>\n<\/tr>\n<tr>\n<td><\/td>\n<\/tr>\n<\/tbody>\n<\/table>\n<\/td>\n<\/tr>\n<tr>\n<td valign=\"top\" width=\"170\"><\/td>\n<td valign=\"top\" width=\"280\"><\/td>\n<\/tr>\n<\/tbody>\n<\/table>\n<table border=\"0\" width=\"450\" cellspacing=\"0\" cellpadding=\"0\">\n<tbody>\n<tr>\n<td valign=\"top\" width=\"170\"><img decoding=\"async\" src=\"https:\/\/cdn.fenerbahce.org\/pic_lib\/cicekozturk.JPG\" width=\"150\" height=\"150\" \/><\/td>\n<td valign=\"top\" width=\"280\">\n<table border=\"0\" width=\"279\" cellspacing=\"0\" cellpadding=\"0\">\n<tbody>\n<tr>\n<td>Oyuncunun ad\u0131: \u00c7i\u00e7ek \u00d6zt\u00fcrk<\/td>\n<\/tr>\n<tr>\n<td>Do\u011fum Tarihi: 19-08-2005<\/td>\n<\/tr>\n<tr>\n<td>Do\u011fum Yeri: \u0130stanbul<\/td>\n<\/tr>\n<tr>\n<td>Boyu: 1-81<\/td>\n<\/tr>\n<tr>\n<td>Kilosu:<b>\u00a0<\/b>60<\/td>\n<\/tr>\n<tr>\n<td>Mevkii:\u00a0Forvet<\/td>\n<\/tr>\n<tr>\n<td>Forma Numaras\u0131:<b>\u00a0<\/b>22<\/td>\n<\/tr>\n<tr>\n<td>Fenerbah\u00e7e&#8217;ye Geli\u015f Tarihi: 2017<\/td>\n<\/tr>\n<tr>\n<td>Daha \u00d6nce Oynad\u0131\u011f\u0131 Tak\u0131mlar: \u00c7orlug\u00fcc\u00fc, Marmara Ere\u011flispor.<\/td>\n<\/tr>\n<tr>\n<td><\/td>\n<\/tr>\n<tr>\n<td>Ba\u015far\u0131lar\u0131: 2017-18 U-13 \u0130stanbul \u015eampiyonlu\u011fu.<\/td>\n<\/tr>\n<tr>\n<td><\/td>\n<\/tr>\n<\/tbody>\n<\/table>\n<\/td>\n<\/tr>\n<tr>\n<td valign=\"top\" width=\"170\"><\/td>\n<td valign=\"top\" width=\"280\"><\/td>\n<\/tr>\n<\/tbody>\n<\/table>\n<table border=\"0\" width=\"450\" cellspacing=\"0\" cellpadding=\"0\">\n<tbody>\n<tr>\n<td valign=\"top\" width=\"170\"><img decoding=\"async\" src=\"https:\/\/cdn.fenerbahce.org\/pic_lib\/zeynepgoktepe.JPG\" width=\"150\" height=\"150\" \/><\/td>\n<td valign=\"top\" width=\"280\">\n<table border=\"0\" width=\"279\" cellspacing=\"0\" cellpadding=\"0\">\n<tbody>\n<tr>\n<td>Oyuncunun ad\u0131: Zeynep G\u00f6ktepe<\/td>\n<\/tr>\n<tr>\n<td>Do\u011fum Tarihi: 10-06-2005<\/td>\n<\/tr>\n<tr>\n<td>Do\u011fum Yeri: A.B.D<\/td>\n<\/tr>\n<tr>\n<td>Boyu: 1-65<\/td>\n<\/tr>\n<tr>\n<td>Kilosu:<b>\u00a0<\/b>45<\/td>\n<\/tr>\n<tr>\n<td>Mevkii:<strong>\u00a0<\/strong>Guard<\/td>\n<\/tr>\n<tr>\n<td>Forma Numaras\u0131: 15<\/td>\n<\/tr>\n<tr>\n<td>Fenerbah\u00e7e&#8217;ye Geli\u015f Tarihi: 2017<\/td>\n<\/tr>\n<tr>\n<td>Daha \u00d6nce Oynad\u0131\u011f\u0131 Tak\u0131mlar: Sky, \u00dcsk\u00fcdar Basket D.S.\u0130.<\/td>\n<\/tr>\n<tr>\n<td><\/td>\n<\/tr>\n<tr>\n<td>Ba\u015far\u0131lar\u0131: 2017-18 U-13 \u0130stanbul \u015eampiyonlu\u011fu.<\/td>\n<\/tr>\n<tr>\n<td><\/td>\n<\/tr>\n<\/tbody>\n<\/table>\n<\/td>\n<\/tr>\n<tr>\n<td valign=\"top\" width=\"170\"><\/td>\n<td valign=\"top\" width=\"280\"><\/td>\n<\/tr>\n<\/tbody>\n<\/table>\n<table border=\"0\" width=\"450\" cellspacing=\"0\" cellpadding=\"0\">\n<tbody>\n<tr>\n<td valign=\"top\" width=\"170\"><img decoding=\"async\" src=\"https:\/\/cdn.fenerbahce.org\/pic_lib\/defnesahin.JPG\" width=\"150\" height=\"150\" \/><\/td>\n<td valign=\"top\" width=\"280\">\n<table border=\"0\" width=\"279\" cellspacing=\"0\" cellpadding=\"0\">\n<tbody>\n<tr>\n<td>Oyuncunun ad\u0131: Defne \u015eahin<\/td>\n<\/tr>\n<tr>\n<td>Do\u011fum Tarihi: 26-09-2005<\/td>\n<\/tr>\n<tr>\n<td>Do\u011fum Yeri: \u0130stanbul<\/td>\n<\/tr>\n<tr>\n<td>Boyu: 1-65<\/td>\n<\/tr>\n<tr>\n<td>Kilosu:<b>\u00a0<\/b>56<\/td>\n<\/tr>\n<tr>\n<td>Mevkii:<strong>\u00a0<\/strong>Forvet<\/td>\n<\/tr>\n<tr>\n<td>Forma Numaras\u0131:<b>\u00a0<\/b>10<\/td>\n<\/tr>\n<tr>\n<td>Fenerbah\u00e7e&#8217;ye Geli\u015f Tarihi: 2017<\/td>\n<\/tr>\n<tr>\n<td>Daha \u00d6nce Oynad\u0131\u011f\u0131 Tak\u0131mlar: Teky\u0131ld\u0131z<\/td>\n<\/tr>\n<tr>\n<td><\/td>\n<\/tr>\n<tr>\n<td>Ba\u015far\u0131lar\u0131: 2017-18 U-13 \u0130stanbul \u015eampiyonlu\u011fu.<\/td>\n<\/tr>\n<tr>\n<td><\/td>\n<\/tr>\n<\/tbody>\n<\/table>\n<\/td>\n<\/tr>\n<tr>\n<td valign=\"top\" width=\"170\"><\/td>\n<td valign=\"top\" width=\"280\"><\/td>\n<\/tr>\n<\/tbody>\n<\/table>\n<table border=\"0\" width=\"450\" cellspacing=\"0\" cellpadding=\"0\">\n<tbody>\n<tr>\n<td valign=\"top\" width=\"170\"><img decoding=\"async\" src=\"https:\/\/cdn.fenerbahce.org\/pic_lib\/simanurcoskun.JPG\" width=\"150\" height=\"150\" \/><\/td>\n<td valign=\"top\" width=\"280\">\n<table border=\"0\" width=\"279\" cellspacing=\"0\" cellpadding=\"0\">\n<tbody>\n<tr>\n<td>Oyuncunun ad\u0131: Simanur Co\u015fkun<\/td>\n<\/tr>\n<tr>\n<td>Do\u011fum Tarihi: 21-05-2005<\/td>\n<\/tr>\n<tr>\n<td>Do\u011fum Yeri: \u0130stanbul<\/td>\n<\/tr>\n<tr>\n<td>Boyu: 1-72<\/td>\n<\/tr>\n<tr>\n<td>Kilosu:<b>\u00a0<\/b>61<\/td>\n<\/tr>\n<tr>\n<td>Mevkii:<strong>\u00a0<\/strong>Forvet<\/td>\n<\/tr>\n<tr>\n<td>Forma Numaras\u0131: 9<\/td>\n<\/tr>\n<tr>\n<td>Fenerbah\u00e7e&#8217;ye Geli\u015f Tarihi: 2015<\/td>\n<\/tr>\n<tr>\n<td>Daha \u00d6nce Oynad\u0131\u011f\u0131 Tak\u0131mlar: D.S.\u0130<\/td>\n<\/tr>\n<tr>\n<td><\/td>\n<\/tr>\n<tr>\n<td>Ba\u015far\u0131lar\u0131: 2016-17 U-13 \u0130stanbul ve T\u00fcrkiye \u015eampiyonu, 2016-17 U-12 \u0130stanbul 2, 2017-18 U-13 \u0130stanbul \u015eampiyonu, 2017-18 U-14 \u0130stanbul 4.<\/td>\n<\/tr>\n<tr>\n<td><\/td>\n<\/tr>\n<\/tbody>\n<\/table>\n<\/td>\n<\/tr>\n<tr>\n<td valign=\"top\" width=\"170\"><\/td>\n<td valign=\"top\" width=\"280\"><\/td>\n<\/tr>\n<\/tbody>\n<\/table>\n<table border=\"0\" width=\"450\" cellspacing=\"0\" cellpadding=\"0\">\n<tbody>\n<tr>\n<td valign=\"top\" width=\"170\"><img decoding=\"async\" src=\"https:\/\/cdn.fenerbahce.org\/pic_lib\/sanemates.JPG\" width=\"150\" height=\"150\" \/><\/td>\n<td valign=\"top\" width=\"280\">\n<table border=\"0\" width=\"279\" cellspacing=\"0\" cellpadding=\"0\">\n<tbody>\n<tr>\n<td>Oyuncunun ad\u0131: Sanem Ate\u015f<\/td>\n<\/tr>\n<tr>\n<td>Do\u011fum Tarihi: 20-02-2006<\/td>\n<\/tr>\n<tr>\n<td>Do\u011fum Yeri: \u0130stanbul<\/td>\n<\/tr>\n<tr>\n<td>Boyu: 1-86<\/td>\n<\/tr>\n<tr>\n<td>Kilosu:<b>\u00a0<\/b>86<\/td>\n<\/tr>\n<tr>\n<td>Mevkii:<strong>\u00a0<\/strong>Pivot<\/td>\n<\/tr>\n<tr>\n<td>Forma Numaras\u0131:<b>\u00a0<\/b>12<\/td>\n<\/tr>\n<tr>\n<td>Fenerbah\u00e7e&#8217;ye Geli\u015f Tarihi: 2015<\/td>\n<\/tr>\n<tr>\n<td>&nbsp;<\/td>\n<\/tr>\n<tr>\n<td>Ba\u015far\u0131lar\u0131: 2016-17 U-12 \u0130stanbul 2, 2017-18 U-12 \u0130stanbul \u015eampiyonu, 2017-18 U-13 \u0130stanbul \u015eampiyonu.<\/td>\n<\/tr>\n<tr>\n<td><\/td>\n<\/tr>\n<\/tbody>\n<\/table>\n<\/td>\n<\/tr>\n<tr>\n<td valign=\"top\" width=\"170\"><\/td>\n<td valign=\"top\" width=\"280\"><\/td>\n<\/tr>\n<\/tbody>\n<\/table>\n<p>&nbsp;<\/p>\n<table border=\"0\" width=\"450\" cellspacing=\"0\" cellpadding=\"0\">\n<tbody>\n<tr>\n<td valign=\"top\" width=\"170\"><img decoding=\"async\" src=\"https:\/\/cdn.fenerbahce.org\/pic_lib\/defnepekinbasss.JPG\" \/><\/td>\n<td valign=\"top\" width=\"280\">\n<table border=\"0\" width=\"279\" cellspacing=\"0\" cellpadding=\"0\">\n<tbody>\n<tr>\n<td>Oyuncunun Ad\u0131: Defne Pekinba\u015f<\/td>\n<\/tr>\n<tr>\n<td>Do\u011fum Tarihi:14-11-2005<\/td>\n<\/tr>\n<tr>\n<td>Do\u011fum Yeri:\u0130stanbul<\/td>\n<\/tr>\n<tr>\n<td>Boyu:1-72<\/td>\n<\/tr>\n<tr>\n<td>Kilosu: 57<\/td>\n<\/tr>\n<tr>\n<td>Mevkii: Forvet<\/td>\n<\/tr>\n<tr>\n<td>Forma Numaras\u0131<b>:<\/b>13<\/td>\n<\/tr>\n<tr>\n<td>Fenerbah\u00e7e&#8217;ye Geli\u015f Tarihi: 2018<\/td>\n<\/tr>\n<tr>\n<td>Daha \u00d6nce Oynad\u0131\u011f\u0131 Tak\u0131mlar:D.S.\u0130<\/td>\n<\/tr>\n<\/tbody>\n<\/table>\n<\/td>\n<\/tr>\n<\/tbody>\n<\/table>\n<p>[\/vc_column_text][\/vc_tta_section][vc_tta_section title=&#8221;Kad\u0131n Basketbol K\u00fc\u00e7\u00fck B Tak\u0131m (U-13)&#8221; tab_id=&#8221;1536500196768-05ce21f3-7404&#8243;][vc_column_text]<\/p>\n<table border=\"0\" width=\"450\" cellspacing=\"0\" cellpadding=\"0\">\n<tbody>\n<tr>\n<td valign=\"top\" width=\"170\"><img decoding=\"async\" src=\"https:\/\/cdn.fenerbahce.org\/pic_lib\/defnekoklucinar.JPG\" width=\"150\" height=\"150\" \/><\/td>\n<td valign=\"top\" width=\"280\">\n<table border=\"0\" width=\"279\" cellspacing=\"0\" cellpadding=\"0\">\n<tbody>\n<tr>\n<td>Oyuncunun ad\u0131: Defne K\u00f6kl\u00fc\u00e7\u0131nar<\/td>\n<\/tr>\n<tr>\n<td>Do\u011fum Tarihi: 20-06-2006<\/td>\n<\/tr>\n<tr>\n<td>Do\u011fum Yeri: \u0130stanbul<\/td>\n<\/tr>\n<tr>\n<td>Boyu: 1-62<\/td>\n<\/tr>\n<tr>\n<td>Kilosu:<b>\u00a0<\/b>50<\/td>\n<\/tr>\n<tr>\n<td>Mevki<strong>i:\u00a0<\/strong>Forvet<\/td>\n<\/tr>\n<tr>\n<td>Forma Numaras\u0131:<b>\u00a0<\/b>9<\/td>\n<\/tr>\n<tr>\n<td>Fenerbah\u00e7e&#8217;ye Geli\u015f Tarihi: 2017<\/td>\n<\/tr>\n<tr>\n<td>Daha \u00d6nce Oynad\u0131\u011f\u0131 Tak\u0131mlar: UBA<\/td>\n<\/tr>\n<tr>\n<td><\/td>\n<\/tr>\n<tr>\n<td>\n<p>Ba\u015far\u0131lar\u0131: 2016-17 U-11 Asya Ligi \u015eampiyonlu\u011fu, 2017-18 U-12 K\u0131zlar \u0130stanbul \u015eampiyonlu\u011fu ve Geli\u015fim Ligi \u015eampiyonlu\u011fu.<\/p>\n<table>\n<tbody>\n<tr>\n<td><\/td>\n<\/tr>\n<\/tbody>\n<\/table>\n<\/td>\n<\/tr>\n<tr>\n<td><\/td>\n<\/tr>\n<\/tbody>\n<\/table>\n<\/td>\n<\/tr>\n<tr>\n<td valign=\"top\" width=\"170\"><\/td>\n<td valign=\"top\" width=\"280\"><\/td>\n<\/tr>\n<\/tbody>\n<\/table>\n<table border=\"0\" width=\"450\" cellspacing=\"0\" cellpadding=\"0\">\n<tbody>\n<tr>\n<td valign=\"top\" width=\"170\"><img decoding=\"async\" src=\"https:\/\/cdn.fenerbahce.org\/pic_lib\/irmakelifcaglar.JPG\" width=\"150\" height=\"150\" \/><\/td>\n<td valign=\"top\" width=\"280\">\n<table border=\"0\" width=\"279\" cellspacing=\"0\" cellpadding=\"0\">\n<tbody>\n<tr>\n<td>Oyuncunun ad\u0131: Irmak Elif \u00c7a\u011flar<\/td>\n<\/tr>\n<tr>\n<td>Do\u011fum Tarihi: 14-06-2006<\/td>\n<\/tr>\n<tr>\n<td>Do\u011fum Yeri: \u0130stanbul<\/td>\n<\/tr>\n<tr>\n<td>Boyu: 1-46<\/td>\n<\/tr>\n<tr>\n<td>Kilosu:<b>\u00a0<\/b>36<\/td>\n<\/tr>\n<tr>\n<td>Mevkii:<strong>\u00a0<\/strong>Guard<\/td>\n<\/tr>\n<tr>\n<td>Forma Numaras\u0131:<b>\u00a0<\/b>11<\/td>\n<\/tr>\n<tr>\n<td>Fenerbah\u00e7e&#8217;ye Geli\u015f Tarihi: 2017<\/td>\n<\/tr>\n<tr>\n<td>Daha \u00d6nce Oynad\u0131\u011f\u0131 Tak\u0131mlar: Bo\u011fazi\u00e7i Spor Kul\u00fcb\u00fc.<\/td>\n<\/tr>\n<tr>\n<td><\/td>\n<\/tr>\n<tr>\n<td>\n<p>Ba\u015far\u0131lar\u0131: 2017-18 U12 K\u0131zlar \u0130stanbul \u015eampiyonlu\u011fu ve Geli\u015fim Ligi \u015eampiyonlu\u011fu.<\/p>\n<table>\n<tbody>\n<tr>\n<td><\/td>\n<\/tr>\n<\/tbody>\n<\/table>\n<\/td>\n<\/tr>\n<tr>\n<td><\/td>\n<\/tr>\n<\/tbody>\n<\/table>\n<\/td>\n<\/tr>\n<tr>\n<td valign=\"top\" width=\"170\"><\/td>\n<td valign=\"top\" width=\"280\"><\/td>\n<\/tr>\n<\/tbody>\n<\/table>\n<table border=\"0\" width=\"450\" cellspacing=\"0\" cellpadding=\"0\">\n<tbody>\n<tr>\n<td valign=\"top\" width=\"170\"><img decoding=\"async\" src=\"https:\/\/cdn.fenerbahce.org\/pic_lib\/defnebuyukgokmen.jpg\" width=\"150\" height=\"150\" \/><\/td>\n<td valign=\"top\" width=\"280\">\n<table border=\"0\" width=\"279\" cellspacing=\"0\" cellpadding=\"0\">\n<tbody>\n<tr>\n<td>Oyuncunun ad\u0131: Defne B\u00fcy\u00fckg\u00f6kmen<\/td>\n<\/tr>\n<tr>\n<td>Do\u011fum tarihi: 03-10-2006<\/td>\n<\/tr>\n<tr>\n<td>Do\u011fum Yeri: \u0130stanbul<\/td>\n<\/tr>\n<tr>\n<td>Boyu: 1-63<\/td>\n<\/tr>\n<tr>\n<td>Kilosu: 55<\/td>\n<\/tr>\n<tr>\n<td>Mevkii:<strong>\u00a0<\/strong>Guard<\/td>\n<\/tr>\n<tr>\n<td>Forma Numaras\u0131:<b>\u00a0<\/b>5<\/td>\n<\/tr>\n<tr>\n<td>Fenerbah\u00e7e&#8217;ye Geli\u015f Tarihi: 2018<\/td>\n<\/tr>\n<tr>\n<td>Daha \u00d6nce Oynad\u0131\u011f\u0131 Tak\u0131mlar: ANKA.<\/td>\n<\/tr>\n<tr>\n<td><\/td>\n<\/tr>\n<tr>\n<td>Ba\u015far\u0131lar\u0131: 2016-17 U-11 \u0130stanbul 2, 2017-18 U-12 B K\u0131zlar \u0130stanbul \u015eampiyonlu\u011fu ve Geli\u015fim Ligi \u015eampiyonlu\u011fu.<\/td>\n<\/tr>\n<tr>\n<td><\/td>\n<\/tr>\n<\/tbody>\n<\/table>\n<\/td>\n<\/tr>\n<tr>\n<td valign=\"top\" width=\"170\"><\/td>\n<td valign=\"top\" width=\"280\"><\/td>\n<\/tr>\n<\/tbody>\n<\/table>\n<table border=\"0\" width=\"450\" cellspacing=\"0\" cellpadding=\"0\">\n<tbody>\n<tr>\n<td valign=\"top\" width=\"170\"><img decoding=\"async\" src=\"https:\/\/cdn.fenerbahce.org\/pic_lib\/nazlisimsek.jpg\" width=\"150\" height=\"150\" \/><\/td>\n<td valign=\"top\" width=\"280\">\n<table border=\"0\" width=\"279\" cellspacing=\"0\" cellpadding=\"0\">\n<tbody>\n<tr>\n<td>Oyuncunun ad\u0131: Nazl\u0131 \u015eim\u015fek<\/td>\n<\/tr>\n<tr>\n<td>Do\u011fum Tarihi: 21-12-2006<\/td>\n<\/tr>\n<tr>\n<td>Do\u011fum Yeri: \u0130stanbul<\/td>\n<\/tr>\n<tr>\n<td>Boyu: 1-65<\/td>\n<\/tr>\n<tr>\n<td>Kilosu: 51<\/td>\n<\/tr>\n<tr>\n<td>Mevkii:<strong>\u00a0<\/strong>Forvet<\/td>\n<\/tr>\n<tr>\n<td>Forma Numaras\u0131:<b>\u00a0<\/b>2<\/td>\n<\/tr>\n<tr>\n<td>Fenerbah\u00e7e&#8217;ye Geli\u015f Tarihi: 2017<\/td>\n<\/tr>\n<tr>\n<td>&nbsp;<\/td>\n<\/tr>\n<tr>\n<td>Ba\u015far\u0131lar\u0131: 2017-18 U-12 K\u0131zlar \u0130stanbul \u015eampiyonlu\u011fu ve Geli\u015fim Ligi \u015eampiyonlu\u011fu.<\/td>\n<\/tr>\n<tr>\n<td><\/td>\n<\/tr>\n<\/tbody>\n<\/table>\n<\/td>\n<\/tr>\n<tr>\n<td valign=\"top\" width=\"170\"><\/td>\n<td valign=\"top\" width=\"280\"><\/td>\n<\/tr>\n<\/tbody>\n<\/table>\n<table border=\"0\" width=\"450\" cellspacing=\"0\" cellpadding=\"0\">\n<tbody>\n<tr>\n<td valign=\"top\" width=\"170\"><img decoding=\"async\" src=\"https:\/\/cdn.fenerbahce.org\/pic_lib\/zeynepnaztoremis.JPG\" width=\"150\" height=\"150\" \/><\/td>\n<td valign=\"top\" width=\"280\">\n<table border=\"0\" width=\"279\" cellspacing=\"0\" cellpadding=\"0\">\n<tbody>\n<tr>\n<td>Oyuncunun ad\u0131: Zeynep Naz T\u00f6remi\u015f<\/td>\n<\/tr>\n<tr>\n<td>Do\u011fum Tarihi: 02-01-2006<\/td>\n<\/tr>\n<tr>\n<td>Do\u011fum Yeri: \u0130stanbul<\/td>\n<\/tr>\n<tr>\n<td>Boyu: 1-61<\/td>\n<\/tr>\n<tr>\n<td>Kilosu:<b>\u00a0<\/b>51<\/td>\n<\/tr>\n<tr>\n<td>Mevkii:<strong>\u00a0<\/strong>Guard<\/td>\n<\/tr>\n<tr>\n<td>Forma Numaras\u0131:\u00a010<\/td>\n<\/tr>\n<tr>\n<td>Fenerbah\u00e7e&#8217;ye Geli\u015f Tarihi: 2016<\/td>\n<\/tr>\n<tr>\n<td>Daha \u00d6nce Oynad\u0131\u011f\u0131 Tak\u0131mlar: Bo\u011fazi\u00e7i Kartallar\u0131.<\/td>\n<\/tr>\n<tr>\n<td><\/td>\n<\/tr>\n<tr>\n<td>Ba\u015far\u0131lar\u0131: 2017-18 U-12 K\u0131zlar \u0130stanbul \u015eampiyonlu\u011fu ve Geli\u015fim Ligi \u015eampiyonlu\u011fu.<\/td>\n<\/tr>\n<tr>\n<td><\/td>\n<\/tr>\n<\/tbody>\n<\/table>\n<\/td>\n<\/tr>\n<tr>\n<td valign=\"top\" width=\"170\"><\/td>\n<td valign=\"top\" width=\"280\"><\/td>\n<\/tr>\n<\/tbody>\n<\/table>\n<table border=\"0\" width=\"450\" cellspacing=\"0\" cellpadding=\"0\">\n<tbody>\n<tr>\n<td valign=\"top\" width=\"170\"><img decoding=\"async\" src=\"https:\/\/cdn.fenerbahce.org\/pic_lib\/sunazkotan.JPG\" width=\"150\" height=\"150\" \/><\/td>\n<td valign=\"top\" width=\"280\">\n<table border=\"0\" width=\"279\" cellspacing=\"0\" cellpadding=\"0\">\n<tbody>\n<tr>\n<td>Oyuncunun ad\u0131:Su Naz Kotan<\/td>\n<\/tr>\n<tr>\n<td>Do\u011fum Tarihi: 11-01-2006<\/td>\n<\/tr>\n<tr>\n<td>Do\u011fum Yeri: ABD<\/td>\n<\/tr>\n<tr>\n<td>Boyu: 1-73<\/td>\n<\/tr>\n<tr>\n<td>Kilosu:<b>\u00a0<\/b>60<\/td>\n<\/tr>\n<tr>\n<td>Mevkii: Forvet<\/td>\n<\/tr>\n<tr>\n<td>Forma Numaras\u0131: 13<\/td>\n<\/tr>\n<tr>\n<td>Fenerbah\u00e7e&#8217;ye Geli\u015f Tarihi: 2017<\/td>\n<\/tr>\n<tr>\n<td>&nbsp;<\/td>\n<\/tr>\n<tr>\n<td>Ba\u015far\u0131lar\u0131: 2017-18 U-12 K\u0131zlar \u0130stanbul \u015eampiyonlu\u011fu ve Geli\u015fim Ligi \u015eampiyonlu\u011fu.<\/td>\n<\/tr>\n<tr>\n<td><\/td>\n<\/tr>\n<\/tbody>\n<\/table>\n<\/td>\n<\/tr>\n<tr>\n<td valign=\"top\" width=\"170\"><\/td>\n<td valign=\"top\" width=\"280\"><\/td>\n<\/tr>\n<\/tbody>\n<\/table>\n<table border=\"0\" width=\"450\" cellspacing=\"0\" cellpadding=\"0\">\n<tbody>\n<tr>\n<td valign=\"top\" width=\"170\"><img decoding=\"async\" src=\"https:\/\/cdn.fenerbahce.org\/pic_lib\/cerenaltun.jpg\" width=\"150\" height=\"150\" \/><\/td>\n<td valign=\"top\" width=\"280\">\n<table border=\"0\" width=\"279\" cellspacing=\"0\" cellpadding=\"0\">\n<tbody>\n<tr>\n<td>Oyuncunun ad\u0131: Ceren Altun<\/td>\n<\/tr>\n<tr>\n<td>Do\u011fum Tarihi: 13-03-2006<\/td>\n<\/tr>\n<tr>\n<td>Do\u011fum Yeri: \u0130stanbul<\/td>\n<\/tr>\n<tr>\n<td>Boyu: 1-70<\/td>\n<\/tr>\n<tr>\n<td>Kilosu:<b>\u00a0<\/b>64<\/td>\n<\/tr>\n<tr>\n<td>Mevkii:\u00a0Forvet<\/td>\n<\/tr>\n<tr>\n<td>Forma Numaras\u0131:<b>\u00a0<\/b>14<\/td>\n<\/tr>\n<tr>\n<td>Fenerbah\u00e7e&#8217;ye Geli\u015f Tarihi: 2014<\/td>\n<\/tr>\n<tr>\n<td>&nbsp;<\/td>\n<\/tr>\n<tr>\n<td>Ba\u015far\u0131lar\u0131: 2017-18 U-12 K\u0131zlar \u0130stanbul \u015eampiyonlu\u011fu ve Geli\u015fim Ligi \u015eampiyonlu\u011fu.<\/td>\n<\/tr>\n<tr>\n<td><\/td>\n<\/tr>\n<\/tbody>\n<\/table>\n<\/td>\n<\/tr>\n<tr>\n<td valign=\"top\" width=\"170\"><\/td>\n<td valign=\"top\" width=\"280\"><\/td>\n<\/tr>\n<\/tbody>\n<\/table>\n<table border=\"0\" width=\"450\" cellspacing=\"0\" cellpadding=\"0\">\n<tbody>\n<tr>\n<td valign=\"top\" width=\"170\"><img decoding=\"async\" src=\"https:\/\/cdn.fenerbahce.org\/pic_lib\/meliserkan.JPG\" width=\"150\" height=\"150\" \/><\/td>\n<td valign=\"top\" width=\"280\">\n<table border=\"0\" width=\"279\" cellspacing=\"0\" cellpadding=\"0\">\n<tbody>\n<tr>\n<td>Oyuncunun ad\u0131: Melis Erkan<\/td>\n<\/tr>\n<tr>\n<td>Do\u011fum Tarihi: 28-03-2006<\/td>\n<\/tr>\n<tr>\n<td>Do\u011fum Yeri: \u0130stanbul<\/td>\n<\/tr>\n<tr>\n<td>Boyu: 1-74<\/td>\n<\/tr>\n<tr>\n<td>Kilosu:<b>\u00a0<\/b>57<\/td>\n<\/tr>\n<tr>\n<td>Mevkii:<strong>\u00a0<\/strong>Forvet<\/td>\n<\/tr>\n<tr>\n<td>Forma Numaras\u0131: 15<\/td>\n<\/tr>\n<tr>\n<td>Fenerbah\u00e7e&#8217;ye Geli\u015f Tarihi: 2017<\/td>\n<\/tr>\n<tr>\n<td>Daha \u00d6nce Oynad\u0131\u011f\u0131 Tak\u0131mlar: Moda Basket<\/td>\n<\/tr>\n<tr>\n<td><\/td>\n<\/tr>\n<tr>\n<td>Ba\u015far\u0131lar\u0131: 2017-18 U-12 K\u0131zlar \u0130stanbul \u015eampiyonlu\u011fu ve Geli\u015fim Ligi \u015eampiyonlu\u011fu.<\/td>\n<\/tr>\n<tr>\n<td><\/td>\n<\/tr>\n<\/tbody>\n<\/table>\n<\/td>\n<\/tr>\n<tr>\n<td valign=\"top\" width=\"170\"><\/td>\n<td valign=\"top\" width=\"280\"><\/td>\n<\/tr>\n<\/tbody>\n<\/table>\n<table border=\"0\" width=\"450\" cellspacing=\"0\" cellpadding=\"0\">\n<tbody>\n<tr>\n<td valign=\"top\" width=\"170\"><img decoding=\"async\" src=\"https:\/\/cdn.fenerbahce.org\/pic_lib\/tuanakaradag.JPG\" width=\"150\" height=\"150\" \/><\/td>\n<td valign=\"top\" width=\"280\">\n<table border=\"0\" width=\"279\" cellspacing=\"0\" cellpadding=\"0\">\n<tbody>\n<tr>\n<td>Oyuncunun ad\u0131: Tuana Karada\u011f<\/td>\n<\/tr>\n<tr>\n<td>Do\u011fum Tarihi: 30-01-2006<\/td>\n<\/tr>\n<tr>\n<td>Do\u011fum Yeri: \u0130stanbul<\/td>\n<\/tr>\n<tr>\n<td>Boyu: 1-85<\/td>\n<\/tr>\n<tr>\n<td>Kilosu:<b>\u00a0<\/b>77<\/td>\n<\/tr>\n<tr>\n<td>Mevkii:<strong>\u00a0<\/strong>Pivot<\/td>\n<\/tr>\n<tr>\n<td>Forma Numaras\u0131:<b>\u00a0<\/b>17<\/td>\n<\/tr>\n<tr>\n<td>Fenerbah\u00e7e&#8217;ye Geli\u015f Tarihi: 2018<\/td>\n<\/tr>\n<tr>\n<td>&nbsp;<\/td>\n<\/tr>\n<tr>\n<td><\/td>\n<\/tr>\n<tr>\n<td>Ba\u015far\u0131lar\u0131: 2017-18 U-12 K\u0131zlar \u0130stanbul \u015eampiyonlu\u011fu ve Geli\u015fim Ligi \u015eampiyonlu\u011fu.<\/td>\n<\/tr>\n<tr>\n<td><\/td>\n<\/tr>\n<\/tbody>\n<\/table>\n<\/td>\n<\/tr>\n<tr>\n<td valign=\"top\" width=\"170\"><\/td>\n<td valign=\"top\" width=\"280\"><\/td>\n<\/tr>\n<\/tbody>\n<\/table>\n<table border=\"0\" width=\"450\" cellspacing=\"0\" cellpadding=\"0\">\n<tbody>\n<tr>\n<td valign=\"top\" width=\"170\"><img decoding=\"async\" src=\"https:\/\/cdn.fenerbahce.org\/pic_lib\/ecedursun.JPG\" width=\"150\" height=\"150\" \/><\/td>\n<td valign=\"top\" width=\"280\">\n<table border=\"0\" width=\"279\" cellspacing=\"0\" cellpadding=\"0\">\n<tbody>\n<tr>\n<td>Oyuncunun ad\u0131: Ece Dursun<\/td>\n<\/tr>\n<tr>\n<td>Do\u011fum Tarihi: 21-03-2006<\/td>\n<\/tr>\n<tr>\n<td>Do\u011fum Yeri: Kocaeli<\/td>\n<\/tr>\n<tr>\n<td>Boyu: 1-68<\/td>\n<\/tr>\n<tr>\n<td>Kilosu:<b>\u00a0<\/b>52<\/td>\n<\/tr>\n<tr>\n<td>Mevkii:<strong>\u00a0<\/strong>Forvet<\/td>\n<\/tr>\n<tr>\n<td>Forma Numaras\u0131:<b>\u00a0<\/b>1<\/td>\n<\/tr>\n<tr>\n<td>Fenerbah\u00e7e&#8217;ye Geli\u015f Tarihi:2017<\/td>\n<\/tr>\n<tr>\n<td>Daha \u00d6nce Oynad\u0131\u011f\u0131 Tak\u0131mlar: \u0130stanbul D.S.\u0130<\/td>\n<\/tr>\n<tr>\n<td><\/td>\n<\/tr>\n<tr>\n<td>Ba\u015far\u0131lar\u0131: 2017-18 U-12 K\u0131zlar \u0130stanbul \u015eampiyonlu\u011fu ve Geli\u015fim Ligi \u015eampiyonlu\u011fu.<\/td>\n<\/tr>\n<tr>\n<td><\/td>\n<\/tr>\n<\/tbody>\n<\/table>\n<\/td>\n<\/tr>\n<tr>\n<td valign=\"top\" width=\"170\"><\/td>\n<td valign=\"top\" width=\"280\"><\/td>\n<\/tr>\n<\/tbody>\n<\/table>\n<table border=\"0\" width=\"450\" cellspacing=\"0\" cellpadding=\"0\">\n<tbody>\n<tr>\n<td valign=\"top\" width=\"170\"><img decoding=\"async\" src=\"https:\/\/cdn.fenerbahce.org\/pic_lib\/derintokcan.JPG\" width=\"150\" height=\"150\" \/><\/td>\n<td valign=\"top\" width=\"280\">\n<table border=\"0\" width=\"279\" cellspacing=\"0\" cellpadding=\"0\">\n<tbody>\n<tr>\n<td>Oyuncunun ad\u0131: Derin Tokcan<\/td>\n<\/tr>\n<tr>\n<td>Do\u011fum Tarihi: 16-02-2006<\/td>\n<\/tr>\n<tr>\n<td>Do\u011fum Yeri: \u0130stanbul<\/td>\n<\/tr>\n<tr>\n<td>Boyu: 1-66<\/td>\n<\/tr>\n<tr>\n<td>Kilosu:<b>\u00a0<\/b>52<\/td>\n<\/tr>\n<tr>\n<td>Mevkii:<strong>\u00a0<\/strong>Forvet<\/td>\n<\/tr>\n<tr>\n<td>Forma Numaras\u0131:<b>\u00a0<\/b>7<\/td>\n<\/tr>\n<tr>\n<td>Fenerbah\u00e7e&#8217;ye Geli\u015f Tarihi: 2017<\/td>\n<\/tr>\n<tr>\n<td>Daha \u00d6nce Oynad\u0131\u011f\u0131 Tak\u0131mlar: ANKA Spor, Masko Spor<\/td>\n<\/tr>\n<tr>\n<td><\/td>\n<\/tr>\n<tr>\n<td>Ba\u015far\u0131lar\u0131: 2016-17 U-11 \u0130stanbul 2, 2017-18 U-12 K\u0131zlar \u0130stanbul \u015eampiyonlu\u011fu ve Geli\u015fim Ligi \u015eampiyonlu\u011fu.<\/td>\n<\/tr>\n<tr>\n<td><\/td>\n<\/tr>\n<\/tbody>\n<\/table>\n<\/td>\n<\/tr>\n<tr>\n<td valign=\"top\" width=\"170\"><\/td>\n<td valign=\"top\" width=\"280\"><\/td>\n<\/tr>\n<\/tbody>\n<\/table>\n<table border=\"0\" width=\"450\" cellspacing=\"0\" cellpadding=\"0\">\n<tbody>\n<tr>\n<td valign=\"top\" width=\"170\"><img decoding=\"async\" src=\"https:\/\/cdn.fenerbahce.org\/pic_lib\/derinpehlivanoglu.jpg\" width=\"150\" height=\"150\" \/><\/td>\n<td valign=\"top\" width=\"280\">\n<table border=\"0\" width=\"279\" cellspacing=\"0\" cellpadding=\"0\">\n<tbody>\n<tr>\n<td>Oyuncunun ad\u0131: Derin Pehlivano\u011flu<\/td>\n<\/tr>\n<tr>\n<td>Do\u011fum Tarihi: 06-01-2006<\/td>\n<\/tr>\n<tr>\n<td>Do\u011fum Yeri: \u0130stanbul<\/td>\n<\/tr>\n<tr>\n<td>Boyu: 1-68<\/td>\n<\/tr>\n<tr>\n<td>Kilosu:<b>\u00a0<\/b>53<\/td>\n<\/tr>\n<tr>\n<td>Mevkii:<strong>\u00a0<\/strong>Forvet<\/td>\n<\/tr>\n<tr>\n<td>Forma Numaras\u0131:<b>\u00a0<\/b>4<\/td>\n<\/tr>\n<tr>\n<td>Fenerbah\u00e7e&#8217;ye Geli\u015f Tarihi: 2015<\/td>\n<\/tr>\n<tr>\n<td>&nbsp;<\/td>\n<\/tr>\n<tr>\n<td><\/td>\n<\/tr>\n<tr>\n<td>Ba\u015far\u0131lar\u0131: 2017-18 U-12 K\u0131zlar \u0130stanbul \u015eampiyonlu\u011fu ve Geli\u015fim Ligi \u015eampiyonlu\u011fu.<\/td>\n<\/tr>\n<tr>\n<td><\/td>\n<\/tr>\n<\/tbody>\n<\/table>\n<\/td>\n<\/tr>\n<tr>\n<td valign=\"top\" width=\"170\"><\/td>\n<td valign=\"top\" width=\"280\"><\/td>\n<\/tr>\n<\/tbody>\n<\/table>\n<table border=\"0\" width=\"450\" cellspacing=\"0\" cellpadding=\"0\">\n<tbody>\n<tr>\n<td valign=\"top\" width=\"170\"><img decoding=\"async\" src=\"https:\/\/cdn.fenerbahce.org\/pic_lib\/betulnarin.JPG\" width=\"150\" height=\"150\" \/><\/td>\n<td valign=\"top\" width=\"280\">\n<table border=\"0\" width=\"279\" cellspacing=\"0\" cellpadding=\"0\">\n<tbody>\n<tr>\n<td>Oyuncunun ad\u0131: Bet\u00fcl Narin<\/td>\n<\/tr>\n<tr>\n<td>Do\u011fum Tarihi: 03-06-2006<\/td>\n<\/tr>\n<tr>\n<td>Do\u011fum Yeri: \u0130stanbul<\/td>\n<\/tr>\n<tr>\n<td>Boyu: 1-71<\/td>\n<\/tr>\n<tr>\n<td>Kilosu:<b>\u00a0<\/b>65<\/td>\n<\/tr>\n<tr>\n<td>Mevkii:<strong>\u00a0<\/strong>Forvet<\/td>\n<\/tr>\n<tr>\n<td>Forma Numaras\u0131: 8<\/td>\n<\/tr>\n<tr>\n<td>Fenerbah\u00e7e&#8217;ye Geli\u015f Tarihi: 2017<\/td>\n<\/tr>\n<tr>\n<td>Daha \u00d6nce Oynad\u0131\u011f\u0131 Tak\u0131mlar: Marmara Basket.<\/td>\n<\/tr>\n<tr>\n<td><\/td>\n<\/tr>\n<tr>\n<td>Ba\u015far\u0131lar\u0131: 2017-18 U-12 K\u0131zlar \u0130stanbul \u015eampiyonlu\u011fu ve Geli\u015fim Ligi \u015eampiyonlu\u011fu.<\/td>\n<\/tr>\n<tr>\n<td><\/td>\n<\/tr>\n<\/tbody>\n<\/table>\n<\/td>\n<\/tr>\n<tr>\n<td valign=\"top\" width=\"170\"><\/td>\n<td valign=\"top\" width=\"280\"><\/td>\n<\/tr>\n<\/tbody>\n<\/table>\n<table border=\"0\" width=\"450\" cellspacing=\"0\" cellpadding=\"0\">\n<tbody>\n<tr>\n<td valign=\"top\" width=\"170\"><img decoding=\"async\" src=\"https:\/\/cdn.fenerbahce.org\/pic_lib\/ilaydakoc.JPG\" width=\"150\" height=\"150\" \/><\/td>\n<td valign=\"top\" width=\"280\">\n<table border=\"0\" width=\"279\" cellspacing=\"0\" cellpadding=\"0\">\n<tbody>\n<tr>\n<td>Oyuncunun ad\u0131: \u0130layda Ko\u00e7<\/td>\n<\/tr>\n<tr>\n<td>Do\u011fum Tarihi: 29-07-2006<\/td>\n<\/tr>\n<tr>\n<td>Do\u011fum Yeri: \u0130svi\u00e7re<\/td>\n<\/tr>\n<tr>\n<td>Boyu: 1-63<\/td>\n<\/tr>\n<tr>\n<td>Kilosu:<b>\u00a0<\/b>50<\/td>\n<\/tr>\n<tr>\n<td>Mevkii:<strong>\u00a0<\/strong>Forvet<\/td>\n<\/tr>\n<tr>\n<td>Forma Numaras\u0131:<b>\u00a0<\/b>3<\/td>\n<\/tr>\n<tr>\n<td>Fenerbah\u00e7e&#8217;ye Geli\u015f Tarihi: 2014<\/td>\n<\/tr>\n<tr>\n<td>&nbsp;<\/td>\n<\/tr>\n<tr>\n<td>Ba\u015far\u0131lar\u0131: 2017-18 U-12 K\u0131zlar \u0130stanbul \u015eampiyonlu\u011fu ve Geli\u015fim Ligi \u015eampiyonlu\u011fu, 2016-17 U-11 \u0130stanbul 2, ve Geli\u015fim Ligi \u015eampiyonlu\u011fu.<\/td>\n<\/tr>\n<tr>\n<td><\/td>\n<\/tr>\n<\/tbody>\n<\/table>\n<\/td>\n<\/tr>\n<tr>\n<td valign=\"top\" width=\"170\"><\/td>\n<td valign=\"top\" width=\"280\"><\/td>\n<\/tr>\n<\/tbody>\n<\/table>\n<table border=\"0\" width=\"450\" cellspacing=\"0\" cellpadding=\"0\">\n<tbody>\n<tr>\n<td valign=\"top\" width=\"170\"><img decoding=\"async\" src=\"https:\/\/cdn.fenerbahce.org\/pic_lib\/deniztitiz.JPG\" width=\"150\" height=\"150\" \/><\/td>\n<td valign=\"top\" width=\"280\">\n<table border=\"0\" width=\"279\" cellspacing=\"0\" cellpadding=\"0\">\n<tbody>\n<tr>\n<td>Oyuncunun ad\u0131: Deniz Titiz<\/td>\n<\/tr>\n<tr>\n<td>Do\u011fum Tarihi: 16-06-2006<\/td>\n<\/tr>\n<tr>\n<td>Do\u011fum Yeri: \u0130stanbul<\/td>\n<\/tr>\n<tr>\n<td>Boyu: 1-58<\/td>\n<\/tr>\n<tr>\n<td>Kilosu:<b>\u00a0<\/b>42<\/td>\n<\/tr>\n<tr>\n<td>Mevkii:\u00a0Guard<\/td>\n<\/tr>\n<tr>\n<td>Forma Numaras\u0131:<b>\u00a0<\/b>6<\/td>\n<\/tr>\n<tr>\n<td>Fenerbah\u00e7e&#8217;ye Geli\u015f Tarihi: 2015<\/td>\n<\/tr>\n<tr>\n<td>&nbsp;<\/td>\n<\/tr>\n<tr>\n<td>Ba\u015far\u0131lar\u0131: 2017-18 U-12 K\u0131zlar \u0130stanbul \u015eampiyonlu\u011fu ve Geli\u015fim Ligi \u015eampiyonlu\u011fu.<\/td>\n<\/tr>\n<tr>\n<td><\/td>\n<\/tr>\n<\/tbody>\n<\/table>\n<\/td>\n<\/tr>\n<tr>\n<td valign=\"top\" width=\"170\"><\/td>\n<td valign=\"top\" width=\"280\"><\/td>\n<\/tr>\n<\/tbody>\n<\/table>\n<table border=\"0\" width=\"450\" cellspacing=\"0\" cellpadding=\"0\">\n<tbody>\n<tr>\n<td valign=\"top\" width=\"170\"><img decoding=\"async\" src=\"https:\/\/cdn.fenerbahce.org\/pic_lib\/elifeylulonel.JPG\" width=\"150\" height=\"150\" \/><\/td>\n<td valign=\"top\" width=\"280\">\n<table border=\"0\" width=\"279\" cellspacing=\"0\" cellpadding=\"0\">\n<tbody>\n<tr>\n<td>Oyuncunun ad\u0131: Elif Eyl\u00fcl \u00d6nel<\/td>\n<\/tr>\n<tr>\n<td>Do\u011fum Tarihi: 18-06-2006<\/td>\n<\/tr>\n<tr>\n<td>Do\u011fum Yeri: \u0130stanbul<\/td>\n<\/tr>\n<tr>\n<td>Boyu: 1-50<\/td>\n<\/tr>\n<tr>\n<td>Kilosu:<b>\u00a0<\/b>35<\/td>\n<\/tr>\n<tr>\n<td>Mevkii:<strong>\u00a0<\/strong>Guard<\/td>\n<\/tr>\n<tr>\n<td>Forma Numaras\u0131<b>:\u00a0<\/b>0<\/td>\n<\/tr>\n<tr>\n<td>Fenerbah\u00e7e&#8217;ye Geli\u015f Tarihi: 2018<\/td>\n<\/tr>\n<tr>\n<td height=\"20\">Daha \u00d6nce Oynad\u0131\u011f\u0131 Tak\u0131mlar: Kutup Y\u0131ld\u0131z\u0131<\/td>\n<\/tr>\n<tr>\n<td><\/td>\n<\/tr>\n<tr>\n<td>Ba\u015far\u0131lar\u0131: 2016-17 U-11 \u0130stanbul \u015eampiyonlu\u011fu, 2017-18 U-12 K\u0131zlar \u0130stanbul 2 ve Geli\u015fim Ligi 2.<\/td>\n<\/tr>\n<tr>\n<td><\/td>\n<\/tr>\n<\/tbody>\n<\/table>\n<\/td>\n<\/tr>\n<tr>\n<td valign=\"top\" width=\"170\"><\/td>\n<td valign=\"top\" width=\"280\"><\/td>\n<\/tr>\n<\/tbody>\n<\/table>\n<table border=\"0\" width=\"450\" cellspacing=\"0\" cellpadding=\"0\">\n<tbody>\n<tr>\n<td valign=\"top\" width=\"170\"><img decoding=\"async\" src=\"https:\/\/cdn.fenerbahce.org\/pic_lib\/nehircelik.JPG\" width=\"150\" height=\"150\" \/><\/td>\n<td valign=\"top\" width=\"280\">\n<table border=\"0\" width=\"279\" cellspacing=\"0\" cellpadding=\"0\">\n<tbody>\n<tr>\n<td>Oyuncunun ad\u0131: Nehir \u00c7elik<\/td>\n<\/tr>\n<tr>\n<td>Do\u011fum Tarihi: 26-01-2007<\/td>\n<\/tr>\n<tr>\n<td>Do\u011fum Yeri: \u0130stanbul<\/td>\n<\/tr>\n<tr>\n<td>Boyu: 1-67<\/td>\n<\/tr>\n<tr>\n<td>Kilosu:<b>\u00a0<\/b>48<\/td>\n<\/tr>\n<tr>\n<td>Mevkii:<strong>\u00a0<\/strong>Forvet<\/td>\n<\/tr>\n<tr>\n<td>Forma Numaras\u0131:<b>\u00a0<\/b>2<\/td>\n<\/tr>\n<tr>\n<td>Fenerbah\u00e7e&#8217;ye Geli\u015f Tarihi: 2018<\/td>\n<\/tr>\n<tr>\n<td>Daha \u00d6nce Oynad\u0131\u011f\u0131 Tak\u0131mlar: Kutup Y\u0131ld\u0131z\u0131<\/td>\n<\/tr>\n<tr>\n<td><\/td>\n<\/tr>\n<tr>\n<td>Ba\u015far\u0131lar\u0131: 2016-17 U-11 \u0130stanbul \u015eampiyonlu\u011fu 2017-18 U-12 \u0130stanbul 2, \u0130stanbul Geli\u015fim Ligi 2.<\/td>\n<\/tr>\n<tr>\n<td><\/td>\n<\/tr>\n<\/tbody>\n<\/table>\n<\/td>\n<\/tr>\n<tr>\n<td valign=\"top\" width=\"170\"><\/td>\n<td valign=\"top\" width=\"280\"><\/td>\n<\/tr>\n<\/tbody>\n<\/table>\n<table border=\"0\" width=\"450\" cellspacing=\"0\" cellpadding=\"0\">\n<tbody>\n<tr>\n<td valign=\"top\" width=\"170\"><img decoding=\"async\" src=\"https:\/\/cdn.fenerbahce.org\/pic_lib\/simaysozmen.JPG\" width=\"150\" height=\"150\" \/><\/td>\n<td valign=\"top\" width=\"280\">\n<table border=\"0\" width=\"279\" cellspacing=\"0\" cellpadding=\"0\">\n<tbody>\n<tr>\n<td>Oyuncunun ad\u0131: Simay S\u00f6zmen<\/td>\n<\/tr>\n<tr>\n<td>Do\u011fum Tarihi: 15-01-2006<\/td>\n<\/tr>\n<tr>\n<td>Do\u011fum Yeri: Gaziantep<\/td>\n<\/tr>\n<tr>\n<td>Boyu: 1-71<\/td>\n<\/tr>\n<tr>\n<td>Kilosu:<b>\u00a0<\/b>64<\/td>\n<\/tr>\n<tr>\n<td>Mevkii:\u00a0Forvet<\/td>\n<\/tr>\n<tr>\n<td>Forma Numaras\u0131:<b>\u00a0<\/b>5<\/td>\n<\/tr>\n<tr>\n<td>Fenerbah\u00e7e&#8217;ye Geli\u015f Tarihi: 2017<\/td>\n<\/tr>\n<tr>\n<td>&nbsp;<\/td>\n<\/tr>\n<tr>\n<td>Ba\u015far\u0131lar\u0131: 2017-18 U-12 K\u0131zlar \u0130stanbul \u015eampiyonlu\u011fu ve Geli\u015fim Ligi \u015eampiyonlu\u011fu<\/td>\n<\/tr>\n<\/tbody>\n<\/table>\n<\/td>\n<\/tr>\n<\/tbody>\n<\/table>\n<p>[\/vc_column_text][\/vc_tta_section][\/vc_tta_accordion][\/vc_column][vc_column width=&#8221;1\/3&#8243;][vc_single_image image=&#8221;1010&#8243; img_size=&#8221;large&#8221; alignment=&#8221;center&#8221; style=&#8221;vc_box_border_circle_2&#8243;][\/vc_column][\/vc_row][vc_row][vc_column]<div  class=\"jeg_postblock_19 jeg_postblock jeg_module_hook jeg_pagination_disable jeg_col_3o3 jnews_module__1_69f73d07873ed   \" data-unique=\"jnews_module__1_69f73d07873ed\">\n\t\t\t\t\t<div class=\"jeg_block_heading jeg_block_heading_1 jeg_subcat_right\">\n                     <h3 class=\"jeg_block_title\"><a href='https:\/\/fener.org\/xwebsites\/wp\/fener\/index.php\/category\/haberler\/futbol\/'><span>Kad\u0131n Basketbol Haberleri<\/span><\/a><\/h3>\n                     \n                 <\/div>\n\t\t\t\t\t<div class=\"jeg_block_container\">\n                \n                <div class=\"jeg_posts jeg_load_more_flag\">\n                    <article class=\"jeg_post jeg_pl_md_box format-standard\">\n                    <div class=\"box_wrap\">\n                    <div class=\"jeg_thumb\">\n                        \n                        <a href=\"https:\/\/www.fener.org\/index.php\/2026\/04\/19\/basantrenorumuz-miguel-mendez-sadece-kupalar-degil-yasadigimiz-tecrubeler-icin-de-mutluyum\/\" aria-label=\"Read article: Miguel Mendez: Sadece kupalar de\u011fil, ya\u015fad\u0131\u011f\u0131m\u0131z tecr\u00fcbeler i\u00e7in de mutluyum\"><div class=\"thumbnail-container animate-lazy  size-715 \"><img loading=\"lazy\" decoding=\"async\" width=\"350\" height=\"250\" src=\"https:\/\/www.fener.org\/xwebsites\/wp\/fener\/wp-content\/themes\/jnews\/assets\/img\/jeg-empty.png\" class=\"attachment-jnews-350x250 size-jnews-350x250 lazyload wp-post-image\" alt=\"Fenerbah\u00e7e Kad\u0131n Basketbol Tak\u0131m\u0131 Ba\u015fantren\u00f6r\u00fc Miguel Mendez\" sizes=\"auto, (max-width: 350px) 100vw, 350px\" data-src=\"https:\/\/www.fener.org\/xwebsites\/wp\/fener\/wp-content\/uploads\/2026\/04\/haber_basketbol_kb_MiguelMendez_20260419-350x250.jpg\" data-srcset=\"https:\/\/www.fener.org\/xwebsites\/wp\/fener\/wp-content\/uploads\/2026\/04\/haber_basketbol_kb_MiguelMendez_20260419-350x250.jpg 350w, https:\/\/www.fener.org\/xwebsites\/wp\/fener\/wp-content\/uploads\/2026\/04\/haber_basketbol_kb_MiguelMendez_20260419-120x86.jpg 120w, https:\/\/www.fener.org\/xwebsites\/wp\/fener\/wp-content\/uploads\/2026\/04\/haber_basketbol_kb_MiguelMendez_20260419-750x536.jpg 750w\" data-sizes=\"auto\" data-expand=\"700\" \/><\/div><\/a>\n                    <\/div>\n                    <div class=\"jeg_postblock_content\">\n                        <h3 class=\"jeg_post_title\">\n                            <a href=\"https:\/\/www.fener.org\/index.php\/2026\/04\/19\/basantrenorumuz-miguel-mendez-sadece-kupalar-degil-yasadigimiz-tecrubeler-icin-de-mutluyum\/\">Miguel Mendez: Sadece kupalar de\u011fil, ya\u015fad\u0131\u011f\u0131m\u0131z tecr\u00fcbeler i\u00e7in de mutluyum<\/a>\n                        <\/h3>\n                        \n                    <\/div> \n                    <\/div>\n                <\/article><article class=\"jeg_post jeg_pl_md_box format-standard\">\n                    <div class=\"box_wrap\">\n                    <div class=\"jeg_thumb\">\n                        \n                        <a href=\"https:\/\/www.fener.org\/index.php\/2026\/04\/19\/euroleague-sampiyonu-fenerbahce-opet\/\" aria-label=\"Read article: Euroleague \u015eampiyonu Fenerbah\u00e7e Opet\"><div class=\"thumbnail-container animate-lazy  size-715 \"><img loading=\"lazy\" decoding=\"async\" width=\"350\" height=\"250\" src=\"https:\/\/www.fener.org\/xwebsites\/wp\/fener\/wp-content\/themes\/jnews\/assets\/img\/jeg-empty.png\" class=\"attachment-jnews-350x250 size-jnews-350x250 lazyload wp-post-image\" alt=\"Euroleague \u015eampiyonu Fenerbah\u00e7e Opet\" sizes=\"auto, (max-width: 350px) 100vw, 350px\" data-src=\"https:\/\/www.fener.org\/xwebsites\/wp\/fener\/wp-content\/uploads\/2026\/04\/haber_basketbol_kb_EuroleagueSampiyonu_FenerbahceOpet_20260419-350x250.jpg\" data-srcset=\"https:\/\/www.fener.org\/xwebsites\/wp\/fener\/wp-content\/uploads\/2026\/04\/haber_basketbol_kb_EuroleagueSampiyonu_FenerbahceOpet_20260419-350x250.jpg 350w, https:\/\/www.fener.org\/xwebsites\/wp\/fener\/wp-content\/uploads\/2026\/04\/haber_basketbol_kb_EuroleagueSampiyonu_FenerbahceOpet_20260419-120x86.jpg 120w, https:\/\/www.fener.org\/xwebsites\/wp\/fener\/wp-content\/uploads\/2026\/04\/haber_basketbol_kb_EuroleagueSampiyonu_FenerbahceOpet_20260419-750x536.jpg 750w\" data-sizes=\"auto\" data-expand=\"700\" \/><\/div><\/a>\n                    <\/div>\n                    <div class=\"jeg_postblock_content\">\n                        <h3 class=\"jeg_post_title\">\n                            <a href=\"https:\/\/www.fener.org\/index.php\/2026\/04\/19\/euroleague-sampiyonu-fenerbahce-opet\/\">Euroleague \u015eampiyonu Fenerbah\u00e7e Opet<\/a>\n                        <\/h3>\n                        \n                    <\/div> \n                    <\/div>\n                <\/article><article class=\"jeg_post jeg_pl_md_box format-standard\">\n                    <div class=\"box_wrap\">\n                    <div class=\"jeg_thumb\">\n                        \n                        <a href=\"https:\/\/www.fener.org\/index.php\/2026\/04\/19\/fenerbahce-opet-ucuncu-avrupa-sampiyonlugu-icin-parkeye-cikiyor\/\" aria-label=\"Read article: Fenerbah\u00e7e Opet, \u00fc\u00e7\u00fcnc\u00fc Avrupa \u015eampiyonlu\u011fu i\u00e7in parkeye \u00e7\u0131k\u0131yor\"><div class=\"thumbnail-container animate-lazy  size-715 \"><img loading=\"lazy\" decoding=\"async\" width=\"350\" height=\"250\" src=\"https:\/\/www.fener.org\/xwebsites\/wp\/fener\/wp-content\/themes\/jnews\/assets\/img\/jeg-empty.png\" class=\"attachment-jnews-350x250 size-jnews-350x250 lazyload wp-post-image\" alt=\"Fenerbah\u00e7e Kad\u0131n Basketbol Tak\u0131m\u0131\" sizes=\"auto, (max-width: 350px) 100vw, 350px\" data-src=\"https:\/\/www.fener.org\/xwebsites\/wp\/fener\/wp-content\/uploads\/2026\/04\/haber_basketbol_kb_FenerbahceKBT_20260419-350x250.jpg\" data-srcset=\"https:\/\/www.fener.org\/xwebsites\/wp\/fener\/wp-content\/uploads\/2026\/04\/haber_basketbol_kb_FenerbahceKBT_20260419-350x250.jpg 350w, https:\/\/www.fener.org\/xwebsites\/wp\/fener\/wp-content\/uploads\/2026\/04\/haber_basketbol_kb_FenerbahceKBT_20260419-120x86.jpg 120w, https:\/\/www.fener.org\/xwebsites\/wp\/fener\/wp-content\/uploads\/2026\/04\/haber_basketbol_kb_FenerbahceKBT_20260419-750x536.jpg 750w\" data-sizes=\"auto\" data-expand=\"700\" \/><\/div><\/a>\n                    <\/div>\n                    <div class=\"jeg_postblock_content\">\n                        <h3 class=\"jeg_post_title\">\n                            <a href=\"https:\/\/www.fener.org\/index.php\/2026\/04\/19\/fenerbahce-opet-ucuncu-avrupa-sampiyonlugu-icin-parkeye-cikiyor\/\">Fenerbah\u00e7e Opet, \u00fc\u00e7\u00fcnc\u00fc Avrupa \u015eampiyonlu\u011fu i\u00e7in parkeye \u00e7\u0131k\u0131yor<\/a>\n                        <\/h3>\n                        \n                    <\/div> \n                    <\/div>\n                <\/article><article class=\"jeg_post jeg_pl_sm format-standard\">\n                <div class=\"jeg_thumb\">\n                        \n                        <a href=\"https:\/\/www.fener.org\/index.php\/2026\/04\/17\/fenerbahce-opet-euroleague-women-final-sixte-yari-final-macina-cikiyor\/\" aria-label=\"Read article: Fenerbah\u00e7e Opet, EuroLeague Women Final Six\u2019te yar\u0131 final ma\u00e7\u0131na \u00e7\u0131k\u0131yor\"><div class=\"thumbnail-container animate-lazy  size-715 \"><img loading=\"lazy\" decoding=\"async\" width=\"120\" height=\"86\" src=\"https:\/\/www.fener.org\/xwebsites\/wp\/fener\/wp-content\/themes\/jnews\/assets\/img\/jeg-empty.png\" class=\"attachment-jnews-120x86 size-jnews-120x86 lazyload wp-post-image\" alt=\"Fenerbah\u00e7e Kad\u0131n Basketbol Tak\u0131m\u0131\" sizes=\"auto, (max-width: 120px) 100vw, 120px\" data-src=\"https:\/\/www.fener.org\/xwebsites\/wp\/fener\/wp-content\/uploads\/2026\/04\/haber_basketbol_kb_FenerbahceKBT_20260401-120x86.jpg\" data-srcset=\"https:\/\/www.fener.org\/xwebsites\/wp\/fener\/wp-content\/uploads\/2026\/04\/haber_basketbol_kb_FenerbahceKBT_20260401-120x86.jpg 120w, https:\/\/www.fener.org\/xwebsites\/wp\/fener\/wp-content\/uploads\/2026\/04\/haber_basketbol_kb_FenerbahceKBT_20260401-300x213.jpg 300w, https:\/\/www.fener.org\/xwebsites\/wp\/fener\/wp-content\/uploads\/2026\/04\/haber_basketbol_kb_FenerbahceKBT_20260401-768x545.jpg 768w, https:\/\/www.fener.org\/xwebsites\/wp\/fener\/wp-content\/uploads\/2026\/04\/haber_basketbol_kb_FenerbahceKBT_20260401-350x250.jpg 350w, https:\/\/www.fener.org\/xwebsites\/wp\/fener\/wp-content\/uploads\/2026\/04\/haber_basketbol_kb_FenerbahceKBT_20260401-750x533.jpg 750w, https:\/\/www.fener.org\/xwebsites\/wp\/fener\/wp-content\/uploads\/2026\/04\/haber_basketbol_kb_FenerbahceKBT_20260401.jpg 873w\" data-sizes=\"auto\" data-expand=\"700\" \/><\/div><\/a>\n                    <\/div>\n                    <div class=\"jeg_postblock_content\">\n                        <h3 class=\"jeg_post_title\">\n                            <a href=\"https:\/\/www.fener.org\/index.php\/2026\/04\/17\/fenerbahce-opet-euroleague-women-final-sixte-yari-final-macina-cikiyor\/\">Fenerbah\u00e7e Opet, EuroLeague Women Final Six\u2019te yar\u0131 final ma\u00e7\u0131na \u00e7\u0131k\u0131yor<\/a>\n                        <\/h3>\n                        \n                    <\/div>\n                <\/article><article class=\"jeg_post jeg_pl_sm format-standard\">\n                <div class=\"jeg_thumb\">\n                        \n                        <a href=\"https:\/\/www.fener.org\/index.php\/2026\/04\/04\/potanin-kralicelerinden-sampiyonluk-aciklamalari\/\" aria-label=\"Read article: Potan\u0131n Krali\u00e7elerinden \u015fampiyonluk a\u00e7\u0131klamalar\u0131\"><div class=\"thumbnail-container animate-lazy  size-715 \"><img loading=\"lazy\" decoding=\"async\" width=\"120\" height=\"86\" src=\"https:\/\/www.fener.org\/xwebsites\/wp\/fener\/wp-content\/themes\/jnews\/assets\/img\/jeg-empty.png\" class=\"attachment-jnews-120x86 size-jnews-120x86 lazyload wp-post-image\" alt=\"Fenerbah\u00e7e Opet Nama\u011flup \u015eampiyon\" sizes=\"auto, (max-width: 120px) 100vw, 120px\" data-src=\"https:\/\/www.fener.org\/xwebsites\/wp\/fener\/wp-content\/uploads\/2026\/04\/haber_basketbol_kb_FenerbahceOpet-NamaglupSampiyon_20260404-120x86.jpg\" data-srcset=\"https:\/\/www.fener.org\/xwebsites\/wp\/fener\/wp-content\/uploads\/2026\/04\/haber_basketbol_kb_FenerbahceOpet-NamaglupSampiyon_20260404-120x86.jpg 120w, https:\/\/www.fener.org\/xwebsites\/wp\/fener\/wp-content\/uploads\/2026\/04\/haber_basketbol_kb_FenerbahceOpet-NamaglupSampiyon_20260404-300x215.jpg 300w, https:\/\/www.fener.org\/xwebsites\/wp\/fener\/wp-content\/uploads\/2026\/04\/haber_basketbol_kb_FenerbahceOpet-NamaglupSampiyon_20260404-768x550.jpg 768w, https:\/\/www.fener.org\/xwebsites\/wp\/fener\/wp-content\/uploads\/2026\/04\/haber_basketbol_kb_FenerbahceOpet-NamaglupSampiyon_20260404-350x250.jpg 350w, https:\/\/www.fener.org\/xwebsites\/wp\/fener\/wp-content\/uploads\/2026\/04\/haber_basketbol_kb_FenerbahceOpet-NamaglupSampiyon_20260404-750x537.jpg 750w, https:\/\/www.fener.org\/xwebsites\/wp\/fener\/wp-content\/uploads\/2026\/04\/haber_basketbol_kb_FenerbahceOpet-NamaglupSampiyon_20260404.jpg 866w\" data-sizes=\"auto\" data-expand=\"700\" \/><\/div><\/a>\n                    <\/div>\n                    <div class=\"jeg_postblock_content\">\n                        <h3 class=\"jeg_post_title\">\n                            <a href=\"https:\/\/www.fener.org\/index.php\/2026\/04\/04\/potanin-kralicelerinden-sampiyonluk-aciklamalari\/\">Potan\u0131n Krali\u00e7elerinden \u015fampiyonluk a\u00e7\u0131klamalar\u0131<\/a>\n                        <\/h3>\n                        \n                    <\/div>\n                <\/article><article class=\"jeg_post jeg_pl_sm format-standard\">\n                <div class=\"jeg_thumb\">\n                        \n                        <a href=\"https:\/\/www.fener.org\/index.php\/2026\/04\/04\/miguel-mendez-cok-mutlu-ve-gururluyum\/\" aria-label=\"Read article: Miguel Mendez: \u00c7ok mutlu ve gururluyum\"><div class=\"thumbnail-container animate-lazy  size-715 \"><img loading=\"lazy\" decoding=\"async\" width=\"120\" height=\"86\" src=\"https:\/\/www.fener.org\/xwebsites\/wp\/fener\/wp-content\/themes\/jnews\/assets\/img\/jeg-empty.png\" class=\"attachment-jnews-120x86 size-jnews-120x86 lazyload wp-post-image\" alt=\"Fenerbah\u00e7e Kad\u0131n Basketbol Tak\u0131m\u0131 Ba\u015fantren\u00f6r\u00fc Miguel Mendez\" sizes=\"auto, (max-width: 120px) 100vw, 120px\" data-src=\"https:\/\/www.fener.org\/xwebsites\/wp\/fener\/wp-content\/uploads\/2026\/04\/haber_basketbol_kb_MiguelMendez_20260404-120x86.jpg\" data-srcset=\"https:\/\/www.fener.org\/xwebsites\/wp\/fener\/wp-content\/uploads\/2026\/04\/haber_basketbol_kb_MiguelMendez_20260404-120x86.jpg 120w, https:\/\/www.fener.org\/xwebsites\/wp\/fener\/wp-content\/uploads\/2026\/04\/haber_basketbol_kb_MiguelMendez_20260404-350x250.jpg 350w, https:\/\/www.fener.org\/xwebsites\/wp\/fener\/wp-content\/uploads\/2026\/04\/haber_basketbol_kb_MiguelMendez_20260404-750x536.jpg 750w\" data-sizes=\"auto\" data-expand=\"700\" \/><\/div><\/a>\n                    <\/div>\n                    <div class=\"jeg_postblock_content\">\n                        <h3 class=\"jeg_post_title\">\n                            <a href=\"https:\/\/www.fener.org\/index.php\/2026\/04\/04\/miguel-mendez-cok-mutlu-ve-gururluyum\/\">Miguel Mendez: \u00c7ok mutlu ve gururluyum<\/a>\n                        <\/h3>\n                        \n                    <\/div>\n                <\/article><article class=\"jeg_post jeg_pl_sm format-standard\">\n                <div class=\"jeg_thumb\">\n                        \n                        <a href=\"https:\/\/www.fener.org\/index.php\/2026\/04\/04\/fenerbahce-opet-namaglup-sampiyon\/\" aria-label=\"Read article: Fenerbah\u00e7e Opet Nama\u011flup \u015eampiyon\"><div class=\"thumbnail-container animate-lazy  size-715 \"><img loading=\"lazy\" decoding=\"async\" width=\"120\" height=\"86\" src=\"https:\/\/www.fener.org\/xwebsites\/wp\/fener\/wp-content\/themes\/jnews\/assets\/img\/jeg-empty.png\" class=\"attachment-jnews-120x86 size-jnews-120x86 lazyload wp-post-image\" alt=\"Fenerbah\u00e7e Opet Nama\u011flup \u015eampiyon\" sizes=\"auto, (max-width: 120px) 100vw, 120px\" data-src=\"https:\/\/www.fener.org\/xwebsites\/wp\/fener\/wp-content\/uploads\/2026\/04\/haber_basketbol_kb_FenerbahceOpet-NamaglupSampiyonOldu_20260404-120x86.jpg\" data-srcset=\"https:\/\/www.fener.org\/xwebsites\/wp\/fener\/wp-content\/uploads\/2026\/04\/haber_basketbol_kb_FenerbahceOpet-NamaglupSampiyonOldu_20260404-120x86.jpg 120w, https:\/\/www.fener.org\/xwebsites\/wp\/fener\/wp-content\/uploads\/2026\/04\/haber_basketbol_kb_FenerbahceOpet-NamaglupSampiyonOldu_20260404-350x250.jpg 350w, https:\/\/www.fener.org\/xwebsites\/wp\/fener\/wp-content\/uploads\/2026\/04\/haber_basketbol_kb_FenerbahceOpet-NamaglupSampiyonOldu_20260404-750x536.jpg 750w\" data-sizes=\"auto\" data-expand=\"700\" \/><\/div><\/a>\n                    <\/div>\n                    <div class=\"jeg_postblock_content\">\n                        <h3 class=\"jeg_post_title\">\n                            <a href=\"https:\/\/www.fener.org\/index.php\/2026\/04\/04\/fenerbahce-opet-namaglup-sampiyon\/\">Fenerbah\u00e7e Opet Nama\u011flup \u015eampiyon<\/a>\n                        <\/h3>\n                        \n                    <\/div>\n                <\/article><article class=\"jeg_post jeg_pl_sm format-standard\">\n                <div class=\"jeg_thumb\">\n                        \n                        <a href=\"https:\/\/www.fener.org\/index.php\/2026\/04\/04\/fenerbahce-opet-kbsl-play-off-final-serisi-ucuncu-macina-cikiyor\/\" aria-label=\"Read article: Fenerbah\u00e7e Opet, KBSL Play-Off Final serisi \u00fc\u00e7\u00fcnc\u00fc ma\u00e7\u0131na \u00e7\u0131k\u0131yor\"><div class=\"thumbnail-container animate-lazy  size-715 \"><img loading=\"lazy\" decoding=\"async\" width=\"120\" height=\"86\" src=\"https:\/\/www.fener.org\/xwebsites\/wp\/fener\/wp-content\/themes\/jnews\/assets\/img\/jeg-empty.png\" class=\"attachment-jnews-120x86 size-jnews-120x86 lazyload wp-post-image\" alt=\"Fenerbah\u00e7e Kad\u0131n Basketbol Tak\u0131m\u0131\" sizes=\"auto, (max-width: 120px) 100vw, 120px\" data-src=\"https:\/\/www.fener.org\/xwebsites\/wp\/fener\/wp-content\/uploads\/2026\/03\/haber_basketbol_kb_FenerbahceKBT_20260329c-120x86.jpg\" data-srcset=\"https:\/\/www.fener.org\/xwebsites\/wp\/fener\/wp-content\/uploads\/2026\/03\/haber_basketbol_kb_FenerbahceKBT_20260329c-120x86.jpg 120w, https:\/\/www.fener.org\/xwebsites\/wp\/fener\/wp-content\/uploads\/2026\/03\/haber_basketbol_kb_FenerbahceKBT_20260329c-350x250.jpg 350w, https:\/\/www.fener.org\/xwebsites\/wp\/fener\/wp-content\/uploads\/2026\/03\/haber_basketbol_kb_FenerbahceKBT_20260329c-750x536.jpg 750w\" data-sizes=\"auto\" data-expand=\"700\" \/><\/div><\/a>\n                    <\/div>\n                    <div class=\"jeg_postblock_content\">\n                        <h3 class=\"jeg_post_title\">\n                            <a href=\"https:\/\/www.fener.org\/index.php\/2026\/04\/04\/fenerbahce-opet-kbsl-play-off-final-serisi-ucuncu-macina-cikiyor\/\">Fenerbah\u00e7e Opet, KBSL Play-Off Final serisi \u00fc\u00e7\u00fcnc\u00fc ma\u00e7\u0131na \u00e7\u0131k\u0131yor<\/a>\n                        <\/h3>\n                        \n                    <\/div>\n                <\/article><article class=\"jeg_post jeg_pl_sm format-standard\">\n                <div class=\"jeg_thumb\">\n                        \n                        <a href=\"https:\/\/www.fener.org\/index.php\/2026\/04\/01\/fenerbahce-opet-kbsl-final-serisinde-2-0-one-gecti\/\" aria-label=\"Read article: Fenerbah\u00e7e Opet, KBSL final serisinde 2-0 \u00f6ne ge\u00e7ti\"><div class=\"thumbnail-container animate-lazy  size-715 \"><img loading=\"lazy\" decoding=\"async\" width=\"120\" height=\"86\" src=\"https:\/\/www.fener.org\/xwebsites\/wp\/fener\/wp-content\/themes\/jnews\/assets\/img\/jeg-empty.png\" class=\"attachment-jnews-120x86 size-jnews-120x86 lazyload wp-post-image\" alt=\"Fenerbah\u00e7e Kad\u0131n Basketbol Tak\u0131m\u0131\" sizes=\"auto, (max-width: 120px) 100vw, 120px\" data-src=\"https:\/\/www.fener.org\/xwebsites\/wp\/fener\/wp-content\/uploads\/2026\/04\/haber_basketbol_kb_FenerbahceKBT_20260401-120x86.jpg\" data-srcset=\"https:\/\/www.fener.org\/xwebsites\/wp\/fener\/wp-content\/uploads\/2026\/04\/haber_basketbol_kb_FenerbahceKBT_20260401-120x86.jpg 120w, https:\/\/www.fener.org\/xwebsites\/wp\/fener\/wp-content\/uploads\/2026\/04\/haber_basketbol_kb_FenerbahceKBT_20260401-300x213.jpg 300w, https:\/\/www.fener.org\/xwebsites\/wp\/fener\/wp-content\/uploads\/2026\/04\/haber_basketbol_kb_FenerbahceKBT_20260401-768x545.jpg 768w, https:\/\/www.fener.org\/xwebsites\/wp\/fener\/wp-content\/uploads\/2026\/04\/haber_basketbol_kb_FenerbahceKBT_20260401-350x250.jpg 350w, https:\/\/www.fener.org\/xwebsites\/wp\/fener\/wp-content\/uploads\/2026\/04\/haber_basketbol_kb_FenerbahceKBT_20260401-750x533.jpg 750w, https:\/\/www.fener.org\/xwebsites\/wp\/fener\/wp-content\/uploads\/2026\/04\/haber_basketbol_kb_FenerbahceKBT_20260401.jpg 873w\" data-sizes=\"auto\" data-expand=\"700\" \/><\/div><\/a>\n                    <\/div>\n                    <div class=\"jeg_postblock_content\">\n                        <h3 class=\"jeg_post_title\">\n                            <a href=\"https:\/\/www.fener.org\/index.php\/2026\/04\/01\/fenerbahce-opet-kbsl-final-serisinde-2-0-one-gecti\/\">Fenerbah\u00e7e Opet, KBSL final serisinde 2-0 \u00f6ne ge\u00e7ti<\/a>\n                        <\/h3>\n                        \n                    <\/div>\n                <\/article>\n                <\/div>\n                <div class='module-overlay'>\n\t\t\t\t    <div class='preloader_type preloader_dot'>\n\t\t\t\t        <div class=\"module-preloader jeg_preloader dot\">\n\t\t\t\t            <span><\/span><span><\/span><span><\/span>\n\t\t\t\t        <\/div>\n\t\t\t\t        <div class=\"module-preloader jeg_preloader circle\">\n\t\t\t\t            <div class=\"jnews_preloader_circle_outer\">\n\t\t\t\t                <div class=\"jnews_preloader_circle_inner\"><\/div>\n\t\t\t\t            <\/div>\n\t\t\t\t        <\/div>\n\t\t\t\t        <div class=\"module-preloader jeg_preloader square\">\n\t\t\t\t            <div class=\"jeg_square\">\n\t\t\t\t                <div class=\"jeg_square_inner\"><\/div>\n\t\t\t\t            <\/div>\n\t\t\t\t        <\/div>\n\t\t\t\t    <\/div>\n\t\t\t\t<\/div>\n            <\/div>\n            <div class=\"jeg_block_navigation\">\n                <div class='navigation_overlay'><div class='module-preloader jeg_preloader'><span><\/span><span><\/span><span><\/span><\/div><\/div>\n                \n                \n            <\/div>\n\t\t\t\t\t<style scoped>.jnews_module__1_69f73d07873ed .jeg_block_heading_1 .jeg_block_title span { background: #004684; }.jnews_module__1_69f73d07873ed .jeg_block_heading_1 { border-color: #004684; }<\/style>\n\t\t\t\t\t<script>var jnews_module__1_69f73d07873ed = {\"header_icon\":\"\",\"first_title\":\"Kad\\u0131n Basketbol Haberleri\",\"second_title\":\"\",\"url\":\"https:\\\/\\\/fener.org\\\/xwebsites\\\/wp\\\/fener\\\/index.php\\\/category\\\/haberler\\\/futbol\\\/\",\"header_type\":\"heading_1\",\"header_background\":\"#004684\",\"header_secondary_background\":\"\",\"header_text_color\":\"\",\"header_line_color\":\"#004684\",\"header_accent_color\":\"\",\"header_filter_category\":\"\",\"header_filter_author\":\"\",\"header_filter_tag\":\"\",\"header_filter_text\":\"All\",\"sticky_post\":false,\"post_type\":\"post\",\"content_type\":\"all\",\"sponsor\":false,\"number_post\":\"9\",\"post_offset\":\"0\",\"unique_content\":\"disable\",\"include_post\":\"\",\"included_only\":false,\"exclude_post\":\"\",\"include_category\":\"7\",\"exclude_category\":\"\",\"include_author\":\"\",\"include_tag\":\"\",\"exclude_tag\":\"\",\"exclude_visited_post\":false,\"sort_by\":\"latest\",\"date_format\":\"default\",\"date_format_custom\":\"Y\\\/m\\\/d\",\"force_normal_image_load\":\"\",\"main_custom_image_size\":\"default\",\"second_custom_image_size\":\"default\",\"pagination_mode\":\"disable\",\"pagination_nextprev_showtext\":\"\",\"pagination_number_post\":6,\"pagination_scroll_limit\":0,\"boxed\":\"\",\"boxed_shadow\":\"\",\"el_id\":\"\",\"el_class\":\"\",\"scheme\":\"\",\"column_width\":\"auto\",\"title_color\":\"\",\"accent_color\":\"\",\"alt_color\":\"\",\"excerpt_color\":\"\",\"css\":\"\",\"compatible_column_notice\":\"\",\"paged\":1,\"column_class\":\"jeg_col_3o3\",\"class\":\"jnews_block_19\"};<\/script>\n\t\t\t\t<\/div>[\/vc_column][\/vc_row]<\/p>\n<\/div>","protected":false},"excerpt":{"rendered":"<p>[vc_row][vc_column][\/vc_column][\/vc_row][vc_row][vc_column width=&#8221;2\/3&#8243;][vc_tta_accordion shape=&#8221;square&#8221; color=&#8221;green&#8221; c_icon=&#8221;&#8221; active_section=&#8221;0&#8243; no_fill=&#8221;true&#8221;][vc_tta_section title=&#8221;Kad\u0131n Basketbol A Tak\u0131m\u0131&#8221; tab_id=&#8221;1536499196898-e21334d2-2ed3&#8243;][vc_column_text]1955-1959 aras\u0131nda kesintisiz \u0130stanbul ve T\u00fcrkiye \u015fampiyonu olan Fenerbah\u00e7e Kad\u0131n Basketbol Tak\u0131m\u0131, 1999 y\u0131l\u0131ndan itibaren gerek T\u00fcrkiye Ligi ve T\u00fcrkiye Kupas\u0131&#8217;ndaki \u015fampiyonluklar\u0131, gerekse Avrupa kupalar\u0131nda elde etti\u011fi ba\u015far\u0131lar\u0131 nedeniyle, 2000&#8217;li y\u0131llarda Fenerbah\u00e7e Spor Kul\u00fcb\u00fc&#8217;n\u00fcn en istikrarl\u0131 tak\u0131mlar\u0131ndan birisi olmu\u015ftur. Fenerbah\u00e7e Kad\u0131n Basketbol Tak\u0131m\u0131, ma\u00e7lar\u0131n\u0131 [&hellip;]<\/p>\n","protected":false},"author":1,"featured_media":1010,"parent":125,"menu_order":0,"comment_status":"closed","ping_status":"closed","template":"template-builder.php","meta":{"jnews_page_loop":{"enable_page_loop":"0","first_title":"Latest Post","second_title":"","header_type":"heading_6","header_background":"","header_text_color":"","layout":"right-sidebar","sidebar":"default-sidebar","second_sidebar":"default-sidebar","sticky_sidebar":"1","module":"3","boxed":"0","boxed_shadow":"0","box_shadow":"0","excerpt_length":"20","content_date":"default","date_custom":"Y\/m\/d","content_pagination":"nav_1","pagination_align":"center","show_navtext":"0","show_pageinfo":"0","post_offset":"0","posts_per_page":"5","include_post":"","exclude_post":"","include_category":"","exclude_category":"","include_author":"","include_tag":"","exclude_tag":"","sort_by":"latest"},"jnews_single_page":{"layout":"no-sidebar","sidebar":"default-sidebar","second_sidebar":"default-sidebar","sticky_sidebar":"1","show_post_featured":"1","show_post_meta":"0","share_position":"top","share_color":"share-monocrhome"},"jnews_social_meta":[],"footnotes":""},"class_list":["post-129","page","type-page","status-publish","has-post-thumbnail","hentry"],"_links":{"self":[{"href":"https:\/\/www.fener.org\/index.php\/wp-json\/wp\/v2\/pages\/129","targetHints":{"allow":["GET"]}}],"collection":[{"href":"https:\/\/www.fener.org\/index.php\/wp-json\/wp\/v2\/pages"}],"about":[{"href":"https:\/\/www.fener.org\/index.php\/wp-json\/wp\/v2\/types\/page"}],"author":[{"embeddable":true,"href":"https:\/\/www.fener.org\/index.php\/wp-json\/wp\/v2\/users\/1"}],"replies":[{"embeddable":true,"href":"https:\/\/www.fener.org\/index.php\/wp-json\/wp\/v2\/comments?post=129"}],"version-history":[{"count":15,"href":"https:\/\/www.fener.org\/index.php\/wp-json\/wp\/v2\/pages\/129\/revisions"}],"predecessor-version":[{"id":1357,"href":"https:\/\/www.fener.org\/index.php\/wp-json\/wp\/v2\/pages\/129\/revisions\/1357"}],"up":[{"embeddable":true,"href":"https:\/\/www.fener.org\/index.php\/wp-json\/wp\/v2\/pages\/125"}],"wp:featuredmedia":[{"embeddable":true,"href":"https:\/\/www.fener.org\/index.php\/wp-json\/wp\/v2\/media\/1010"}],"wp:attachment":[{"href":"https:\/\/www.fener.org\/index.php\/wp-json\/wp\/v2\/media?parent=129"}],"curies":[{"name":"wp","href":"https:\/\/api.w.org\/{rel}","templated":true}]}}