{"id":127,"date":"2018-08-12T12:12:58","date_gmt":"2018-08-12T09:12:58","guid":{"rendered":"https:\/\/fener.org\/xwebsites\/wp\/fener\/?page_id=127"},"modified":"2018-09-19T12:08:54","modified_gmt":"2018-09-19T09:08:54","slug":"erkek-basketbol","status":"publish","type":"page","link":"https:\/\/www.fener.org\/index.php\/subeler\/basketbol\/erkek-basketbol\/","title":{"rendered":"Erkek Basketbol"},"content":{"rendered":"<div class=\"wpb-content-wrapper\"><p>[vc_row][vc_column]<div  class=\"jeg_block_heading jeg_block_heading_1 jeg_alignleft jnews_module__0_69f59b135a4a8   \">\n                <h3 class=\"jeg_block_title\"><span>Erkek Basketbol<\/span><\/h3>\n                <style>.jnews_module__0_69f59b135a4a8.jeg_block_heading_1 { border-color: #004684; }<\/style>\n            <\/div>[\/vc_column][\/vc_row][vc_row][vc_column width=&#8221;2\/3&#8243;][vc_tta_accordion shape=&#8221;square&#8221; color=&#8221;green&#8221; c_icon=&#8221;&#8221; active_section=&#8221;0&#8243; no_fill=&#8221;true&#8221;][vc_tta_section title=&#8221;Erkek Basketbol A Tak\u0131m\u0131&#8221; tab_id=&#8221;1536489979717-c27e933c-28b0&#8243;][vc_column_text]Fenerbah\u00e7e, EuroLeague&#8217;in 2015-16 sezonunda finale kalma ba\u015far\u0131s\u0131n\u0131 ve ard\u0131ndan da 2016-17 sezonunda \u015fampiyon olma ba\u015far\u0131s\u0131n\u0131 g\u00f6sterip bunu ba\u015faran ilk ve tek T\u00fcrk tak\u0131m\u0131 olmu\u015ftur. D\u00f6rt kez arka arkaya Final Four (2015, 2016, 2017, 2018) kat\u0131l\u0131m\u0131 da T\u00fcrk basketbolunda rekordur.<\/p>\n<p>Fenerbah\u00e7e Erkek Basketbol Tak\u0131m\u0131, ma\u00e7lar\u0131n\u0131 13.800 ki\u015filik \u00dclker Sports Arena&#8217;da oynamaktad\u0131r.[\/vc_column_text][\/vc_tta_section][vc_tta_section title=&#8221;Erkek Basketbol A Tak\u0131m\u0131 Y\u00f6netim ve Teknik Kadro&#8221; tab_id=&#8221;1536489979717-820dc359-55c5&#8243;][vc_column_text]Ba\u015fkan<br \/>\nAli Ko\u00e7<\/p>\n<p>\u015eube Sorumlusu Y\u00f6netici<br \/>\nSemih \u00d6zsoy<\/p>\n<p>Ba\u015f Antren\u00f6r<br \/>\nZeljko Obradovic<\/p>\n<p>Genel Menajer<br \/>\nMaurizio Gherardini<\/p>\n<p>Tak\u0131m Menajeri<br \/>\nCenk Renda<\/p>\n<p>Basketbol Operasyonlar\u0131 Direkt\u00f6r\u00fc<br \/>\nDefne Pat\u0131r<\/p>\n<p>Pazarlama Sorumlusu<br \/>\nMurat Tankut<\/p>\n<p>Biletleme Sorumlusu<br \/>\nEgemen Erg\u00fcden<\/p>\n<p>\u0130leti\u015fim ve Medya Sorumlusu<br \/>\n\u0130lker \u00dc\u00e7er<\/p>\n<p>Finans Sorumlusu<br \/>\nYunus Emre Kaykan<\/p>\n<p>\u0130dari \u0130\u015fler Sorumlusu<br \/>\nSelim Ayan<\/p>\n<p>Yard\u0131mc\u0131 Antren\u00f6r<br \/>\nJose Maria \u0130zquierdo \u0130banez<br \/>\nVladimir Androic<br \/>\nErdem Can<br \/>\nBerkay O\u011fuz<\/p>\n<p>Kondisyoner<br \/>\nPredrag Zimonjic<br \/>\n\u0130lker Belgutay<\/p>\n<p>Fizyoterapist<br \/>\nR\u0131za \u00d6zdemir<\/p>\n<p>Tak\u0131m Doktoru<br \/>\n\u0130smail Ba\u015f\u00f6z<\/p>\n<p>Mas\u00f6r<br \/>\nY\u0131lmaz Mete<br \/>\nFaik \u00d6zk\u00f6ksal<\/p>\n<p>Malzeme Sorumlusu<br \/>\nErkan Karaca[\/vc_column_text][\/vc_tta_section][vc_tta_section title=&#8221;Erkek Basketbol A Tak\u0131m\u0131 Kadro&#8221; tab_id=&#8221;1536490601858-bf0198ee-fb3a&#8221;][vc_column_text]<\/p>\n<table border=\"0\" width=\"690\" cellspacing=\"0\" cellpadding=\"0\">\n<tbody>\n<tr>\n<td align=\"center\" valign=\"top\" width=\"338\">\n<table border=\"0\" width=\"180\" cellspacing=\"0\" cellpadding=\"0\">\n<tbody>\n<tr>\n<td align=\"center\" valign=\"top\">\n<table border=\"0\" width=\"180\" cellspacing=\"0\" cellpadding=\"3\">\n<tbody>\n<tr>\n<td align=\"center\"><a class=\"d4\" href=\"https:\/\/www.fenerbahce.org\/basketbolerkek\/detay.asp?ContentID=60908\">JOFFREY LAUVERGNE<\/a><\/td>\n<\/tr>\n<\/tbody>\n<\/table>\n<table border=\"0\" width=\"126\" cellspacing=\"3\" cellpadding=\"0\" bgcolor=\"#ECECEC\">\n<tbody>\n<tr>\n<td bgcolor=\"#FFFFFF\"><a href=\"https:\/\/www.fenerbahce.org\/basketbolerkek\/detay.asp?ContentID=60908\"><img decoding=\"async\" src=\"https:\/\/cdn.fenerbahce.org\/pic_lib\/thumb\/jofi_60908_5430437.jpg\" width=\"120\" border=\"0\" \/><\/a><\/td>\n<\/tr>\n<\/tbody>\n<\/table>\n<\/td>\n<\/tr>\n<\/tbody>\n<\/table>\n<\/td>\n<td align=\"center\" valign=\"top\" width=\"14\"><img decoding=\"async\" src=\"https:\/\/cdn.fenerbahce.org\/basketbolerkek\/resimler\/clearpixel.gif\" width=\"14\" height=\"14\" \/><\/td>\n<td align=\"center\" valign=\"top\" width=\"338\">\n<table border=\"0\" width=\"180\" cellspacing=\"0\" cellpadding=\"0\">\n<tbody>\n<tr>\n<td align=\"center\" valign=\"top\">\n<table border=\"0\" width=\"180\" cellspacing=\"0\" cellpadding=\"3\">\n<tbody>\n<tr>\n<td align=\"center\"><a class=\"d4\" href=\"https:\/\/www.fenerbahce.org\/basketbolerkek\/detay.asp?ContentID=61110\">Tyler Ennis<\/a><\/td>\n<\/tr>\n<\/tbody>\n<\/table>\n<table border=\"0\" width=\"126\" cellspacing=\"3\" cellpadding=\"0\" bgcolor=\"#ECECEC\">\n<tbody>\n<tr>\n<td bgcolor=\"#FFFFFF\"><a href=\"https:\/\/www.fenerbahce.org\/basketbolerkek\/detay.asp?ContentID=61110\"><img decoding=\"async\" src=\"https:\/\/cdn.fenerbahce.org\/pic_lib\/thumb\/enii_61110_6538327.jpg\" width=\"120\" border=\"0\" \/><\/a><\/td>\n<\/tr>\n<\/tbody>\n<\/table>\n<\/td>\n<\/tr>\n<\/tbody>\n<\/table>\n<\/td>\n<td align=\"center\" valign=\"top\" width=\"338\">\n<table border=\"0\" width=\"180\" cellspacing=\"0\" cellpadding=\"0\">\n<tbody>\n<tr>\n<td align=\"center\" valign=\"top\">\n<table border=\"0\" width=\"180\" cellspacing=\"0\" cellpadding=\"3\">\n<tbody>\n<tr>\n<td align=\"center\"><a class=\"d4\" href=\"https:\/\/www.fenerbahce.org\/basketbolerkek\/detay.asp?ContentID=56593\">4-Nicolo Melli<\/a><\/td>\n<\/tr>\n<\/tbody>\n<\/table>\n<table border=\"0\" width=\"126\" cellspacing=\"3\" cellpadding=\"0\" bgcolor=\"#ECECEC\">\n<tbody>\n<tr>\n<td bgcolor=\"#FFFFFF\"><a href=\"https:\/\/www.fenerbahce.org\/basketbolerkek\/detay.asp?ContentID=56593\"><img decoding=\"async\" src=\"https:\/\/cdn.fenerbahce.org\/pic_lib\/thumb\/nicolo_56593_711984.jpg\" width=\"120\" border=\"0\" \/><\/a><\/td>\n<\/tr>\n<\/tbody>\n<\/table>\n<\/td>\n<\/tr>\n<\/tbody>\n<\/table>\n<\/td>\n<td align=\"center\" valign=\"top\" width=\"338\">\n<table border=\"0\" width=\"180\" cellspacing=\"0\" cellpadding=\"0\">\n<tbody>\n<tr>\n<td align=\"center\" valign=\"top\">\n<table border=\"0\" width=\"180\" cellspacing=\"0\" cellpadding=\"3\">\n<tbody>\n<tr>\n<td align=\"center\"><a class=\"d4\" href=\"https:\/\/www.fenerbahce.org\/basketbolerkek\/detay.asp?ContentID=45725\">5-Bar\u0131\u015f Hersek<\/a><\/td>\n<\/tr>\n<\/tbody>\n<\/table>\n<table border=\"0\" width=\"126\" cellspacing=\"3\" cellpadding=\"0\" bgcolor=\"#ECECEC\">\n<tbody>\n<tr>\n<td bgcolor=\"#FFFFFF\"><a href=\"https:\/\/www.fenerbahce.org\/basketbolerkek\/detay.asp?ContentID=45725\"><img decoding=\"async\" src=\"https:\/\/cdn.fenerbahce.org\/pic_lib\/thumb\/baris_45725_7156709.jpg\" width=\"120\" border=\"0\" \/><\/a><\/td>\n<\/tr>\n<\/tbody>\n<\/table>\n<\/td>\n<\/tr>\n<\/tbody>\n<\/table>\n<\/td>\n<\/tr>\n<tr>\n<td colspan=\"3\" align=\"center\" valign=\"top\"><\/td>\n<\/tr>\n<tr>\n<td align=\"center\" valign=\"top\" width=\"338\">\n<table border=\"0\" width=\"180\" cellspacing=\"0\" cellpadding=\"0\">\n<tbody>\n<tr>\n<td align=\"center\" valign=\"top\">\n<table border=\"0\" width=\"180\" cellspacing=\"0\" cellpadding=\"3\">\n<tbody>\n<tr>\n<td align=\"center\"><a class=\"d4\" href=\"https:\/\/www.fenerbahce.org\/basketbolerkek\/detay.asp?ContentID=51759\">9-Ahmet Can Duran<\/a><\/td>\n<\/tr>\n<\/tbody>\n<\/table>\n<table border=\"0\" width=\"126\" cellspacing=\"3\" cellpadding=\"0\" bgcolor=\"#ECECEC\">\n<tbody>\n<tr>\n<td bgcolor=\"#FFFFFF\"><a href=\"https:\/\/www.fenerbahce.org\/basketbolerkek\/detay.asp?ContentID=51759\"><img decoding=\"async\" src=\"https:\/\/cdn.fenerbahce.org\/pic_lib\/thumb\/ahmetcan_51759_7128227.jpg\" width=\"120\" border=\"0\" \/><\/a><\/td>\n<\/tr>\n<\/tbody>\n<\/table>\n<\/td>\n<\/tr>\n<\/tbody>\n<\/table>\n<\/td>\n<td align=\"center\" valign=\"top\" width=\"14\"><img decoding=\"async\" src=\"https:\/\/cdn.fenerbahce.org\/basketbolerkek\/resimler\/clearpixel.gif\" width=\"14\" height=\"14\" \/><\/td>\n<td align=\"center\" valign=\"top\" width=\"338\">\n<table border=\"0\" width=\"180\" cellspacing=\"0\" cellpadding=\"0\">\n<tbody>\n<tr>\n<td align=\"center\" valign=\"top\">\n<table border=\"0\" width=\"180\" cellspacing=\"0\" cellpadding=\"3\">\n<tbody>\n<tr>\n<td align=\"center\"><a class=\"d4\" href=\"https:\/\/www.fenerbahce.org\/basketbolerkek\/detay.asp?ContentID=36091\">10-Melih Mahmuto\u011flu<\/a><\/td>\n<\/tr>\n<\/tbody>\n<\/table>\n<table border=\"0\" width=\"126\" cellspacing=\"3\" cellpadding=\"0\" bgcolor=\"#ECECEC\">\n<tbody>\n<tr>\n<td bgcolor=\"#FFFFFF\"><a href=\"https:\/\/www.fenerbahce.org\/basketbolerkek\/detay.asp?ContentID=36091\"><img decoding=\"async\" src=\"https:\/\/cdn.fenerbahce.org\/pic_lib\/thumb\/melih_36091_7171038.jpg\" width=\"120\" border=\"0\" \/><\/a><\/td>\n<\/tr>\n<\/tbody>\n<\/table>\n<\/td>\n<\/tr>\n<\/tbody>\n<\/table>\n<\/td>\n<td align=\"center\" valign=\"top\" width=\"338\">\n<table border=\"0\" width=\"180\" cellspacing=\"0\" cellpadding=\"0\">\n<tbody>\n<tr>\n<td align=\"center\" valign=\"top\">\n<table border=\"0\" width=\"180\" cellspacing=\"0\" cellpadding=\"3\">\n<tbody>\n<tr>\n<td align=\"center\"><a class=\"d4\" href=\"https:\/\/www.fenerbahce.org\/basketbolerkek\/detay.asp?ContentID=45655\">16-Kostas Sloukas<\/a><\/td>\n<\/tr>\n<\/tbody>\n<\/table>\n<table border=\"0\" width=\"126\" cellspacing=\"3\" cellpadding=\"0\" bgcolor=\"#ECECEC\">\n<tbody>\n<tr>\n<td bgcolor=\"#FFFFFF\"><a href=\"https:\/\/www.fenerbahce.org\/basketbolerkek\/detay.asp?ContentID=45655\"><img decoding=\"async\" src=\"https:\/\/cdn.fenerbahce.org\/pic_lib\/thumb\/kostas_45655_7178737.jpg\" width=\"120\" border=\"0\" \/><\/a><\/td>\n<\/tr>\n<\/tbody>\n<\/table>\n<\/td>\n<\/tr>\n<\/tbody>\n<\/table>\n<\/td>\n<td align=\"center\" valign=\"top\" width=\"338\">\n<table border=\"0\" width=\"180\" cellspacing=\"0\" cellpadding=\"0\">\n<tbody>\n<tr>\n<td align=\"center\" valign=\"top\">\n<table border=\"0\" width=\"180\" cellspacing=\"0\" cellpadding=\"3\">\n<tbody>\n<tr>\n<td align=\"center\"><a class=\"d4\" href=\"https:\/\/www.fenerbahce.org\/basketbolerkek\/detay.asp?ContentID=46329\">18-Egehan Arna<\/a><\/td>\n<\/tr>\n<\/tbody>\n<\/table>\n<table border=\"0\" width=\"126\" cellspacing=\"3\" cellpadding=\"0\" bgcolor=\"#ECECEC\">\n<tbody>\n<tr>\n<td bgcolor=\"#FFFFFF\"><a href=\"https:\/\/www.fenerbahce.org\/basketbolerkek\/detay.asp?ContentID=46329\"><img decoding=\"async\" src=\"https:\/\/cdn.fenerbahce.org\/pic_lib\/thumb\/egehan_46329_7140214.jpg\" width=\"120\" border=\"0\" \/><\/a><\/td>\n<\/tr>\n<\/tbody>\n<\/table>\n<\/td>\n<\/tr>\n<\/tbody>\n<\/table>\n<\/td>\n<\/tr>\n<tr>\n<td colspan=\"3\" align=\"center\" valign=\"top\"><\/td>\n<\/tr>\n<tr>\n<td align=\"center\" valign=\"top\" width=\"338\">\n<table border=\"0\" width=\"180\" cellspacing=\"0\" cellpadding=\"0\">\n<tbody>\n<tr>\n<td align=\"center\" valign=\"top\">\n<table border=\"0\" width=\"180\" cellspacing=\"0\" cellpadding=\"3\">\n<tbody>\n<tr>\n<td align=\"center\"><a class=\"d4\" href=\"https:\/\/www.fenerbahce.org\/basketbolerkek\/detay.asp?ContentID=56675\">23-Marko Guduric<\/a><\/td>\n<\/tr>\n<\/tbody>\n<\/table>\n<table border=\"0\" width=\"126\" cellspacing=\"3\" cellpadding=\"0\" bgcolor=\"#ECECEC\">\n<tbody>\n<tr>\n<td bgcolor=\"#FFFFFF\"><a href=\"https:\/\/www.fenerbahce.org\/basketbolerkek\/detay.asp?ContentID=56675\"><img decoding=\"async\" src=\"https:\/\/cdn.fenerbahce.org\/pic_lib\/thumb\/guduric_56675_7114076.jpg\" width=\"120\" border=\"0\" \/><\/a><\/td>\n<\/tr>\n<\/tbody>\n<\/table>\n<\/td>\n<\/tr>\n<\/tbody>\n<\/table>\n<\/td>\n<td align=\"center\" valign=\"top\" width=\"14\"><img decoding=\"async\" src=\"https:\/\/cdn.fenerbahce.org\/basketbolerkek\/resimler\/clearpixel.gif\" width=\"14\" height=\"14\" \/><\/td>\n<td align=\"center\" valign=\"top\" width=\"338\">\n<table border=\"0\" width=\"180\" cellspacing=\"0\" cellpadding=\"0\">\n<tbody>\n<tr>\n<td align=\"center\" valign=\"top\">\n<table border=\"0\" width=\"180\" cellspacing=\"0\" cellpadding=\"3\">\n<tbody>\n<tr>\n<td align=\"center\"><a class=\"d4\" href=\"https:\/\/www.fenerbahce.org\/basketbolerkek\/detay.asp?ContentID=41418\">24-Jan Vesely<\/a><\/td>\n<\/tr>\n<\/tbody>\n<\/table>\n<table border=\"0\" width=\"126\" cellspacing=\"3\" cellpadding=\"0\" bgcolor=\"#ECECEC\">\n<tbody>\n<tr>\n<td bgcolor=\"#FFFFFF\"><a href=\"https:\/\/www.fenerbahce.org\/basketbolerkek\/detay.asp?ContentID=41418\"><img decoding=\"async\" src=\"https:\/\/cdn.fenerbahce.org\/pic_lib\/thumb\/jan_41418_7167844.jpg\" width=\"120\" border=\"0\" \/><\/a><\/td>\n<\/tr>\n<\/tbody>\n<\/table>\n<\/td>\n<\/tr>\n<\/tbody>\n<\/table>\n<\/td>\n<td align=\"center\" valign=\"top\" width=\"338\">\n<table border=\"0\" width=\"180\" cellspacing=\"0\" cellpadding=\"0\">\n<tbody>\n<tr>\n<td align=\"center\" valign=\"top\">\n<table border=\"0\" width=\"180\" cellspacing=\"0\" cellpadding=\"3\">\n<tbody>\n<tr>\n<td align=\"center\"><a class=\"d4\" href=\"https:\/\/www.fenerbahce.org\/basketbolerkek\/detay.asp?ContentID=56523\">32-Sinan G\u00fcler<\/a><\/td>\n<\/tr>\n<\/tbody>\n<\/table>\n<table border=\"0\" width=\"126\" cellspacing=\"3\" cellpadding=\"0\" bgcolor=\"#ECECEC\">\n<tbody>\n<tr>\n<td bgcolor=\"#FFFFFF\"><a href=\"https:\/\/www.fenerbahce.org\/basketbolerkek\/detay.asp?ContentID=56523\"><img decoding=\"async\" src=\"https:\/\/cdn.fenerbahce.org\/pic_lib\/thumb\/sinan_56523_7122461.jpg\" width=\"120\" border=\"0\" \/><\/a><\/td>\n<\/tr>\n<\/tbody>\n<\/table>\n<\/td>\n<\/tr>\n<\/tbody>\n<\/table>\n<\/td>\n<td align=\"center\" valign=\"top\" width=\"338\">\n<table border=\"0\" width=\"180\" cellspacing=\"0\" cellpadding=\"0\">\n<tbody>\n<tr>\n<td align=\"center\" valign=\"top\">\n<table border=\"0\" width=\"180\" cellspacing=\"0\" cellpadding=\"3\">\n<tbody>\n<tr>\n<td align=\"center\"><a class=\"d4\" href=\"https:\/\/www.fenerbahce.org\/basketbolerkek\/detay.asp?ContentID=46327\">33-Nikola Kalinic<\/a><\/td>\n<\/tr>\n<\/tbody>\n<\/table>\n<table border=\"0\" width=\"126\" cellspacing=\"3\" cellpadding=\"0\" bgcolor=\"#ECECEC\">\n<tbody>\n<tr>\n<td bgcolor=\"#FFFFFF\"><a href=\"https:\/\/www.fenerbahce.org\/basketbolerkek\/detay.asp?ContentID=46327\"><img decoding=\"async\" src=\"https:\/\/cdn.fenerbahce.org\/pic_lib\/thumb\/kalinic_46327_714742.jpg\" width=\"120\" border=\"0\" \/><\/a><\/td>\n<\/tr>\n<\/tbody>\n<\/table>\n<\/td>\n<\/tr>\n<\/tbody>\n<\/table>\n<\/td>\n<\/tr>\n<tr>\n<td colspan=\"3\" align=\"center\" valign=\"top\"><\/td>\n<\/tr>\n<tr>\n<td align=\"center\" valign=\"top\" width=\"338\">\n<table border=\"0\" width=\"180\" cellspacing=\"0\" cellpadding=\"0\">\n<tbody>\n<tr>\n<td align=\"center\" valign=\"top\">\n<table border=\"0\" width=\"180\" cellspacing=\"0\" cellpadding=\"3\">\n<tbody>\n<tr>\n<td align=\"center\"><a class=\"d4\" href=\"https:\/\/www.fenerbahce.org\/basketbolerkek\/detay.asp?ContentID=45971\">35-Bobby Dixon<\/a><\/td>\n<\/tr>\n<\/tbody>\n<\/table>\n<table border=\"0\" width=\"126\" cellspacing=\"3\" cellpadding=\"0\" bgcolor=\"#ECECEC\">\n<tbody>\n<tr>\n<td bgcolor=\"#FFFFFF\"><a href=\"https:\/\/www.fenerbahce.org\/basketbolerkek\/detay.asp?ContentID=45971\"><img decoding=\"async\" src=\"https:\/\/cdn.fenerbahce.org\/pic_lib\/thumb\/boby_45971_7150329.jpg\" width=\"120\" border=\"0\" \/><\/a><\/td>\n<\/tr>\n<\/tbody>\n<\/table>\n<\/td>\n<\/tr>\n<\/tbody>\n<\/table>\n<\/td>\n<td align=\"center\" valign=\"top\" width=\"14\"><img decoding=\"async\" src=\"https:\/\/cdn.fenerbahce.org\/basketbolerkek\/resimler\/clearpixel.gif\" width=\"14\" height=\"14\" \/><\/td>\n<td align=\"center\" valign=\"top\" width=\"338\">\n<table border=\"0\" width=\"180\" cellspacing=\"0\" cellpadding=\"0\">\n<tbody>\n<tr>\n<td align=\"center\" valign=\"top\">\n<table border=\"0\" width=\"180\" cellspacing=\"0\" cellpadding=\"3\">\n<tbody>\n<tr>\n<td align=\"center\"><a class=\"d4\" href=\"https:\/\/www.fenerbahce.org\/basketbolerkek\/detay.asp?ContentID=51498\">44-Ahmet D\u00fcverio\u011flu<\/a><\/td>\n<\/tr>\n<\/tbody>\n<\/table>\n<table border=\"0\" width=\"126\" cellspacing=\"3\" cellpadding=\"0\" bgcolor=\"#ECECEC\">\n<tbody>\n<tr>\n<td bgcolor=\"#FFFFFF\"><a href=\"https:\/\/www.fenerbahce.org\/basketbolerkek\/detay.asp?ContentID=51498\"><img decoding=\"async\" src=\"https:\/\/cdn.fenerbahce.org\/pic_lib\/thumb\/ahmet_51498_7132959.jpg\" width=\"120\" border=\"0\" \/><\/a><\/td>\n<\/tr>\n<\/tbody>\n<\/table>\n<\/td>\n<\/tr>\n<\/tbody>\n<\/table>\n<\/td>\n<td align=\"center\" valign=\"top\" width=\"338\">\n<table border=\"0\" width=\"180\" cellspacing=\"0\" cellpadding=\"0\">\n<tbody>\n<tr>\n<td align=\"center\" valign=\"top\">\n<table border=\"0\" width=\"180\" cellspacing=\"0\" cellpadding=\"3\">\n<tbody>\n<tr>\n<td align=\"center\"><a class=\"d4\" href=\"https:\/\/www.fenerbahce.org\/basketbolerkek\/detay.asp?ContentID=45866\">70-Luigi Datome<\/a><\/td>\n<\/tr>\n<\/tbody>\n<\/table>\n<table border=\"0\" width=\"126\" cellspacing=\"3\" cellpadding=\"0\" bgcolor=\"#ECECEC\">\n<tbody>\n<tr>\n<td bgcolor=\"#FFFFFF\"><a href=\"https:\/\/www.fenerbahce.org\/basketbolerkek\/detay.asp?ContentID=45866\"><img decoding=\"async\" src=\"https:\/\/cdn.fenerbahce.org\/pic_lib\/thumb\/luigi_45866_7153783.jpg\" width=\"120\" border=\"0\" \/><\/a><\/td>\n<\/tr>\n<\/tbody>\n<\/table>\n<\/td>\n<\/tr>\n<\/tbody>\n<\/table>\n<\/td>\n<td align=\"center\" valign=\"top\" width=\"338\">\n<table border=\"0\" width=\"180\" cellspacing=\"0\" cellpadding=\"0\">\n<tbody>\n<tr>\n<td align=\"center\" valign=\"top\">\n<table border=\"0\" width=\"180\" cellspacing=\"0\" cellpadding=\"3\">\n<tbody>\n<tr>\n<td align=\"center\"><a class=\"d4\" href=\"https:\/\/www.fenerbahce.org\/basketbolerkek\/detay.asp?ContentID=43723\">Zeljko Obradovic<\/a><\/td>\n<\/tr>\n<\/tbody>\n<\/table>\n<table border=\"0\" width=\"126\" cellspacing=\"3\" cellpadding=\"0\" bgcolor=\"#ECECEC\">\n<tbody>\n<tr>\n<td bgcolor=\"#FFFFFF\"><a href=\"https:\/\/www.fenerbahce.org\/basketbolerkek\/detay.asp?ContentID=43723\"><img decoding=\"async\" src=\"https:\/\/cdn.fenerbahce.org\/pic_lib\/thumb\/obradovic_43723_7164691.jpg\" width=\"120\" border=\"0\" \/><\/a><\/td>\n<\/tr>\n<\/tbody>\n<\/table>\n<\/td>\n<\/tr>\n<\/tbody>\n<\/table>\n<\/td>\n<\/tr>\n<\/tbody>\n<\/table>\n<p>[\/vc_column_text][\/vc_tta_section][vc_tta_section title=&#8221;Erkek Basketbol Altyap\u0131 \u0130dari ve Teknik Kadro&#8221; tab_id=&#8221;1536497550473-d6074adf-6330&#8243;][vc_column_text]Altyap\u0131lar Sorumlusu :<br \/>\nErdem Can<\/p>\n<p>Altyap\u0131lar \u0130dari Menajeri:<br \/>\nCenk G\u00fcrsoy<\/p>\n<p>Altyap\u0131lar \u0130dari Asistan Menajeri:<br \/>\nSabri Gurur Erol<\/p>\n<p>Gen\u00e7 Tak\u0131m Antren\u00f6r\u00fc<br \/>\nAli Serhan Aydanar\u0131\u011f<\/p>\n<p>Y\u0131ld\u0131z Tak\u0131m Antren\u00f6r\u00fc: (U16)<br \/>\nErtu\u011f Tuzcukaya<\/p>\n<p>Y\u0131ld\u0131z B Tak\u0131m Antren\u00f6r\u00fc: (U15)<br \/>\nErmen Erel<\/p>\n<p>K\u00fc\u00e7\u00fck Tak\u0131m Antren\u00f6r\u00fc: (U14)<br \/>\nL\u00fctfi Ahmeto\u011flu<\/p>\n<p>K\u00fc\u00e7\u00fck B Tak\u0131m Antren\u00f6r\u00fc (U13)<br \/>\nYusuf Y\u0131lmaz<\/p>\n<p>Minik A Tak\u0131m Antren\u00f6r\u00fc: (U12)<br \/>\nYusuf Y\u0131lmaz<\/p>\n<p>Minik B Tak\u0131m Antren\u00f6r\u00fc: (U11)<br \/>\nO\u011fuzhan \u00d6ner<\/p>\n<p>Minik C Tak\u0131m Antren\u00f6r\u00fc: (U10)<br \/>\nArda Durmaz<\/p>\n<p>Altyap\u0131 Kondisyoneri:<br \/>\nEr\u015fan Keskin<\/p>\n<p>Mas\u00f6r:<br \/>\nSel\u00e7uk A\u00e7arol[\/vc_column_text][\/vc_tta_section][vc_tta_section title=&#8221;Erkek Basketbol Gen\u00e7 Tak\u0131m&#8221; tab_id=&#8221;1536497633662-15a58cb9-0736&#8243;][vc_column_text]<\/p>\n<table border=\"0\" width=\"450\" cellspacing=\"0\" cellpadding=\"0\">\n<tbody>\n<tr>\n<td valign=\"top\" width=\"170\"><img decoding=\"async\" src=\"https:\/\/cdn.fenerbahce.org\/pic_lib\/cengizhanivediii.jpg\" width=\"150\" height=\"150\" \/><\/td>\n<td valign=\"top\" width=\"280\">\n<table border=\"0\" width=\"279\" cellspacing=\"0\" cellpadding=\"0\">\n<tbody>\n<tr>\n<td>Oyuncunun ad\u0131: Cengizhan \u0130vedi<\/td>\n<\/tr>\n<tr>\n<td>Do\u011fum tarihi:01-06-1999<\/td>\n<\/tr>\n<tr>\n<td>Do\u011fum Yeri:\u0130stanbul<\/td>\n<\/tr>\n<tr>\n<td>Boyu:1-98<\/td>\n<\/tr>\n<tr>\n<td>Kilosu<b>:92<\/b><\/td>\n<\/tr>\n<tr>\n<td>Mevkii<b>:Forvet <\/b><\/td>\n<\/tr>\n<tr>\n<td>Forma Numaras\u0131<b>:13<\/b><\/td>\n<\/tr>\n<tr>\n<td>Fenerbah\u00e7e&#8217;ye Geli\u015f Tarihi:2010<\/td>\n<\/tr>\n<tr>\n<td>Daha \u00d6nce Oynad\u0131\u011f\u0131 Tak\u0131mlar:Anadolu Efes<\/td>\n<\/tr>\n<tr>\n<td>Millilik Say\u0131s\u0131;<\/td>\n<\/tr>\n<tr>\n<td>\n<p>Ba\u015far\u0131lar\u0131:<\/p>\n<table cellspacing=\"0\" cellpadding=\"0\">\n<tbody>\n<tr>\n<td>Junior Lig \u015eampiyonlu\u011fu, 2010-2011 T\u00fcrkiye okullarda \u015eampiyonlu\u011fu, K\u00fc\u00e7\u00fck Erkekler \u0130stanbul 1.&#8217;li\u011fi, Y\u0131ld\u0131z Erkekler 2014-2015 \u0130stanbul 2.&#8217;li\u011fi, Y\u0131ld\u0131r Erkekler 2014-2015 T\u00fcrkiye 4.&#8217;l\u00fc\u011f\u00fc 2015-16 Okullarda \u0130stanbul 2, ve T\u00fcrkiye 3,2016-17 Okullarda \u0130stanbul 2, ve T\u00fcrkiye 4,<\/td>\n<\/tr>\n<tr>\n<td><\/td>\n<\/tr>\n<\/tbody>\n<\/table>\n<table>\n<tbody>\n<tr>\n<td><\/td>\n<\/tr>\n<\/tbody>\n<\/table>\n<\/td>\n<\/tr>\n<tr>\n<td><\/td>\n<\/tr>\n<\/tbody>\n<\/table>\n<\/td>\n<\/tr>\n<tr>\n<td valign=\"top\" width=\"170\"><\/td>\n<td valign=\"top\" width=\"280\"><\/td>\n<\/tr>\n<\/tbody>\n<\/table>\n<table border=\"0\" width=\"450\" cellspacing=\"0\" cellpadding=\"0\">\n<tbody>\n<tr>\n<td valign=\"top\" width=\"170\"><img decoding=\"async\" src=\"https:\/\/cdn.fenerbahce.org\/pic_lib\/barisyeniayyy.jpg\" width=\"150\" height=\"150\" \/><\/td>\n<td valign=\"top\" width=\"280\">\n<table border=\"0\" width=\"279\" cellspacing=\"0\" cellpadding=\"0\">\n<tbody>\n<tr>\n<td>Oyuncunun ad\u0131: Bar\u0131\u015f Yeniay<\/td>\n<\/tr>\n<tr>\n<td>Do\u011fum tarihi:08-05-1999<\/td>\n<\/tr>\n<tr>\n<td>Do\u011fum Yeri:\u0130stanbul<\/td>\n<\/tr>\n<tr>\n<td>Boyu:1-98<\/td>\n<\/tr>\n<tr>\n<td>Kilosu<b>:88<\/b><\/td>\n<\/tr>\n<tr>\n<td>Mevkii<b>:Guard Forvet <\/b><\/td>\n<\/tr>\n<tr>\n<td>Forma Numaras\u0131<b>:6<\/b><\/td>\n<\/tr>\n<tr>\n<td>Fenerbah\u00e7e&#8217;ye Geli\u015f Tarihi:2010<\/td>\n<\/tr>\n<tr>\n<td>Daha \u00d6nce Oynad\u0131\u011f\u0131 Tak\u0131mlar:<\/td>\n<\/tr>\n<tr>\n<td>Millilik Say\u0131s\u0131;11<\/td>\n<\/tr>\n<tr>\n<td>\n<p>Ba\u015far\u0131lar\u0131: 2010-11Junior League 2, 2012-13 K\u00fc\u00e7\u00fck Erkekler \u0130stanbul \u015eampiyonu 2013-14 Y\u0131ld\u0131z Erkekler \u0130stanbul 3, 2013-14 Okullarda \u0130l\u00e7e \u015eampiyonu 2014-15 Y\u0131ld\u0131z Erkekler \u0130stanbul 2, ve T\u00fcrkiye 4, 2015-16 Okullarda \u0130stanbul 4, ve T\u00fcrkiye 2, 2016-17 Gen\u00e7 Erkekler \u0130stanbul \u015eampiyonu ve T\u00fcrkiye 4, 2016-17 Okullarda \u0130stanbul ve T\u00fcrkiye \u015eampiyonu 2016-17 Okullarda D\u00fcnya \u015eampiyonu<\/p>\n<table>\n<tbody>\n<tr>\n<td><\/td>\n<\/tr>\n<\/tbody>\n<\/table>\n<\/td>\n<\/tr>\n<tr>\n<td><\/td>\n<\/tr>\n<\/tbody>\n<\/table>\n<\/td>\n<\/tr>\n<tr>\n<td valign=\"top\" width=\"170\"><\/td>\n<td valign=\"top\" width=\"280\"><\/td>\n<\/tr>\n<\/tbody>\n<\/table>\n<table border=\"0\" width=\"450\" cellspacing=\"0\" cellpadding=\"0\">\n<tbody>\n<tr>\n<td valign=\"top\" width=\"170\"><img decoding=\"async\" src=\"https:\/\/cdn.fenerbahce.org\/pic_lib\/ergitirpanciii.jpg\" width=\"150\" height=\"150\" \/><\/td>\n<td valign=\"top\" width=\"280\">\n<table border=\"0\" width=\"279\" cellspacing=\"0\" cellpadding=\"0\">\n<tbody>\n<tr>\n<td>Oyuncunun ad\u0131: Ergi T\u0131rpanc\u0131<\/td>\n<\/tr>\n<tr>\n<td>Do\u011fum tarihi:01-01-2000<\/td>\n<\/tr>\n<tr>\n<td>Do\u011fum Yeri:Ankara<\/td>\n<\/tr>\n<tr>\n<td>Boyu:2-03<\/td>\n<\/tr>\n<tr>\n<td>Kilosu<b>:90<\/b><\/td>\n<\/tr>\n<tr>\n<td>Mevkii<b>:Point Guard <\/b><\/td>\n<\/tr>\n<tr>\n<td>Forma Numaras\u0131<b>:10<\/b><\/td>\n<\/tr>\n<tr>\n<td>Fenerbah\u00e7e&#8217;ye Geli\u015f Tarihi:2006<\/td>\n<\/tr>\n<tr>\n<td>Daha \u00d6nce Oynad\u0131\u011f\u0131 Tak\u0131mlar:<\/td>\n<\/tr>\n<tr>\n<td>Millilik Say\u0131s\u0131;2<\/td>\n<\/tr>\n<tr>\n<td>\n<p>Ba\u015far\u0131lar\u0131: 2015-16 Okullarda \u0130stanbul 2, ve T\u00fcrkiye 4, 2015-16 Y\u0131ld\u0131z Erkekler T\u00fcrkiye \u015eampiyonu turnuvan\u0131n Say\u0131 Kral\u0131 2016-17 Gen\u00e7 Erkekler \u0130stanbul \u015eampiyonu ve T\u00fcrkiye 4,K\u00fc\u00e7\u00fck Erkekler \u0130stanbul \u015eampiyonu ve T\u00fcrkiye 4,<\/p>\n<table>\n<tbody>\n<tr>\n<td><\/td>\n<\/tr>\n<\/tbody>\n<\/table>\n<\/td>\n<\/tr>\n<tr>\n<td><\/td>\n<\/tr>\n<\/tbody>\n<\/table>\n<\/td>\n<\/tr>\n<tr>\n<td valign=\"top\" width=\"170\"><\/td>\n<td valign=\"top\" width=\"280\"><\/td>\n<\/tr>\n<\/tbody>\n<\/table>\n<table border=\"0\" width=\"450\" cellspacing=\"0\" cellpadding=\"0\">\n<tbody>\n<tr>\n<td valign=\"top\" width=\"170\"><img decoding=\"async\" src=\"https:\/\/cdn.fenerbahce.org\/pic_lib\/sarperdennn.jpg\" width=\"150\" height=\"150\" \/><\/td>\n<td valign=\"top\" width=\"280\">\n<table border=\"0\" width=\"279\" cellspacing=\"0\" cellpadding=\"0\">\n<tbody>\n<tr>\n<td>Oyuncunun ad\u0131: Sarp Erden<\/td>\n<\/tr>\n<tr>\n<td>Do\u011fum tarihi:22-01-2001<\/td>\n<\/tr>\n<tr>\n<td>Do\u011fum Yeri:\u0130stanbul<\/td>\n<\/tr>\n<tr>\n<td>Boyu:2-03<\/td>\n<\/tr>\n<tr>\n<td>Kilosu<b>:98<\/b><\/td>\n<\/tr>\n<tr>\n<td>Mevkii<b>:Forvet<\/b><\/td>\n<\/tr>\n<tr>\n<td>Forma Numaras\u0131<b>:99<\/b><\/td>\n<\/tr>\n<tr>\n<td>Fenerbah\u00e7e&#8217;ye Geli\u015f Tarihi:2012<\/td>\n<\/tr>\n<tr>\n<td>Daha \u00d6nce Oynad\u0131\u011f\u0131 Tak\u0131mlar:<\/td>\n<\/tr>\n<tr>\n<td>Millilik Say\u0131s\u0131;3<\/td>\n<\/tr>\n<tr>\n<td>\n<p>Ba\u015far\u0131lar\u0131: K\u00fc\u00e7\u00fck Erkekler T\u00fcrkiye 2, Unimini Cup Say\u0131 Krall\u0131\u011f\u0131 Junior League All-Star Y\u0131ld\u0131z Erkekler T\u00fcrkiye 4, Partizan Jahorina \u0130nternational Basketball Camp MVP<\/p>\n<table>\n<tbody>\n<tr>\n<td><\/td>\n<\/tr>\n<\/tbody>\n<\/table>\n<\/td>\n<\/tr>\n<tr>\n<td><\/td>\n<\/tr>\n<\/tbody>\n<\/table>\n<\/td>\n<\/tr>\n<tr>\n<td valign=\"top\" width=\"170\"><\/td>\n<td valign=\"top\" width=\"280\"><\/td>\n<\/tr>\n<\/tbody>\n<\/table>\n<table border=\"0\" width=\"450\" cellspacing=\"0\" cellpadding=\"0\">\n<tbody>\n<tr>\n<td valign=\"top\" width=\"170\"><img decoding=\"async\" src=\"https:\/\/cdn.fenerbahce.org\/pic_lib\/adembayrakkk.jpg\" width=\"150\" height=\"150\" \/><\/td>\n<td valign=\"top\" width=\"280\">\n<table border=\"0\" width=\"279\" cellspacing=\"0\" cellpadding=\"0\">\n<tbody>\n<tr>\n<td>Oyuncunun ad\u0131: Adem Bayrak<\/td>\n<\/tr>\n<tr>\n<td>Do\u011fum tarihi:08-08-2000<\/td>\n<\/tr>\n<tr>\n<td>Do\u011fum Yeri:\u0130stanbul<\/td>\n<\/tr>\n<tr>\n<td>Boyu:2-02<\/td>\n<\/tr>\n<tr>\n<td>Kilosu<b>:83<\/b><\/td>\n<\/tr>\n<tr>\n<td>Mevkii<b>:Forvet <\/b><\/td>\n<\/tr>\n<tr>\n<td>Forma Numaras\u0131<b>:19<\/b><\/td>\n<\/tr>\n<tr>\n<td>Fenerbah\u00e7e&#8217;ye Geli\u015f Tarihi:2014<\/td>\n<\/tr>\n<tr>\n<td>Daha \u00d6nce Oynad\u0131\u011f\u0131 Tak\u0131mlar:\u0130stbol<\/td>\n<\/tr>\n<tr>\n<td>Millilik Say\u0131s\u0131;42<\/td>\n<\/tr>\n<tr>\n<td>\n<p>Ba\u015far\u0131lar\u0131: 2013-14 Okullarda \u0130stanbul \u015eampiynnlu\u011fu U-16 Avrupa 3,<\/p>\n<table>\n<tbody>\n<tr>\n<td><\/td>\n<\/tr>\n<\/tbody>\n<\/table>\n<\/td>\n<\/tr>\n<tr>\n<td><\/td>\n<\/tr>\n<\/tbody>\n<\/table>\n<\/td>\n<\/tr>\n<tr>\n<td valign=\"top\" width=\"170\"><\/td>\n<td valign=\"top\" width=\"280\"><\/td>\n<\/tr>\n<\/tbody>\n<\/table>\n<table border=\"0\" width=\"450\" cellspacing=\"0\" cellpadding=\"0\">\n<tbody>\n<tr>\n<td valign=\"top\" width=\"170\"><img decoding=\"async\" src=\"https:\/\/cdn.fenerbahce.org\/pic_lib\/ekremsancakliii.jpg\" width=\"150\" height=\"150\" \/><\/td>\n<td valign=\"top\" width=\"280\">\n<table border=\"0\" width=\"279\" cellspacing=\"0\" cellpadding=\"0\">\n<tbody>\n<tr>\n<td>Oyuncunun ad\u0131: Ekrem Sancakl\u0131<\/td>\n<\/tr>\n<tr>\n<td>Do\u011fum tarihi:26-04-2001<\/td>\n<\/tr>\n<tr>\n<td>Do\u011fum Yeri:\u0130stanbul<\/td>\n<\/tr>\n<tr>\n<td>Boyu:1-74<\/td>\n<\/tr>\n<tr>\n<td>Kilosu<b>:87<\/b><\/td>\n<\/tr>\n<tr>\n<td>Mevkii<b>:Guard Forvet <\/b><\/td>\n<\/tr>\n<tr>\n<td>Forma Numaras\u0131<b>:7<\/b><\/td>\n<\/tr>\n<tr>\n<td>Fenerbah\u00e7e&#8217;ye Geli\u015f Tarihi:2010<\/td>\n<\/tr>\n<tr>\n<td>Daha \u00d6nce Oynad\u0131\u011f\u0131 Tak\u0131mlar:Pamukspor<\/td>\n<\/tr>\n<tr>\n<td>Millilik Say\u0131s\u0131;33<\/td>\n<\/tr>\n<tr>\n<td>\n<p>Ba\u015far\u0131lar\u0131:<\/p>\n<table cellspacing=\"0\" cellpadding=\"0\">\n<tbody>\n<tr>\n<td>K\u00fc\u00e7\u00fck Erkekler T\u00fcrkiye 2,<\/td>\n<\/tr>\n<tr>\n<td><\/td>\n<\/tr>\n<\/tbody>\n<\/table>\n<p>2015-16 Y\u0131ld\u0131z Erkekler \u0130stanbul ve T\u00fcrkiye 4,<\/p>\n<table>\n<tbody>\n<tr>\n<td><\/td>\n<\/tr>\n<\/tbody>\n<\/table>\n<\/td>\n<\/tr>\n<tr>\n<td><\/td>\n<\/tr>\n<\/tbody>\n<\/table>\n<\/td>\n<\/tr>\n<tr>\n<td valign=\"top\" width=\"170\"><\/td>\n<td valign=\"top\" width=\"280\"><\/td>\n<\/tr>\n<\/tbody>\n<\/table>\n<table border=\"0\" width=\"450\" cellspacing=\"0\" cellpadding=\"0\">\n<tbody>\n<tr>\n<td valign=\"top\" width=\"170\"><img decoding=\"async\" src=\"https:\/\/cdn.fenerbahce.org\/pic_lib\/yigitalptayfurrr.JPG\" width=\"150\" height=\"150\" \/><\/td>\n<td valign=\"top\" width=\"280\">\n<table border=\"0\" width=\"279\" cellspacing=\"0\" cellpadding=\"0\">\n<tbody>\n<tr>\n<td>Oyuncunun ad\u0131: Yi\u011fitalp Tayfur<\/td>\n<\/tr>\n<tr>\n<td>Do\u011fum tarihi:19-06-2000<\/td>\n<\/tr>\n<tr>\n<td>Do\u011fum Yeri:Kocaeli<\/td>\n<\/tr>\n<tr>\n<td>Boyu:2-04<\/td>\n<\/tr>\n<tr>\n<td>Kilosu<b>:110<\/b><\/td>\n<\/tr>\n<tr>\n<td>Mevkii<b>:Pivot<\/b><\/td>\n<\/tr>\n<tr>\n<td>Forma Numaras\u0131<b>:14<\/b><\/td>\n<\/tr>\n<tr>\n<td>Fenerbah\u00e7e&#8217;ye Geli\u015f Tarihi:2015<\/td>\n<\/tr>\n<tr>\n<td>Daha \u00d6nce Oynad\u0131\u011f\u0131 Tak\u0131mlar:Antalya DS\u0130<\/td>\n<\/tr>\n<tr>\n<td>Millilik Say\u0131s\u0131;<\/td>\n<\/tr>\n<tr>\n<td>\n<p>Ba\u015far\u0131lar\u0131: 2015-16 Y\u0131ld\u0131z Erkekler T\u00fcrkiye 4,<\/p>\n<table>\n<tbody>\n<tr>\n<td><\/td>\n<\/tr>\n<\/tbody>\n<\/table>\n<\/td>\n<\/tr>\n<tr>\n<td><\/td>\n<\/tr>\n<\/tbody>\n<\/table>\n<\/td>\n<\/tr>\n<tr>\n<td valign=\"top\" width=\"170\"><\/td>\n<td valign=\"top\" width=\"280\"><\/td>\n<\/tr>\n<\/tbody>\n<\/table>\n<table border=\"0\" width=\"450\" cellspacing=\"0\" cellpadding=\"0\">\n<tbody>\n<tr>\n<td valign=\"top\" width=\"170\"><img decoding=\"async\" src=\"https:\/\/cdn.fenerbahce.org\/pic_lib\/borqaybilginnn.jpg\" width=\"150\" height=\"150\" \/><\/td>\n<td valign=\"top\" width=\"280\">\n<table border=\"0\" width=\"279\" cellspacing=\"0\" cellpadding=\"0\">\n<tbody>\n<tr>\n<td>Oyuncunun ad\u0131: Boray Bilgin<\/td>\n<\/tr>\n<tr>\n<td>Do\u011fum tarihi:18-04-2001<\/td>\n<\/tr>\n<tr>\n<td>Do\u011fum Yeri:\u0130stanbul<\/td>\n<\/tr>\n<tr>\n<td>Boyu:1-87<\/td>\n<\/tr>\n<tr>\n<td>Kilosu<b>:78<\/b><\/td>\n<\/tr>\n<tr>\n<td>Mevkii<b>:Forvet <\/b><\/td>\n<\/tr>\n<tr>\n<td>Forma Numaras\u0131<b>:8<\/b><\/td>\n<\/tr>\n<tr>\n<td>Fenerbah\u00e7e&#8217;ye Geli\u015f Tarihi:2009<\/td>\n<\/tr>\n<tr>\n<td>Daha \u00d6nce Oynad\u0131\u011f\u0131 Tak\u0131mlar:Suadiye Gen\u00e7lik Caan Spor<\/td>\n<\/tr>\n<tr>\n<td>Millilik Say\u0131s\u0131;<\/td>\n<\/tr>\n<tr>\n<td>\n<p>Ba\u015far\u0131lar\u0131:<\/p>\n<table>\n<tbody>\n<tr>\n<td><\/td>\n<\/tr>\n<\/tbody>\n<\/table>\n<\/td>\n<\/tr>\n<tr>\n<td><\/td>\n<\/tr>\n<\/tbody>\n<\/table>\n<\/td>\n<\/tr>\n<tr>\n<td valign=\"top\" width=\"170\"><\/td>\n<td valign=\"top\" width=\"280\"><\/td>\n<\/tr>\n<\/tbody>\n<\/table>\n<table border=\"0\" width=\"450\" cellspacing=\"0\" cellpadding=\"0\">\n<tbody>\n<tr>\n<td valign=\"top\" width=\"170\"><img decoding=\"async\" src=\"https:\/\/cdn.fenerbahce.org\/pic_lib\/omerdoruksuderrrt.jpg\" width=\"150\" height=\"150\" \/><\/td>\n<td valign=\"top\" width=\"280\">\n<table border=\"0\" width=\"279\" cellspacing=\"0\" cellpadding=\"0\">\n<tbody>\n<tr>\n<td>Oyuncunun ad\u0131: \u00d6mer Doruk Suder<\/td>\n<\/tr>\n<tr>\n<td>Do\u011fum tarihi:17-01-2000<\/td>\n<\/tr>\n<tr>\n<td>Do\u011fum Yeri:\u0130stanbul<\/td>\n<\/tr>\n<tr>\n<td>Boyu:1-78<\/td>\n<\/tr>\n<tr>\n<td>Kilosu<b>:75<\/b><\/td>\n<\/tr>\n<tr>\n<td>Mevkii<b>:Point Guard <\/b><\/td>\n<\/tr>\n<tr>\n<td>Forma Numaras\u0131<b>:5<\/b><\/td>\n<\/tr>\n<tr>\n<td>Fenerbah\u00e7e&#8217;ye Geli\u015f Tarihi:2009<\/td>\n<\/tr>\n<tr>\n<td>Daha \u00d6nce Oynad\u0131\u011f\u0131 Tak\u0131mlar:<\/td>\n<\/tr>\n<tr>\n<td>Millilik Say\u0131s\u0131;<\/td>\n<\/tr>\n<tr>\n<td>\n<p>Ba\u015far\u0131lar\u0131: 2016-17 Gen\u00e7 Erkekler \u0130stanbul \u015eampiyonu ve T\u00fcrkiye 4,<\/p>\n<table>\n<tbody>\n<tr>\n<td><\/td>\n<\/tr>\n<\/tbody>\n<\/table>\n<\/td>\n<\/tr>\n<tr>\n<td><\/td>\n<\/tr>\n<\/tbody>\n<\/table>\n<\/td>\n<\/tr>\n<tr>\n<td valign=\"top\" width=\"170\"><\/td>\n<td valign=\"top\" width=\"280\"><\/td>\n<\/tr>\n<\/tbody>\n<\/table>\n<table border=\"0\" width=\"450\" cellspacing=\"0\" cellpadding=\"0\">\n<tbody>\n<tr>\n<td valign=\"top\" width=\"170\"><img decoding=\"async\" src=\"https:\/\/cdn.fenerbahce.org\/pic_lib\/ercanyildizdonattt.jpg\" width=\"150\" height=\"150\" \/><\/td>\n<td valign=\"top\" width=\"280\">\n<table border=\"0\" width=\"279\" cellspacing=\"0\" cellpadding=\"0\">\n<tbody>\n<tr>\n<td>Oyuncunun ad\u0131: Ercan Y\u0131ld\u0131z Donat<\/td>\n<\/tr>\n<tr>\n<td>Do\u011fum tarihi:01-02-2000<\/td>\n<\/tr>\n<tr>\n<td>Do\u011fum Yeri:\u0130stanbul<\/td>\n<\/tr>\n<tr>\n<td>Boyu:2-04<\/td>\n<\/tr>\n<tr>\n<td>Kilosu<b>:95<\/b><\/td>\n<\/tr>\n<tr>\n<td>Mevkii<b>:Pivot <\/b><\/td>\n<\/tr>\n<tr>\n<td>Forma Numaras\u0131<b>:9<\/b><\/td>\n<\/tr>\n<tr>\n<td>Fenerbah\u00e7e&#8217;ye Geli\u015f Tarihi:2016<\/td>\n<\/tr>\n<tr>\n<td>Daha \u00d6nce Oynad\u0131\u011f\u0131 Tak\u0131mlar:<\/td>\n<\/tr>\n<tr>\n<td>Millilik Say\u0131s\u0131;15<\/td>\n<\/tr>\n<tr>\n<td>\n<p>Ba\u015far\u0131lar\u0131:<\/p>\n<table>\n<tbody>\n<tr>\n<td><\/td>\n<\/tr>\n<\/tbody>\n<\/table>\n<\/td>\n<\/tr>\n<tr>\n<td><\/td>\n<\/tr>\n<\/tbody>\n<\/table>\n<\/td>\n<\/tr>\n<tr>\n<td valign=\"top\" width=\"170\"><\/td>\n<td valign=\"top\" width=\"280\"><\/td>\n<\/tr>\n<\/tbody>\n<\/table>\n<table border=\"0\" width=\"450\" cellspacing=\"0\" cellpadding=\"0\">\n<tbody>\n<tr>\n<td valign=\"top\" width=\"170\"><img decoding=\"async\" src=\"https:\/\/cdn.fenerbahce.org\/pic_lib\/sadettindonattt.jpg\" width=\"150\" height=\"150\" \/><\/td>\n<td valign=\"top\" width=\"280\">\n<table border=\"0\" width=\"279\" cellspacing=\"0\" cellpadding=\"0\">\n<tbody>\n<tr>\n<td>Oyuncunun ad\u0131: Sadettin Donat<\/td>\n<\/tr>\n<tr>\n<td>Do\u011fum tarihi:01-07-2001<\/td>\n<\/tr>\n<tr>\n<td>Do\u011fum Yeri:\u0130stanbul<\/td>\n<\/tr>\n<tr>\n<td>Boyu:2-03<\/td>\n<\/tr>\n<tr>\n<td>Kilosu<b>:120<\/b><\/td>\n<\/tr>\n<tr>\n<td>Mevkii<b>:Pivot <\/b><\/td>\n<\/tr>\n<tr>\n<td>Forma Numaras\u0131<b>:77<\/b><\/td>\n<\/tr>\n<tr>\n<td>Fenerbah\u00e7e&#8217;ye Geli\u015f Tarihi:2016<\/td>\n<\/tr>\n<tr>\n<td>Daha \u00d6nce Oynad\u0131\u011f\u0131 Tak\u0131mlar:<\/td>\n<\/tr>\n<tr>\n<td>Millilik Say\u0131s\u0131;15<\/td>\n<\/tr>\n<tr>\n<td>\n<p>Ba\u015far\u0131lar\u0131:<\/p>\n<table>\n<tbody>\n<tr>\n<td><\/td>\n<\/tr>\n<\/tbody>\n<\/table>\n<\/td>\n<\/tr>\n<tr>\n<td><\/td>\n<\/tr>\n<\/tbody>\n<\/table>\n<\/td>\n<\/tr>\n<tr>\n<td valign=\"top\" width=\"170\"><\/td>\n<td valign=\"top\" width=\"280\"><\/td>\n<\/tr>\n<\/tbody>\n<\/table>\n<table border=\"0\" width=\"450\" cellspacing=\"0\" cellpadding=\"0\">\n<tbody>\n<tr>\n<td valign=\"top\" width=\"170\"><img decoding=\"async\" src=\"https:\/\/cdn.fenerbahce.org\/pic_lib\/yigitarmankocakkk.jpg\" width=\"150\" height=\"150\" \/><\/td>\n<td valign=\"top\" width=\"280\">\n<table border=\"0\" width=\"279\" cellspacing=\"0\" cellpadding=\"0\">\n<tbody>\n<tr>\n<td>Oyuncunun ad\u0131: Yi\u011fit Arman Ko\u00e7ak<\/td>\n<\/tr>\n<tr>\n<td>Do\u011fum tarihi:02-02-2000<\/td>\n<\/tr>\n<tr>\n<td>Do\u011fum Yeri:Ankara<\/td>\n<\/tr>\n<tr>\n<td>Boyu:1-94<\/td>\n<\/tr>\n<tr>\n<td>Kilosu<b>:76<\/b><\/td>\n<\/tr>\n<tr>\n<td>Mevkii<b>:Guard<\/b><\/td>\n<\/tr>\n<tr>\n<td>Forma Numaras\u0131<b>:20<\/b><\/td>\n<\/tr>\n<tr>\n<td>Fenerbah\u00e7e&#8217;ye Geli\u015f Tarihi:2016<\/td>\n<\/tr>\n<tr>\n<td>Daha \u00d6nce Oynad\u0131\u011f\u0131 Tak\u0131mlar:T\u00fcrk Telekom ODT\u00dc<\/td>\n<\/tr>\n<tr>\n<td>Millilik Say\u0131s\u0131;<\/td>\n<\/tr>\n<tr>\n<td>\n<p>Ba\u015far\u0131lar\u0131: 2016-17 Gen\u00e7 Erkekler \u0130stanbul \u015eampiyonu ve T\u00fcrkiye 4,<\/p>\n<table>\n<tbody>\n<tr>\n<td><\/td>\n<\/tr>\n<\/tbody>\n<\/table>\n<\/td>\n<\/tr>\n<tr>\n<td><\/td>\n<\/tr>\n<\/tbody>\n<\/table>\n<\/td>\n<\/tr>\n<tr>\n<td valign=\"top\" width=\"170\"><\/td>\n<td valign=\"top\" width=\"280\"><\/td>\n<\/tr>\n<\/tbody>\n<\/table>\n<table border=\"0\" width=\"450\" cellspacing=\"0\" cellpadding=\"0\">\n<tbody>\n<tr>\n<td valign=\"top\" width=\"170\"><img decoding=\"async\" src=\"https:\/\/cdn.fenerbahce.org\/pic_lib\/ismailkarabilennn.jpg\" width=\"150\" height=\"150\" \/><\/td>\n<td valign=\"top\" width=\"280\">\n<table border=\"0\" width=\"279\" cellspacing=\"0\" cellpadding=\"0\">\n<tbody>\n<tr>\n<td>Oyuncunun ad\u0131: \u0130smail Karabilen<\/td>\n<\/tr>\n<tr>\n<td>Do\u011fum tarihi:02-01-2001<\/td>\n<\/tr>\n<tr>\n<td>Do\u011fum Yeri:\u0130stanbul<\/td>\n<\/tr>\n<tr>\n<td>Boyu:2-06<\/td>\n<\/tr>\n<tr>\n<td>Kilosu<b>:96<\/b><\/td>\n<\/tr>\n<tr>\n<td>Mevkii<b>:Forvet <\/b><\/td>\n<\/tr>\n<tr>\n<td>Forma Numaras\u0131<b>:50<\/b><\/td>\n<\/tr>\n<tr>\n<td>Fenerbah\u00e7e&#8217;ye Geli\u015f Tarihi:2011<\/td>\n<\/tr>\n<tr>\n<td>Daha \u00d6nce Oynad\u0131\u011f\u0131 Tak\u0131mlar:<\/td>\n<\/tr>\n<tr>\n<td>Millilik Say\u0131s\u0131;35<\/td>\n<\/tr>\n<tr>\n<td>\n<p>Ba\u015far\u0131lar\u0131:<\/p>\n<table>\n<tbody>\n<tr>\n<td><\/td>\n<\/tr>\n<\/tbody>\n<\/table>\n<\/td>\n<\/tr>\n<tr>\n<td><\/td>\n<\/tr>\n<\/tbody>\n<\/table>\n<\/td>\n<\/tr>\n<tr>\n<td valign=\"top\" width=\"170\"><\/td>\n<td valign=\"top\" width=\"280\"><\/td>\n<\/tr>\n<\/tbody>\n<\/table>\n<table border=\"0\" width=\"450\" cellspacing=\"0\" cellpadding=\"0\">\n<tbody>\n<tr>\n<td valign=\"top\" width=\"170\"><img decoding=\"async\" src=\"https:\/\/cdn.fenerbahce.org\/pic_lib\/cemkircimannn.jpg\" width=\"150\" height=\"150\" \/><\/td>\n<td valign=\"top\" width=\"280\">\n<table border=\"0\" width=\"279\" cellspacing=\"0\" cellpadding=\"0\">\n<tbody>\n<tr>\n<td>Oyuncunun ad\u0131: Cem K\u0131rc\u0131man<\/td>\n<\/tr>\n<tr>\n<td>Do\u011fum tarihi:06-04-2001<\/td>\n<\/tr>\n<tr>\n<td>Do\u011fum Yeri:Bursa<\/td>\n<\/tr>\n<tr>\n<td>Boyu:2-03<\/td>\n<\/tr>\n<tr>\n<td>Kilosu<b>:90<\/b><\/td>\n<\/tr>\n<tr>\n<td>Mevkii<b>:Forvet <\/b><\/td>\n<\/tr>\n<tr>\n<td>Forma Numaras\u0131<b>:12<\/b><\/td>\n<\/tr>\n<tr>\n<td>Fenerbah\u00e7e&#8217;ye Geli\u015f Tarihi:15<\/td>\n<\/tr>\n<tr>\n<td>Daha \u00d6nce Oynad\u0131\u011f\u0131 Tak\u0131mlar:Bursa Emine \u00d6rnek Bosch<\/td>\n<\/tr>\n<tr>\n<td>Millilik Say\u0131s\u0131;33<\/td>\n<\/tr>\n<tr>\n<td>\n<p>Ba\u015far\u0131lar\u0131: 2016-17 Gen\u00e7 Erkekler \u0130stanbul \u015eampiyonu ve T\u00fcrkiye 4, 2014-15 oKULLARDA bURSA 2,<\/p>\n<table>\n<tbody>\n<tr>\n<td><\/td>\n<\/tr>\n<\/tbody>\n<\/table>\n<\/td>\n<\/tr>\n<tr>\n<td><\/td>\n<\/tr>\n<\/tbody>\n<\/table>\n<\/td>\n<\/tr>\n<tr>\n<td valign=\"top\" width=\"170\"><\/td>\n<td valign=\"top\" width=\"280\"><\/td>\n<\/tr>\n<\/tbody>\n<\/table>\n<table border=\"0\" width=\"450\" cellspacing=\"0\" cellpadding=\"0\">\n<tbody>\n<tr>\n<td valign=\"top\" width=\"170\"><img decoding=\"async\" src=\"https:\/\/cdn.fenerbahce.org\/pic_lib\/alpoktayyy.jpg\" width=\"150\" height=\"150\" \/><\/td>\n<td valign=\"top\" width=\"280\">\n<table border=\"0\" width=\"279\" cellspacing=\"0\" cellpadding=\"0\">\n<tbody>\n<tr>\n<td>Oyuncunun ad\u0131: Alp Oktay<\/td>\n<\/tr>\n<tr>\n<td>Do\u011fum tarihi:09-02-2001<\/td>\n<\/tr>\n<tr>\n<td>Do\u011fum Yeri:\u0130stanbul<\/td>\n<\/tr>\n<tr>\n<td>Boyu:1-95<\/td>\n<\/tr>\n<tr>\n<td>Kilosu<b>:86<\/b><\/td>\n<\/tr>\n<tr>\n<td>Mevkii<b>:Guard <\/b><\/td>\n<\/tr>\n<tr>\n<td>Forma Numaras\u0131<b>:11<\/b><\/td>\n<\/tr>\n<tr>\n<td>Fenerbah\u00e7e&#8217;ye Geli\u015f Tarihi:2016<\/td>\n<\/tr>\n<tr>\n<td>Daha \u00d6nce Oynad\u0131\u011f\u0131 Tak\u0131mlar:Anadolu Efes Galatasaray<\/td>\n<\/tr>\n<tr>\n<td>Millilik Say\u0131s\u0131;4<\/td>\n<\/tr>\n<tr>\n<td>Ba\u015far\u0131lar\u0131: Junior League En \u0130yi Guard Junior League 2, Kids League en iyi 5 ve en iyi savunmac\u0131 2013-14Geli\u015fim Ligi \u015eampiyonu ve turnuvan\u0131n MVP 2014-15 Geli\u015fim Ligi \u015eampiyonu ve turnuvan\u0131n MVP 2016-17 Y\u0131ld\u0131z Erkekler \u0130stanbul \u015eampiyonlu\u011fu<\/td>\n<\/tr>\n<\/tbody>\n<\/table>\n<\/td>\n<\/tr>\n<\/tbody>\n<\/table>\n<p>[\/vc_column_text][\/vc_tta_section][vc_tta_section title=&#8221;Erkek Basketbol Y\u0131ld\u0131z A Tak\u0131m (U-16)&#8221; tab_id=&#8221;1536497705158-9be62e00-156a&#8221;][vc_column_text]<\/p>\n<table border=\"0\" width=\"450\" cellspacing=\"0\" cellpadding=\"0\">\n<tbody>\n<tr>\n<td valign=\"top\" width=\"170\"><img decoding=\"async\" src=\"https:\/\/cdn.fenerbahce.org\/pic_lib\/davidmutaf.JPG\" width=\"150\" height=\"150\" \/><\/td>\n<td valign=\"top\" width=\"280\">\n<table border=\"0\" width=\"279\" cellspacing=\"0\" cellpadding=\"0\">\n<tbody>\n<tr>\n<td>Oyuncunun ad\u0131: David Mutaf<\/td>\n<\/tr>\n<tr>\n<td>Do\u011fum tarihi:14-06-2002<\/td>\n<\/tr>\n<tr>\n<td>Do\u011fum Yeri:\u0130stanbul<\/td>\n<\/tr>\n<tr>\n<td>Boyu:1-84<\/td>\n<\/tr>\n<tr>\n<td>Kilosu<b>:82<\/b><\/td>\n<\/tr>\n<tr>\n<td>Mevkii<b>:Guard<\/b><\/td>\n<\/tr>\n<tr>\n<td>Forma Numaras\u0131<b>:23<\/b><\/td>\n<\/tr>\n<tr>\n<td>Fenerbah\u00e7e&#8217;ye Geli\u015f Tarihi:2009<\/td>\n<\/tr>\n<tr>\n<td>Daha \u00d6nce Oynad\u0131\u011f\u0131 Tak\u0131mlar:<\/td>\n<\/tr>\n<tr>\n<td>Millilik Say\u0131s\u0131;16<\/td>\n<\/tr>\n<tr>\n<td>\n<p>Ba\u015far\u0131lar\u0131:<\/p>\n<table>\n<tbody>\n<tr>\n<td><\/td>\n<\/tr>\n<\/tbody>\n<\/table>\n<\/td>\n<\/tr>\n<tr>\n<td><\/td>\n<\/tr>\n<\/tbody>\n<\/table>\n<\/td>\n<\/tr>\n<tr>\n<td valign=\"top\" width=\"170\"><\/td>\n<td valign=\"top\" width=\"280\"><\/td>\n<\/tr>\n<\/tbody>\n<\/table>\n<table border=\"0\" width=\"450\" cellspacing=\"0\" cellpadding=\"0\">\n<tbody>\n<tr>\n<td valign=\"top\" width=\"170\"><img decoding=\"async\" src=\"https:\/\/cdn.fenerbahce.org\/pic_lib\/alpkepenc.JPG\" width=\"150\" height=\"150\" \/><\/td>\n<td valign=\"top\" width=\"280\">\n<table border=\"0\" width=\"279\" cellspacing=\"0\" cellpadding=\"0\">\n<tbody>\n<tr>\n<td>Oyuncunun ad\u0131: Alp Kepen\u00e7<\/td>\n<\/tr>\n<tr>\n<td>Do\u011fum tarihi:10-01-2002<\/td>\n<\/tr>\n<tr>\n<td>Do\u011fum Yeri:\u0130stanbul<\/td>\n<\/tr>\n<tr>\n<td>Boyu:1-94<\/td>\n<\/tr>\n<tr>\n<td>Kilosu<b>:64<\/b><\/td>\n<\/tr>\n<tr>\n<td>Mevkii<b>:Forvet <\/b><\/td>\n<\/tr>\n<tr>\n<td>Forma Numaras\u0131<b>:8<\/b><\/td>\n<\/tr>\n<tr>\n<td>Fenerbah\u00e7e&#8217;ye Geli\u015f Tarihi:2009<\/td>\n<\/tr>\n<tr>\n<td>Daha \u00d6nce Oynad\u0131\u011f\u0131 Tak\u0131mlar:<\/td>\n<\/tr>\n<tr>\n<td>Millilik Say\u0131s\u0131;1<\/td>\n<\/tr>\n<tr>\n<td>\n<p>Ba\u015far\u0131lar\u0131: Junior League 2, Geli\u015fim Ligi \u015eampiyonlu\u011fu \u0130stanbul Geli\u015fim Ligi 3, Okullarda \u0130stanbul 3, ve T\u00fcrkiye 4, 2015-16 K\u00fc\u00e7\u00fck Erkekler \u0130stanbul 3, T\u00fcrkiye 5,<\/p>\n<table>\n<tbody>\n<tr>\n<td><\/td>\n<\/tr>\n<\/tbody>\n<\/table>\n<\/td>\n<\/tr>\n<tr>\n<td><\/td>\n<\/tr>\n<\/tbody>\n<\/table>\n<\/td>\n<\/tr>\n<tr>\n<td valign=\"top\" width=\"170\"><\/td>\n<td valign=\"top\" width=\"280\"><\/td>\n<\/tr>\n<\/tbody>\n<\/table>\n<table border=\"0\" width=\"450\" cellspacing=\"0\" cellpadding=\"0\">\n<tbody>\n<tr>\n<td valign=\"top\" width=\"170\"><img decoding=\"async\" src=\"https:\/\/cdn.fenerbahce.org\/pic_lib\/alpcabirozdamar.JPG\" width=\"150\" height=\"150\" \/><\/td>\n<td valign=\"top\" width=\"280\">\n<table border=\"0\" width=\"279\" cellspacing=\"0\" cellpadding=\"0\">\n<tbody>\n<tr>\n<td>Oyuncunun ad\u0131: Alp Cabir \u00d6zdamar<\/td>\n<\/tr>\n<tr>\n<td>Do\u011fum tarihi:07-01-2002<\/td>\n<\/tr>\n<tr>\n<td>Do\u011fum Yeri:\u0130stanbul<\/td>\n<\/tr>\n<tr>\n<td>Boyu:1-97<\/td>\n<\/tr>\n<tr>\n<td>Kilosu<b>:87<\/b><\/td>\n<\/tr>\n<tr>\n<td>Mevkii<b>:Pivot <\/b><\/td>\n<\/tr>\n<tr>\n<td>Forma Numaras\u0131<b>:24<\/b><\/td>\n<\/tr>\n<tr>\n<td>Fenerbah\u00e7e&#8217;ye Geli\u015f Tarihi:2013<\/td>\n<\/tr>\n<tr>\n<td>Daha \u00d6nce Oynad\u0131\u011f\u0131 Tak\u0131mlar:Be\u015fikta\u015f<\/td>\n<\/tr>\n<tr>\n<td>Millilik Say\u0131s\u0131;<\/td>\n<\/tr>\n<tr>\n<td>\n<p>Ba\u015far\u0131lar\u0131: \u0130stanbul Geli\u015fim Ligi \u015eampiyonlu\u011fu 2015-16 K\u00fc\u00e7\u00fck Erkekler \u0130stanbul 3, T\u00fcrkiye 5,<\/p>\n<table>\n<tbody>\n<tr>\n<td><\/td>\n<\/tr>\n<\/tbody>\n<\/table>\n<\/td>\n<\/tr>\n<tr>\n<td><\/td>\n<\/tr>\n<\/tbody>\n<\/table>\n<\/td>\n<\/tr>\n<tr>\n<td valign=\"top\" width=\"170\"><\/td>\n<td valign=\"top\" width=\"280\"><\/td>\n<\/tr>\n<\/tbody>\n<\/table>\n<table border=\"0\" width=\"450\" cellspacing=\"0\" cellpadding=\"0\">\n<tbody>\n<tr>\n<td valign=\"top\" width=\"170\"><img decoding=\"async\" src=\"https:\/\/cdn.fenerbahce.org\/pic_lib\/alptitiz.JPG\" width=\"150\" height=\"150\" \/><\/td>\n<td valign=\"top\" width=\"280\">\n<table border=\"0\" width=\"279\" cellspacing=\"0\" cellpadding=\"0\">\n<tbody>\n<tr>\n<td>Oyuncunun ad\u0131: Alp Titiz<\/td>\n<\/tr>\n<tr>\n<td>Do\u011fum tarihi:07-03-2002<\/td>\n<\/tr>\n<tr>\n<td>Do\u011fum Yeri:\u0130stanbul<\/td>\n<\/tr>\n<tr>\n<td>Boyu:1-83<\/td>\n<\/tr>\n<tr>\n<td>Kilosu<b>:70<\/b><\/td>\n<\/tr>\n<tr>\n<td>Mevkii<b>:Point Guard <\/b><\/td>\n<\/tr>\n<tr>\n<td>Forma Numaras\u0131<b>:15<\/b><\/td>\n<\/tr>\n<tr>\n<td>Fenerbah\u00e7e&#8217;ye Geli\u015f Tarihi:<\/td>\n<\/tr>\n<tr>\n<td>Daha \u00d6nce Oynad\u0131\u011f\u0131 Tak\u0131mlar:K\u0131z\u0131ltoprak \u0130TO<\/td>\n<\/tr>\n<tr>\n<td>Millilik Say\u0131s\u0131;<\/td>\n<\/tr>\n<tr>\n<td>\n<p>Ba\u015far\u0131lar\u0131:<\/p>\n<table>\n<tbody>\n<tr>\n<td><\/td>\n<\/tr>\n<\/tbody>\n<\/table>\n<\/td>\n<\/tr>\n<tr>\n<td><\/td>\n<\/tr>\n<\/tbody>\n<\/table>\n<\/td>\n<\/tr>\n<tr>\n<td valign=\"top\" width=\"170\"><\/td>\n<td valign=\"top\" width=\"280\"><\/td>\n<\/tr>\n<\/tbody>\n<\/table>\n<table border=\"0\" width=\"450\" cellspacing=\"0\" cellpadding=\"0\">\n<tbody>\n<tr>\n<td valign=\"top\" width=\"170\"><img decoding=\"async\" src=\"https:\/\/cdn.fenerbahce.org\/pic_lib\/emirbasagalar.JPG\" width=\"150\" height=\"150\" \/><\/td>\n<td valign=\"top\" width=\"280\">\n<table border=\"0\" width=\"279\" cellspacing=\"0\" cellpadding=\"0\">\n<tbody>\n<tr>\n<td>Oyuncunun ad\u0131: Emir Ba\u015fa\u011falar<\/td>\n<\/tr>\n<tr>\n<td>Do\u011fum tarihi:09-01-2002<\/td>\n<\/tr>\n<tr>\n<td>Do\u011fum Yeri:Adana<\/td>\n<\/tr>\n<tr>\n<td>Boyu:1-97<\/td>\n<\/tr>\n<tr>\n<td>Kilosu<b>:85<\/b><\/td>\n<\/tr>\n<tr>\n<td>Mevkii<b>:Pivot <\/b><\/td>\n<\/tr>\n<tr>\n<td>Forma Numaras\u0131<b>:16<\/b><\/td>\n<\/tr>\n<tr>\n<td>Fenerbah\u00e7e&#8217;ye Geli\u015f Tarihi:2016<\/td>\n<\/tr>\n<tr>\n<td>Daha \u00d6nce Oynad\u0131\u011f\u0131 Tak\u0131mlar:\u0130stanbul DS\u0130<\/td>\n<\/tr>\n<tr>\n<td>Millilik Say\u0131s\u0131;<\/td>\n<\/tr>\n<tr>\n<td>\n<p>Ba\u015far\u0131lar\u0131: Swiss Cup \u015eampiyonlu\u011fu<\/p>\n<table>\n<tbody>\n<tr>\n<td><\/td>\n<\/tr>\n<\/tbody>\n<\/table>\n<\/td>\n<\/tr>\n<tr>\n<td><\/td>\n<\/tr>\n<\/tbody>\n<\/table>\n<\/td>\n<\/tr>\n<tr>\n<td valign=\"top\" width=\"170\"><\/td>\n<td valign=\"top\" width=\"280\"><\/td>\n<\/tr>\n<\/tbody>\n<\/table>\n<table border=\"0\" width=\"450\" cellspacing=\"0\" cellpadding=\"0\">\n<tbody>\n<tr>\n<td valign=\"top\" width=\"170\"><img decoding=\"async\" src=\"https:\/\/cdn.fenerbahce.org\/pic_lib\/yunusemredemirhan.jpg\" width=\"150\" height=\"150\" \/><\/td>\n<td valign=\"top\" width=\"280\">\n<table border=\"0\" width=\"279\" cellspacing=\"0\" cellpadding=\"0\">\n<tbody>\n<tr>\n<td>Oyuncunun ad\u0131: Yunus Emre Demirhan<\/td>\n<\/tr>\n<tr>\n<td>Do\u011fum tarihi:01-08-2002<\/td>\n<\/tr>\n<tr>\n<td>Do\u011fum Yeri:Almanya<\/td>\n<\/tr>\n<tr>\n<td>Boyu:1-89<\/td>\n<\/tr>\n<tr>\n<td>Kilosu<b>:74<\/b><\/td>\n<\/tr>\n<tr>\n<td>Mevkii<b>:Forvet <\/b><\/td>\n<\/tr>\n<tr>\n<td>Forma Numaras\u0131<b>:13<\/b><\/td>\n<\/tr>\n<tr>\n<td>Fenerbah\u00e7e&#8217;ye Geli\u015f Tarihi:2012<\/td>\n<\/tr>\n<tr>\n<td>Daha \u00d6nce Oynad\u0131\u011f\u0131 Tak\u0131mlar:<\/td>\n<\/tr>\n<tr>\n<td>Millilik Say\u0131s\u0131;<\/td>\n<\/tr>\n<tr>\n<td>\n<p>Ba\u015far\u0131lar\u0131: Junior League 2, \u0130stanbul Geli\u015fim Ligi \u015eampiyonlu\u011fu 2015-16 K\u00fc\u00e7\u00fck Erkekler \u0130stanbul 3, T\u00fcrkiye 5,<\/p>\n<table>\n<tbody>\n<tr>\n<td><\/td>\n<\/tr>\n<\/tbody>\n<\/table>\n<\/td>\n<\/tr>\n<tr>\n<td><\/td>\n<\/tr>\n<\/tbody>\n<\/table>\n<\/td>\n<\/tr>\n<tr>\n<td valign=\"top\" width=\"170\"><\/td>\n<td valign=\"top\" width=\"280\"><\/td>\n<\/tr>\n<\/tbody>\n<\/table>\n<table border=\"0\" width=\"450\" cellspacing=\"0\" cellpadding=\"0\">\n<tbody>\n<tr>\n<td valign=\"top\" width=\"170\"><img decoding=\"async\" src=\"https:\/\/cdn.fenerbahce.org\/pic_lib\/kuzeyhamidoglu.JPG\" width=\"150\" height=\"150\" \/><\/td>\n<td valign=\"top\" width=\"280\">\n<table border=\"0\" width=\"279\" cellspacing=\"0\" cellpadding=\"0\">\n<tbody>\n<tr>\n<td>Oyuncunun ad\u0131: Kuzey Hamido\u011flu<\/td>\n<\/tr>\n<tr>\n<td>Do\u011fum tarihi:25-03-2003<\/td>\n<\/tr>\n<tr>\n<td>Do\u011fum Yeri:\u0130stanbul<\/td>\n<\/tr>\n<tr>\n<td>Boyu:1-82<\/td>\n<\/tr>\n<tr>\n<td>Kilosu<b>:70<\/b><\/td>\n<\/tr>\n<tr>\n<td>Mevkii<b>:Guard <\/b><\/td>\n<\/tr>\n<tr>\n<td>Forma Numaras\u0131<b>:6<\/b><\/td>\n<\/tr>\n<tr>\n<td>Fenerbah\u00e7e&#8217;ye Geli\u015f Tarihi:2012<\/td>\n<\/tr>\n<tr>\n<td>Daha \u00d6nce Oynad\u0131\u011f\u0131 Tak\u0131mlar:Be\u015fikta\u015f<\/td>\n<\/tr>\n<tr>\n<td>Millilik Say\u0131s\u0131;<\/td>\n<\/tr>\n<tr>\n<td>\n<p>Ba\u015far\u0131lar\u0131: Junior League 2, \u0130stanbul Geli\u015fim Ligi \u015eampiyonlu\u011fu 2015-16 K\u00fc\u00e7\u00fck Erkekler \u0130stanbul 3, T\u00fcrkiye 5, Okullarda \u0130l\u00e7e 2,<\/p>\n<table>\n<tbody>\n<tr>\n<td><\/td>\n<\/tr>\n<\/tbody>\n<\/table>\n<\/td>\n<\/tr>\n<tr>\n<td><\/td>\n<\/tr>\n<\/tbody>\n<\/table>\n<\/td>\n<\/tr>\n<tr>\n<td valign=\"top\" width=\"170\"><\/td>\n<td valign=\"top\" width=\"280\"><\/td>\n<\/tr>\n<\/tbody>\n<\/table>\n<table border=\"0\" width=\"450\" cellspacing=\"0\" cellpadding=\"0\">\n<tbody>\n<tr>\n<td valign=\"top\" width=\"170\"><img decoding=\"async\" src=\"https:\/\/cdn.fenerbahce.org\/pic_lib\/mertemreeksioglu.JPG\" width=\"150\" height=\"150\" \/><\/td>\n<td valign=\"top\" width=\"280\">\n<table border=\"0\" width=\"279\" cellspacing=\"0\" cellpadding=\"0\">\n<tbody>\n<tr>\n<td>Oyuncunun ad\u0131: Mert Emre Ek\u015fio\u011flu<\/td>\n<\/tr>\n<tr>\n<td>Do\u011fum tarihi:02-01-2002<\/td>\n<\/tr>\n<tr>\n<td>Do\u011fum Yeri:\u0130stanbul<\/td>\n<\/tr>\n<tr>\n<td>Boyu:1-86<\/td>\n<\/tr>\n<tr>\n<td>Kilosu<b>:76<\/b><\/td>\n<\/tr>\n<tr>\n<td>Mevkii<b>:Guard <\/b><\/td>\n<\/tr>\n<tr>\n<td>Forma Numaras\u0131<b>:5<\/b><\/td>\n<\/tr>\n<tr>\n<td>Fenerbah\u00e7e&#8217;ye Geli\u015f Tarihi:<\/td>\n<\/tr>\n<tr>\n<td>Daha \u00d6nce Oynad\u0131\u011f\u0131 Tak\u0131mlar:DS\u0130<\/td>\n<\/tr>\n<tr>\n<td>Millilik Say\u0131s\u0131;<\/td>\n<\/tr>\n<tr>\n<td>\n<p>Ba\u015far\u0131lar\u0131:<\/p>\n<table>\n<tbody>\n<tr>\n<td><\/td>\n<\/tr>\n<\/tbody>\n<\/table>\n<\/td>\n<\/tr>\n<tr>\n<td><\/td>\n<\/tr>\n<\/tbody>\n<\/table>\n<\/td>\n<\/tr>\n<tr>\n<td valign=\"top\" width=\"170\"><\/td>\n<td valign=\"top\" width=\"280\"><\/td>\n<\/tr>\n<\/tbody>\n<\/table>\n<table border=\"0\" width=\"450\" cellspacing=\"0\" cellpadding=\"0\">\n<tbody>\n<tr>\n<td valign=\"top\" width=\"170\"><img decoding=\"async\" src=\"https:\/\/cdn.fenerbahce.org\/pic_lib\/selimsamisoybas.jpg\" width=\"150\" height=\"150\" \/><\/td>\n<td valign=\"top\" width=\"280\">\n<table border=\"0\" width=\"279\" cellspacing=\"0\" cellpadding=\"0\">\n<tbody>\n<tr>\n<td>Oyuncunun ad\u0131: Selim Sami Soyba\u015f<\/td>\n<\/tr>\n<tr>\n<td>Do\u011fum tarihi:<\/td>\n<\/tr>\n<tr>\n<td>Do\u011fum Yeri:\u0130stanbul<\/td>\n<\/tr>\n<tr>\n<td>Boyu:1-97<\/td>\n<\/tr>\n<tr>\n<td>Kilosu<b>:83<\/b><\/td>\n<\/tr>\n<tr>\n<td>Mevkii<b>:Forvet <\/b><\/td>\n<\/tr>\n<tr>\n<td>Forma Numaras\u0131<b>:11<\/b><\/td>\n<\/tr>\n<tr>\n<td>Fenerbah\u00e7e&#8217;ye Geli\u015f Tarihi:2012<\/td>\n<\/tr>\n<tr>\n<td>Daha \u00d6nce Oynad\u0131\u011f\u0131 Tak\u0131mlar:<\/td>\n<\/tr>\n<tr>\n<td>Millilik Say\u0131s\u0131;<\/td>\n<\/tr>\n<tr>\n<td>\n<p>Ba\u015far\u0131lar\u0131: \u0130stanbul Geli\u015fim Ligi \u015eampiyonlu\u011fu 2015-16 K\u00fc\u00e7\u00fck Erkekler \u0130stanbul 3, T\u00fcrkiye 5,<\/p>\n<table>\n<tbody>\n<tr>\n<td><\/td>\n<\/tr>\n<\/tbody>\n<\/table>\n<\/td>\n<\/tr>\n<tr>\n<td><\/td>\n<\/tr>\n<\/tbody>\n<\/table>\n<\/td>\n<\/tr>\n<tr>\n<td valign=\"top\" width=\"170\"><\/td>\n<td valign=\"top\" width=\"280\"><\/td>\n<\/tr>\n<\/tbody>\n<\/table>\n<table border=\"0\" width=\"450\" cellspacing=\"0\" cellpadding=\"0\">\n<tbody>\n<tr>\n<td valign=\"top\" width=\"170\"><img decoding=\"async\" src=\"https:\/\/cdn.fenerbahce.org\/pic_lib\/andreiderinucoz.JPG\" width=\"150\" height=\"150\" \/><\/td>\n<td valign=\"top\" width=\"280\">\n<table border=\"0\" width=\"279\" cellspacing=\"0\" cellpadding=\"0\">\n<tbody>\n<tr>\n<td>Oyuncunun ad\u0131: Andrei Derin \u00dc\u00e7\u00f6z<\/td>\n<\/tr>\n<tr>\n<td>Do\u011fum tarihi:01-02-2002<\/td>\n<\/tr>\n<tr>\n<td>Do\u011fum Yeri:abd<\/td>\n<\/tr>\n<tr>\n<td>Boyu:1-82<\/td>\n<\/tr>\n<tr>\n<td>Kilosu<b>:70<\/b><\/td>\n<\/tr>\n<tr>\n<td>Mevkii<b>:Forvet <\/b><\/td>\n<\/tr>\n<tr>\n<td>Forma Numaras\u0131<b>:10<\/b><\/td>\n<\/tr>\n<tr>\n<td>Fenerbah\u00e7e&#8217;ye Geli\u015f Tarihi:2013<\/td>\n<\/tr>\n<tr>\n<td>Daha \u00d6nce Oynad\u0131\u011f\u0131 Tak\u0131mlar:<\/td>\n<\/tr>\n<tr>\n<td>Millilik Say\u0131s\u0131;<\/td>\n<\/tr>\n<tr>\n<td>Ba\u015far\u0131lar\u0131: Junior League 2, \u0130stanbul Geli\u015fim Ligi \u015eampiyonlu\u011fu 2015-16 K\u00fc\u00e7\u00fck Erkekler \u0130stanbul 3, T\u00fcrkiye 5,<\/td>\n<\/tr>\n<\/tbody>\n<\/table>\n<\/td>\n<\/tr>\n<\/tbody>\n<\/table>\n<p>[\/vc_column_text][\/vc_tta_section][vc_tta_section title=&#8221;Erkek Basketbol Y\u0131ld\u0131z B Tak\u0131m (U-15)&#8221; tab_id=&#8221;1536497774819-201a8855-29f9&#8243;][vc_column_text]<\/p>\n<table border=\"0\" width=\"450\" cellspacing=\"0\" cellpadding=\"0\">\n<tbody>\n<tr>\n<td valign=\"top\" width=\"170\"><img decoding=\"async\" src=\"https:\/\/cdn.fenerbahce.org\/pic_lib\/egeozseverrr.JPG\" width=\"150\" height=\"150\" \/><\/td>\n<td valign=\"top\" width=\"280\">\n<table border=\"0\" width=\"279\" cellspacing=\"0\" cellpadding=\"0\">\n<tbody>\n<tr>\n<td>Oyuncunun ad\u0131: Ege \u00d6zsever<\/td>\n<\/tr>\n<tr>\n<td>Do\u011fum tarihi:28-03-2003<\/td>\n<\/tr>\n<tr>\n<td>Do\u011fum Yeri:\u0130stanbul<\/td>\n<\/tr>\n<tr>\n<td>Boyu:1-77<\/td>\n<\/tr>\n<tr>\n<td>Kilosu<b>:70<\/b><\/td>\n<\/tr>\n<tr>\n<td>Mevkii<b>:Guard <\/b><\/td>\n<\/tr>\n<tr>\n<td>Forma Numaras\u0131<b>:10<\/b><\/td>\n<\/tr>\n<tr>\n<td>Fenerbah\u00e7e&#8217;ye Geli\u015f Tarihi:2013<\/td>\n<\/tr>\n<tr>\n<td>Daha \u00d6nce Oynad\u0131\u011f\u0131 Tak\u0131mlar:<span title=\"Azerbeycan Azeryol Bak\u00fc (2015-2016) \u00a0\">Olimpik<br \/>\n<\/span><\/td>\n<\/tr>\n<tr>\n<td>Millilik Say\u0131s\u0131;<\/td>\n<\/tr>\n<tr>\n<td>Ba\u015far\u0131lar\u0131:2016-17 U-14 T\u00fcrkiye \u015eampiyonlu\u011fu<\/td>\n<\/tr>\n<tr>\n<td><\/td>\n<\/tr>\n<\/tbody>\n<\/table>\n<\/td>\n<\/tr>\n<tr>\n<td valign=\"top\" width=\"170\"><\/td>\n<td valign=\"top\" width=\"280\"><\/td>\n<\/tr>\n<\/tbody>\n<\/table>\n<p>&nbsp;<\/p>\n<table border=\"0\" width=\"450\" cellspacing=\"0\" cellpadding=\"0\">\n<tbody>\n<tr>\n<td valign=\"top\" width=\"170\"><img decoding=\"async\" src=\"https:\/\/cdn.fenerbahce.org\/pic_lib\/maiditahiriii.JPG\" width=\"150\" height=\"150\" \/><\/td>\n<td valign=\"top\" width=\"280\">\n<table border=\"0\" width=\"279\" cellspacing=\"0\" cellpadding=\"0\">\n<tbody>\n<tr>\n<td>Oyuncunun ad\u0131: Maidi Tahiri<\/td>\n<\/tr>\n<tr>\n<td>Do\u011fum tarihi:14-03-2003<\/td>\n<\/tr>\n<tr>\n<td>Do\u011fum Yeri:\u0130stanbul<\/td>\n<\/tr>\n<tr>\n<td>Boyu:1-92<\/td>\n<\/tr>\n<tr>\n<td>Kilosu<b>:88<\/b><\/td>\n<\/tr>\n<tr>\n<td>Mevkii<b>:Pivot<\/b><\/td>\n<\/tr>\n<tr>\n<td>Forma Numaras\u0131<b>:13<\/b><\/td>\n<\/tr>\n<tr>\n<td>Fenerbah\u00e7e&#8217;ye Geli\u015f Tarihi:2010<\/td>\n<\/tr>\n<tr>\n<td>Daha \u00d6nce Oynad\u0131\u011f\u0131 Tak\u0131mlar:<\/td>\n<\/tr>\n<tr>\n<td>Millilik Say\u0131s\u0131;<\/td>\n<\/tr>\n<tr>\n<td>Ba\u015far\u0131lar\u0131:2016-17 U-14 T\u00fcrkiye \u015eampiyonlu\u011fu<\/td>\n<\/tr>\n<tr>\n<td><\/td>\n<\/tr>\n<\/tbody>\n<\/table>\n<\/td>\n<\/tr>\n<tr>\n<td valign=\"top\" width=\"170\"><\/td>\n<td valign=\"top\" width=\"280\"><\/td>\n<\/tr>\n<\/tbody>\n<\/table>\n<table border=\"0\" width=\"450\" cellspacing=\"0\" cellpadding=\"0\">\n<tbody>\n<tr>\n<td valign=\"top\" width=\"170\"><img decoding=\"async\" src=\"https:\/\/cdn.fenerbahce.org\/pic_lib\/denizkosuuu.JPG\" width=\"150\" height=\"150\" \/><\/td>\n<td valign=\"top\" width=\"280\">\n<table border=\"0\" width=\"279\" cellspacing=\"0\" cellpadding=\"0\">\n<tbody>\n<tr>\n<td>Oyuncunun ad\u0131: Deniz Ko\u015fu<\/td>\n<\/tr>\n<tr>\n<td>Do\u011fum tarihi:01-06-2003<\/td>\n<\/tr>\n<tr>\n<td>Do\u011fum Yeri:\u0130stanbul<\/td>\n<\/tr>\n<tr>\n<td>Boyu:1-80<\/td>\n<\/tr>\n<tr>\n<td>Kilosu<b>:68<\/b><\/td>\n<\/tr>\n<tr>\n<td>Mevkii<b>:Forvet <\/b><\/td>\n<\/tr>\n<tr>\n<td>Forma Numaras\u0131<b>:7<\/b><\/td>\n<\/tr>\n<tr>\n<td>Fenerbah\u00e7e&#8217;ye Geli\u015f Tarihi:2011<\/td>\n<\/tr>\n<tr>\n<td>Daha \u00d6nce Oynad\u0131\u011f\u0131 Tak\u0131mlar:<\/td>\n<\/tr>\n<tr>\n<td>Millilik Say\u0131s\u0131;<\/td>\n<\/tr>\n<tr>\n<td>Ba\u015far\u0131lar\u0131:2016-17 U-14 T\u00fcrkiye \u015eampiyonlu\u011fu<\/td>\n<\/tr>\n<tr>\n<td><\/td>\n<\/tr>\n<\/tbody>\n<\/table>\n<\/td>\n<\/tr>\n<tr>\n<td valign=\"top\" width=\"170\"><\/td>\n<td valign=\"top\" width=\"280\"><\/td>\n<\/tr>\n<\/tbody>\n<\/table>\n<table border=\"0\" width=\"450\" cellspacing=\"0\" cellpadding=\"0\">\n<tbody>\n<tr>\n<td valign=\"top\" width=\"170\"><img decoding=\"async\" src=\"https:\/\/cdn.fenerbahce.org\/pic_lib\/berkayyilmazzz.JPG\" width=\"150\" height=\"150\" \/><\/td>\n<td valign=\"top\" width=\"280\">\n<table border=\"0\" width=\"279\" cellspacing=\"0\" cellpadding=\"0\">\n<tbody>\n<tr>\n<td>Oyuncunun ad\u0131: Berkay Y\u0131lmaz<\/td>\n<\/tr>\n<tr>\n<td>Do\u011fum tarihi:21-07-2003<\/td>\n<\/tr>\n<tr>\n<td>Do\u011fum Yeri:\u0130stanbul<\/td>\n<\/tr>\n<tr>\n<td>Boyu:1-79<\/td>\n<\/tr>\n<tr>\n<td>Kilosu<b>:64<\/b><\/td>\n<\/tr>\n<tr>\n<td>Mevkii<b>:Guard <\/b><\/td>\n<\/tr>\n<tr>\n<td>Forma Numaras\u0131<b>:5<\/b><\/td>\n<\/tr>\n<tr>\n<td>Fenerbah\u00e7e&#8217;ye Geli\u015f Tarihi:2015<\/td>\n<\/tr>\n<tr>\n<td>Daha \u00d6nce Oynad\u0131\u011f\u0131 Tak\u0131mlar:<span title=\"Azerbeycan Azeryol Bak\u00fc (2015-2016) \u00a0\">MVP, D.S.\u0130<br \/>\n<\/span><\/td>\n<\/tr>\n<tr>\n<td>Millilik Say\u0131s\u0131;<\/td>\n<\/tr>\n<tr>\n<td>Ba\u015far\u0131lar\u0131:2016-17 U-14 T\u00fcrkiye \u015eampiyonlu\u011fu<\/td>\n<\/tr>\n<tr>\n<td><\/td>\n<\/tr>\n<\/tbody>\n<\/table>\n<\/td>\n<\/tr>\n<tr>\n<td valign=\"top\" width=\"170\"><\/td>\n<td valign=\"top\" width=\"280\"><\/td>\n<\/tr>\n<\/tbody>\n<\/table>\n<table border=\"0\" width=\"450\" cellspacing=\"0\" cellpadding=\"0\">\n<tbody>\n<tr>\n<td valign=\"top\" width=\"170\"><img decoding=\"async\" src=\"https:\/\/cdn.fenerbahce.org\/pic_lib\/canmertpikerrr.jpg\" width=\"150\" height=\"150\" \/><\/td>\n<td valign=\"top\" width=\"280\">\n<table border=\"0\" width=\"279\" cellspacing=\"0\" cellpadding=\"0\">\n<tbody>\n<tr>\n<td>Oyuncunun ad\u0131: Can Mert Piker<\/td>\n<\/tr>\n<tr>\n<td>Do\u011fum tarihi:05-02-2003<\/td>\n<\/tr>\n<tr>\n<td>Do\u011fum Yeri:\u0130stanbul<\/td>\n<\/tr>\n<tr>\n<td>Boyu:1-98<\/td>\n<\/tr>\n<tr>\n<td>Kilosu<b>:78<\/b><\/td>\n<\/tr>\n<tr>\n<td>Mevkii<b>:Pivot<\/b><\/td>\n<\/tr>\n<tr>\n<td>Forma Numaras\u0131<b>:11<\/b><\/td>\n<\/tr>\n<tr>\n<td>Fenerbah\u00e7e&#8217;ye Geli\u015f Tarihi:2013<\/td>\n<\/tr>\n<tr>\n<td>Daha \u00d6nce Oynad\u0131\u011f\u0131 Tak\u0131mlar:<\/td>\n<\/tr>\n<tr>\n<td>Millilik Say\u0131s\u0131;<\/td>\n<\/tr>\n<tr>\n<td>Ba\u015far\u0131lar\u0131:2016-17 U-14 T\u00fcrkiye \u015eampiyonlu\u011fu<\/td>\n<\/tr>\n<tr>\n<td><\/td>\n<\/tr>\n<\/tbody>\n<\/table>\n<\/td>\n<\/tr>\n<tr>\n<td valign=\"top\" width=\"170\"><\/td>\n<td valign=\"top\" width=\"280\"><\/td>\n<\/tr>\n<\/tbody>\n<\/table>\n<table border=\"0\" width=\"450\" cellspacing=\"0\" cellpadding=\"0\">\n<tbody>\n<tr>\n<td valign=\"top\" width=\"170\"><img decoding=\"async\" src=\"https:\/\/cdn.fenerbahce.org\/pic_lib\/keremgursesss.JPG\" width=\"150\" height=\"150\" \/><\/td>\n<td valign=\"top\" width=\"280\">\n<table border=\"0\" width=\"279\" cellspacing=\"0\" cellpadding=\"0\">\n<tbody>\n<tr>\n<td>Oyuncunun ad\u0131: Kerem G\u00fcrses<\/td>\n<\/tr>\n<tr>\n<td>Do\u011fum tarihi:15-01-2003<\/td>\n<\/tr>\n<tr>\n<td>Do\u011fum Yeri:\u0130stanbul<\/td>\n<\/tr>\n<tr>\n<td>Boyu:1-81<\/td>\n<\/tr>\n<tr>\n<td>Kilosu<b>:66<\/b><\/td>\n<\/tr>\n<tr>\n<td>Mevkii<b>:Guard<\/b><\/td>\n<\/tr>\n<tr>\n<td>Forma Numaras\u0131<b>:4<\/b><\/td>\n<\/tr>\n<tr>\n<td>Fenerbah\u00e7e&#8217;ye Geli\u015f Tarihi:2010<\/td>\n<\/tr>\n<tr>\n<td>Daha \u00d6nce Oynad\u0131\u011f\u0131 Tak\u0131mlar:<span title=\"Azerbeycan Azeryol Bak\u00fc (2015-2016) \u00a0\">MVP<br \/>\n<\/span><\/td>\n<\/tr>\n<tr>\n<td>Millilik Say\u0131s\u0131;<\/td>\n<\/tr>\n<tr>\n<td>Ba\u015far\u0131lar\u0131:2016-17 U-14 T\u00fcrkiye \u015eampiyonlu\u011fu<\/td>\n<\/tr>\n<tr>\n<td><\/td>\n<\/tr>\n<\/tbody>\n<\/table>\n<\/td>\n<\/tr>\n<tr>\n<td valign=\"top\" width=\"170\"><\/td>\n<td valign=\"top\" width=\"280\"><\/td>\n<\/tr>\n<\/tbody>\n<\/table>\n<table border=\"0\" width=\"450\" cellspacing=\"0\" cellpadding=\"0\">\n<tbody>\n<tr>\n<td valign=\"top\" width=\"170\"><img decoding=\"async\" src=\"https:\/\/cdn.fenerbahce.org\/pic_lib\/efeemirhanoztekinnn.JPG\" width=\"150\" height=\"150\" \/><\/td>\n<td valign=\"top\" width=\"280\">\n<table border=\"0\" width=\"279\" cellspacing=\"0\" cellpadding=\"0\">\n<tbody>\n<tr>\n<td>Oyuncunun ad\u0131: Efe Emirhan \u00d6ztekin<\/td>\n<\/tr>\n<tr>\n<td>Do\u011fum tarihi:10-04-2003<\/td>\n<\/tr>\n<tr>\n<td>Do\u011fum Yeri:\u0130stanbul<\/td>\n<\/tr>\n<tr>\n<td>Boyu:1-97<\/td>\n<\/tr>\n<tr>\n<td>Kilosu<b>:87<\/b><\/td>\n<\/tr>\n<tr>\n<td>Mevkii<b>:Pivot<\/b><\/td>\n<\/tr>\n<tr>\n<td>Forma Numaras\u0131<b>:12<\/b><\/td>\n<\/tr>\n<tr>\n<td>Fenerbah\u00e7e&#8217;ye Geli\u015f Tarihi:2013<\/td>\n<\/tr>\n<tr>\n<td>Daha \u00d6nce Oynad\u0131\u011f\u0131 Tak\u0131mlar:<span title=\"Azerbeycan Azeryol Bak\u00fc (2015-2016) \u00a0\">Pamukspopor<br \/>\n<\/span><\/td>\n<\/tr>\n<tr>\n<td>Millilik Say\u0131s\u0131;<\/td>\n<\/tr>\n<tr>\n<td>Ba\u015far\u0131lar\u0131:2016-17 U-14 T\u00fcrkiye \u015eampiyonlu\u011fu<\/td>\n<\/tr>\n<tr>\n<td><\/td>\n<\/tr>\n<\/tbody>\n<\/table>\n<\/td>\n<\/tr>\n<tr>\n<td valign=\"top\" width=\"170\"><\/td>\n<td valign=\"top\" width=\"280\"><\/td>\n<\/tr>\n<\/tbody>\n<\/table>\n<table border=\"0\" width=\"450\" cellspacing=\"0\" cellpadding=\"0\">\n<tbody>\n<tr>\n<td valign=\"top\" width=\"170\"><img decoding=\"async\" src=\"https:\/\/cdn.fenerbahce.org\/pic_lib\/sayhanyetkinnn.JPG\" width=\"150\" height=\"150\" \/><\/td>\n<td valign=\"top\" width=\"280\">\n<table border=\"0\" width=\"279\" cellspacing=\"0\" cellpadding=\"0\">\n<tbody>\n<tr>\n<td>Oyuncunun ad\u0131: Sayhan Yetkin<\/td>\n<\/tr>\n<tr>\n<td>Do\u011fum tarihi:12-01-2003<\/td>\n<\/tr>\n<tr>\n<td>Do\u011fum Yeri:Konya<\/td>\n<\/tr>\n<tr>\n<td>Boyu:1-81<\/td>\n<\/tr>\n<tr>\n<td>Kilosu<b>:70<\/b><\/td>\n<\/tr>\n<tr>\n<td>Mevkii<b>:Forvet <\/b><\/td>\n<\/tr>\n<tr>\n<td>Forma Numaras\u0131<b>:23<\/b><\/td>\n<\/tr>\n<tr>\n<td>Fenerbah\u00e7e&#8217;ye Geli\u015f Tarihi:2015<\/td>\n<\/tr>\n<tr>\n<td>Daha \u00d6nce Oynad\u0131\u011f\u0131 Tak\u0131mlar:<span title=\"Azerbeycan Azeryol Bak\u00fc (2015-2016) \u00a0\">Fesa<br \/>\n<\/span><\/td>\n<\/tr>\n<tr>\n<td>Millilik Say\u0131s\u0131;<\/td>\n<\/tr>\n<tr>\n<td>Ba\u015far\u0131lar\u0131:2016-17 U-14 T\u00fcrkiye \u015eampiyonlu\u011fu<\/td>\n<\/tr>\n<tr>\n<td><\/td>\n<\/tr>\n<\/tbody>\n<\/table>\n<\/td>\n<\/tr>\n<tr>\n<td valign=\"top\" width=\"170\"><\/td>\n<td valign=\"top\" width=\"280\"><\/td>\n<\/tr>\n<\/tbody>\n<\/table>\n<table border=\"0\" width=\"450\" cellspacing=\"0\" cellpadding=\"0\">\n<tbody>\n<tr>\n<td valign=\"top\" width=\"170\"><img decoding=\"async\" src=\"https:\/\/cdn.fenerbahce.org\/pic_lib\/sinanbayegabnnn.jpg\" width=\"150\" height=\"150\" \/><\/td>\n<td valign=\"top\" width=\"280\">\n<table border=\"0\" width=\"279\" cellspacing=\"0\" cellpadding=\"0\">\n<tbody>\n<tr>\n<td>Oyuncunun ad\u0131: Sinan Bayegan<\/td>\n<\/tr>\n<tr>\n<td>Do\u011fum tarihi:07-11-2003<\/td>\n<\/tr>\n<tr>\n<td>Do\u011fum Yeri:\u0130stanbul<\/td>\n<\/tr>\n<tr>\n<td>Boyu:1-87<\/td>\n<\/tr>\n<tr>\n<td>Kilosu<b>:80<\/b><\/td>\n<\/tr>\n<tr>\n<td>Mevkii<b>:Forvet <\/b><\/td>\n<\/tr>\n<tr>\n<td>Forma Numaras\u0131<b>:15<\/b><\/td>\n<\/tr>\n<tr>\n<td>Fenerbah\u00e7e&#8217;ye Geli\u015f Tarihi:2014<\/td>\n<\/tr>\n<tr>\n<td>Daha \u00d6nce Oynad\u0131\u011f\u0131 Tak\u0131mlar:<span title=\"Azerbeycan Azeryol Bak\u00fc (2015-2016) \u00a0\">Pamukspor Olimpik<br \/>\n<\/span><\/td>\n<\/tr>\n<tr>\n<td>Millilik Say\u0131s\u0131;<\/td>\n<\/tr>\n<tr>\n<td>Ba\u015far\u0131lar\u0131:2016-17 U-14 T\u00fcrkiye \u015eampiyonlu\u011fu<\/td>\n<\/tr>\n<tr>\n<td><\/td>\n<\/tr>\n<\/tbody>\n<\/table>\n<\/td>\n<\/tr>\n<tr>\n<td valign=\"top\" width=\"170\"><\/td>\n<td valign=\"top\" width=\"280\"><\/td>\n<\/tr>\n<\/tbody>\n<\/table>\n<table border=\"0\" width=\"450\" cellspacing=\"0\" cellpadding=\"0\">\n<tbody>\n<tr>\n<td valign=\"top\" width=\"170\"><img decoding=\"async\" src=\"https:\/\/cdn.fenerbahce.org\/pic_lib\/sarpataseverrr.jpg\" width=\"150\" height=\"150\" \/><\/td>\n<td valign=\"top\" width=\"280\">\n<table border=\"0\" width=\"279\" cellspacing=\"0\" cellpadding=\"0\">\n<tbody>\n<tr>\n<td>Oyuncunun ad\u0131: Sarp Atasever<\/td>\n<\/tr>\n<tr>\n<td>Do\u011fum tarihi:20-01-2003<\/td>\n<\/tr>\n<tr>\n<td>Do\u011fum Yeri:\u0130stanbul<\/td>\n<\/tr>\n<tr>\n<td>Boyu:1-85<\/td>\n<\/tr>\n<tr>\n<td>Kilosu<b>:77<\/b><\/td>\n<\/tr>\n<tr>\n<td>Mevkii<b>:Forvet <\/b><\/td>\n<\/tr>\n<tr>\n<td>Forma Numaras\u0131<b>:<\/b><\/td>\n<\/tr>\n<tr>\n<td>Fenerbah\u00e7e&#8217;ye Geli\u015f Tarihi:2017<\/td>\n<\/tr>\n<tr>\n<td>Daha \u00d6nce Oynad\u0131\u011f\u0131 Tak\u0131mlar:<span title=\"Azerbeycan Azeryol Bak\u00fc (2015-2016) \u00a0\">Ac\u0131badem \u00dcniversi,tesi spor kul\u00fcb\u00fc, MVP<br \/>\n<\/span><\/td>\n<\/tr>\n<tr>\n<td>Millilik Say\u0131s\u0131;<\/td>\n<\/tr>\n<tr>\n<td>Ba\u015far\u0131lar\u0131:<\/td>\n<\/tr>\n<tr>\n<td><\/td>\n<\/tr>\n<\/tbody>\n<\/table>\n<\/td>\n<\/tr>\n<tr>\n<td valign=\"top\" width=\"170\"><\/td>\n<td valign=\"top\" width=\"280\"><\/td>\n<\/tr>\n<\/tbody>\n<\/table>\n<table border=\"0\" width=\"450\" cellspacing=\"0\" cellpadding=\"0\">\n<tbody>\n<tr>\n<td valign=\"top\" width=\"170\"><img decoding=\"async\" src=\"https:\/\/cdn.fenerbahce.org\/pic_lib\/berkinkaraesennn.JPG\" width=\"150\" height=\"150\" \/><\/td>\n<td valign=\"top\" width=\"280\">\n<table border=\"0\" width=\"279\" cellspacing=\"0\" cellpadding=\"0\">\n<tbody>\n<tr>\n<td>Oyuncunun ad\u0131: Berkin Karaesen<\/td>\n<\/tr>\n<tr>\n<td>Do\u011fum tarihi:25-02-2003<\/td>\n<\/tr>\n<tr>\n<td>Do\u011fum Yeri:\u0130stanbul<\/td>\n<\/tr>\n<tr>\n<td>Boyu:1-89<\/td>\n<\/tr>\n<tr>\n<td>Kilosu<b>:80<\/b><\/td>\n<\/tr>\n<tr>\n<td>Mevkii<b>:Forvet <\/b><\/td>\n<\/tr>\n<tr>\n<td>Forma Numaras\u0131<b>:28<\/b><\/td>\n<\/tr>\n<tr>\n<td>Fenerbah\u00e7e&#8217;ye Geli\u015f Tarihi:2016<\/td>\n<\/tr>\n<tr>\n<td>Daha \u00d6nce Oynad\u0131\u011f\u0131 Tak\u0131mlar:<\/td>\n<\/tr>\n<tr>\n<td>Millilik Say\u0131s\u0131;<\/td>\n<\/tr>\n<tr>\n<td>Ba\u015far\u0131lar\u0131:2016-17 U-14 T\u00fcrkiye \u015eampiyonlu\u011fu<\/td>\n<\/tr>\n<tr>\n<td><\/td>\n<\/tr>\n<\/tbody>\n<\/table>\n<\/td>\n<\/tr>\n<tr>\n<td valign=\"top\" width=\"170\"><\/td>\n<td valign=\"top\" width=\"280\"><\/td>\n<\/tr>\n<\/tbody>\n<\/table>\n<table border=\"0\" width=\"450\" cellspacing=\"0\" cellpadding=\"0\">\n<tbody>\n<tr>\n<td valign=\"top\" width=\"170\"><img decoding=\"async\" src=\"https:\/\/cdn.fenerbahce.org\/pic_lib\/yusufbayrakkk.JPG\" width=\"150\" height=\"150\" \/><\/td>\n<td valign=\"top\" width=\"280\">\n<table border=\"0\" width=\"279\" cellspacing=\"0\" cellpadding=\"0\">\n<tbody>\n<tr>\n<td>Oyuncunun ad\u0131: Yusuf Bayrak<\/td>\n<\/tr>\n<tr>\n<td>Do\u011fum tarihi:17-08-2003<\/td>\n<\/tr>\n<tr>\n<td>Do\u011fum Yeri:\u0130stanbul<\/td>\n<\/tr>\n<tr>\n<td>Boyu:1-96<\/td>\n<\/tr>\n<tr>\n<td>Kilosu<b>:68<\/b><\/td>\n<\/tr>\n<tr>\n<td>Mevkii<b>:Pivot<\/b><\/td>\n<\/tr>\n<tr>\n<td>Forma Numaras\u0131<b>:14<\/b><\/td>\n<\/tr>\n<tr>\n<td>Fenerbah\u00e7e&#8217;ye Geli\u015f Tarihi:2016<\/td>\n<\/tr>\n<tr>\n<td>Daha \u00d6nce Oynad\u0131\u011f\u0131 Tak\u0131mlar:<span title=\"Azerbeycan Azeryol Bak\u00fc (2015-2016) \u00a0\">\u0130stbol<br \/>\n<\/span><\/td>\n<\/tr>\n<tr>\n<td>Millilik Say\u0131s\u0131;<\/td>\n<\/tr>\n<tr>\n<td>Ba\u015far\u0131lar\u0131:2016-17 U-14 T\u00fcrkiye \u015eampiyonlu\u011fu<\/td>\n<\/tr>\n<tr>\n<td><\/td>\n<\/tr>\n<\/tbody>\n<\/table>\n<\/td>\n<\/tr>\n<tr>\n<td valign=\"top\" width=\"170\"><\/td>\n<td valign=\"top\" width=\"280\"><\/td>\n<\/tr>\n<\/tbody>\n<\/table>\n<table border=\"0\" width=\"450\" cellspacing=\"0\" cellpadding=\"0\">\n<tbody>\n<tr>\n<td valign=\"top\" width=\"170\"><img decoding=\"async\" src=\"https:\/\/cdn.fenerbahce.org\/pic_lib\/kayraagarrr.JPG\" width=\"150\" height=\"150\" \/><\/td>\n<td valign=\"top\" width=\"280\">\n<table border=\"0\" width=\"279\" cellspacing=\"0\" cellpadding=\"0\">\n<tbody>\n<tr>\n<td>Oyuncunun ad\u0131: Kayra A\u011far<\/td>\n<\/tr>\n<tr>\n<td>Do\u011fum tarihi:07-02-2003<\/td>\n<\/tr>\n<tr>\n<td>Do\u011fum Yeri:\u0130stanbul<\/td>\n<\/tr>\n<tr>\n<td>Boyu:1-86<\/td>\n<\/tr>\n<tr>\n<td>Kilosu<b>:74<\/b><\/td>\n<\/tr>\n<tr>\n<td>Mevkii<b>:Forvet <\/b><\/td>\n<\/tr>\n<tr>\n<td>Forma Numaras\u0131<b>:6<\/b><\/td>\n<\/tr>\n<tr>\n<td>Fenerbah\u00e7e&#8217;ye Geli\u015f Tarihi:2013<\/td>\n<\/tr>\n<tr>\n<td>Daha \u00d6nce Oynad\u0131\u011f\u0131 Tak\u0131mlar:<span title=\"Azerbeycan Azeryol Bak\u00fc (2015-2016) \u00a0\">Fesa<br \/>\n<\/span><\/td>\n<\/tr>\n<tr>\n<td>Millilik Say\u0131s\u0131;46<\/td>\n<\/tr>\n<tr>\n<td>Ba\u015far\u0131lar\u0131:2016-17 U-14 T\u00fcrkiye \u015eampiyonlu\u011fu<\/td>\n<\/tr>\n<tr>\n<td><\/td>\n<\/tr>\n<\/tbody>\n<\/table>\n<\/td>\n<\/tr>\n<tr>\n<td valign=\"top\" width=\"170\"><\/td>\n<td valign=\"top\" width=\"280\"><\/td>\n<\/tr>\n<\/tbody>\n<\/table>\n<p>&nbsp;<\/p>\n<table border=\"0\" width=\"450\" cellspacing=\"0\" cellpadding=\"0\">\n<tbody>\n<tr>\n<td valign=\"top\" width=\"170\"><img decoding=\"async\" src=\"https:\/\/cdn.fenerbahce.org\/pic_lib\/ziyaberkaykel.jpg\" \/><\/td>\n<td valign=\"top\" width=\"280\">\n<table border=\"0\" width=\"279\" cellspacing=\"0\" cellpadding=\"0\">\n<tbody>\n<tr>\n<td>Oyuncunun ad\u0131: Ziya Berkay Kel<\/td>\n<\/tr>\n<tr>\n<td>Do\u011fum tarihi:09-01-2003<\/td>\n<\/tr>\n<tr>\n<td>Do\u011fum Yeri:K\u0131rklareli<\/td>\n<\/tr>\n<tr>\n<td>Boyu:1-90<\/td>\n<\/tr>\n<tr>\n<td>Kilosu<b>:82<\/b><\/td>\n<\/tr>\n<tr>\n<td>Mevkii<b>:Forvet<\/b><\/td>\n<\/tr>\n<tr>\n<td>Forma Numaras\u0131<b>:9<\/b><\/td>\n<\/tr>\n<tr>\n<td>Fenerbah\u00e7e&#8217;ye Geli\u015f Tarihi:2012<\/td>\n<\/tr>\n<tr>\n<td>Daha \u00d6nce Oynad\u0131\u011f\u0131 Tak\u0131mlar:<\/td>\n<\/tr>\n<tr>\n<td>Millilik Say\u0131s\u0131;<\/td>\n<\/tr>\n<tr>\n<td>Ba\u015far\u0131lar\u0131: 2016-17 T\u00fcrkiye \u015eampiyonlu\u011fu<\/td>\n<\/tr>\n<\/tbody>\n<\/table>\n<\/td>\n<\/tr>\n<\/tbody>\n<\/table>\n<p>[\/vc_column_text][\/vc_tta_section][vc_tta_section title=&#8221;Erkek Basketbol Y\u0131ld\u0131z A Tak\u0131m (U-14)&#8221; tab_id=&#8221;1536497874043-79968ce5-133a&#8221;][vc_column_text]<\/p>\n<table border=\"0\" width=\"450\" cellspacing=\"0\" cellpadding=\"0\">\n<tbody>\n<tr>\n<td valign=\"top\" width=\"170\"><img decoding=\"async\" src=\"https:\/\/cdn.fenerbahce.org\/pic_lib\/egeyuksel.JPG\" width=\"150\" height=\"150\" \/><\/td>\n<td valign=\"top\" width=\"280\">\n<table border=\"0\" width=\"279\" cellspacing=\"0\" cellpadding=\"0\">\n<tbody>\n<tr>\n<td>Oyuncunun ad\u0131: Ege Y\u00fcksel<\/td>\n<\/tr>\n<tr>\n<td>Do\u011fum tarihi:22-06-2004<\/td>\n<\/tr>\n<tr>\n<td>Do\u011fum Yeri:\u0130stanbul<\/td>\n<\/tr>\n<tr>\n<td>Boyu:1-86<\/td>\n<\/tr>\n<tr>\n<td>Kilosu<b>:69<\/b><\/td>\n<\/tr>\n<tr>\n<td>Mevkii<b>:Forvet <\/b><\/td>\n<\/tr>\n<tr>\n<td>Forma Numaras\u0131<b>:7<\/b><\/td>\n<\/tr>\n<tr>\n<td>Fenerbah\u00e7e&#8217;ye Geli\u015f Tarihi:2013<\/td>\n<\/tr>\n<tr>\n<td>Daha \u00d6nce Oynad\u0131\u011f\u0131 Tak\u0131mlar:<span title=\"Azerbeycan Azeryol Bak\u00fc (2015-2016) \u00a0\">Akademi \u0130stanbul<br \/>\n<\/span><\/td>\n<\/tr>\n<tr>\n<td>Millilik Say\u0131s\u0131;<\/td>\n<\/tr>\n<tr>\n<td>Ba\u015far\u0131lar\u0131:2016-2017 U-13 \u0130stanbul ve T\u00fcrkiye \u015eampiyonu ve turnuvan\u0131n MVP 2015-VE 2016 Geli\u015fim Ligi \u015eampiyonu ve turnuvan\u0131n MVP<\/td>\n<\/tr>\n<tr>\n<td><\/td>\n<\/tr>\n<\/tbody>\n<\/table>\n<\/td>\n<\/tr>\n<tr>\n<td valign=\"top\" width=\"170\"><\/td>\n<td valign=\"top\" width=\"280\"><\/td>\n<\/tr>\n<\/tbody>\n<\/table>\n<table border=\"0\" width=\"450\" cellspacing=\"0\" cellpadding=\"0\">\n<tbody>\n<tr>\n<td valign=\"top\" width=\"170\"><img decoding=\"async\" src=\"https:\/\/cdn.fenerbahce.org\/pic_lib\/berkaysancak.jpg\" width=\"150\" height=\"150\" \/><\/td>\n<td valign=\"top\" width=\"280\">\n<table border=\"0\" width=\"279\" cellspacing=\"0\" cellpadding=\"0\">\n<tbody>\n<tr>\n<td>Oyuncunun ad\u0131: Berkay Sancak<\/td>\n<\/tr>\n<tr>\n<td>Do\u011fum tarihi:21-02-2004<\/td>\n<\/tr>\n<tr>\n<td>Do\u011fum Yeri:\u0130stanbul<\/td>\n<\/tr>\n<tr>\n<td>Boyu:1-87<\/td>\n<\/tr>\n<tr>\n<td>Kilosu<b>:85<\/b><\/td>\n<\/tr>\n<tr>\n<td>Mevkii<b>:Pivot<\/b><\/td>\n<\/tr>\n<tr>\n<td>Forma Numaras\u0131<b>:21<\/b><\/td>\n<\/tr>\n<tr>\n<td>Fenerbah\u00e7e&#8217;ye Geli\u015f Tarihi:2016<\/td>\n<\/tr>\n<tr>\n<td>Daha \u00d6nce Oynad\u0131\u011f\u0131 Tak\u0131mlar:<span title=\"Azerbeycan Azeryol Bak\u00fc (2015-2016) \u00a0\">Olimpik Basket<br \/>\n<\/span><\/td>\n<\/tr>\n<tr>\n<td>Millilik Say\u0131s\u0131;<\/td>\n<\/tr>\n<tr>\n<td>Ba\u015far\u0131lar\u0131:2016-2017 U-13 \u0130stanbul ve T\u00fcrkiye \u015eampiyonu<\/td>\n<\/tr>\n<tr>\n<td><\/td>\n<\/tr>\n<\/tbody>\n<\/table>\n<\/td>\n<\/tr>\n<tr>\n<td valign=\"top\" width=\"170\"><\/td>\n<td valign=\"top\" width=\"280\"><\/td>\n<\/tr>\n<\/tbody>\n<\/table>\n<table border=\"0\" width=\"450\" cellspacing=\"0\" cellpadding=\"0\">\n<tbody>\n<tr>\n<td valign=\"top\" width=\"170\"><img decoding=\"async\" src=\"https:\/\/cdn.fenerbahce.org\/pic_lib\/baranaslan.JPG\" width=\"150\" height=\"150\" \/><\/td>\n<td valign=\"top\" width=\"280\">\n<table border=\"0\" width=\"279\" cellspacing=\"0\" cellpadding=\"0\">\n<tbody>\n<tr>\n<td>Oyuncunun ad\u0131: Baran Aslan<\/td>\n<\/tr>\n<tr>\n<td>Do\u011fum tarihi:29-03-2004<\/td>\n<\/tr>\n<tr>\n<td>Do\u011fum Yeri:\u0130stanbul<\/td>\n<\/tr>\n<tr>\n<td>Boyu:1-78<\/td>\n<\/tr>\n<tr>\n<td>Kilosu<b>:64<\/b><\/td>\n<\/tr>\n<tr>\n<td>Mevkii<b>:Forvet <\/b><\/td>\n<\/tr>\n<tr>\n<td>Forma Numaras\u0131<b>:<\/b><\/td>\n<\/tr>\n<tr>\n<td>Fenerbah\u00e7e&#8217;ye Geli\u015f Tarihi:2016<\/td>\n<\/tr>\n<tr>\n<td>Daha \u00d6nce Oynad\u0131\u011f\u0131 Tak\u0131mlar:<span title=\"Azerbeycan Azeryol Bak\u00fc (2015-2016) \u00a0\">Suadiye<br \/>\n<\/span><\/td>\n<\/tr>\n<tr>\n<td>Millilik Say\u0131s\u0131;<\/td>\n<\/tr>\n<tr>\n<td>Ba\u015far\u0131lar\u0131:2016-2017 U-13 \u0130stanbul ve T\u00fcrkiye \u015eampiyonu<\/td>\n<\/tr>\n<tr>\n<td><\/td>\n<\/tr>\n<\/tbody>\n<\/table>\n<\/td>\n<\/tr>\n<tr>\n<td valign=\"top\" width=\"170\"><\/td>\n<td valign=\"top\" width=\"280\"><\/td>\n<\/tr>\n<\/tbody>\n<\/table>\n<table border=\"0\" width=\"450\" cellspacing=\"0\" cellpadding=\"0\">\n<tbody>\n<tr>\n<td valign=\"top\" width=\"170\"><img decoding=\"async\" src=\"https:\/\/cdn.fenerbahce.org\/pic_lib\/goktugefegucoglu.jpg\" width=\"150\" height=\"150\" \/><\/td>\n<td valign=\"top\" width=\"280\">\n<table border=\"0\" width=\"279\" cellspacing=\"0\" cellpadding=\"0\">\n<tbody>\n<tr>\n<td>Oyuncunun ad\u0131: G\u00f6ktu\u011f Efe G\u00fc\u00e7o\u011flu<\/td>\n<\/tr>\n<tr>\n<td>Do\u011fum tarihi:28-02-2004<\/td>\n<\/tr>\n<tr>\n<td>Do\u011fum Yeri:\u0130stanbul<\/td>\n<\/tr>\n<tr>\n<td>Boyu:1-83<\/td>\n<\/tr>\n<tr>\n<td>Kilosu<b>:65<\/b><\/td>\n<\/tr>\n<tr>\n<td>Mevkii<b>:Forvet <\/b><\/td>\n<\/tr>\n<tr>\n<td>Forma Numaras\u0131<b>:24<\/b><\/td>\n<\/tr>\n<tr>\n<td>Fenerbah\u00e7e&#8217;ye Geli\u015f Tarihi:2012<\/td>\n<\/tr>\n<tr>\n<td>Daha \u00d6nce Oynad\u0131\u011f\u0131 Tak\u0131mlar:<span title=\"Azerbeycan Azeryol Bak\u00fc (2015-2016) \u00a0\">MVP<br \/>\n<\/span><\/td>\n<\/tr>\n<tr>\n<td>\n<p>Millilik Say\u0131s\u0131;<\/p>\n<p>&nbsp;<\/td>\n<\/tr>\n<tr>\n<td>Ba\u015far\u0131lar\u0131:2016-2017 U-13 \u0130stanbul ve T\u00fcrkiye \u015eampiyonu<\/td>\n<\/tr>\n<tr>\n<td><\/td>\n<\/tr>\n<\/tbody>\n<\/table>\n<\/td>\n<\/tr>\n<tr>\n<td valign=\"top\" width=\"170\"><\/td>\n<td valign=\"top\" width=\"280\"><\/td>\n<\/tr>\n<\/tbody>\n<\/table>\n<table border=\"0\" width=\"450\" cellspacing=\"0\" cellpadding=\"0\">\n<tbody>\n<tr>\n<td valign=\"top\" width=\"170\"><img decoding=\"async\" src=\"https:\/\/cdn.fenerbahce.org\/pic_lib\/erensongur.JPG\" width=\"150\" height=\"150\" \/><\/td>\n<td valign=\"top\" width=\"280\">\n<table border=\"0\" width=\"279\" cellspacing=\"0\" cellpadding=\"0\">\n<tbody>\n<tr>\n<td>Oyuncunun ad\u0131: Eren Songur<\/td>\n<\/tr>\n<tr>\n<td>Do\u011fum tarihi:10-01-2004<\/td>\n<\/tr>\n<tr>\n<td>Do\u011fum Yeri:\u0130stanbul<\/td>\n<\/tr>\n<tr>\n<td>Boyu:1-81<\/td>\n<\/tr>\n<tr>\n<td>Kilosu<b>:65<\/b><\/td>\n<\/tr>\n<tr>\n<td>Mevkii<b>:Forvet<\/b><\/td>\n<\/tr>\n<tr>\n<td>Forma Numaras\u0131<b>:13<\/b><\/td>\n<\/tr>\n<tr>\n<td>Fenerbah\u00e7e&#8217;ye Geli\u015f Tarihi:2015<\/td>\n<\/tr>\n<tr>\n<td>Daha \u00d6nce Oynad\u0131\u011f\u0131 Tak\u0131mlar:<\/td>\n<\/tr>\n<tr>\n<td>Millilik Say\u0131s\u0131;<\/td>\n<\/tr>\n<tr>\n<td>Ba\u015far\u0131lar\u0131:2016-2017 U-13 \u0130stanbul ve T\u00fcrkiye \u015eampiyonu<\/td>\n<\/tr>\n<tr>\n<td><\/td>\n<\/tr>\n<\/tbody>\n<\/table>\n<\/td>\n<\/tr>\n<tr>\n<td valign=\"top\" width=\"170\"><\/td>\n<td valign=\"top\" width=\"280\"><\/td>\n<\/tr>\n<\/tbody>\n<\/table>\n<table border=\"0\" width=\"450\" cellspacing=\"0\" cellpadding=\"0\">\n<tbody>\n<tr>\n<td valign=\"top\" width=\"170\"><img decoding=\"async\" src=\"https:\/\/cdn.fenerbahce.org\/pic_lib\/tameryigitkaraal.JPG\" width=\"150\" height=\"150\" \/><\/td>\n<td valign=\"top\" width=\"280\">\n<table border=\"0\" width=\"279\" cellspacing=\"0\" cellpadding=\"0\">\n<tbody>\n<tr>\n<td>Oyuncunun ad\u0131: Tamer Yi\u011fit Karaol<\/td>\n<\/tr>\n<tr>\n<td>Do\u011fum tarihi:05-01-2004<\/td>\n<\/tr>\n<tr>\n<td>Do\u011fum Yeri:\u0130stanbul<\/td>\n<\/tr>\n<tr>\n<td>Boyu:1-88<\/td>\n<\/tr>\n<tr>\n<td>Kilosu<b>:83<\/b><\/td>\n<\/tr>\n<tr>\n<td>Mevkii<b>:Pivot <\/b><\/td>\n<\/tr>\n<tr>\n<td>Forma Numaras\u0131<b>:<\/b><\/td>\n<\/tr>\n<tr>\n<td>Fenerbah\u00e7e&#8217;ye Geli\u015f Tarihi:2017<\/td>\n<\/tr>\n<tr>\n<td>Daha \u00d6nce Oynad\u0131\u011f\u0131 Tak\u0131mlar:<span title=\"Azerbeycan Azeryol Bak\u00fc (2015-2016) \u00a0\">NET SK<br \/>\n<\/span><\/td>\n<\/tr>\n<tr>\n<td>Millilik Say\u0131s\u0131;46<\/td>\n<\/tr>\n<tr>\n<td>Ba\u015far\u0131lar\u0131:<\/td>\n<\/tr>\n<tr>\n<td><\/td>\n<\/tr>\n<\/tbody>\n<\/table>\n<\/td>\n<\/tr>\n<tr>\n<td valign=\"top\" width=\"170\"><\/td>\n<td valign=\"top\" width=\"280\"><\/td>\n<\/tr>\n<\/tbody>\n<\/table>\n<table border=\"0\" width=\"450\" cellspacing=\"0\" cellpadding=\"0\">\n<tbody>\n<tr>\n<td valign=\"top\" width=\"170\"><img decoding=\"async\" src=\"https:\/\/cdn.fenerbahce.org\/pic_lib\/erenozcan.jpg\" width=\"150\" height=\"150\" \/><\/td>\n<td valign=\"top\" width=\"280\">\n<table border=\"0\" width=\"279\" cellspacing=\"0\" cellpadding=\"0\">\n<tbody>\n<tr>\n<td>Oyuncunun ad\u0131: Eren \u00d6zcan<\/td>\n<\/tr>\n<tr>\n<td>Do\u011fum tarihi:07-02-2005<\/td>\n<\/tr>\n<tr>\n<td>Do\u011fum Yeri:\u0130stanbul<\/td>\n<\/tr>\n<tr>\n<td>Boyu:1-70<\/td>\n<\/tr>\n<tr>\n<td>Kilosu<b>:69<\/b><\/td>\n<\/tr>\n<tr>\n<td>Mevkii<b>:Guard <\/b><\/td>\n<\/tr>\n<tr>\n<td>Forma Numaras\u0131<b>:6<\/b><\/td>\n<\/tr>\n<tr>\n<td>Fenerbah\u00e7e&#8217;ye Geli\u015f Tarihi:2015<\/td>\n<\/tr>\n<tr>\n<td>Daha \u00d6nce Oynad\u0131\u011f\u0131 Tak\u0131mlar:<span title=\"Azerbeycan Azeryol Bak\u00fc (2015-2016) \u00a0\">Olimpik Basket<br \/>\n<\/span><\/td>\n<\/tr>\n<tr>\n<td>Millilik Say\u0131s\u0131;<\/td>\n<\/tr>\n<tr>\n<td>Ba\u015far\u0131lar\u0131:<\/td>\n<\/tr>\n<tr>\n<td><\/td>\n<\/tr>\n<\/tbody>\n<\/table>\n<\/td>\n<\/tr>\n<tr>\n<td valign=\"top\" width=\"170\"><\/td>\n<td valign=\"top\" width=\"280\"><\/td>\n<\/tr>\n<\/tbody>\n<\/table>\n<table border=\"0\" width=\"450\" cellspacing=\"0\" cellpadding=\"0\">\n<tbody>\n<tr>\n<td valign=\"top\" width=\"170\"><img decoding=\"async\" src=\"https:\/\/cdn.fenerbahce.org\/pic_lib\/demirfertelli.jpg\" width=\"150\" height=\"150\" \/><\/td>\n<td valign=\"top\" width=\"280\">\n<table border=\"0\" width=\"279\" cellspacing=\"0\" cellpadding=\"0\">\n<tbody>\n<tr>\n<td>Oyuncunun ad\u0131: Demir Fertelli<\/td>\n<\/tr>\n<tr>\n<td>Do\u011fum tarihi:24-02-2004<\/td>\n<\/tr>\n<tr>\n<td>Do\u011fum Yeri:\u0130stanbul<\/td>\n<\/tr>\n<tr>\n<td>Boyu:1-75<\/td>\n<\/tr>\n<tr>\n<td>Kilosu<b>:68<\/b><\/td>\n<\/tr>\n<tr>\n<td>Mevkii<b>:Forvet <\/b><\/td>\n<\/tr>\n<tr>\n<td>Forma Numaras\u0131<b>:9<\/b><\/td>\n<\/tr>\n<tr>\n<td>Fenerbah\u00e7e&#8217;ye Geli\u015f Tarihi:2012<\/td>\n<\/tr>\n<tr>\n<td>Daha \u00d6nce Oynad\u0131\u011f\u0131 Tak\u0131mlar:<\/td>\n<\/tr>\n<tr>\n<td>Millilik Say\u0131s\u0131;<\/td>\n<\/tr>\n<tr>\n<td>Ba\u015far\u0131lar\u0131:2016-2017 U-13 \u0130stanbul ve T\u00fcrkiye \u015eampiyonu<\/td>\n<\/tr>\n<tr>\n<td><\/td>\n<\/tr>\n<\/tbody>\n<\/table>\n<\/td>\n<\/tr>\n<tr>\n<td valign=\"top\" width=\"170\"><\/td>\n<td valign=\"top\" width=\"280\"><\/td>\n<\/tr>\n<\/tbody>\n<\/table>\n<table border=\"0\" width=\"450\" cellspacing=\"0\" cellpadding=\"0\">\n<tbody>\n<tr>\n<td valign=\"top\" width=\"170\"><img decoding=\"async\" src=\"https:\/\/cdn.fenerbahce.org\/pic_lib\/erendeniz.JPG\" width=\"150\" height=\"150\" \/><\/td>\n<td valign=\"top\" width=\"280\">\n<table border=\"0\" width=\"279\" cellspacing=\"0\" cellpadding=\"0\">\n<tbody>\n<tr>\n<td>Oyuncunun ad\u0131: Eren Deniz<\/td>\n<\/tr>\n<tr>\n<td>Do\u011fum tarihi:26-08-2004<\/td>\n<\/tr>\n<tr>\n<td>Do\u011fum Yeri:\u0130stanbul<\/td>\n<\/tr>\n<tr>\n<td>Boyu:1-91<\/td>\n<\/tr>\n<tr>\n<td>Kilosu<b>:77<\/b><\/td>\n<\/tr>\n<tr>\n<td>Mevkii<b>:Forvet <\/b><\/td>\n<\/tr>\n<tr>\n<td>Forma Numaras\u0131<b>:11<\/b><\/td>\n<\/tr>\n<tr>\n<td>Fenerbah\u00e7e&#8217;ye Geli\u015f Tarihi:2016<\/td>\n<\/tr>\n<tr>\n<td>Daha \u00d6nce Oynad\u0131\u011f\u0131 Tak\u0131mlar:<span title=\"Azerbeycan Azeryol Bak\u00fc (2015-2016) \u00a0\">De\u011fi\u015fim Spor Kul\u00fcb\u00fc<br \/>\n<\/span><\/td>\n<\/tr>\n<tr>\n<td>Millilik Say\u0131s\u0131;<\/td>\n<\/tr>\n<tr>\n<td>Ba\u015far\u0131lar\u0131:2016-2017 U-13 \u0130stanbul ve T\u00fcrkiye \u015eampiyonu<\/td>\n<\/tr>\n<tr>\n<td><\/td>\n<\/tr>\n<\/tbody>\n<\/table>\n<\/td>\n<\/tr>\n<tr>\n<td valign=\"top\" width=\"170\"><\/td>\n<td valign=\"top\" width=\"280\"><\/td>\n<\/tr>\n<\/tbody>\n<\/table>\n<table border=\"0\" width=\"450\" cellspacing=\"0\" cellpadding=\"0\">\n<tbody>\n<tr>\n<td valign=\"top\" width=\"170\"><img decoding=\"async\" src=\"https:\/\/cdn.fenerbahce.org\/pic_lib\/yigitaliuysal.jpg\" width=\"150\" height=\"150\" \/><\/td>\n<td valign=\"top\" width=\"280\">\n<table border=\"0\" width=\"279\" cellspacing=\"0\" cellpadding=\"0\">\n<tbody>\n<tr>\n<td>Oyuncunun ad\u0131: Yi\u011fit Ali Uysal<\/td>\n<\/tr>\n<tr>\n<td>Do\u011fum tarihi:17-01-2004<\/td>\n<\/tr>\n<tr>\n<td>Do\u011fum Yeri:\u0130stanbul<\/td>\n<\/tr>\n<tr>\n<td>Boyu:1-82<\/td>\n<\/tr>\n<tr>\n<td>Kilosu<b>:69<\/b><\/td>\n<\/tr>\n<tr>\n<td>Mevkii<b>:Guard<\/b><\/td>\n<\/tr>\n<tr>\n<td>Forma Numaras\u0131<b>:23<\/b><\/td>\n<\/tr>\n<tr>\n<td>Fenerbah\u00e7e&#8217;ye Geli\u015f Tarihi:2016<\/td>\n<\/tr>\n<tr>\n<td>Daha \u00d6nce Oynad\u0131\u011f\u0131 Tak\u0131mlar:<span title=\"Azerbeycan Azeryol Bak\u00fc (2015-2016) \u00a0\">Tak\u0131m Y\u0131ld\u0131zlar\u0131<br \/>\n<\/span><\/td>\n<\/tr>\n<tr>\n<td>Millilik Say\u0131s\u0131;<\/td>\n<\/tr>\n<tr>\n<td>Ba\u015far\u0131lar\u0131:2016-2017 U-13 \u0130stanbul ve T\u00fcrkiye \u015eampiyonu ve tunuvan\u0131n en iyi forveti 2016-17 Geli\u015fim Ligi \u0130stanbul \u015eampiyonu ve turnuvan\u0131n MVP<\/td>\n<\/tr>\n<tr>\n<td><\/td>\n<\/tr>\n<\/tbody>\n<\/table>\n<\/td>\n<\/tr>\n<tr>\n<td valign=\"top\" width=\"170\"><\/td>\n<td valign=\"top\" width=\"280\"><\/td>\n<\/tr>\n<\/tbody>\n<\/table>\n<table border=\"0\" width=\"450\" cellspacing=\"0\" cellpadding=\"0\">\n<tbody>\n<tr>\n<td valign=\"top\" width=\"170\"><img decoding=\"async\" src=\"https:\/\/cdn.fenerbahce.org\/pic_lib\/mertarslan.jpg\" width=\"150\" height=\"150\" \/><\/td>\n<td valign=\"top\" width=\"280\">\n<table border=\"0\" width=\"279\" cellspacing=\"0\" cellpadding=\"0\">\n<tbody>\n<tr>\n<td>Oyuncunun ad\u0131: Mert Arslan<\/td>\n<\/tr>\n<tr>\n<td>Do\u011fum tarihi:12-02-2004<\/td>\n<\/tr>\n<tr>\n<td>Do\u011fum Yeri:\u0130stanbul<\/td>\n<\/tr>\n<tr>\n<td>Boyu:1-90<\/td>\n<\/tr>\n<tr>\n<td>Kilosu<b>:88<\/b><\/td>\n<\/tr>\n<tr>\n<td>Mevkii<b>:Pivot <\/b><\/td>\n<\/tr>\n<tr>\n<td>Forma Numaras\u0131<b>:34<\/b><\/td>\n<\/tr>\n<tr>\n<td>Fenerbah\u00e7e&#8217;ye Geli\u015f Tarihi:2015<\/td>\n<\/tr>\n<tr>\n<td>Daha \u00d6nce Oynad\u0131\u011f\u0131 Tak\u0131mlar:<\/td>\n<\/tr>\n<tr>\n<td>Millilik Say\u0131s\u0131;<\/td>\n<\/tr>\n<tr>\n<td>Ba\u015far\u0131lar\u0131:2016-2017 U-13 \u0130stanbul ve T\u00fcrkiye \u015eampiyonu<\/td>\n<\/tr>\n<tr>\n<td><\/td>\n<\/tr>\n<\/tbody>\n<\/table>\n<\/td>\n<\/tr>\n<tr>\n<td valign=\"top\" width=\"170\"><\/td>\n<td valign=\"top\" width=\"280\"><\/td>\n<\/tr>\n<\/tbody>\n<\/table>\n<table border=\"0\" width=\"450\" cellspacing=\"0\" cellpadding=\"0\">\n<tbody>\n<tr>\n<td valign=\"top\" width=\"170\"><img decoding=\"async\" src=\"https:\/\/cdn.fenerbahce.org\/pic_lib\/kuzeylivaneli.JPG\" width=\"150\" height=\"150\" \/><\/td>\n<td valign=\"top\" width=\"280\">\n<table border=\"0\" width=\"279\" cellspacing=\"0\" cellpadding=\"0\">\n<tbody>\n<tr>\n<td>Oyuncunun ad\u0131: Kuzey Livaneli<\/td>\n<\/tr>\n<tr>\n<td>Do\u011fum tarihi:26-04-2004<\/td>\n<\/tr>\n<tr>\n<td>Do\u011fum Yeri:Samsun<\/td>\n<\/tr>\n<tr>\n<td>Boyu:1-77<\/td>\n<\/tr>\n<tr>\n<td>Kilosu<b>:64<\/b><\/td>\n<\/tr>\n<tr>\n<td>Mevkii<b>:Guard <\/b><\/td>\n<\/tr>\n<tr>\n<td>Forma Numaras\u0131<b>:4<\/b><\/td>\n<\/tr>\n<tr>\n<td>Fenerbah\u00e7e&#8217;ye Geli\u015f Tarihi:2013<\/td>\n<\/tr>\n<tr>\n<td>Daha \u00d6nce Oynad\u0131\u011f\u0131 Tak\u0131mlar:<span title=\"Azerbeycan Azeryol Bak\u00fc (2015-2016) \u00a0\">Yol SPOR<br \/>\n<\/span><\/td>\n<\/tr>\n<tr>\n<td>Millilik Say\u0131s\u0131;<\/td>\n<\/tr>\n<tr>\n<td>Ba\u015far\u0131lar\u0131:2016-2017 U-13 \u0130stanbul ve T\u00fcrkiye \u015eampiyonu<\/td>\n<\/tr>\n<tr>\n<td><\/td>\n<\/tr>\n<\/tbody>\n<\/table>\n<\/td>\n<\/tr>\n<tr>\n<td valign=\"top\" width=\"170\"><\/td>\n<td valign=\"top\" width=\"280\"><\/td>\n<\/tr>\n<\/tbody>\n<\/table>\n<table border=\"0\" width=\"450\" cellspacing=\"0\" cellpadding=\"0\">\n<tbody>\n<tr>\n<td valign=\"top\" width=\"170\"><img decoding=\"async\" src=\"https:\/\/cdn.fenerbahce.org\/pic_lib\/galipefekurt.JPG\" width=\"150\" height=\"150\" \/><\/td>\n<td valign=\"top\" width=\"280\">\n<table border=\"0\" width=\"279\" cellspacing=\"0\" cellpadding=\"0\">\n<tbody>\n<tr>\n<td>Oyuncunun ad\u0131: Galip Efe Kurt<\/td>\n<\/tr>\n<tr>\n<td>Do\u011fum tarihi:23-01-2004<\/td>\n<\/tr>\n<tr>\n<td>Do\u011fum Yeri:\u0130stanbul<\/td>\n<\/tr>\n<tr>\n<td>Boyu:1-65<\/td>\n<\/tr>\n<tr>\n<td>Kilosu<b>:50<\/b><\/td>\n<\/tr>\n<tr>\n<td>Mevkii<b>:Guard<\/b><\/td>\n<\/tr>\n<tr>\n<td>Forma Numaras\u0131<b>:2<\/b><\/td>\n<\/tr>\n<tr>\n<td>Fenerbah\u00e7e&#8217;ye Geli\u015f Tarihi:2014<\/td>\n<\/tr>\n<tr>\n<td>Daha \u00d6nce Oynad\u0131\u011f\u0131 Tak\u0131mlar:<\/td>\n<\/tr>\n<tr>\n<td>Millilik Say\u0131s\u0131;<\/td>\n<\/tr>\n<tr>\n<td>Ba\u015far\u0131lar\u0131:2016-2017 U-13 \u0130stanbul ve T\u00fcrkiye \u015eampiyonu<\/td>\n<\/tr>\n<tr>\n<td><\/td>\n<\/tr>\n<\/tbody>\n<\/table>\n<\/td>\n<\/tr>\n<tr>\n<td valign=\"top\" width=\"170\"><\/td>\n<td valign=\"top\" width=\"280\"><\/td>\n<\/tr>\n<\/tbody>\n<\/table>\n<table border=\"0\" width=\"450\" cellspacing=\"0\" cellpadding=\"0\">\n<tbody>\n<tr>\n<td valign=\"top\" width=\"170\"><img decoding=\"async\" src=\"https:\/\/cdn.fenerbahce.org\/pic_lib\/egemenaysan.JPG\" width=\"150\" height=\"150\" \/><\/td>\n<td valign=\"top\" width=\"280\">\n<table border=\"0\" width=\"279\" cellspacing=\"0\" cellpadding=\"0\">\n<tbody>\n<tr>\n<td>Oyuncunun ad\u0131: Egemen Aysan<\/td>\n<\/tr>\n<tr>\n<td>Do\u011fum tarihi:29-07-2004<\/td>\n<\/tr>\n<tr>\n<td>Do\u011fum Yeri:\u0130stanbul<\/td>\n<\/tr>\n<tr>\n<td>Boyu:1-82<\/td>\n<\/tr>\n<tr>\n<td>Kilosu<b>:65<\/b><\/td>\n<\/tr>\n<tr>\n<td>Mevkii<b>:Forvet <\/b><\/td>\n<\/tr>\n<tr>\n<td>Forma Numaras\u0131<b>:35<\/b><\/td>\n<\/tr>\n<tr>\n<td>Fenerbah\u00e7e&#8217;ye Geli\u015f Tarihi:2015<\/td>\n<\/tr>\n<tr>\n<td>Daha \u00d6nce Oynad\u0131\u011f\u0131 Tak\u0131mlar:<span title=\"Azerbeycan Azeryol Bak\u00fc (2015-2016) \u00a0\">Unibasket<br \/>\n<\/span><\/td>\n<\/tr>\n<tr>\n<td>Millilik Say\u0131s\u0131;<\/td>\n<\/tr>\n<tr>\n<td>Ba\u015far\u0131lar\u0131:2016-2017 U-13 \u0130stanbul ve T\u00fcrkiye \u015eampiyonu<\/td>\n<\/tr>\n<tr>\n<td><\/td>\n<\/tr>\n<\/tbody>\n<\/table>\n<\/td>\n<\/tr>\n<tr>\n<td valign=\"top\" width=\"170\"><\/td>\n<td valign=\"top\" width=\"280\"><\/td>\n<\/tr>\n<\/tbody>\n<\/table>\n<table border=\"0\" width=\"450\" cellspacing=\"0\" cellpadding=\"0\">\n<tbody>\n<tr>\n<td valign=\"top\" width=\"170\"><img decoding=\"async\" src=\"https:\/\/cdn.fenerbahce.org\/pic_lib\/keremgundogdu.jpg\" width=\"150\" height=\"150\" \/><\/td>\n<td valign=\"top\" width=\"280\">\n<table border=\"0\" width=\"279\" cellspacing=\"0\" cellpadding=\"0\">\n<tbody>\n<tr>\n<td>Oyuncunun ad\u0131: Kerem G\u00fcndo\u011fdu<\/td>\n<\/tr>\n<tr>\n<td>Do\u011fum tarihi:19-03-2004<\/td>\n<\/tr>\n<tr>\n<td>Do\u011fum Yeri:\u0130stanbul<\/td>\n<\/tr>\n<tr>\n<td>Boyu:1-74<\/td>\n<\/tr>\n<tr>\n<td>Kilosu<b>:54<\/b><\/td>\n<\/tr>\n<tr>\n<td>Mevkii<b>:Guard<\/b><\/td>\n<\/tr>\n<tr>\n<td>Forma Numaras\u0131<b>:<\/b><\/td>\n<\/tr>\n<tr>\n<td>Fenerbah\u00e7e&#8217;ye Geli\u015f Tarihi:2017<\/td>\n<\/tr>\n<tr>\n<td>Daha \u00d6nce Oynad\u0131\u011f\u0131 Tak\u0131mlar:<span title=\"Azerbeycan Azeryol Bak\u00fc (2015-2016) \u00a0\">Geli\u015fim G\u00f6lc\u00fck Kocaeli Basket<br \/>\n<\/span><\/td>\n<\/tr>\n<tr>\n<td>Millilik Say\u0131s\u0131;<\/td>\n<\/tr>\n<tr>\n<td>Ba\u015far\u0131lar\u0131:<\/td>\n<\/tr>\n<tr>\n<td><\/td>\n<\/tr>\n<\/tbody>\n<\/table>\n<\/td>\n<\/tr>\n<tr>\n<td valign=\"top\" width=\"170\"><\/td>\n<td valign=\"top\" width=\"280\"><\/td>\n<\/tr>\n<\/tbody>\n<\/table>\n<p>&nbsp;<\/p>\n<table border=\"0\" width=\"450\" cellspacing=\"0\" cellpadding=\"0\">\n<tbody>\n<tr>\n<td valign=\"top\" width=\"170\"><img decoding=\"async\" src=\"https:\/\/cdn.fenerbahce.org\/pic_lib\/serbayciddi.jpg\" width=\"150\" height=\"150\" \/><\/td>\n<td valign=\"top\" width=\"280\">\n<table border=\"0\" width=\"279\" cellspacing=\"0\" cellpadding=\"0\">\n<tbody>\n<tr>\n<td>Oyuncunun ad\u0131: Serbay Ciddi<\/td>\n<\/tr>\n<tr>\n<td>Do\u011fum tarihi:18-03-2004<\/td>\n<\/tr>\n<tr>\n<td>Do\u011fum Yeri:\u0130stanbul<\/td>\n<\/tr>\n<tr>\n<td>Boyu:1-90<\/td>\n<\/tr>\n<tr>\n<td>Kilosu<b>:76<\/b><\/td>\n<\/tr>\n<tr>\n<td>Mevkii<b>:Pivot<\/b><\/td>\n<\/tr>\n<tr>\n<td>Forma Numaras\u0131<b>:<\/b><\/td>\n<\/tr>\n<tr>\n<td>Fenerbah\u00e7e&#8217;ye Geli\u015f Tarihi:2017<\/td>\n<\/tr>\n<tr>\n<td>Daha \u00d6nce Oynad\u0131\u011f\u0131 Tak\u0131mlar: Kocaeli \u0130smit Spor Kul\u00fcb\u00fc<\/td>\n<\/tr>\n<tr>\n<td>Millilik Say\u0131s\u0131;<\/td>\n<\/tr>\n<tr>\n<td>Ba\u015far\u0131lar\u0131:<\/td>\n<\/tr>\n<tr>\n<td><\/td>\n<\/tr>\n<\/tbody>\n<\/table>\n<\/td>\n<\/tr>\n<tr>\n<td valign=\"top\" width=\"170\"><\/td>\n<td valign=\"top\" width=\"280\"><\/td>\n<\/tr>\n<\/tbody>\n<\/table>\n<table border=\"0\" width=\"450\" cellspacing=\"0\" cellpadding=\"0\">\n<tbody>\n<tr>\n<td valign=\"top\" width=\"170\"><img decoding=\"async\" src=\"https:\/\/cdn.fenerbahce.org\/pic_lib\/emirdenizdurahim.jpg\" width=\"150\" height=\"150\" \/><\/td>\n<td valign=\"top\" width=\"280\">\n<table border=\"0\" width=\"279\" cellspacing=\"0\" cellpadding=\"0\">\n<tbody>\n<tr>\n<td>Oyuncunun ad\u0131: Emir Deniz Durahim<\/td>\n<\/tr>\n<tr>\n<td>Do\u011fum tarihi:22-01-2004<\/td>\n<\/tr>\n<tr>\n<td>Do\u011fum Yeri:\u0130stanbul<\/td>\n<\/tr>\n<tr>\n<td>Boyu:1-86<\/td>\n<\/tr>\n<tr>\n<td>Kilosu<b>:74<\/b><\/td>\n<\/tr>\n<tr>\n<td>Mevkii<b>:Forvet <\/b><\/td>\n<\/tr>\n<tr>\n<td>Forma Numaras\u0131<b>:8<\/b><\/td>\n<\/tr>\n<tr>\n<td>Fenerbah\u00e7e&#8217;ye Geli\u015f Tarihi:2015<\/td>\n<\/tr>\n<tr>\n<td>Daha \u00d6nce Oynad\u0131\u011f\u0131 Tak\u0131mlar:<span title=\"Azerbeycan Azeryol Bak\u00fc (2015-2016) \u00a0\">Ata\u015fehir Y\u0131ld\u0131zlar\u0131<br \/>\n<\/span><\/td>\n<\/tr>\n<tr>\n<td>Millilik Say\u0131s\u0131;<\/td>\n<\/tr>\n<tr>\n<td>Ba\u015far\u0131lar\u0131:2016-2017 U-13 \u0130stanbul ve T\u00fcrkiye \u015eampiyonu<\/td>\n<\/tr>\n<\/tbody>\n<\/table>\n<\/td>\n<\/tr>\n<\/tbody>\n<\/table>\n<p>[\/vc_column_text][\/vc_tta_section][\/vc_tta_accordion][\/vc_column][vc_column width=&#8221;1\/3&#8243;][vc_single_image image=&#8221;1009&#8243; img_size=&#8221;large&#8221; alignment=&#8221;center&#8221; style=&#8221;vc_box_border_circle_2&#8243;][\/vc_column][\/vc_row][vc_row][vc_column]<div  class=\"jeg_postblock_19 jeg_postblock jeg_module_hook jeg_pagination_loadmore jeg_col_3o3 jnews_module__1_69f59b135adb4   \" data-unique=\"jnews_module__1_69f59b135adb4\">\n\t\t\t\t\t<div class=\"jeg_block_heading jeg_block_heading_1 jeg_subcat_right\">\n                     <h3 class=\"jeg_block_title\"><a href='https:\/\/fener.org\/xwebsites\/wp\/fener\/index.php\/category\/haberler\/basketbol\/erkek-basketbol\/'><span>Erkek Basketbol Haberleri<\/span><\/a><\/h3>\n                     \n                 <\/div>\n\t\t\t\t\t<div class=\"jeg_block_container\">\n                \n                <div class=\"jeg_posts jeg_load_more_flag\">\n                    <article class=\"jeg_post jeg_pl_md_box format-standard\">\n                    <div class=\"box_wrap\">\n                    <div class=\"jeg_thumb\">\n                        \n                        <a href=\"https:\/\/www.fener.org\/index.php\/2026\/04\/30\/fenerbahce-beko-play-off-serisi-ikinci-macina-cikiyor\/\" aria-label=\"Read article: Fenerbah\u00e7e Beko, play-off serisi ikinci ma\u00e7\u0131na \u00e7\u0131k\u0131yor\"><div class=\"thumbnail-container animate-lazy  size-715 \"><img loading=\"lazy\" decoding=\"async\" width=\"350\" height=\"250\" src=\"https:\/\/www.fener.org\/xwebsites\/wp\/fener\/wp-content\/themes\/jnews\/assets\/img\/jeg-empty.png\" class=\"attachment-jnews-350x250 size-jnews-350x250 lazyload wp-post-image\" alt=\"Fenerbah\u00e7e Erkek Basketbol Tak\u0131m\u0131m\u0131\" sizes=\"auto, (max-width: 350px) 100vw, 350px\" data-src=\"https:\/\/www.fener.org\/xwebsites\/wp\/fener\/wp-content\/uploads\/2026\/04\/haber_basketbol_eb_FenerbahceEBT_20260430-350x250.jpg\" data-srcset=\"https:\/\/www.fener.org\/xwebsites\/wp\/fener\/wp-content\/uploads\/2026\/04\/haber_basketbol_eb_FenerbahceEBT_20260430-350x250.jpg 350w, https:\/\/www.fener.org\/xwebsites\/wp\/fener\/wp-content\/uploads\/2026\/04\/haber_basketbol_eb_FenerbahceEBT_20260430-120x86.jpg 120w, https:\/\/www.fener.org\/xwebsites\/wp\/fener\/wp-content\/uploads\/2026\/04\/haber_basketbol_eb_FenerbahceEBT_20260430-750x536.jpg 750w\" data-sizes=\"auto\" data-expand=\"700\" \/><\/div><\/a>\n                    <\/div>\n                    <div class=\"jeg_postblock_content\">\n                        <h3 class=\"jeg_post_title\">\n                            <a href=\"https:\/\/www.fener.org\/index.php\/2026\/04\/30\/fenerbahce-beko-play-off-serisi-ikinci-macina-cikiyor\/\">Fenerbah\u00e7e Beko, play-off serisi ikinci ma\u00e7\u0131na \u00e7\u0131k\u0131yor<\/a>\n                        <\/h3>\n                        \n                    <\/div> \n                    <\/div>\n                <\/article><article class=\"jeg_post jeg_pl_md_box format-standard\">\n                    <div class=\"box_wrap\">\n                    <div class=\"jeg_thumb\">\n                        \n                        <a href=\"https:\/\/www.fener.org\/index.php\/2026\/04\/28\/sarunas-jasikevicius-1-0-one-gectik-bunun-icin-cok-mutluyuz\/\" aria-label=\"Read article: Sarunas Jasikevicius: 1-0 \u00f6ne ge\u00e7tik bunun i\u00e7in \u00e7ok mutluyuz\"><div class=\"thumbnail-container animate-lazy  size-715 \"><img loading=\"lazy\" decoding=\"async\" width=\"350\" height=\"250\" src=\"https:\/\/www.fener.org\/xwebsites\/wp\/fener\/wp-content\/themes\/jnews\/assets\/img\/jeg-empty.png\" class=\"attachment-jnews-350x250 size-jnews-350x250 lazyload wp-post-image\" alt=\"Fenerbah\u00e7e Erkek Basketbol Tak\u0131m\u0131 Ba\u015fantren\u00f6r\u00fc Sarunas Jasikevicius\" sizes=\"auto, (max-width: 350px) 100vw, 350px\" data-src=\"https:\/\/www.fener.org\/xwebsites\/wp\/fener\/wp-content\/uploads\/2026\/04\/haber_basketbol_eb_SarunasJasikevicius_20260428-350x250.jpg\" data-srcset=\"https:\/\/www.fener.org\/xwebsites\/wp\/fener\/wp-content\/uploads\/2026\/04\/haber_basketbol_eb_SarunasJasikevicius_20260428-350x250.jpg 350w, https:\/\/www.fener.org\/xwebsites\/wp\/fener\/wp-content\/uploads\/2026\/04\/haber_basketbol_eb_SarunasJasikevicius_20260428-120x86.jpg 120w, https:\/\/www.fener.org\/xwebsites\/wp\/fener\/wp-content\/uploads\/2026\/04\/haber_basketbol_eb_SarunasJasikevicius_20260428-750x536.jpg 750w\" data-sizes=\"auto\" data-expand=\"700\" \/><\/div><\/a>\n                    <\/div>\n                    <div class=\"jeg_postblock_content\">\n                        <h3 class=\"jeg_post_title\">\n                            <a href=\"https:\/\/www.fener.org\/index.php\/2026\/04\/28\/sarunas-jasikevicius-1-0-one-gectik-bunun-icin-cok-mutluyuz\/\">Sarunas Jasikevicius: 1-0 \u00f6ne ge\u00e7tik bunun i\u00e7in \u00e7ok mutluyuz<\/a>\n                        <\/h3>\n                        \n                    <\/div> \n                    <\/div>\n                <\/article><article class=\"jeg_post jeg_pl_md_box format-standard\">\n                    <div class=\"box_wrap\">\n                    <div class=\"jeg_thumb\">\n                        \n                        <a href=\"https:\/\/www.fener.org\/index.php\/2026\/04\/28\/fenerbahce-beko-play-off-serisinde-1-0-one-gecti-2\/\" aria-label=\"Read article: Fenerbah\u00e7e Beko, play-off serisinde 1-0 \u00f6ne ge\u00e7ti\"><div class=\"thumbnail-container animate-lazy  size-715 \"><img loading=\"lazy\" decoding=\"async\" width=\"350\" height=\"250\" src=\"https:\/\/www.fener.org\/xwebsites\/wp\/fener\/wp-content\/themes\/jnews\/assets\/img\/jeg-empty.png\" class=\"attachment-jnews-350x250 size-jnews-350x250 lazyload wp-post-image\" alt=\"Fenerbah\u00e7e Beko - Zalgiris Kaunas\" sizes=\"auto, (max-width: 350px) 100vw, 350px\" data-src=\"https:\/\/www.fener.org\/xwebsites\/wp\/fener\/wp-content\/uploads\/2026\/04\/haber_basketbol_eb_FenerbahceBeko-ZalgirisKaunas_20260428-350x250.jpg\" data-srcset=\"https:\/\/www.fener.org\/xwebsites\/wp\/fener\/wp-content\/uploads\/2026\/04\/haber_basketbol_eb_FenerbahceBeko-ZalgirisKaunas_20260428-350x250.jpg 350w, https:\/\/www.fener.org\/xwebsites\/wp\/fener\/wp-content\/uploads\/2026\/04\/haber_basketbol_eb_FenerbahceBeko-ZalgirisKaunas_20260428-120x86.jpg 120w, https:\/\/www.fener.org\/xwebsites\/wp\/fener\/wp-content\/uploads\/2026\/04\/haber_basketbol_eb_FenerbahceBeko-ZalgirisKaunas_20260428-750x536.jpg 750w\" data-sizes=\"auto\" data-expand=\"700\" \/><\/div><\/a>\n                    <\/div>\n                    <div class=\"jeg_postblock_content\">\n                        <h3 class=\"jeg_post_title\">\n                            <a href=\"https:\/\/www.fener.org\/index.php\/2026\/04\/28\/fenerbahce-beko-play-off-serisinde-1-0-one-gecti-2\/\">Fenerbah\u00e7e Beko, play-off serisinde 1-0 \u00f6ne ge\u00e7ti<\/a>\n                        <\/h3>\n                        \n                    <\/div> \n                    <\/div>\n                <\/article><article class=\"jeg_post jeg_pl_sm format-standard\">\n                <div class=\"jeg_thumb\">\n                        \n                        <a href=\"https:\/\/www.fener.org\/index.php\/2026\/04\/27\/fenerbahce-beko-euroleague-play-off-serisi-ilk-macinda-zalgiris-kaunasi-konuk-ediyor\/\" aria-label=\"Read article: Fenerbah\u00e7e Beko, EuroLeague Play-off serisi ilk ma\u00e7\u0131nda Zalgiris Kaunas\u2019\u0131 konuk ediyor\"><div class=\"thumbnail-container animate-lazy  size-715 \"><img loading=\"lazy\" decoding=\"async\" width=\"120\" height=\"86\" src=\"https:\/\/www.fener.org\/xwebsites\/wp\/fener\/wp-content\/themes\/jnews\/assets\/img\/jeg-empty.png\" class=\"attachment-jnews-120x86 size-jnews-120x86 lazyload wp-post-image\" alt=\"Fenerbah\u00e7e Erkek Basketbol Tak\u0131m\u0131m\u0131\" sizes=\"auto, (max-width: 120px) 100vw, 120px\" data-src=\"https:\/\/www.fener.org\/xwebsites\/wp\/fener\/wp-content\/uploads\/2026\/04\/haber_basketbol_eb_FenerbahceEBT_20260416-120x86.jpg\" data-srcset=\"https:\/\/www.fener.org\/xwebsites\/wp\/fener\/wp-content\/uploads\/2026\/04\/haber_basketbol_eb_FenerbahceEBT_20260416-120x86.jpg 120w, https:\/\/www.fener.org\/xwebsites\/wp\/fener\/wp-content\/uploads\/2026\/04\/haber_basketbol_eb_FenerbahceEBT_20260416-350x250.jpg 350w, https:\/\/www.fener.org\/xwebsites\/wp\/fener\/wp-content\/uploads\/2026\/04\/haber_basketbol_eb_FenerbahceEBT_20260416-750x536.jpg 750w\" data-sizes=\"auto\" data-expand=\"700\" \/><\/div><\/a>\n                    <\/div>\n                    <div class=\"jeg_postblock_content\">\n                        <h3 class=\"jeg_post_title\">\n                            <a href=\"https:\/\/www.fener.org\/index.php\/2026\/04\/27\/fenerbahce-beko-euroleague-play-off-serisi-ilk-macinda-zalgiris-kaunasi-konuk-ediyor\/\">Fenerbah\u00e7e Beko, EuroLeague Play-off serisi ilk ma\u00e7\u0131nda Zalgiris Kaunas\u2019\u0131 konuk ediyor<\/a>\n                        <\/h3>\n                        \n                    <\/div>\n                <\/article><article class=\"jeg_post jeg_pl_sm format-standard\">\n                <div class=\"jeg_thumb\">\n                        \n                        <a href=\"https:\/\/www.fener.org\/index.php\/2026\/04\/24\/glint-manisa-basket-78-82-fenerbahce-beko\/\" aria-label=\"Read article: Glint Manisa Basket 78-82 Fenerbah\u00e7e Beko\"><div class=\"thumbnail-container animate-lazy  size-715 \"><img loading=\"lazy\" decoding=\"async\" width=\"120\" height=\"86\" src=\"https:\/\/www.fener.org\/xwebsites\/wp\/fener\/wp-content\/themes\/jnews\/assets\/img\/jeg-empty.png\" class=\"attachment-jnews-120x86 size-jnews-120x86 lazyload wp-post-image\" alt=\"Glint Manisa Basket - Fenerbah\u00e7e Beko\" sizes=\"auto, (max-width: 120px) 100vw, 120px\" data-src=\"https:\/\/www.fener.org\/xwebsites\/wp\/fener\/wp-content\/uploads\/2026\/04\/haber_basketbol_eb_GlintManisaBasket-FenerbahceBeko_20260424-120x86.jpg\" data-srcset=\"https:\/\/www.fener.org\/xwebsites\/wp\/fener\/wp-content\/uploads\/2026\/04\/haber_basketbol_eb_GlintManisaBasket-FenerbahceBeko_20260424-120x86.jpg 120w, https:\/\/www.fener.org\/xwebsites\/wp\/fener\/wp-content\/uploads\/2026\/04\/haber_basketbol_eb_GlintManisaBasket-FenerbahceBeko_20260424-350x250.jpg 350w, https:\/\/www.fener.org\/xwebsites\/wp\/fener\/wp-content\/uploads\/2026\/04\/haber_basketbol_eb_GlintManisaBasket-FenerbahceBeko_20260424-750x536.jpg 750w\" data-sizes=\"auto\" data-expand=\"700\" \/><\/div><\/a>\n                    <\/div>\n                    <div class=\"jeg_postblock_content\">\n                        <h3 class=\"jeg_post_title\">\n                            <a href=\"https:\/\/www.fener.org\/index.php\/2026\/04\/24\/glint-manisa-basket-78-82-fenerbahce-beko\/\">Glint Manisa Basket 78-82 Fenerbah\u00e7e Beko<\/a>\n                        <\/h3>\n                        \n                    <\/div>\n                <\/article><article class=\"jeg_post jeg_pl_sm format-standard\">\n                <div class=\"jeg_thumb\">\n                        \n                        <a href=\"https:\/\/www.fener.org\/index.php\/2026\/04\/23\/fenerbahce-beko-glint-manisa-baskete-konuk-oluyor\/\" aria-label=\"Read article: Fenerbah\u00e7e Beko, Glint Manisa Basket\u2019e konuk oluyor\"><div class=\"thumbnail-container animate-lazy  size-715 \"><img loading=\"lazy\" decoding=\"async\" width=\"120\" height=\"86\" src=\"https:\/\/www.fener.org\/xwebsites\/wp\/fener\/wp-content\/themes\/jnews\/assets\/img\/jeg-empty.png\" class=\"attachment-jnews-120x86 size-jnews-120x86 lazyload wp-post-image\" alt=\"Fenerbah\u00e7e Erkek Basketbol Tak\u0131m\u0131m\u0131\" sizes=\"auto, (max-width: 120px) 100vw, 120px\" data-src=\"https:\/\/www.fener.org\/xwebsites\/wp\/fener\/wp-content\/uploads\/2026\/04\/haber_basketbol_eb_FenerbahceEBT_20260412-120x86.jpg\" data-srcset=\"https:\/\/www.fener.org\/xwebsites\/wp\/fener\/wp-content\/uploads\/2026\/04\/haber_basketbol_eb_FenerbahceEBT_20260412-120x86.jpg 120w, https:\/\/www.fener.org\/xwebsites\/wp\/fener\/wp-content\/uploads\/2026\/04\/haber_basketbol_eb_FenerbahceEBT_20260412-350x250.jpg 350w, https:\/\/www.fener.org\/xwebsites\/wp\/fener\/wp-content\/uploads\/2026\/04\/haber_basketbol_eb_FenerbahceEBT_20260412-750x536.jpg 750w\" data-sizes=\"auto\" data-expand=\"700\" \/><\/div><\/a>\n                    <\/div>\n                    <div class=\"jeg_postblock_content\">\n                        <h3 class=\"jeg_post_title\">\n                            <a href=\"https:\/\/www.fener.org\/index.php\/2026\/04\/23\/fenerbahce-beko-glint-manisa-baskete-konuk-oluyor\/\">Fenerbah\u00e7e Beko, Glint Manisa Basket\u2019e konuk oluyor<\/a>\n                        <\/h3>\n                        \n                    <\/div>\n                <\/article><article class=\"jeg_post jeg_pl_sm format-standard\">\n                <div class=\"jeg_thumb\">\n                        \n                        <a href=\"https:\/\/www.fener.org\/index.php\/2026\/04\/19\/sarunas-jasikevicius-bircok-inis-ve-cikisin-yasandigi-bir-karsilasma-oldu\/\" aria-label=\"Read article: Sarunas Jasikevicius: Bir\u00e7ok ini\u015f ve \u00e7\u0131k\u0131\u015f\u0131n ya\u015fand\u0131\u011f\u0131 bir kar\u015f\u0131la\u015fma oldu\"><div class=\"thumbnail-container animate-lazy  size-715 \"><img loading=\"lazy\" decoding=\"async\" width=\"120\" height=\"86\" src=\"https:\/\/www.fener.org\/xwebsites\/wp\/fener\/wp-content\/themes\/jnews\/assets\/img\/jeg-empty.png\" class=\"attachment-jnews-120x86 size-jnews-120x86 lazyload wp-post-image\" alt=\"Fenerbah\u00e7e Erkek Basketbol Tak\u0131m\u0131 Ba\u015fantren\u00f6r\u00fc Sarunas Jasikevicius\" sizes=\"auto, (max-width: 120px) 100vw, 120px\" data-src=\"https:\/\/www.fener.org\/xwebsites\/wp\/fener\/wp-content\/uploads\/2026\/04\/haber_basketbol_eb_SarunasJasikevicius_20260419-120x86.jpg\" data-srcset=\"https:\/\/www.fener.org\/xwebsites\/wp\/fener\/wp-content\/uploads\/2026\/04\/haber_basketbol_eb_SarunasJasikevicius_20260419-120x86.jpg 120w, https:\/\/www.fener.org\/xwebsites\/wp\/fener\/wp-content\/uploads\/2026\/04\/haber_basketbol_eb_SarunasJasikevicius_20260419-300x214.jpg 300w, https:\/\/www.fener.org\/xwebsites\/wp\/fener\/wp-content\/uploads\/2026\/04\/haber_basketbol_eb_SarunasJasikevicius_20260419-768x547.jpg 768w, https:\/\/www.fener.org\/xwebsites\/wp\/fener\/wp-content\/uploads\/2026\/04\/haber_basketbol_eb_SarunasJasikevicius_20260419-350x250.jpg 350w, https:\/\/www.fener.org\/xwebsites\/wp\/fener\/wp-content\/uploads\/2026\/04\/haber_basketbol_eb_SarunasJasikevicius_20260419-750x534.jpg 750w, https:\/\/www.fener.org\/xwebsites\/wp\/fener\/wp-content\/uploads\/2026\/04\/haber_basketbol_eb_SarunasJasikevicius_20260419.jpg 1000w\" data-sizes=\"auto\" data-expand=\"700\" \/><\/div><\/a>\n                    <\/div>\n                    <div class=\"jeg_postblock_content\">\n                        <h3 class=\"jeg_post_title\">\n                            <a href=\"https:\/\/www.fener.org\/index.php\/2026\/04\/19\/sarunas-jasikevicius-bircok-inis-ve-cikisin-yasandigi-bir-karsilasma-oldu\/\">Sarunas Jasikevicius: Bir\u00e7ok ini\u015f ve \u00e7\u0131k\u0131\u015f\u0131n ya\u015fand\u0131\u011f\u0131 bir kar\u015f\u0131la\u015fma oldu<\/a>\n                        <\/h3>\n                        \n                    <\/div>\n                <\/article><article class=\"jeg_post jeg_pl_sm format-standard\">\n                <div class=\"jeg_thumb\">\n                        \n                        <a href=\"https:\/\/www.fener.org\/index.php\/2026\/04\/19\/fenerbahce-beko-93-90-trabzonspor\/\" aria-label=\"Read article: Fenerbah\u00e7e Beko 93-90 Trabzonspor\"><div class=\"thumbnail-container animate-lazy  size-715 \"><img loading=\"lazy\" decoding=\"async\" width=\"120\" height=\"86\" src=\"https:\/\/www.fener.org\/xwebsites\/wp\/fener\/wp-content\/themes\/jnews\/assets\/img\/jeg-empty.png\" class=\"attachment-jnews-120x86 size-jnews-120x86 lazyload wp-post-image\" alt=\"Fenerbah\u00e7e Beko - Trabzonspor\" sizes=\"auto, (max-width: 120px) 100vw, 120px\" data-src=\"https:\/\/www.fener.org\/xwebsites\/wp\/fener\/wp-content\/uploads\/2026\/04\/haber_basketbol_eb_FenerbahceBeko-Trabzonspor_20260419-120x86.jpg\" data-srcset=\"https:\/\/www.fener.org\/xwebsites\/wp\/fener\/wp-content\/uploads\/2026\/04\/haber_basketbol_eb_FenerbahceBeko-Trabzonspor_20260419-120x86.jpg 120w, https:\/\/www.fener.org\/xwebsites\/wp\/fener\/wp-content\/uploads\/2026\/04\/haber_basketbol_eb_FenerbahceBeko-Trabzonspor_20260419-350x250.jpg 350w, https:\/\/www.fener.org\/xwebsites\/wp\/fener\/wp-content\/uploads\/2026\/04\/haber_basketbol_eb_FenerbahceBeko-Trabzonspor_20260419-750x536.jpg 750w\" data-sizes=\"auto\" data-expand=\"700\" \/><\/div><\/a>\n                    <\/div>\n                    <div class=\"jeg_postblock_content\">\n                        <h3 class=\"jeg_post_title\">\n                            <a href=\"https:\/\/www.fener.org\/index.php\/2026\/04\/19\/fenerbahce-beko-93-90-trabzonspor\/\">Fenerbah\u00e7e Beko 93-90 Trabzonspor<\/a>\n                        <\/h3>\n                        \n                    <\/div>\n                <\/article><article class=\"jeg_post jeg_pl_sm format-standard\">\n                <div class=\"jeg_thumb\">\n                        \n                        <a href=\"https:\/\/www.fener.org\/index.php\/2026\/04\/19\/fenerbahce-beko-trabzonsporu-konuk-ediyor\/\" aria-label=\"Read article: Fenerbah\u00e7e Beko, Trabzonspor\u2019u konuk ediyor\"><div class=\"thumbnail-container animate-lazy  size-715 \"><img loading=\"lazy\" decoding=\"async\" width=\"120\" height=\"86\" src=\"https:\/\/www.fener.org\/xwebsites\/wp\/fener\/wp-content\/themes\/jnews\/assets\/img\/jeg-empty.png\" class=\"attachment-jnews-120x86 size-jnews-120x86 lazyload wp-post-image\" alt=\"Fenerbah\u00e7e Erkek Basketbol Tak\u0131m\u0131m\u0131\" sizes=\"auto, (max-width: 120px) 100vw, 120px\" data-src=\"https:\/\/www.fener.org\/xwebsites\/wp\/fener\/wp-content\/uploads\/2026\/04\/haber_basketbol_eb_FenerbahceEBT_20260416-120x86.jpg\" data-srcset=\"https:\/\/www.fener.org\/xwebsites\/wp\/fener\/wp-content\/uploads\/2026\/04\/haber_basketbol_eb_FenerbahceEBT_20260416-120x86.jpg 120w, https:\/\/www.fener.org\/xwebsites\/wp\/fener\/wp-content\/uploads\/2026\/04\/haber_basketbol_eb_FenerbahceEBT_20260416-350x250.jpg 350w, https:\/\/www.fener.org\/xwebsites\/wp\/fener\/wp-content\/uploads\/2026\/04\/haber_basketbol_eb_FenerbahceEBT_20260416-750x536.jpg 750w\" data-sizes=\"auto\" data-expand=\"700\" \/><\/div><\/a>\n                    <\/div>\n                    <div class=\"jeg_postblock_content\">\n                        <h3 class=\"jeg_post_title\">\n                            <a href=\"https:\/\/www.fener.org\/index.php\/2026\/04\/19\/fenerbahce-beko-trabzonsporu-konuk-ediyor\/\">Fenerbah\u00e7e Beko, Trabzonspor\u2019u konuk ediyor<\/a>\n                        <\/h3>\n                        \n                    <\/div>\n                <\/article>\n                <\/div>\n                <div class='module-overlay'>\n\t\t\t\t    <div class='preloader_type preloader_dot'>\n\t\t\t\t        <div class=\"module-preloader jeg_preloader dot\">\n\t\t\t\t            <span><\/span><span><\/span><span><\/span>\n\t\t\t\t        <\/div>\n\t\t\t\t        <div class=\"module-preloader jeg_preloader circle\">\n\t\t\t\t            <div class=\"jnews_preloader_circle_outer\">\n\t\t\t\t                <div class=\"jnews_preloader_circle_inner\"><\/div>\n\t\t\t\t            <\/div>\n\t\t\t\t        <\/div>\n\t\t\t\t        <div class=\"module-preloader jeg_preloader square\">\n\t\t\t\t            <div class=\"jeg_square\">\n\t\t\t\t                <div class=\"jeg_square_inner\"><\/div>\n\t\t\t\t            <\/div>\n\t\t\t\t        <\/div>\n\t\t\t\t    <\/div>\n\t\t\t\t<\/div>\n            <\/div>\n            <div class=\"jeg_block_navigation\">\n                <div class='navigation_overlay'><div class='module-preloader jeg_preloader'><span><\/span><span><\/span><span><\/span><\/div><\/div>\n                <div class=\"jeg_block_loadmore \">\n                    <a href=\"#\" class='' data-load='Daha Fazla G\u00f6ster' data-loading='Y\u00fckleniyor...'> Daha Fazla G\u00f6ster<\/a>\n                <\/div>\n                \n            <\/div>\n\t\t\t\t\t<style scoped>.jnews_module__1_69f59b135adb4 .jeg_block_heading_1 .jeg_block_title span { background: #004684; }.jnews_module__1_69f59b135adb4 .jeg_block_heading_1 { border-color: #004684; }<\/style>\n\t\t\t\t\t<script>var jnews_module__1_69f59b135adb4 = {\"header_icon\":\"\",\"first_title\":\"Erkek Basketbol Haberleri\",\"second_title\":\"\",\"url\":\"https:\\\/\\\/fener.org\\\/xwebsites\\\/wp\\\/fener\\\/index.php\\\/category\\\/haberler\\\/basketbol\\\/erkek-basketbol\\\/\",\"header_type\":\"heading_1\",\"header_background\":\"#004684\",\"header_secondary_background\":\"\",\"header_text_color\":\"\",\"header_line_color\":\"#004684\",\"header_accent_color\":\"\",\"header_filter_category\":\"\",\"header_filter_author\":\"\",\"header_filter_tag\":\"\",\"header_filter_text\":\"All\",\"sticky_post\":false,\"post_type\":\"post\",\"content_type\":\"all\",\"sponsor\":false,\"number_post\":\"9\",\"post_offset\":\"0\",\"unique_content\":\"disable\",\"include_post\":\"\",\"included_only\":false,\"exclude_post\":\"\",\"include_category\":\"6,45\",\"exclude_category\":\"\",\"include_author\":\"\",\"include_tag\":\"\",\"exclude_tag\":\"\",\"exclude_visited_post\":false,\"sort_by\":\"latest\",\"date_format\":\"default\",\"date_format_custom\":\"Y\\\/m\\\/d\",\"force_normal_image_load\":\"\",\"main_custom_image_size\":\"default\",\"second_custom_image_size\":\"default\",\"pagination_mode\":\"loadmore\",\"pagination_nextprev_showtext\":\"\",\"pagination_number_post\":\"6\",\"pagination_scroll_limit\":0,\"boxed\":\"\",\"boxed_shadow\":\"\",\"el_id\":\"\",\"el_class\":\"\",\"scheme\":\"\",\"column_width\":\"auto\",\"title_color\":\"\",\"accent_color\":\"\",\"alt_color\":\"\",\"excerpt_color\":\"\",\"css\":\"\",\"compatible_column_notice\":\"\",\"paged\":1,\"column_class\":\"jeg_col_3o3\",\"class\":\"jnews_block_19\"};<\/script>\n\t\t\t\t<\/div>[\/vc_column][\/vc_row]<\/p>\n<\/div>","protected":false},"excerpt":{"rendered":"<p>[vc_row][vc_column][\/vc_column][\/vc_row][vc_row][vc_column width=&#8221;2\/3&#8243;][vc_tta_accordion shape=&#8221;square&#8221; color=&#8221;green&#8221; c_icon=&#8221;&#8221; active_section=&#8221;0&#8243; no_fill=&#8221;true&#8221;][vc_tta_section title=&#8221;Erkek Basketbol A Tak\u0131m\u0131&#8221; tab_id=&#8221;1536489979717-c27e933c-28b0&#8243;][vc_column_text]Fenerbah\u00e7e, EuroLeague&#8217;in 2015-16 sezonunda finale kalma ba\u015far\u0131s\u0131n\u0131 ve ard\u0131ndan da 2016-17 sezonunda \u015fampiyon olma ba\u015far\u0131s\u0131n\u0131 g\u00f6sterip bunu ba\u015faran ilk ve tek T\u00fcrk tak\u0131m\u0131 olmu\u015ftur. D\u00f6rt kez arka arkaya Final Four (2015, 2016, 2017, 2018) kat\u0131l\u0131m\u0131 da T\u00fcrk basketbolunda rekordur. Fenerbah\u00e7e Erkek Basketbol Tak\u0131m\u0131, ma\u00e7lar\u0131n\u0131 [&hellip;]<\/p>\n","protected":false},"author":1,"featured_media":1009,"parent":125,"menu_order":0,"comment_status":"closed","ping_status":"closed","template":"template-builder.php","meta":{"jnews_page_loop":{"enable_page_loop":"0","first_title":"Latest Post","second_title":"","header_type":"heading_6","header_background":"","header_text_color":"","layout":"right-sidebar","sidebar":"default-sidebar","second_sidebar":"default-sidebar","sticky_sidebar":"1","module":"3","boxed":"0","boxed_shadow":"0","box_shadow":"0","excerpt_length":"20","content_date":"default","date_custom":"Y\/m\/d","content_pagination":"nav_1","pagination_align":"center","show_navtext":"0","show_pageinfo":"0","post_offset":"0","posts_per_page":"5","include_post":"","exclude_post":"","include_category":"","exclude_category":"","include_author":"","include_tag":"","exclude_tag":"","sort_by":"latest"},"jnews_single_page":{"layout":"no-sidebar","sidebar":"default-sidebar","second_sidebar":"default-sidebar","sticky_sidebar":"1","show_post_featured":"1","show_post_meta":"0","share_position":"top","share_color":"share-monocrhome"},"jnews_social_meta":[],"footnotes":""},"class_list":["post-127","page","type-page","status-publish","has-post-thumbnail","hentry"],"_links":{"self":[{"href":"https:\/\/www.fener.org\/index.php\/wp-json\/wp\/v2\/pages\/127","targetHints":{"allow":["GET"]}}],"collection":[{"href":"https:\/\/www.fener.org\/index.php\/wp-json\/wp\/v2\/pages"}],"about":[{"href":"https:\/\/www.fener.org\/index.php\/wp-json\/wp\/v2\/types\/page"}],"author":[{"embeddable":true,"href":"https:\/\/www.fener.org\/index.php\/wp-json\/wp\/v2\/users\/1"}],"replies":[{"embeddable":true,"href":"https:\/\/www.fener.org\/index.php\/wp-json\/wp\/v2\/comments?post=127"}],"version-history":[{"count":16,"href":"https:\/\/www.fener.org\/index.php\/wp-json\/wp\/v2\/pages\/127\/revisions"}],"predecessor-version":[{"id":1356,"href":"https:\/\/www.fener.org\/index.php\/wp-json\/wp\/v2\/pages\/127\/revisions\/1356"}],"up":[{"embeddable":true,"href":"https:\/\/www.fener.org\/index.php\/wp-json\/wp\/v2\/pages\/125"}],"wp:featuredmedia":[{"embeddable":true,"href":"https:\/\/www.fener.org\/index.php\/wp-json\/wp\/v2\/media\/1009"}],"wp:attachment":[{"href":"https:\/\/www.fener.org\/index.php\/wp-json\/wp\/v2\/media?parent=127"}],"curies":[{"name":"wp","href":"https:\/\/api.w.org\/{rel}","templated":true}]}}