{"id":101,"date":"2018-08-12T10:35:18","date_gmt":"2018-08-12T07:35:18","guid":{"rendered":"https:\/\/www.fener.org\/?page_id=101"},"modified":"2018-09-14T16:31:02","modified_gmt":"2018-09-14T13:31:02","slug":"kulup","status":"publish","type":"page","link":"https:\/\/www.fener.org\/index.php\/kulup\/","title":{"rendered":"Kul\u00fcp"},"content":{"rendered":"<div class=\"wpb-content-wrapper\"><p>[vc_row][vc_column]<div  class=\"jeg_block_heading jeg_block_heading_1 jeg_alignleft jnews_module__0_69f50fc50e06d   \">\n                <h3 class=\"jeg_block_title\"><span>Kul\u00fcp<\/span><\/h3>\n                <style>.jnews_module__0_69f50fc50e06d.jeg_block_heading_1 { border-color: #004684; }<\/style>\n            <\/div>[vc_row_inner][vc_column_inner width=&#8221;3\/4&#8243;][vc_column_text]1895 y\u0131l\u0131nda Moda\u2019da oturan \u0130ngilizlerin modern futbolu oynamaya ba\u015flamalar\u0131, Fenerbah\u00e7e Spor Kul\u00fcb\u00fc\u2019n\u00fcn kurulmas\u0131n\u0131n ilk ad\u0131mlar\u0131 olacakt\u0131.<\/p>\n<p>Deniz \u00f6\u011frencisi Fuat H\u00fcsn\u00fc Kayacan\u2019\u0131n, 1899 y\u0131l\u0131nda Fenerbah\u00e7e Stad\u0131\u2019n\u0131n bulundu\u011fu \u00e7ay\u0131rda me\u015fin yuvarla\u011fa yapt\u0131\u011f\u0131 vuru\u015flar s\u0131ras\u0131nda arkada\u015flar\u0131 Re\u015fat Denyal, Mehmet Ali ile dile getirdikleri &#8220;Ah biz de bir futbol tak\u0131m\u0131 kurup oynayabilsek&#8221; \u00f6zlemi, T\u00fcrk gen\u00e7leri aras\u0131nda Black Stockings FC kurulmas\u0131na sebep olmu\u015ftur. Fakat daha sonra, kul\u00fcp monar\u015fi rejiminin engellenmesini \u00f6nlemek amac\u0131yla hemen da\u011f\u0131t\u0131lm\u0131\u015ft\u0131r.<\/p>\n<p>Bir ka\u00e7 gencinde kat\u0131l\u0131m\u0131yla ayn\u0131 isimler, 1902 senesinde bu kez Kad\u0131k\u00f6y Futbol Kul\u00fcb\u00fc ad\u0131 alt\u0131nda topland\u0131lar. Ancak daha sert hafiye bask\u0131n\u0131 bu giri\u015fimi de engellemi\u015ftir.<\/p>\n<p>1907 y\u0131l\u0131n\u0131n bir bahar g\u00fcn\u00fcnde gene bir ma\u00e7 d\u00f6n\u00fc\u015f\u00fc Ziya, Ayetullah ve Necip evlerinde \u00e7ay i\u00e7erlerken s\u00f6nmeyen ideallerini bir kez daha ba\u015farmaya y\u00f6neldiler. Monar\u015fi rejimi art\u0131k gev\u015femi\u015f ve bu giri\u015fim bu kez tutunmu\u015f ve FENERBAH\u00c7E FUTBOL KUL\u00dcB\u00dc bir daha kapat\u0131lmamak \u00fczere kurulmu\u015ftur.<\/p>\n<p>Fenerbah\u00e7e Spor Kul\u00fcb\u00fc&#8217;n\u00fcn kurucular\u0131, amblem olarak ad\u0131n\u0131 ald\u0131klar\u0131 Fenerbah\u00e7e burnundaki fener, renk olarak da Fenerbah\u00e7e yar\u0131madas\u0131ndaki papatyalar\u0131n sar\u0131-beyaz\u0131 se\u00e7erler.<\/p>\n<p>Fenerbah\u00e7e Futbol Kul\u00fcb\u00fc\u2019n\u00fcn ilk y\u00f6netim kurulu \u015f\u00f6yledir: Ziya Bey &#8220;Ba\u015fkan&#8221;, Ayetullah Bey &#8220;Genel Sekreter&#8221; ve Necip Bey de &#8220;Genel Kaptan ve Veznedar&#8221;d\u0131r.<\/p>\n<p>Tabii kurulu\u015f y\u0131llar\u0131 kolay olmam\u0131\u015f, zaman zaman futbolcu bulmakta zorlan\u0131lm\u0131\u015f ve bir \u00e7ok defa gemilerden \u00f6d\u00fcn\u00e7 futbolcu alarak ligdeki m\u00fccadelesini s\u00fcrd\u00fcr\u00fclm\u00fc\u015ft\u00fcr. 1909 y\u0131l\u0131nda kul\u00fcb\u00fcn ad\u0131 Fenerbah\u00e7e Spor Kul\u00fcb\u00fc olarak de\u011fi\u015fmi\u015f, renkleri de sar\u0131-beyazdan bug\u00fcnk\u00fc rengi olan sar\u0131-laciverede \u00e7evrilmi\u015ftir. 1909-1911 y\u0131llar\u0131 Fenerbah\u00e7e\u2019miz i\u00e7in \u00e7ok zor ge\u00e7mi\u015f bir ara da\u011f\u0131lma noktas\u0131na bile gelinmi\u015f ancak Elkatipzade Mustafa adl\u0131 \u00fcye, kul\u00fcb\u00fc kurtaran adam olmu\u015ftur. Lokali dahi olmayan kul\u00fcb\u00fcn tak\u0131mlar\u0131 \u00e7ok k\u00f6t\u00fc durumdayken St. Joseph, Robert College ve Kad\u0131k\u00f6y Numune Mektebi\u2019nden toplan\u0131lan gen\u00e7 futbolcularla, kul\u00fcb\u00fcn gen\u00e7 tak\u0131mlar\u0131 kurulmu\u015f, bir nevi alt yap\u0131s\u0131n\u0131 olu\u015fturulmu\u015ftur. Bu at\u0131l\u0131m, ba\u015far\u0131s\u0131z ge\u00e7en 2 y\u0131l\u0131n ard\u0131ndan Fenerbah\u00e7e\u2019ye hi\u00e7 yenilmeden ilk \u015fampiyonlu\u011funu getirmi\u015ftir.<\/p>\n<p>Bu \u015fampiyonluk ise, Fenerbah\u00e7e\u2019ye ya\u015fama g\u00fcc\u00fc a\u015f\u0131lam\u0131\u015f ve kul\u00fcp Alt\u0131yol a\u011fz\u0131nda 2 odal\u0131 bir lokale kavu\u015fmu\u015ftur. Balkan Sava\u015f\u0131 nedeni ile yap\u0131lmayan 1912-1913 lig ma\u00e7lar\u0131ndan sonra \u00fcst \u00fcste ve yenilmeden kazan\u0131lan 2 \u015fampiyonluk, Fenerbah\u00e7e camias\u0131n\u0131 olu\u015fturmaya ba\u015flam\u0131\u015ft\u0131r. Fenerbah\u00e7emiz ayn\u0131 zamanda 1914 senesinde tertiplenen Gen\u00e7 tak\u0131mlar \u015fampiyonlu\u011funu da kazanm\u0131\u015f ve 10 y\u0131l i\u00e7inde en \u00e7ok \u015fampiyonluk kazanm\u0131\u015f tak\u0131m olma unvan\u0131n\u0131 alarak \u0130ngilizler taraf\u0131ndan verilen tarihsel \u015filti de almaya hak kazanm\u0131\u015ft\u0131r.[\/vc_column_text][\/vc_column_inner][vc_column_inner width=&#8221;1\/4&#8243;][vc_single_image image=&#8221;1115&#8243; img_size=&#8221;200&#215;200&#8243; alignment=&#8221;center&#8221; onclick=&#8221;link_image&#8221;][\/vc_column_inner][\/vc_row_inner][\/vc_column][\/vc_row][vc_row][vc_column width=&#8221;2\/3&#8243;][vc_column_text]<strong>Kurulu\u015f y\u0131l\u0131:<\/strong> 3 May\u0131s 1907<\/p>\n<p><strong>Kuruldu\u011fu Yer:<\/strong> Moda\u2019da Be\u015fb\u0131y\u0131k Soka\u011f\u0131 3 numaral\u0131 evin alt kat\u0131.<\/p>\n<p><strong>Kurucular:<\/strong> Nurizade Ziya Song\u00fclen Bey, Osmanl\u0131 Bankas\u0131 memurlar\u0131ndan Ayetullah Bey, Bahriye Mektebi talebesi Necip Okaner Bey, Hindli nam\u0131yla an\u0131lan Asaf Be\u015fp\u0131nar Bey ve Enver Yetiker taraf\u0131ndan kurulmu\u015ftur.<\/p>\n<p><b>\u0130lk Ba\u015fkan: <\/b>Nurizade Ziya Song\u00fclen<\/p>\n<p><strong>Renkleri:<\/strong> Sar\u0131 Lacivert<\/p>\n<p><strong>Takma ad:<\/strong> Takma ad Sar\u0131-Lacivertliler, Efsane, Fener<\/p>\n<p><strong>Ba\u015fkan:<\/strong> Ali Y. Ko\u00e7[\/vc_column_text][\/vc_column][vc_column width=&#8221;1\/3&#8243;][vc_single_image image=&#8221;1174&#8243; add_caption=&#8221;yes&#8221; alignment=&#8221;center&#8221; style=&#8221;vc_box_border_circle&#8221; onclick=&#8221;link_image&#8221;][vc_single_image image=&#8221;1175&#8243; add_caption=&#8221;yes&#8221; alignment=&#8221;center&#8221; style=&#8221;vc_box_border_circle&#8221; onclick=&#8221;link_image&#8221;][\/vc_column][\/vc_row]<\/p>\n<\/div>","protected":false},"excerpt":{"rendered":"<p>[vc_row][vc_column][vc_row_inner][vc_column_inner width=&#8221;3\/4&#8243;][vc_column_text]1895 y\u0131l\u0131nda Moda\u2019da oturan \u0130ngilizlerin modern futbolu oynamaya ba\u015flamalar\u0131, Fenerbah\u00e7e Spor Kul\u00fcb\u00fc\u2019n\u00fcn kurulmas\u0131n\u0131n ilk ad\u0131mlar\u0131 olacakt\u0131. Deniz \u00f6\u011frencisi Fuat H\u00fcsn\u00fc Kayacan\u2019\u0131n, 1899 y\u0131l\u0131nda Fenerbah\u00e7e Stad\u0131\u2019n\u0131n bulundu\u011fu \u00e7ay\u0131rda me\u015fin yuvarla\u011fa yapt\u0131\u011f\u0131 vuru\u015flar s\u0131ras\u0131nda arkada\u015flar\u0131 Re\u015fat Denyal, Mehmet Ali ile dile getirdikleri &#8220;Ah biz de bir futbol tak\u0131m\u0131 kurup oynayabilsek&#8221; \u00f6zlemi, T\u00fcrk gen\u00e7leri aras\u0131nda Black Stockings [&hellip;]<\/p>\n","protected":false},"author":1,"featured_media":0,"parent":0,"menu_order":0,"comment_status":"closed","ping_status":"closed","template":"template-builder.php","meta":{"jnews_page_loop":{"enable_page_loop":"0","first_title":"Latest Post","second_title":"","header_type":"heading_6","header_background":"","header_text_color":"","layout":"right-sidebar","sidebar":"default-sidebar","second_sidebar":"default-sidebar","sticky_sidebar":"1","module":"3","excerpt_length":"20","content_date":"default","date_custom":"Y\/m\/d","content_pagination":"nav_1","pagination_align":"center","show_navtext":"0","show_pageinfo":"0","post_offset":"0","posts_per_page":"5","include_post":"","exclude_post":"","include_category":"","exclude_category":"","include_author":"","include_tag":"","exclude_tag":"","sort_by":"latest"},"jnews_single_page":{"layout":"no-sidebar","sidebar":"default-sidebar","second_sidebar":"default-sidebar","sticky_sidebar":"1","show_post_featured":"1","show_post_meta":"0","share_position":"top","share_color":"share-monocrhome"},"jnews_social_meta":[],"footnotes":""},"class_list":["post-101","page","type-page","status-publish","hentry"],"_links":{"self":[{"href":"https:\/\/www.fener.org\/index.php\/wp-json\/wp\/v2\/pages\/101","targetHints":{"allow":["GET"]}}],"collection":[{"href":"https:\/\/www.fener.org\/index.php\/wp-json\/wp\/v2\/pages"}],"about":[{"href":"https:\/\/www.fener.org\/index.php\/wp-json\/wp\/v2\/types\/page"}],"author":[{"embeddable":true,"href":"https:\/\/www.fener.org\/index.php\/wp-json\/wp\/v2\/users\/1"}],"replies":[{"embeddable":true,"href":"https:\/\/www.fener.org\/index.php\/wp-json\/wp\/v2\/comments?post=101"}],"version-history":[{"count":18,"href":"https:\/\/www.fener.org\/index.php\/wp-json\/wp\/v2\/pages\/101\/revisions"}],"predecessor-version":[{"id":1183,"href":"https:\/\/www.fener.org\/index.php\/wp-json\/wp\/v2\/pages\/101\/revisions\/1183"}],"wp:attachment":[{"href":"https:\/\/www.fener.org\/index.php\/wp-json\/wp\/v2\/media?parent=101"}],"curies":[{"name":"wp","href":"https:\/\/api.w.org\/{rel}","templated":true}]}}